{"id":9749,"date":"2022-10-31T21:03:55","date_gmt":"2022-10-31T20:03:55","guid":{"rendered":"https:\/\/www.andersen-slekt.info\/?page_id=9749"},"modified":"2023-01-19T14:03:12","modified_gmt":"2023-01-19T13:03:12","slug":"9749-2","status":"publish","type":"page","link":"https:\/\/www.andersen-slekt.info\/nb_no\/9749-2\/","title":{"rendered":"Minner"},"content":{"rendered":"<p>&nbsp;<\/p>\n<p><span style=\"font-size: 36pt; color: #800000;\"><strong><span style=\"font-family: 'Great Vibes';\">Diverse minner<\/span><\/strong><\/span><\/p>\n<p>F\u00f8rst litt minner fra Larvik Varme &amp; Sanit\u00e6r av <em><strong>Marit Skar<\/strong><\/em> (datter av Erling Andersen)<\/p>\n<p><em><span style=\"font-size: 13pt;\">&laquo;Da vi bodde i Kongegt. 9 i 2. etasje, var jeg ofte innom r\u00f8rleggerbutikken (Larvik Varme og Sanit\u00e6r) i 1. etasje. <strong>Farfar<\/strong> Eilif satt gjerne ved pulten sin og tygde kamferdrops s\u00e5 det knaset. <\/span><\/em><\/p>\n<p><img loading=\"lazy\" decoding=\"async\" class=\"alignleft wp-image-9805\" src=\"https:\/\/www.andersen-slekt.info\/wp-content\/uploads\/2022\/11\/kamfer-215x300.png\" alt=\"\" width=\"180\" height=\"251\" srcset=\"https:\/\/www.andersen-slekt.info\/wp-content\/uploads\/2022\/11\/kamfer-215x300.png 215w, https:\/\/www.andersen-slekt.info\/wp-content\/uploads\/2022\/11\/kamfer-9x12.png 9w, https:\/\/www.andersen-slekt.info\/wp-content\/uploads\/2022\/11\/kamfer.png 480w\" sizes=\"auto, (max-width: 180px) 100vw, 180px\" \/><\/p>\n<p>,<\/p>\n<p><em><span style=\"font-size: 13pt;\">Han sa med et smil om munnen at han var s\u00e5 heldig \u00e5 ha gebiss; han kunne spise s\u00e5 mye drops han ville uten \u00e5 f\u00e5 hull i tennene. Jeg var ikke like heldig siden jeg forel\u00f8pig ikke hadde gebiss, men det var nok noe jeg kunne f\u00e5 etterhvert, mente han. S\u00e5 fortalte han meg historien om sin f\u00f8rste m\u00f8te med tannlegen, som den gang gikk til verks med et bor som var fotdrevet. Det var grusomt vondt og tok lang tid, siden tannlegen m\u00e5tte tr\u00e5kke p\u00e5 pedalen mens han holdt i boret. Farfar fortalte at han rev seg l\u00f8s fra tannlegestolen og l\u00f8p fra tannlegen s\u00e5 fort han kunne. Gebiss var derfor den beste l\u00f8sningen uten tvil.<\/span><\/em><\/p>\n<p><em>.<\/em><\/p>\n<p>&nbsp;<\/p>\n<div id=\"attachment_9755\" style=\"width: 460px\" class=\"wp-caption aligncenter\"><img loading=\"lazy\" decoding=\"async\" aria-describedby=\"caption-attachment-9755\" class=\"wp-image-9755\" src=\"https:\/\/www.andersen-slekt.info\/wp-content\/uploads\/2022\/10\/tannlege-200x300.jpg\" alt=\"\" width=\"450\" height=\"675\" srcset=\"https:\/\/www.andersen-slekt.info\/wp-content\/uploads\/2022\/10\/tannlege-200x300.jpg 200w, https:\/\/www.andersen-slekt.info\/wp-content\/uploads\/2022\/10\/tannlege-8x12.jpg 8w, https:\/\/www.andersen-slekt.info\/wp-content\/uploads\/2022\/10\/tannlege.jpg 533w\" sizes=\"auto, (max-width: 450px) 100vw, 450px\" \/><p id=\"caption-attachment-9755\" class=\"wp-caption-text\">Tannlegekontor slik det s\u00e5 ut rundt \u00e5rhundreskiftet. Boret var pedaldrevet. Fra https:\/\/sverresborg.no\/tannlegeutstillinga<\/p><\/div>\n<p><em><span style=\"font-size: 13pt;\">Jeg husker farfar som en morsom bestefar som likte \u00e5 t\u00f8yse med oss barnebarna. En dag jeg var innom r\u00f8rlegger-butikken\u00a0 og pratet med tante Jenny, trodde jeg han spurte om jeg ville ha 70 \u00f8re. Det var mye penger og nok til 14 karameller. Da jeg kom bort til han s\u00e5 puttet han en sukkerbit i \u00f8ret mitt, og sa p\u00e5 en forn\u00f8yelig m\u00e5te at n\u00e5 hadde jeg f\u00e5tt\u00a0 \u00abs\u00f8tt i \u00f8re\u00bb.<\/span><\/em><\/p>\n<p><em><span style=\"font-size: 13pt;\">Da jeg var blitt ten\u00e5ring husker jeg farfar ga uttrykk for hvor forn\u00f8yd han var over livet. Han mente at han var spesielt heldig som hadde f\u00e5tt leve p\u00e5 det tidspunktet i historien hvor det var gjort flest oppfinnelser. Det ville neppe skje like mange spennende oppfinnelser eller oppdagelser i fremtiden, antok han. Han skulle bare visst hvilken utvikling vi har v\u00e6rt med p\u00e5.<\/span><\/em><\/p>\n<p><em><span style=\"font-size: 13pt;\">Dette var litt om bestefar, s\u00e5 var det <strong>tante Jenny<\/strong>:<\/span><\/em><\/p>\n<p><em><span style=\"font-size: 13pt;\">Tante Jenny var ogs\u00e5 en jeg husker med glede. Hun tok seg alltid tid til \u00e5 prate litt. En gang fortalte hun at det ikke var s\u00e5 bra \u00e5 st\u00e5 foran speilet lenge om gangen. Jeg tror det var Pernille Thorsdatter (kona til Matthias Andersen) som hadde erfart dette. Det var visst et tegn fra oven da speilet sprakk, fordi hun speilet seg for lenge.<\/span><\/em><\/p>\n<p><em><span style=\"font-size: 13pt;\">Det gjorde ogs\u00e5 inntykk p\u00e5 meg da tante Jenny fortalte at hun m\u00e5tte vaske bleiene til sine to yngste s\u00f8sken n\u00e5r hun kom hjem fra skolen. Det var ganske urettferdig mot en ung jente. Hun fortalte ogs\u00e5 at hun gjerne skulle hatt lengre utdannelse, men at det var guttene som ble prioritert den gangen.&raquo;<\/span><\/em><\/p>\n<p>&nbsp;<\/p>\n<p><strong>Gamle grammofonplater som ble spilt titt og ofte<\/strong><\/p>\n<p>&nbsp;<\/p>\n<p><a href=\"https:\/\/www.andersen-slekt.info\/wp-content\/uploads\/2023\/01\/output-onlinepngtools-2023-01-19T135222.442.png\"><img loading=\"lazy\" decoding=\"async\" class=\"alignnone wp-image-10204 size-medium\" src=\"https:\/\/www.andersen-slekt.info\/wp-content\/uploads\/2023\/01\/output-onlinepngtools-2023-01-19T135222.442-300x238.png\" alt=\"\" width=\"300\" height=\"238\" srcset=\"https:\/\/www.andersen-slekt.info\/wp-content\/uploads\/2023\/01\/output-onlinepngtools-2023-01-19T135222.442-300x238.png 300w, https:\/\/www.andersen-slekt.info\/wp-content\/uploads\/2023\/01\/output-onlinepngtools-2023-01-19T135222.442-1024x812.png 1024w, https:\/\/www.andersen-slekt.info\/wp-content\/uploads\/2023\/01\/output-onlinepngtools-2023-01-19T135222.442-768x609.png 768w, https:\/\/www.andersen-slekt.info\/wp-content\/uploads\/2023\/01\/output-onlinepngtools-2023-01-19T135222.442-15x12.png 15w, https:\/\/www.andersen-slekt.info\/wp-content\/uploads\/2023\/01\/output-onlinepngtools-2023-01-19T135222.442.png 1098w\" sizes=\"auto, (max-width: 300px) 100vw, 300px\" \/><\/a><a href=\"https:\/\/www.andersen-slekt.info\/wp-content\/uploads\/2023\/01\/pllate71.jpg\"><img loading=\"lazy\" decoding=\"async\" class=\"alignnone wp-image-10184\" src=\"https:\/\/www.andersen-slekt.info\/wp-content\/uploads\/2023\/01\/pllate71-300x251.jpg\" alt=\"\" width=\"251\" height=\"210\" srcset=\"https:\/\/www.andersen-slekt.info\/wp-content\/uploads\/2023\/01\/pllate71-300x251.jpg 300w, https:\/\/www.andersen-slekt.info\/wp-content\/uploads\/2023\/01\/pllate71-14x12.jpg 14w, https:\/\/www.andersen-slekt.info\/wp-content\/uploads\/2023\/01\/pllate71.jpg 716w\" sizes=\"auto, (max-width: 251px) 100vw, 251px\" \/><\/a><a href=\"https:\/\/www.andersen-slekt.info\/wp-content\/uploads\/2023\/01\/output-onlinepngtools-2023-01-19T135422.444.png\"><img loading=\"lazy\" decoding=\"async\" class=\"alignnone wp-image-10206\" src=\"https:\/\/www.andersen-slekt.info\/wp-content\/uploads\/2023\/01\/output-onlinepngtools-2023-01-19T135422.444-300x288.png\" alt=\"\" width=\"245\" height=\"235\" srcset=\"https:\/\/www.andersen-slekt.info\/wp-content\/uploads\/2023\/01\/output-onlinepngtools-2023-01-19T135422.444-300x288.png 300w, https:\/\/www.andersen-slekt.info\/wp-content\/uploads\/2023\/01\/output-onlinepngtools-2023-01-19T135422.444-12x12.png 12w, https:\/\/www.andersen-slekt.info\/wp-content\/uploads\/2023\/01\/output-onlinepngtools-2023-01-19T135422.444.png 690w\" sizes=\"auto, (max-width: 245px) 100vw, 245px\" \/><\/a><\/p>\n<p>&nbsp;<\/p>\n<p><span style=\"font-size: 14pt;\"><strong>Porti\u00e8re<\/strong><\/span><\/p>\n<p>Porti\u00e8re er et d\u00f8rforheng av ett eller to sjal (lengder av stoff) som festes til en stang over d\u00f8r\u00e5pningen s\u00e5 de kan skyves til side. Som skille mellom stua og yttergangen var det ofte et forheng (i tillegg til ei d\u00f8r), eller en porti\u00e8re. I Griffenfeldtsgate hang et slikt porti\u00e8re mellom yttergangen og dagligstua. Dette hjalp til at varmen fra stua ikke lekket ut i gangen<\/p>\n<p><a href=\"https:\/\/www.andersen-slekt.info\/wp-content\/uploads\/2023\/01\/portiere5.jpg\"><img loading=\"lazy\" decoding=\"async\" class=\"aligncenter wp-image-10197\" src=\"https:\/\/www.andersen-slekt.info\/wp-content\/uploads\/2023\/01\/portiere5-204x300.jpg\" alt=\"\" width=\"250\" height=\"368\" srcset=\"https:\/\/www.andersen-slekt.info\/wp-content\/uploads\/2023\/01\/portiere5-204x300.jpg 204w, https:\/\/www.andersen-slekt.info\/wp-content\/uploads\/2023\/01\/portiere5-8x12.jpg 8w, https:\/\/www.andersen-slekt.info\/wp-content\/uploads\/2023\/01\/portiere5.jpg 695w\" sizes=\"auto, (max-width: 250px) 100vw, 250px\" \/><\/a><\/p>\n<div class=\"pdfprnt-buttons pdfprnt-buttons-page pdfprnt-bottom-right\"><a href=\"https:\/\/www.andersen-slekt.info\/nb_no\/wp-json\/wp\/v2\/pages\/9749?print=print\" class=\"pdfprnt-button pdfprnt-button-print\" target=\"_blank\"><img decoding=\"async\" src=\"https:\/\/www.andersen-slekt.info\/wp-content\/plugins\/pdf-print\/images\/print.png\" alt=\"image_print\" title=\"Print Content\" \/><span class=\"pdfprnt-button-title pdfprnt-button-print-title\">print<\/span><\/a><\/div>","protected":false},"excerpt":{"rendered":"<p>&nbsp; Diverse minner F\u00f8rst litt minner fra Larvik Varme &amp; Sanit\u00e6r av Marit Skar (datter av Erling Andersen) &laquo;Da vi bodde i Kongegt. 9 i 2. etasje, var jeg ofte innom r\u00f8rleggerbutikken (Larvik Varme og Sanit\u00e6r) i 1. etasje. Farfar Eilif satt gjerne ved pulten sin og tygde kamferdrops s\u00e5 det knaset. , Han sa [&hellip;]<\/p>\n","protected":false},"author":1,"featured_media":0,"parent":0,"menu_order":30,"comment_status":"closed","ping_status":"closed","template":"no_sidebar.php","meta":{"footnotes":""},"class_list":["post-9749","page","type-page","status-publish","hentry"],"_links":{"self":[{"href":"https:\/\/www.andersen-slekt.info\/nb_no\/wp-json\/wp\/v2\/pages\/9749","targetHints":{"allow":["GET"]}}],"collection":[{"href":"https:\/\/www.andersen-slekt.info\/nb_no\/wp-json\/wp\/v2\/pages"}],"about":[{"href":"https:\/\/www.andersen-slekt.info\/nb_no\/wp-json\/wp\/v2\/types\/page"}],"author":[{"embeddable":true,"href":"https:\/\/www.andersen-slekt.info\/nb_no\/wp-json\/wp\/v2\/users\/1"}],"replies":[{"embeddable":true,"href":"https:\/\/www.andersen-slekt.info\/nb_no\/wp-json\/wp\/v2\/comments?post=9749"}],"version-history":[{"count":51,"href":"https:\/\/www.andersen-slekt.info\/nb_no\/wp-json\/wp\/v2\/pages\/9749\/revisions"}],"predecessor-version":[{"id":10210,"href":"https:\/\/www.andersen-slekt.info\/nb_no\/wp-json\/wp\/v2\/pages\/9749\/revisions\/10210"}],"wp:attachment":[{"href":"https:\/\/www.andersen-slekt.info\/nb_no\/wp-json\/wp\/v2\/media?parent=9749"}],"curies":[{"name":"wp","href":"https:\/\/api.w.org\/{rel}","templated":true}]}}