{"id":8424,"date":"2021-01-16T12:37:58","date_gmt":"2021-01-16T11:37:58","guid":{"rendered":"http:\/\/www.andersen-slekt.info\/?page_id=8424"},"modified":"2022-12-09T11:51:54","modified_gmt":"2022-12-09T10:51:54","slug":"kart-3","status":"publish","type":"page","link":"https:\/\/www.andersen-slekt.info\/nb_no\/kart-3\/","title":{"rendered":"Kart"},"content":{"rendered":"<p style=\"text-align: center;\"><span style=\"color: #806239;\"><strong><span style=\"font-size: 30pt; font-family: 'Great Vibes';\">Diverse Kart<\/span><\/strong><\/span><\/p>\n<p><span style=\"color: #f7efd0;\">.<\/span><\/p>\n<p style=\"text-align: center;\"><span style=\"color: #806239; font-family: 'book antiqua', palatino;\"><strong><span style=\"font-size: 14pt;\">Historisk kart over Torstrand (1927) med sentrale adresser i Andersen-slekten<\/span><\/strong><\/span><\/p>\n<p style=\"text-align: center;\"><span style=\"color: #806239; font-family: 'book antiqua', palatino; font-size: 13pt;\">(Grunnlagskart fra Ing. Dahls Opm\u00e5ling (under lisens \u00a0CC-BY-SA); trykk for \u00e5 se mer detaljert kart)<\/span><\/p>\n<p><a href=\"http:\/\/www.andersen-slekt.info\/wp-content\/uploads\/2021\/02\/nyttkart2.png\"><img loading=\"lazy\" decoding=\"async\" class=\"aligncenter wp-image-9252\" src=\"http:\/\/www.andersen-slekt.info\/wp-content\/uploads\/2021\/02\/nyttkart2-300x192.png\" alt=\"\" width=\"650\" height=\"416\" srcset=\"https:\/\/www.andersen-slekt.info\/wp-content\/uploads\/2021\/02\/nyttkart2-300x192.png 300w, https:\/\/www.andersen-slekt.info\/wp-content\/uploads\/2021\/02\/nyttkart2-1024x656.png 1024w, https:\/\/www.andersen-slekt.info\/wp-content\/uploads\/2021\/02\/nyttkart2-768x492.png 768w, https:\/\/www.andersen-slekt.info\/wp-content\/uploads\/2021\/02\/nyttkart2-1536x983.png 1536w, https:\/\/www.andersen-slekt.info\/wp-content\/uploads\/2021\/02\/nyttkart2.png 1951w\" sizes=\"auto, (max-width: 650px) 100vw, 650px\" \/><\/a><\/p>\n<p><span style=\"color: #f7efd0;\">.<\/span><\/p>\n<p><span style=\"color: #f7efd0;\">.<\/span><\/p>\n<p style=\"text-align: center;\"><span style=\"font-size: 14pt; color: #806239; font-family: 'book antiqua', palatino;\"><strong>Kart over Larvik fra ca 1920<\/strong><\/span><\/p>\n<p style=\"text-align: center;\"><span style=\"font-size: 13pt; color: #806239; font-family: 'book antiqua', palatino;\">trykt i Aschehougs konversationsleksikon 1922; digital versjon fra norgefoto.no (trykk for \u00e5 se st\u00f8rre kart)<\/span><\/p>\n<p style=\"text-align: center;\"><span style=\"color: #f7efd0;\">,<a href=\"http:\/\/www.andersen-slekt.info\/wp-content\/uploads\/2021\/02\/Kart_Larvik_1920_tekst.png\"><img loading=\"lazy\" decoding=\"async\" class=\"alignnone wp-image-9282\" src=\"http:\/\/www.andersen-slekt.info\/wp-content\/uploads\/2021\/02\/Kart_Larvik_1920_tekst-300x171.png\" alt=\"\" width=\"650\" height=\"371\" srcset=\"https:\/\/www.andersen-slekt.info\/wp-content\/uploads\/2021\/02\/Kart_Larvik_1920_tekst-300x171.png 300w, https:\/\/www.andersen-slekt.info\/wp-content\/uploads\/2021\/02\/Kart_Larvik_1920_tekst-1024x585.png 1024w, https:\/\/www.andersen-slekt.info\/wp-content\/uploads\/2021\/02\/Kart_Larvik_1920_tekst-768x439.png 768w, https:\/\/www.andersen-slekt.info\/wp-content\/uploads\/2021\/02\/Kart_Larvik_1920_tekst-1536x878.png 1536w, https:\/\/www.andersen-slekt.info\/wp-content\/uploads\/2021\/02\/Kart_Larvik_1920_tekst.png 1960w\" sizes=\"auto, (max-width: 650px) 100vw, 650px\" \/><\/a><\/span><\/p>\n<p><span style=\"color: #f7efd0;\">.<\/span><\/p>\n<p>&nbsp;<\/p>\n<p style=\"text-align: center;\"><span style=\"color: #806239; font-family: 'book antiqua', palatino;\"><strong><span style=\"font-size: 14pt;\">Historisk kart over \u00d8stre Halsen<\/span><\/strong><\/span><\/p>\n<p style=\"text-align: center;\"><span style=\"font-size: 13pt; color: #806239; font-family: 'book antiqua', palatino;\">Kartgrunnlaget er fra 1894; husene er merket med nummer etter \u00d8stre Halsens matrikkel.<\/span><\/p>\n<p style=\"text-align: center;\"><span style=\"color: #806239; font-family: 'book antiqua', palatino;\">(trykk for \u00e5 se st\u00f8rre oppl\u00f8sning)<\/span><\/p>\n<p style=\"text-align: center;\"><a href=\"http:\/\/www.andersen-slekt.info\/wp-content\/uploads\/2021\/01\/Halsen_kart4.png\"><img loading=\"lazy\" decoding=\"async\" class=\"alignnone wp-image-9089\" src=\"http:\/\/www.andersen-slekt.info\/wp-content\/uploads\/2021\/01\/Halsen_kart4-300x293.png\" alt=\"\" width=\"650\" height=\"634\" srcset=\"https:\/\/www.andersen-slekt.info\/wp-content\/uploads\/2021\/01\/Halsen_kart4-300x293.png 300w, https:\/\/www.andersen-slekt.info\/wp-content\/uploads\/2021\/01\/Halsen_kart4-768x749.png 768w, https:\/\/www.andersen-slekt.info\/wp-content\/uploads\/2021\/01\/Halsen_kart4.png 945w\" sizes=\"auto, (max-width: 650px) 100vw, 650px\" \/><\/a><\/p>\n<p style=\"text-align: center;\"><span style=\"color: #806239; font-family: 'book antiqua', palatino;\"><em><span style=\"font-size: 13pt;\">Jenny Aagot og Johan Hartvig vokste opp i (1); Christiane i (3) og Margit Ovidia i (4).<\/span><\/em><\/span><\/p>\n<p style=\"text-align: right;\"><span style=\"color: #808080; font-size: 12pt; font-family: 'book antiqua', palatino;\"><span style=\"color: #806239;\"><a style=\"color: #806239;\" href=\"https:\/\/www.nb.no\/items\/URN:NBN:no-nb_digibok_2015121008031?page=5\"><span style=\"color: #808080;\">Grunnlagsartet er fra Tj\u00f8lling bygdebok, bind III av Jan W. Krohn-Holm (1972)<\/span><\/a><\/span><\/span><\/p>\n<p><span style=\"color: #f7efd0; font-family: 'book antiqua', palatino;\">.<\/span><\/p>\n<p><span style=\"color: #f7efd0; font-family: 'book antiqua', palatino;\">.<\/span><\/p>\n<p style=\"text-align: center;\"><span style=\"font-family: 'book antiqua', palatino;\"><strong><span style=\"font-size: 14pt; color: #806239;\">Kart over Tj\u00f8lling (med markering av noen viktige stedsnavn i slekten)<\/span><\/strong><\/span><\/p>\n<p><a href=\"http:\/\/www.andersen-slekt.info\/wp-content\/uploads\/2021\/01\/output-onlinepngtools-65.png\"><img loading=\"lazy\" decoding=\"async\" class=\"aligncenter wp-image-9105\" src=\"http:\/\/www.andersen-slekt.info\/wp-content\/uploads\/2021\/01\/output-onlinepngtools-65-236x300.png\" alt=\"\" width=\"550\" height=\"699\" srcset=\"https:\/\/www.andersen-slekt.info\/wp-content\/uploads\/2021\/01\/output-onlinepngtools-65-236x300.png 236w, https:\/\/www.andersen-slekt.info\/wp-content\/uploads\/2021\/01\/output-onlinepngtools-65.png 690w\" sizes=\"auto, (max-width: 550px) 100vw, 550px\" \/><\/a><\/p>\n<p style=\"text-align: right;\"><span style=\"color: #808080; font-size: 12pt; font-family: 'book antiqua', palatino;\"><a style=\"color: #808080;\" href=\"https:\/\/www.nb.no\/items\/URN:NBN:no-nb_digibok_2012070206060\">Grunnlagskart fra &laquo;Tj\u00f8lling : en bygdebok&raquo;, av Lorens Berg (1915)<\/a><\/span><\/p>\n<p>&nbsp;<\/p>\n<p>&nbsp;<\/p>\n<p style=\"text-align: center;\"><strong><span style=\"font-size: 14pt; color: #806239;\"><span style=\"font-family: 'book antiqua', palatino;\">Kart over Tj\u00f8lling fra 1814<\/span><br \/>\n<\/span><\/strong><a href=\"http:\/\/www.andersen-slekt.info\/wp-content\/uploads\/2021\/01\/tjolling_1814.png\"><br \/>\n<img loading=\"lazy\" decoding=\"async\" class=\"aligncenter wp-image-9098\" src=\"http:\/\/www.andersen-slekt.info\/wp-content\/uploads\/2021\/01\/tjolling_1814-300x281.png\" alt=\"\" width=\"650\" height=\"609\" srcset=\"https:\/\/www.andersen-slekt.info\/wp-content\/uploads\/2021\/01\/tjolling_1814-300x281.png 300w, https:\/\/www.andersen-slekt.info\/wp-content\/uploads\/2021\/01\/tjolling_1814-768x720.png 768w, https:\/\/www.andersen-slekt.info\/wp-content\/uploads\/2021\/01\/tjolling_1814.png 872w\" sizes=\"auto, (max-width: 650px) 100vw, 650px\" \/><\/a><\/p>\n<p style=\"text-align: right;\"><span style=\"color: #808080; font-size: 12pt; font-family: 'book antiqua', palatino;\"><a style=\"color: #808080;\" href=\"https:\/\/www.nb.no\/items\/URN:NBN:no-nb_digibok_2012070206060\">Fra Tj\u00f8lling : en bygdebok, av Lorens Berg (1915)<\/a><\/span><\/p>\n<p style=\"text-align: center;\">\n<div class=\"pdfprnt-buttons pdfprnt-buttons-page pdfprnt-bottom-right\"><a href=\"https:\/\/www.andersen-slekt.info\/nb_no\/wp-json\/wp\/v2\/pages\/8424?print=print\" class=\"pdfprnt-button pdfprnt-button-print\" target=\"_blank\"><img decoding=\"async\" src=\"https:\/\/www.andersen-slekt.info\/wp-content\/plugins\/pdf-print\/images\/print.png\" alt=\"image_print\" title=\"Print Content\" \/><span class=\"pdfprnt-button-title pdfprnt-button-print-title\">print<\/span><\/a><\/div>","protected":false},"excerpt":{"rendered":"<p>Diverse Kart . Historisk kart over Torstrand (1927) med sentrale adresser i Andersen-slekten (Grunnlagskart fra Ing. Dahls Opm\u00e5ling (under lisens \u00a0CC-BY-SA); trykk for \u00e5 se mer detaljert kart) . . Kart over Larvik fra ca 1920 trykt i Aschehougs konversationsleksikon 1922; digital versjon fra norgefoto.no (trykk for \u00e5 se st\u00f8rre kart) , . &nbsp; Historisk [&hellip;]<\/p>\n","protected":false},"author":1,"featured_media":0,"parent":0,"menu_order":66,"comment_status":"closed","ping_status":"closed","template":"no_sidebar.php","meta":{"footnotes":""},"class_list":["post-8424","page","type-page","status-publish","hentry"],"_links":{"self":[{"href":"https:\/\/www.andersen-slekt.info\/nb_no\/wp-json\/wp\/v2\/pages\/8424","targetHints":{"allow":["GET"]}}],"collection":[{"href":"https:\/\/www.andersen-slekt.info\/nb_no\/wp-json\/wp\/v2\/pages"}],"about":[{"href":"https:\/\/www.andersen-slekt.info\/nb_no\/wp-json\/wp\/v2\/types\/page"}],"author":[{"embeddable":true,"href":"https:\/\/www.andersen-slekt.info\/nb_no\/wp-json\/wp\/v2\/users\/1"}],"replies":[{"embeddable":true,"href":"https:\/\/www.andersen-slekt.info\/nb_no\/wp-json\/wp\/v2\/comments?post=8424"}],"version-history":[{"count":47,"href":"https:\/\/www.andersen-slekt.info\/nb_no\/wp-json\/wp\/v2\/pages\/8424\/revisions"}],"predecessor-version":[{"id":9283,"href":"https:\/\/www.andersen-slekt.info\/nb_no\/wp-json\/wp\/v2\/pages\/8424\/revisions\/9283"}],"wp:attachment":[{"href":"https:\/\/www.andersen-slekt.info\/nb_no\/wp-json\/wp\/v2\/media?parent=8424"}],"curies":[{"name":"wp","href":"https:\/\/api.w.org\/{rel}","templated":true}]}}