{"id":491,"date":"2015-05-12T16:31:14","date_gmt":"2015-05-12T16:31:14","guid":{"rendered":"https:\/\/ww2.fjeldskaar.com\/?page_id=491"},"modified":"2022-12-10T08:25:52","modified_gmt":"2022-12-10T07:25:52","slug":"matthias","status":"publish","type":"page","link":"https:\/\/www.andersen-slekt.info\/nb_no\/andersen\/matthias\/","title":{"rendered":"Pernille og Matthias"},"content":{"rendered":"<p style=\"text-align: left;\"><span style=\"font-size: 10pt; color: #ccaa7a;\"><a style=\"color: #ccaa7a;\" href=\"http:\/\/www.andersen-slekt.info\/andersen\/\">&lt; g\u00e5 til Andersen\u00a0<\/a>\u00a0 \u00a0 \u00a0 \u00a0 \u00a0 \u00a0 \u00a0 \u00a0 \u00a0 \u00a0 \u00a0 \u00a0 \u00a0 \u00a0 \u00a0 \u00a0 \u00a0 \u00a0 \u00a0 \u00a0 \u00a0 \u00a0 \u00a0 \u00a0 \u00a0 \u00a0 \u00a0 \u00a0 \u00a0 \u00a0 \u00a0 \u00a0 \u00a0 \u00a0 \u00a0 \u00a0 \u00a0 \u00a0 \u00a0 \u00a0 \u00a0 \u00a0 \u00a0 \u00a0 \u00a0 \u00a0 \u00a0 \u00a0 \u00a0 \u00a0 \u00a0 \u00a0 \u00a0 \u00a0 \u00a0 \u00a0 \u00a0 \u00a0 \u00a0 \u00a0 \u00a0 \u00a0 \u00a0 \u00a0 \u00a0 \u00a0 \u00a0 \u00a0 \u00a0 \u00a0\u00a0<\/span><\/p>\n<h1><span style=\"color: #f7efd0;\">.<\/span><\/h1>\n<p><span style=\"color: #f7efd0;\">.<\/span><\/p>\n<h1 style=\"text-align: center;\"><span style=\"color: #806239; font-size: 30pt; font-family: 'Great Vibes';\">Matthias Andersen (Mathis Andersson)<\/span><\/h1>\n<p style=\"text-align: center;\"><span style=\"font-size: 18pt; color: #806239;\"><strong>1823-1895<\/strong><\/span><\/p>\n<p>&nbsp;<\/p>\n<p><a href=\"https:\/\/www.andersen-slekt.info\/wp-content\/uploads\/2021\/05\/mattias.png\"><img loading=\"lazy\" decoding=\"async\" class=\"aligncenter wp-image-9437\" src=\"https:\/\/www.andersen-slekt.info\/wp-content\/uploads\/2021\/05\/mattias-199x300.png\" alt=\"\" width=\"350\" height=\"526\" srcset=\"https:\/\/www.andersen-slekt.info\/wp-content\/uploads\/2021\/05\/mattias-199x300.png 199w, https:\/\/www.andersen-slekt.info\/wp-content\/uploads\/2021\/05\/mattias.png 599w\" sizes=\"auto, (max-width: 350px) 100vw, 350px\" \/><\/a><br \/>\n<img loading=\"lazy\" decoding=\"async\" class=\"aligncenter wp-image-8605\" src=\"http:\/\/www.andersen-slekt.info\/wp-content\/uploads\/2021\/01\/output-onlinepngtools-26.png\" alt=\"\" width=\"180\" height=\"74\" \/><br \/>\n<span style=\"font-family: 'book antiqua', palatino; font-size: 13pt;\">Stamfaren til Andersen-slekten v\u00e5r i Larvik er Matthias Andersen. Hans aner er beskrevet <a href=\"http:\/\/www.andersen-slekt.info\/andersen\/\"><strong>her<\/strong><\/a>. Han ble f\u00f8dt p\u00e5 g\u00e5rden Erlandsr\u00f6d i Skee Sockn i 1823. G\u00e5rden ligger ved Str\u00f6msvannet, noen kilometer \u00f8st for Str\u00f6mstad sentrum. Omr\u00e5det h\u00f8rer til Bohusl\u00e4n, som var norsk til 1658. Landskapet minner om kyststr\u00f8ket i Vestfold, sm\u00e5kupert, med isolerte isskurte knauser som hist og her stikker opp av den grunne jorda.<\/span><\/p>\n<p><span style=\"color: #f7efd0;\">.<\/span><\/p>\n<p style=\"text-align: center;\"><a href=\"http:\/\/www.andersen-slekt.info\/wp-content\/uploads\/2021\/01\/MathisAnderson_1823-1.png\"><img loading=\"lazy\" decoding=\"async\" class=\"alignnone wp-image-8511\" src=\"http:\/\/www.andersen-slekt.info\/wp-content\/uploads\/2021\/01\/MathisAnderson_1823-1-300x53.png\" alt=\"\" width=\"750\" height=\"132\" srcset=\"https:\/\/www.andersen-slekt.info\/wp-content\/uploads\/2021\/01\/MathisAnderson_1823-1-300x53.png 300w, https:\/\/www.andersen-slekt.info\/wp-content\/uploads\/2021\/01\/MathisAnderson_1823-1-768x135.png 768w, https:\/\/www.andersen-slekt.info\/wp-content\/uploads\/2021\/01\/MathisAnderson_1823-1.png 983w\" sizes=\"auto, (max-width: 750px) 100vw, 750px\" \/><\/a><\/p>\n<p style=\"text-align: center;\">Mathis Andersson blir f\u00f8dt 16. november 1823 i Skee Sockn.<\/p>\n<p><span style=\"font-family: 'book antiqua', palatino; font-size: 13pt;\">Erlandsr\u00f6d hadde to bruk. Det har ikke lykkes \u00e5 f\u00e5 oppgitt st\u00f8rrelsen p\u00e5 dem, men de var nok noe st\u00f8rre enn det vi kaller sm\u00e5bruk i Norge. I 1978 var begge lagt ned som ul\u00f8nnsomme, og Str\u00f6mstad kommune hadde overtatt dem til utbygging. Husene stod der imidlertid enn\u00e5 (1978), uten tydelige tegn p\u00e5 forest\u00e5ende riving. V\u00e5ningshuset var simpelthen velstelt (se bilde).<\/span><\/p>\n<p><span style=\"font-family: 'book antiqua', palatino; font-size: 13pt;\">Far til Mathis het Anders Persson Erlandsr\u00f6d. Han var sj\u00f8mann i sine yngre dager, og helt til idag (1978) kan slekten i Sverige fortelle om hvordan han sp\u00f8kefullt berettet om &laquo;de f\u00f6rtjusande flickorna i Barcelona&raquo;. Mathis m\u00e5tte vel komme seg ut i arbeid straks etter konfirmasjonen, som skikken n\u00f8dvendigvis var den gangen. Han gikk antakelig i smedl\u00e6re i Str\u00f6mstad, og bodde hos mesteren. Senere havnet han i Borre, og bosatte seg senere i Larvik (rundt 1852), sammen med sin kone Pernille. Mathis bes\u00f8kte farsg\u00e5rden p\u00e5 Erlandsr\u00f6d flere ganger etter at han ble Larviks-mann, og Mathis hadde flere ganger f\u00e5tt bes\u00f8k fra Erlandsr\u00f6d.<\/span><\/p>\n<p><span style=\"font-family: 'book antiqua', palatino; font-size: 13pt;\">Det var muligens Fritz\u00f8e Jernv\u00e6rk p\u00e5 Langestrand som trakk han til Larvik. Mathias og Pernille flyttet inn i en liten leilighet i Strandgata 26 p\u00e5 Thorstrand i 1852. Like ved den eiendommen l\u00e5 smia som Mathias brukte (<span style=\"color: #0000ff;\"><a style=\"color: #0000ff;\" href=\"https:\/\/media.digitalarkivet.no\/view\/15526\/205\">S\u00f8gaden 7<\/a><\/span>), med &laquo;Smistranda&raquo; tett ved, og som de til slutt fant han d\u00f8d i. Den ble revet omkring 1950, oppslukt av &laquo;Soya&raquo;. Allerede i 1861 kj\u00f8pte Mathias tomta som n\u00e5 heter <span style=\"color: #0000ff;\"><a style=\"color: #0000ff;\" href=\"https:\/\/media.digitalarkivet.no\/view\/15526\/86\">Strandgt. 9<\/a><\/span>, hvor det stod en &laquo;smediebygning&raquo;; her bygde han nytt hus samme \u00e5r, og familien flyttet dit.<\/span><\/p>\n<p><span style=\"font-family: 'book antiqua', palatino; font-size: 13pt;\">Han drev smia helt til han gikk konkurs i 1895. Det var selvsagt et hardt slag for Mathias. I tillegg hadde han mistet Pernille, som d\u00f8de i 1894. Mathias d\u00f8de i smia 1895, 72 \u00e5r gammel.<\/span><\/p>\n<p><span style=\"color: #f7efd0;\">.<\/span><\/p>\n<p><a href=\"http:\/\/www.andersen-slekt.info\/wp-content\/uploads\/2021\/01\/eilifchart3.png\"><img loading=\"lazy\" decoding=\"async\" class=\"aligncenter wp-image-8498\" src=\"http:\/\/www.andersen-slekt.info\/wp-content\/uploads\/2021\/01\/eilifchart3-300x192.png\" alt=\"\" width=\"700\" height=\"448\" srcset=\"https:\/\/www.andersen-slekt.info\/wp-content\/uploads\/2021\/01\/eilifchart3-300x192.png 300w, https:\/\/www.andersen-slekt.info\/wp-content\/uploads\/2021\/01\/eilifchart3-1024x655.png 1024w, https:\/\/www.andersen-slekt.info\/wp-content\/uploads\/2021\/01\/eilifchart3-768x491.png 768w, https:\/\/www.andersen-slekt.info\/wp-content\/uploads\/2021\/01\/eilifchart3-1536x983.png 1536w, https:\/\/www.andersen-slekt.info\/wp-content\/uploads\/2021\/01\/eilifchart3-2048x1310.png 2048w\" sizes=\"auto, (max-width: 700px) 100vw, 700px\" \/><\/a><\/p>\n<p><span style=\"color: #f7efd0;\">.<\/span><\/p>\n<p><span style=\"color: #f7efd0;\">.<\/span><\/p>\n<p><img loading=\"lazy\" decoding=\"async\" class=\"wp-image-8600 size-full aligncenter\" src=\"http:\/\/www.andersen-slekt.info\/wp-content\/uploads\/2021\/01\/File0002b_1.jpg\" alt=\"\" width=\"400\" height=\"307\" srcset=\"https:\/\/www.andersen-slekt.info\/wp-content\/uploads\/2021\/01\/File0002b_1.jpg 400w, https:\/\/www.andersen-slekt.info\/wp-content\/uploads\/2021\/01\/File0002b_1-300x230.jpg 300w\" sizes=\"auto, (max-width: 400px) 100vw, 400px\" \/><\/p>\n<p style=\"text-align: center;\"><img loading=\"lazy\" decoding=\"async\" class=\"alignnone wp-image-8602 size-full\" src=\"http:\/\/www.andersen-slekt.info\/wp-content\/uploads\/2021\/01\/Mathias_Alfred-1.png\" alt=\"\" width=\"366\" height=\"483\" srcset=\"https:\/\/www.andersen-slekt.info\/wp-content\/uploads\/2021\/01\/Mathias_Alfred-1.png 366w, https:\/\/www.andersen-slekt.info\/wp-content\/uploads\/2021\/01\/Mathias_Alfred-1-227x300.png 227w\" sizes=\"auto, (max-width: 366px) 100vw, 366px\" \/><\/p>\n<p style=\"text-align: center;\"><span style=\"font-size: 13pt; font-family: 'book antiqua', palatino;\">Mathias og s\u00f8nnen Alfred (til venstre) i smia (fra &laquo;Larvik f\u00f8r og n\u00e5&raquo;, av Per Nyhus)<\/span><\/p>\n<p>&nbsp;<\/p>\n<p style=\"text-align: left;\"><span style=\"font-size: 13pt;\"><strong>Fra smedgutt til verkseier<\/strong><\/span><\/p>\n<p align=\"justify\"><span style=\"font-size: 13pt;\">Utdrag fra\u00a0 &laquo;Alfr. Andersen 1851-1951. En levnetstegning&raquo; (\u00d8yvind N\u00e6ss, 1951)<\/span><\/p>\n<p align=\"justify\"><span style=\"font-size: 13pt;\"><em>En gang i midten eller slutten av 1840-\u00e5rene kom en mann ved navn Mathis Anderson fra Sverige til Horten-distriktet. Overleveringer vil vite at han kom fra Str\u00f6mstad-kanten. Han var en solid og grei kar, en netthendt og dyktig h\u00e5ndverker som var spesialist i filhugging. Karljohansvern orlogsstasjon med verft og mekanisk verksted ble oppf\u00f8rt i tiden 1841-47, og da dessuten marinens hovedstasjon i 1850 ble flyttet fra Stavern til Horten, s\u00e5 gjorde det selvsagt ogs\u00e5 sitt til at det fulgte atskillig virksomhet med. Det var derfor ikke vanskelig for Mathis Andersson, som var utl\u00e6rt smed, \u00e5 skaffe seg arbeid her.<\/em><\/span><\/p>\n<p align=\"justify\"><span style=\"font-size: 13pt;\"><em>Her m\u00f8tte den svenske innflytteren en flink og ferm pike som het Pernille Thorsdatter som var f\u00f8dt p\u00e5 Ringsaker 1829. Hennes far her Thor Johnsen. Mathis var 28 og Pernille 22 da de giftet seg. De ble viet i Borre kirke 3. oktober 1851, samme dag som deres f\u00f8rstef\u00f8dte ble b\u00e5ret til d\u00e5pen og fikk navnet Alfred Theodor. Han var f\u00f8dt 24. august 1851.<\/em><\/span><\/p>\n<p align=\"justify\"><span style=\"font-size: 13pt;\"><em>Pernille var kommet i huset hos sin s\u00f8ster som var gift med en kjent vognfabrikant S\u00f8rensen og bryllupet ble feiret hos svogeren.<\/em><\/span><\/p>\n<p align=\"justify\"><span style=\"font-size: 13pt;\"><em>Siden kom det ni barn til. Etter \u00e5 ha bodd noen \u00e5r i Borre reiste Mathias Andersen, som han n\u00e5 hadde fornorsket navnet sitt til, til Larvik. Her var det betydelig skipsfart, og i H\u00f8len, Rekkevik, p\u00e5 Torstrand og p\u00e5 Jordfallen ble det bygget skuter. Dessuten var Fritz\u00f8e Jernverk p\u00e5 det tidspunktet enda i drift. S\u00e5 vidt det har v\u00e6rt mulig \u00e5 bringe p\u00e5 det rene har Mathias Andersen en tid hatt beskjeftigelse p\u00e5 Verket.<\/em><\/span><\/p>\n<p align=\"justify\"><span style=\"font-size: 13pt;\"><em>Senere slo Mathias Andersen seg ned p\u00e5 Torstrand hvor han etablerte smedforretning. Enda heter stranden nedenfor Soyamelfabrikken, iallfall i eldre folks bevissthet, &laquo;Smiestranda&raquo;. Det navnet har den f\u00e5tt etter Mathias Andersens smie. Her hadde han ogs\u00e5 hus, Strandgaten 26 (se kart <span style=\"color: #806239;\"><strong><a style=\"color: #806239;\" href=\"http:\/\/www.andersen-slekt.info\/kart-3\/\">her<\/a><\/strong><\/span>), som enda st\u00e5r der som en utmerket bolig. Riktignok er det foretatt forandringer fra det opprinnelige utseendet. En vakker have var det her som gikk helt ned til strandkanten.<\/em><\/span><\/p>\n<p align=\"justify\"><span style=\"font-size: 13pt;\"><em>Mathias Andersen, smedmester, sies \u00e5 v\u00e6re valgt til medlem av byens representantskap i 1877. Det forteller litt om den posisjon han hadde.<\/em><\/span><\/p>\n<p align=\"justify\"><span style=\"font-size: 13pt;\"><em>Her, p\u00e5 &laquo;Smiestranda&raquo; gikk Alfred i l\u00e6re hos sin far, som var en dugelig skipssmed, og som leverte arbeid til nybygginger og ellers mottok reparasjonsarbeider n\u00e5r skutene kom hjem og skulle repareres eller overhales.<\/em><\/span><\/p>\n<p style=\"text-align: center;\" align=\"justify\"><img loading=\"lazy\" decoding=\"async\" class=\"alignnone wp-image-8603\" src=\"http:\/\/www.andersen-slekt.info\/wp-content\/uploads\/2021\/01\/strandgata26b.png\" alt=\"\" width=\"336\" height=\"243\" \/>\u00a0 <a href=\"http:\/\/www.andersen-slekt.info\/wp-content\/uploads\/2021\/02\/strandgt26.png\"><img loading=\"lazy\" decoding=\"async\" class=\"alignnone wp-image-9274\" src=\"http:\/\/www.andersen-slekt.info\/wp-content\/uploads\/2021\/02\/strandgt26-300x182.png\" alt=\"\" width=\"400\" height=\"243\" srcset=\"https:\/\/www.andersen-slekt.info\/wp-content\/uploads\/2021\/02\/strandgt26-300x182.png 300w, https:\/\/www.andersen-slekt.info\/wp-content\/uploads\/2021\/02\/strandgt26-1024x623.png 1024w, https:\/\/www.andersen-slekt.info\/wp-content\/uploads\/2021\/02\/strandgt26-768x467.png 768w, https:\/\/www.andersen-slekt.info\/wp-content\/uploads\/2021\/02\/strandgt26.png 1276w\" sizes=\"auto, (max-width: 400px) 100vw, 400px\" \/><\/a><span style=\"font-size: 13pt;\">\u00a0<\/span><\/p>\n<p style=\"text-align: center;\" align=\"justify\"><span style=\"font-size: 13pt; font-family: 'book antiqua', palatino;\">Strandgata 26 (se kart <strong><span style=\"color: #806239;\"><a style=\"color: #806239;\" href=\"http:\/\/www.andersen-slekt.info\/kart-3\/\">her<\/a><\/span><\/strong>)<\/span><\/p>\n<p align=\"justify\"><a href=\"http:\/\/www.andersen-slekt.info\/wp-content\/uploads\/2021\/02\/torstrand5.png\"><img loading=\"lazy\" decoding=\"async\" class=\"aligncenter wp-image-9232\" src=\"http:\/\/www.andersen-slekt.info\/wp-content\/uploads\/2021\/02\/torstrand5-300x155.png\" alt=\"\" width=\"650\" height=\"335\" srcset=\"https:\/\/www.andersen-slekt.info\/wp-content\/uploads\/2021\/02\/torstrand5-300x155.png 300w, https:\/\/www.andersen-slekt.info\/wp-content\/uploads\/2021\/02\/torstrand5-1024x528.png 1024w, https:\/\/www.andersen-slekt.info\/wp-content\/uploads\/2021\/02\/torstrand5-768x396.png 768w, https:\/\/www.andersen-slekt.info\/wp-content\/uploads\/2021\/02\/torstrand5-1536x792.png 1536w, https:\/\/www.andersen-slekt.info\/wp-content\/uploads\/2021\/02\/torstrand5.png 1760w\" sizes=\"auto, (max-width: 650px) 100vw, 650px\" \/><\/a><\/p>\n<p style=\"text-align: center;\" align=\"justify\">Grunnlagsbildet fra Per Nyhus, &laquo;<a href=\"https:\/\/www.flickr.com\/photos\/linklarvik\/sets\/72157632035778675\/\">Larvik f\u00f8r og n\u00e5<\/a>&laquo;<\/p>\n<p align=\"justify\"><span style=\"color: #f7efd0;\">.<\/span><\/p>\n<p style=\"text-align: center;\" align=\"justify\"><img loading=\"lazy\" decoding=\"async\" class=\"alignnone wp-image-8606\" src=\"http:\/\/www.andersen-slekt.info\/wp-content\/uploads\/2021\/01\/skjoteM_Andersen-300x59-1.png\" alt=\"\" width=\"315\" height=\"62\" \/><br \/>\n<span style=\"font-size: 13pt; font-family: 'book antiqua', palatino;\">Det ser ut til at Mathias Andersen eide Strandgata 26 fra 1885 til 1887.<\/span><\/p>\n<p><img loading=\"lazy\" decoding=\"async\" class=\"aligncenter wp-image-8607 size-full\" src=\"http:\/\/www.andersen-slekt.info\/wp-content\/uploads\/2021\/01\/File0034b.jpg\" alt=\"\" width=\"500\" height=\"714\" srcset=\"https:\/\/www.andersen-slekt.info\/wp-content\/uploads\/2021\/01\/File0034b.jpg 500w, https:\/\/www.andersen-slekt.info\/wp-content\/uploads\/2021\/01\/File0034b-210x300.jpg 210w\" sizes=\"auto, (max-width: 500px) 100vw, 500px\" \/><\/p>\n<p style=\"text-align: center;\" align=\"justify\" data-wp-editing=\"1\"><span style=\"font-size: 13pt; font-family: 'book antiqua', palatino;\"><em>Strandgaden no 9, Larvik<\/em><\/span><\/p>\n<p style=\"text-align: center;\" align=\"justify\"><img loading=\"lazy\" decoding=\"async\" class=\"alignnone wp-image-8608 size-full\" src=\"http:\/\/www.andersen-slekt.info\/wp-content\/uploads\/2021\/01\/smiestranda_1.jpg\" alt=\"\" width=\"650\" height=\"309\" srcset=\"https:\/\/www.andersen-slekt.info\/wp-content\/uploads\/2021\/01\/smiestranda_1.jpg 650w, https:\/\/www.andersen-slekt.info\/wp-content\/uploads\/2021\/01\/smiestranda_1-300x143.jpg 300w\" sizes=\"auto, (max-width: 650px) 100vw, 650px\" \/><\/p>\n<p><a href=\"http:\/\/www.andersen-slekt.info\/wp-content\/uploads\/2021\/02\/torstrand6_tekst.png\"><img loading=\"lazy\" decoding=\"async\" class=\"aligncenter wp-image-9250\" src=\"http:\/\/www.andersen-slekt.info\/wp-content\/uploads\/2021\/02\/torstrand6_tekst-300x216.png\" alt=\"\" width=\"650\" height=\"468\" srcset=\"https:\/\/www.andersen-slekt.info\/wp-content\/uploads\/2021\/02\/torstrand6_tekst-300x216.png 300w, https:\/\/www.andersen-slekt.info\/wp-content\/uploads\/2021\/02\/torstrand6_tekst-768x553.png 768w, https:\/\/www.andersen-slekt.info\/wp-content\/uploads\/2021\/02\/torstrand6_tekst.png 1017w\" sizes=\"auto, (max-width: 650px) 100vw, 650px\" \/><\/a><\/p>\n<p style=\"text-align: left;\" align=\"justify\"><span style=\"font-size: 13pt; font-family: 'book antiqua', palatino;\"><em>Bildet over Torstrand tatt fra kirket\u00e5rnet omkring 1930, og viser hvordan strendene langs Torstrand var oppdelt med plankegjerder ned til sj\u00f8en. Murbygningen foran den venstre av pipene p\u00e5 Glassverket var smia som Mathias Andersen oppf\u00f8rte ved &laquo;Smiestranda&raquo;. Den lange m\u00f8rke bygningen til venstre er Rudolf sin smie som han drev etter \u00e5 ha flyttet fra smia som Mathias oppf\u00f8rte. Grunnlagsbilde fra &laquo;Larvik f\u00f8r og n\u00e5&raquo; av Per Nyhus. Trykk for \u00e5 se st\u00f8rre bilde.<\/em><\/span><\/p>\n<p style=\"text-align: center;\" align=\"justify\"><span style=\"color: #f7efd0;\">.<img loading=\"lazy\" decoding=\"async\" class=\"alignnone wp-image-8611 size-full\" src=\"http:\/\/www.andersen-slekt.info\/wp-content\/uploads\/2021\/01\/mattias1.png\" alt=\"\" width=\"587\" height=\"41\" srcset=\"https:\/\/www.andersen-slekt.info\/wp-content\/uploads\/2021\/01\/mattias1.png 587w, https:\/\/www.andersen-slekt.info\/wp-content\/uploads\/2021\/01\/mattias1-300x21.png 300w\" sizes=\"auto, (max-width: 587px) 100vw, 587px\" \/><\/span><\/p>\n<p style=\"text-align: center;\" align=\"justify\">\u00a0\u00a0 <a href=\"http:\/\/www.andersen-slekt.info\/wp-content\/uploads\/2021\/01\/mattias2.png\"><img loading=\"lazy\" decoding=\"async\" class=\"alignnone wp-image-8610\" src=\"http:\/\/www.andersen-slekt.info\/wp-content\/uploads\/2021\/01\/mattias2-300x17.png\" alt=\"\" width=\"700\" height=\"40\" srcset=\"https:\/\/www.andersen-slekt.info\/wp-content\/uploads\/2021\/01\/mattias2-300x17.png 300w, https:\/\/www.andersen-slekt.info\/wp-content\/uploads\/2021\/01\/mattias2-768x44.png 768w, https:\/\/www.andersen-slekt.info\/wp-content\/uploads\/2021\/01\/mattias2.png 911w\" sizes=\"auto, (max-width: 700px) 100vw, 700px\" \/><\/a><br \/>\n<em>Fra kirkeboken i Larvik &#8211; Matthias sin d\u00f8d<\/em><\/p>\n<p style=\"text-align: justify;\" align=\"justify\"><span style=\"font-size: 13pt; font-family: 'book antiqua', palatino;\">Det er n\u00e5 mer enn 150 \u00e5r siden Mathias Andersen etablerte sin smie- og r\u00f8rleggerbedrift i Strandgaten &#8211; 30. mai 1854. I Mathias Andersens tid bestod r\u00f8rleggerarbeidet i \u00e5 legge vannledning fra hovedledning i gaten til en vannpost i g\u00e5rden. Mye har skjedd siden da, og hans s\u00f8nn, autorisert r\u00f8rleggermester <span style=\"color: #806239;\"><a style=\"color: #806239;\" href=\"http:\/\/www.andersen-slekt.info\/andersen\/matthias\/rudolph\/\"><strong>Rudolf Andersen<\/strong><\/a><\/span> og dennes s\u00f8nn, autorisert r\u00f8rleggermester og ingeni\u00f8r, <span style=\"color: #806239;\"><a style=\"color: #806239;\" href=\"http:\/\/www.andersen-slekt.info\/andersen\/matthias\/rudolph\/anna-og-eilif\/\"><strong>Eilif Andersen<\/strong><\/a><\/span>, fikk ta del i en rivende utvikling.<\/span><\/p>\n<p align=\"justify\"><span style=\"color: #f7efd0;\">.<\/span><\/p>\n<p align=\"justify\"><span style=\"color: #f7efd0;\">.<\/span><\/p>\n<h1 style=\"text-align: center;\" align=\"justify\"><span style=\"color: #806239; font-size: 30pt; font-family: 'Great Vibes';\"><strong>Pernille Thorsdatter<\/strong><\/span><\/h1>\n<p style=\"text-align: center;\"><span style=\"font-size: 18pt; color: #806239;\"><strong>1829-1894<\/strong><\/span><\/p>\n<p style=\"text-align: justify;\" align=\"justify\"><img loading=\"lazy\" decoding=\"async\" class=\"wp-image-8614 size-full aligncenter\" src=\"http:\/\/www.andersen-slekt.info\/wp-content\/uploads\/2021\/01\/pernille.png\" alt=\"\" width=\"387\" height=\"404\" srcset=\"https:\/\/www.andersen-slekt.info\/wp-content\/uploads\/2021\/01\/pernille.png 387w, https:\/\/www.andersen-slekt.info\/wp-content\/uploads\/2021\/01\/pernille-287x300.png 287w\" sizes=\"auto, (max-width: 387px) 100vw, 387px\" \/><\/p>\n<p style=\"text-align: center;\" align=\"justify\"><img loading=\"lazy\" decoding=\"async\" class=\"alignnone wp-image-9388\" src=\"https:\/\/www.andersen-slekt.info\/wp-content\/uploads\/2021\/03\/output-onlinepngtools-2021-03-29T122525.735-300x81.png\" alt=\"\" width=\"650\" height=\"176\" srcset=\"https:\/\/www.andersen-slekt.info\/wp-content\/uploads\/2021\/03\/output-onlinepngtools-2021-03-29T122525.735-300x81.png 300w, https:\/\/www.andersen-slekt.info\/wp-content\/uploads\/2021\/03\/output-onlinepngtools-2021-03-29T122525.735-768x208.png 768w, https:\/\/www.andersen-slekt.info\/wp-content\/uploads\/2021\/03\/output-onlinepngtools-2021-03-29T122525.735.png 925w\" sizes=\"auto, (max-width: 650px) 100vw, 650px\" \/><\/p>\n<p align=\"justify\"><img loading=\"lazy\" decoding=\"async\" class=\"aligncenter wp-image-9824\" src=\"https:\/\/www.andersen-slekt.info\/wp-content\/uploads\/2022\/11\/mathias_pernille4-300x136.jpg\" alt=\"\" width=\"450\" height=\"205\" srcset=\"https:\/\/www.andersen-slekt.info\/wp-content\/uploads\/2022\/11\/mathias_pernille4-300x136.jpg 300w, https:\/\/www.andersen-slekt.info\/wp-content\/uploads\/2022\/11\/mathias_pernille4-18x8.jpg 18w, https:\/\/www.andersen-slekt.info\/wp-content\/uploads\/2022\/11\/mathias_pernille4.jpg 708w\" sizes=\"auto, (max-width: 450px) 100vw, 450px\" \/><\/p>\n<p style=\"text-align: justify;\" align=\"justify\"><span style=\"font-size: 13pt; font-family: 'book antiqua', palatino;\">Pernille Thorsdatter var f\u00f8dt p\u00e5 Ringsaker 23. november 1829. Hennes far het Thor Johnsen og var fra Nedre Havig, Br\u00f8ttum i Ringsaker. Moren var Ingeborg Larsdatter fra \u00d8vre Havig p\u00e5 Ringsaker. \u00d8vre Havig har en fin beliggenhet, med \u00e5sen i \u00f8st og utsikt mot Mj\u00f8sa og Biristrand i vest. Hovedbygningen p\u00e5 \u00d8vre Havig som vist p\u00e5 bildet nedenfor, ble bygd omkring 1735.<\/span><\/p>\n<p style=\"text-align: justify;\" align=\"justify\"><span style=\"font-size: 13pt; font-family: 'book antiqua', palatino;\">G\u00e5rden Havig som Pernille kom fra, er nevnt allerede i 1398. Ved matrikkelen i 1903 hadde den 6 i skyldmark.Den het da Gnr. 402, bnr 1 og hadde bl.a. seter ved Sjusj\u00f8en. Slekten videre bakover er b\u00f8nder fra begge sider av Mj\u00f8sa, ved Ringsaker og Biri. Pernille hadde 6 eldre s\u00f8sken.<\/span><\/p>\n<p style=\"text-align: center;\" align=\"justify\"><img loading=\"lazy\" decoding=\"async\" class=\"alignnone wp-image-8616 size-full\" src=\"http:\/\/www.andersen-slekt.info\/wp-content\/uploads\/2021\/01\/File0003b1.jpg\" alt=\"\" width=\"400\" height=\"294\" srcset=\"https:\/\/www.andersen-slekt.info\/wp-content\/uploads\/2021\/01\/File0003b1.jpg 400w, https:\/\/www.andersen-slekt.info\/wp-content\/uploads\/2021\/01\/File0003b1-300x221.jpg 300w\" sizes=\"auto, (max-width: 400px) 100vw, 400px\" \/><br \/>\n<span style=\"font-size: 13pt;\">Hovedbygningen p\u00e5 \u00d8vre Havig (foto av Hans Andersen)<\/span><\/p>\n<p style=\"text-align: justify;\" align=\"justify\"><span style=\"font-size: 13pt; font-family: 'book antiqua', palatino;\">Mathis var 28 og Pernille 22 da de giftet seg. De ble viet i Borre kirke 3.oktober 1851, samme dag som deres f\u00f8rstef\u00f8dte ble b\u00e5ret til d\u00e5pen og fikk navnet Alfred Theodor. Han var f\u00f8dt 24. august 1851. Se kopier av Kirkebok for Borre Sogn for 1851 nedenfor; vigselsattest og d\u00e5psattest.<\/span><\/p>\n<p align=\"justify\">\u00a0<img loading=\"lazy\" decoding=\"async\" class=\"wp-image-8618 aligncenter\" src=\"http:\/\/www.andersen-slekt.info\/wp-content\/uploads\/2021\/01\/output-onlinepngtools-51-1-300x52.png\" alt=\"\" width=\"700\" height=\"122\" srcset=\"https:\/\/www.andersen-slekt.info\/wp-content\/uploads\/2021\/01\/output-onlinepngtools-51-1-300x52.png 300w, https:\/\/www.andersen-slekt.info\/wp-content\/uploads\/2021\/01\/output-onlinepngtools-51-1-1024x178.png 1024w, https:\/\/www.andersen-slekt.info\/wp-content\/uploads\/2021\/01\/output-onlinepngtools-51-1-768x134.png 768w, https:\/\/www.andersen-slekt.info\/wp-content\/uploads\/2021\/01\/output-onlinepngtools-51-1-1536x267.png 1536w, https:\/\/www.andersen-slekt.info\/wp-content\/uploads\/2021\/01\/output-onlinepngtools-51-1-2048x357.png 2048w\" sizes=\"auto, (max-width: 700px) 100vw, 700px\" \/><\/p>\n<p align=\"justify\"><img loading=\"lazy\" decoding=\"async\" class=\"wp-image-8617 aligncenter\" src=\"http:\/\/www.andersen-slekt.info\/wp-content\/uploads\/2021\/01\/output-onlinepngtools-52-1-300x55.png\" alt=\"\" width=\"700\" height=\"128\" srcset=\"https:\/\/www.andersen-slekt.info\/wp-content\/uploads\/2021\/01\/output-onlinepngtools-52-1-300x55.png 300w, https:\/\/www.andersen-slekt.info\/wp-content\/uploads\/2021\/01\/output-onlinepngtools-52-1-1024x187.png 1024w, https:\/\/www.andersen-slekt.info\/wp-content\/uploads\/2021\/01\/output-onlinepngtools-52-1-768x140.png 768w, https:\/\/www.andersen-slekt.info\/wp-content\/uploads\/2021\/01\/output-onlinepngtools-52-1-1536x280.png 1536w, https:\/\/www.andersen-slekt.info\/wp-content\/uploads\/2021\/01\/output-onlinepngtools-52-1-2048x374.png 2048w\" sizes=\"auto, (max-width: 700px) 100vw, 700px\" \/><\/p>\n<p style=\"text-align: center;\" align=\"justify\"><img loading=\"lazy\" decoding=\"async\" class=\"alignnone wp-image-8619\" src=\"http:\/\/www.andersen-slekt.info\/wp-content\/uploads\/2021\/01\/File0005b_11-238x300.jpg\" alt=\"\" width=\"600\" height=\"755\" srcset=\"https:\/\/www.andersen-slekt.info\/wp-content\/uploads\/2021\/01\/File0005b_11-238x300.jpg 238w, https:\/\/www.andersen-slekt.info\/wp-content\/uploads\/2021\/01\/File0005b_11.jpg 650w\" sizes=\"auto, (max-width: 600px) 100vw, 600px\" \/><\/p>\n<p style=\"text-align: center;\" align=\"justify\"><img loading=\"lazy\" decoding=\"async\" class=\"alignnone wp-image-8620\" src=\"http:\/\/www.andersen-slekt.info\/wp-content\/uploads\/2021\/01\/File0010b_21-300x208.jpg\" alt=\"\" width=\"700\" height=\"486\" srcset=\"https:\/\/www.andersen-slekt.info\/wp-content\/uploads\/2021\/01\/File0010b_21-300x208.jpg 300w, https:\/\/www.andersen-slekt.info\/wp-content\/uploads\/2021\/01\/File0010b_21.jpg 650w\" sizes=\"auto, (max-width: 700px) 100vw, 700px\" \/><\/p>\n<p style=\"text-align: center;\" align=\"justify\"><img loading=\"lazy\" decoding=\"async\" class=\"alignnone wp-image-8621\" src=\"http:\/\/www.andersen-slekt.info\/wp-content\/uploads\/2021\/01\/File0032b-218x300.jpg\" alt=\"\" width=\"650\" height=\"896\" srcset=\"https:\/\/www.andersen-slekt.info\/wp-content\/uploads\/2021\/01\/File0032b-218x300.jpg 218w, https:\/\/www.andersen-slekt.info\/wp-content\/uploads\/2021\/01\/File0032b.jpg 500w\" sizes=\"auto, (max-width: 650px) 100vw, 650px\" \/><\/p>\n<p align=\"justify\"><span style=\"color: #f7efd0;\">.<\/span><\/p>\n<p align=\"justify\"><span style=\"color: #f7efd0;\">.<\/span><\/p>\n<p style=\"text-align: right;\" align=\"justify\"><span style=\"font-size: 10pt;\"><strong><span style=\"color: #800000;\"><a style=\"color: #800000;\" href=\"http:\/\/www.andersen-slekt.info\/andersen\/matthias\/rudolph\/\"><span style=\"color: #ccaa7a;\">&gt; g\u00e5 til Jenny Aagot og Rudolf<\/span><\/a><\/span><\/strong><\/span><\/p>\n<p align=\"justify\"><span style=\"color: #f7efd0;\">.<\/span><\/p>\n<p align=\"justify\"><span style=\"color: #f7efd0;\">.<\/span><span style=\"font-size: 10pt; color: #ccaa7a;\">\u00a0<\/span><\/p>\n<p align=\"justify\"><span style=\"font-size: 13pt; font-family: 'book antiqua', palatino;\"><strong><span style=\"color: #808080;\"><em>Referanse<\/em><\/span><\/strong><\/span><br \/>\n<strong><span style=\"color: #806239; font-size: 12pt; font-family: 'book antiqua', palatino;\"><a style=\"color: #806239;\" href=\"https:\/\/www.nb.no\/items\/URN:NBN:no-nb_digibok_2011062805029\">Slekten: Andersen Larvik (Hans Andersen, 1986)<\/a><\/span><\/strong><\/p>\n<p>&nbsp;<\/p>\n<div class=\"pdfprnt-buttons pdfprnt-buttons-page pdfprnt-bottom-right\"><a href=\"https:\/\/www.andersen-slekt.info\/nb_no\/wp-json\/wp\/v2\/pages\/491?print=print\" class=\"pdfprnt-button pdfprnt-button-print\" target=\"_blank\"><img decoding=\"async\" src=\"https:\/\/www.andersen-slekt.info\/wp-content\/plugins\/pdf-print\/images\/print.png\" alt=\"image_print\" title=\"Print Content\" \/><span class=\"pdfprnt-button-title pdfprnt-button-print-title\">print<\/span><\/a><\/div>","protected":false},"excerpt":{"rendered":"<p>&lt; g\u00e5 til Andersen\u00a0\u00a0 \u00a0 \u00a0 \u00a0 \u00a0 \u00a0 \u00a0 \u00a0 \u00a0 \u00a0 \u00a0 \u00a0 \u00a0 \u00a0 \u00a0 \u00a0 \u00a0 \u00a0 \u00a0 \u00a0 \u00a0 \u00a0 \u00a0 \u00a0 \u00a0 \u00a0 \u00a0 \u00a0 \u00a0 \u00a0 \u00a0 \u00a0 \u00a0 \u00a0 \u00a0 \u00a0 \u00a0 \u00a0 \u00a0 \u00a0 \u00a0 \u00a0 \u00a0 \u00a0 \u00a0 \u00a0 \u00a0 \u00a0 \u00a0 \u00a0 \u00a0 \u00a0 [&hellip;]<\/p>\n","protected":false},"author":1,"featured_media":0,"parent":475,"menu_order":6,"comment_status":"closed","ping_status":"closed","template":"no_sidebar.php","meta":{"footnotes":""},"class_list":["post-491","page","type-page","status-publish","hentry"],"_links":{"self":[{"href":"https:\/\/www.andersen-slekt.info\/nb_no\/wp-json\/wp\/v2\/pages\/491","targetHints":{"allow":["GET"]}}],"collection":[{"href":"https:\/\/www.andersen-slekt.info\/nb_no\/wp-json\/wp\/v2\/pages"}],"about":[{"href":"https:\/\/www.andersen-slekt.info\/nb_no\/wp-json\/wp\/v2\/types\/page"}],"author":[{"embeddable":true,"href":"https:\/\/www.andersen-slekt.info\/nb_no\/wp-json\/wp\/v2\/users\/1"}],"replies":[{"embeddable":true,"href":"https:\/\/www.andersen-slekt.info\/nb_no\/wp-json\/wp\/v2\/comments?post=491"}],"version-history":[{"count":77,"href":"https:\/\/www.andersen-slekt.info\/nb_no\/wp-json\/wp\/v2\/pages\/491\/revisions"}],"predecessor-version":[{"id":10071,"href":"https:\/\/www.andersen-slekt.info\/nb_no\/wp-json\/wp\/v2\/pages\/491\/revisions\/10071"}],"up":[{"embeddable":true,"href":"https:\/\/www.andersen-slekt.info\/nb_no\/wp-json\/wp\/v2\/pages\/475"}],"wp:attachment":[{"href":"https:\/\/www.andersen-slekt.info\/nb_no\/wp-json\/wp\/v2\/media?parent=491"}],"curies":[{"name":"wp","href":"https:\/\/api.w.org\/{rel}","templated":true}]}}