{"id":3279,"date":"2016-12-01T11:20:08","date_gmt":"2016-12-01T11:20:08","guid":{"rendered":"https:\/\/ww2.fjeldskaar.com\/?page_id=3279"},"modified":"2022-12-27T19:39:51","modified_gmt":"2022-12-27T18:39:51","slug":"thorsen","status":"publish","type":"page","link":"https:\/\/www.andersen-slekt.info\/nb_no\/thorsen\/","title":{"rendered":"Thorsen"},"content":{"rendered":"<h1 style=\"text-align: right;\"><span style=\"color: #f7efd0;\">.<a href=\"http:\/\/www.andersen-slekt.info\/thorsen\/helene-og-erik-pettersen\/\"><span style=\"font-size: 10pt; color: #ccaa7a;\">&gt; g\u00e5 til Helene og Erik Pettersen<\/span><\/a><\/span><\/h1>\n<p><span style=\"color: #f7efd0;\">.<\/span><\/p>\n<h1 style=\"text-align: center;\"><span style=\"color: #806239; font-size: 30pt; font-family: 'Great Vibes';\">\u00a0Thorsen<\/span><\/h1>\n<p>&nbsp;<\/p>\n<p style=\"text-align: center;\"><a href=\"https:\/\/ww2.fjeldskaar.com\/wp-content\/uploads\/2020\/11\/annaChart_ny.png\"><img loading=\"lazy\" decoding=\"async\" class=\"alignnone wp-image-8120\" src=\"https:\/\/ww2.fjeldskaar.com\/wp-content\/uploads\/2020\/11\/annaChart_ny.png\" alt=\"\" width=\"700\" height=\"398\" \/><\/a><\/p>\n<p style=\"text-align: center;\">Anna Thorsens foreldre og besteforeldre (trykk for \u00e5 se st\u00f8rre bilde)<\/p>\n<p><span style=\"color: #f7efd0;\">.<\/span><\/p>\n<p><span style=\"color: #806239; font-size: 14pt;\"><strong>Hans J\u00f8rgens forfedre p\u00e5 farssiden<\/strong><\/span><\/p>\n<p><span style=\"font-size: 13pt;\">Hans J\u00f8rgens far, Thor J\u00f8rgen Hansen, var fra Thorstrand og var t\u00f8mmerfl\u00f8ter i L\u00e5gen. Hans far, Hans Hansen Jahren, var repslager (som drev med framstilling av rep og tauverk) og matros.<\/span><\/p>\n<p><span style=\"font-size: 13pt;\">Thor J\u00f8rgens farfar, Hans Anfindsen Jahren, \u00a0var ansatt p\u00e5 Fritz\u00f8 Jernverk og bodde p\u00e5 Langestrand; han arbeidet i masovnen.\u00a0Nesten alle voksne menn og unge gutter som bodde p\u00e5 Langestrand arbeidet ved jernverket. Til \u201djernverksfolkene\u201d regnet man de som hadde stillinger ved masovnen eller hammerene. I tillegg fantes stillinger som t\u00f8mrere, snekkere og byggmestere. [1]<\/span><\/p>\n<p>&nbsp;<\/p>\n<p style=\"text-align: center;\"><a href=\"https:\/\/ww2.fjeldskaar.com\/wp-content\/uploads\/2020\/11\/Fritzoehus-768x576-1.jpg\"><img loading=\"lazy\" decoding=\"async\" class=\"alignnone wp-image-8326\" src=\"https:\/\/ww2.fjeldskaar.com\/wp-content\/uploads\/2020\/11\/Fritzoehus-768x576-1.jpg\" alt=\"\" width=\"368\" height=\"276\" \/><\/a><\/p>\n<p style=\"text-align: center;\">Fritz\u00f8ehus slott<\/p>\n<p><span style=\"font-size: 13pt;\">Fritz\u00f8ebedriften ble i l\u00f8pet av 1700-tallet Norges st\u00f8rste industrisentrum. Frederik Ahlefeldt-Laurvig eide grevskapet fra 1791 og fram til 1805 da han solgte det til kongen av Danmark-Norge. I 1835 ble Fritz\u00f8e jernverk og store deler av det gamle grevegodset kj\u00f8pt av Frederik Wilhelm Treschow, en framst\u00e5ende dansk advokat og politiker. Han foretok investeringer i alle deler av bedriften. Damanlegget ble reparert og forbedret, sagbruket fornyet, m\u00f8llebruket modernisert og jernverket opprustet med nye hammerbygninger, valseverk og masovn. Jernverket var fortsatt den viktigste virksomheten og i 1850 var antallet ansatte over 200, mens sagbruket hadde litt over 40. [1]<\/span><\/p>\n<p>&nbsp;<\/p>\n<p><span style=\"font-size: 13pt;\">Bare 15 \u00e5r senere startet nedbyggingen av jernverket, noe som dels var for\u00e5rsaket av endringer i det internasjonale markedet. Mest av alt skyldtes det nye oppfinnelser og bruk av steinkull, som ikke passet driftsformen i Larvik. I 1868 ble masovnen lagt ned, hammerne stanset og jernverkets bygninger ble enten revet eller ombygd til andre form\u00e5l. Omleggingen til industrielt foretak med hovedtyngde p\u00e5 treforedling og kraftproduksjon ble gjennomf\u00f8rt med stor suksess av kammerherre Fritz Wilhelm Treschow. Fra 1. august 1875 skiftet Fritz\u00f8e Jernverk navn til Treschow-Fritz\u00f8e. [1]<\/span><\/p>\n<p style=\"text-align: left;\"><span style=\"color: #f7efd0; font-size: 13pt;\">. <a href=\"https:\/\/www.andersen-slekt.info\/wp-content\/uploads\/2022\/12\/treschow.png\"><img loading=\"lazy\" decoding=\"async\" class=\"aligncenter wp-image-10145\" src=\"https:\/\/www.andersen-slekt.info\/wp-content\/uploads\/2022\/12\/treschow-300x185.png\" alt=\"\" width=\"450\" height=\"277\" srcset=\"https:\/\/www.andersen-slekt.info\/wp-content\/uploads\/2022\/12\/treschow-300x185.png 300w, https:\/\/www.andersen-slekt.info\/wp-content\/uploads\/2022\/12\/treschow-768x472.png 768w, https:\/\/www.andersen-slekt.info\/wp-content\/uploads\/2022\/12\/treschow-18x12.png 18w, https:\/\/www.andersen-slekt.info\/wp-content\/uploads\/2022\/12\/treschow.png 842w\" sizes=\"auto, (max-width: 450px) 100vw, 450px\" \/><\/a><\/span><\/p>\n<p><em>Fritz\u00f8e-bedriften fra 1880-tallet. Bedriften kan f\u00f8res helt tilbake til 1540, lengre enn noen annen eksisterende virksomhet i Norge. Navnet Treschow skriver seg fra dynastiets eldste kjente forfedre, som var treskomakere p\u00e5 Sj\u00e6lland. Treschow er i utgangspunktet en yrkesbetegnelse (fra Larvik A-\u00c5, av Per Nyhus).<\/em><\/p>\n<p>&nbsp;<\/p>\n<p style=\"text-align: left;\"><span style=\"font-size: 13pt;\">Far til Hans Anfindsen Jahren var Anfinn Hansen p\u00e5 Jaren p\u00e5 Brunlanes, som visstnok egentlig var fra Nalum. Han var i mange \u00e5r gift med Sara Hansdatter, som d\u00f8de i 1764. Han ble gift igjen 20. juni 1765 i Brunlanes med Helvig Hansdatter, som var f\u00f8dt 1729 p\u00e5 Belgau i Sandar. Vielsen er innf\u00f8rt i kirkeboka for Sandar. Anfinn og Helvig fikk to barn &#8211; Anne (f 1767) og Hans (f. 1770).<\/span><\/p>\n<p><img loading=\"lazy\" decoding=\"async\" class=\"alignnone size-full wp-image-8196 aligncenter\" src=\"https:\/\/ww2.fjeldskaar.com\/wp-content\/uploads\/2020\/11\/output-onlinepngtools-22.png\" alt=\"\" width=\"753\" height=\"239\" \/><\/p>\n<p style=\"text-align: center;\"><em>Fra Folketellingen 1825<\/em><\/p>\n<p>&nbsp;<\/p>\n<p><span style=\"color: #f7efd0;\">.<\/span><\/p>\n<p><img loading=\"lazy\" decoding=\"async\" class=\"alignleft\" src=\"https:\/\/ww2.fjeldskaar.com\/wp-content\/uploads\/2016\/12\/hans3.png\" alt=\"hans3\" width=\"300\" height=\"203\" \/><\/p>\n<p><span style=\"font-size: 13pt;\"><em>Eidgata 2<\/em><\/span><\/p>\n<p><span style=\"font-size: 13pt;\">Arbeidere og betjenter med familie bodde dels i barakker eid av bedriften, <\/span><span style=\"font-size: 13pt;\">dels i egne hus. Det var greven som eide grunnen p\u00e5 Langestrand, og jernverksfolk med egne hus m\u00e5tte betale grunnleie.\u00a0\u00a0Forstedene Langestrand og Torstrand, der arbeiderne ved grevens virksomheter bodde, hadde ikke lov til \u00e5 drive handel. Til gjengjeld slapp de \u00e5 betale skatt. [1]<\/span><\/p>\n<p><span style=\"font-size: 13pt;\">Eieren av Eidgata 2 tidlig p\u00e5 1800-tallet var\u00a0<strong>Hans Jahren<\/strong> og arbeidet i masovnen. Han bodde sammen med kone (Anne Cathrine Hansdtr) og s\u00f8nnen Hans. De hadde en tjenestepike, Marthe Hansdatter. Huset hadde opprinnelig 2 rom og kj\u00f8kken. I 1860-\u00e5rene bodde verksmester Joseph Hambury p\u00e5 eiendommen. \u00a0[1]<\/span><\/p>\n<p><span style=\"font-size: 13pt;\">Hans Hansen Jahren kj\u00f8pte Fiskerstredet 3 p\u00e5 Thorstrand (se bilde lenger ned)\u00a0i 1822, hvor Thor J\u00f8rgen (og s\u00f8nnen Hans J\u00f8rgen) vokste opp .<\/span><\/p>\n<p style=\"text-align: center;\"><a href=\"https:\/\/ww2.fjeldskaar.com\/wp-content\/uploads\/2016\/12\/HansHansene.png\"><img loading=\"lazy\" decoding=\"async\" src=\"https:\/\/ww2.fjeldskaar.com\/wp-content\/uploads\/2016\/12\/HansHansene.png\" alt=\"hanshansene\" width=\"495\" height=\"283\" \/><\/a><\/p>\n<p><span style=\"font-size: 13pt;\">Mor til Thor J\u00f8rgen var Sidsel Marie Andreastr, datter av Garvermester Andreas Mathisen og Olene Andersdtr fra Steenene i Laurvig. Andreas Mathisen d\u00f8de f\u00f8r 1805. <em>Steinane<\/em> i Hovedbyen, g\u00e5r fra Prinsegata ved Thaulowsvingen til \u00d8vre Jegersborggate. I dette omr\u00e5det vokste for\u00f8vrig \u00a0ogs\u00e5 Thor Heyerdahl opp.<\/span><\/p>\n<p><span style=\"font-size: 13pt;\">P\u00e5 slutten av 1700-tallet var bebyggelsen i \u00abSteinane\u00bb mindre og fattigere enn langs byens hovedgate. De minste husene bestod av stue, kj\u00f8kken og vedskur, og dagarbeidere, h\u00e5ndverkere samt noen sj\u00f8folk bodde i husene.<\/span><\/p>\n<p style=\"text-align: center;\"><img loading=\"lazy\" decoding=\"async\" class=\"alignnone wp-image-7658\" src=\"https:\/\/ww2.fjeldskaar.com\/wp-content\/uploads\/2020\/09\/output-onlinepngtools-2020-09-12T075656.458.png\" alt=\"\" width=\"760\" height=\"346\" \/><\/p>\n<p style=\"text-align: center;\">Hans J\u00f8rgens anetavle<\/p>\n<p style=\"text-align: center;\"><a href=\"https:\/\/ww2.fjeldskaar.com\/wp-content\/uploads\/2020\/11\/output-onlinepngtools-23.png\"><img loading=\"lazy\" decoding=\"async\" class=\"aligncenter wp-image-8198\" src=\"https:\/\/ww2.fjeldskaar.com\/wp-content\/uploads\/2020\/11\/output-onlinepngtools-23.png\" alt=\"\" width=\"700\" height=\"124\" \/><\/a><\/p>\n<p><span style=\"font-size: 13pt;\"><em>Fra Folketellingen 1875. Thor J\u00f8rgen var t\u00f8mmerfl\u00f8ter i L\u00e5gen (i kirkeb\u00f8kene ogs\u00e5 &laquo;matros&raquo;). Thor J\u00f8rgen og Christiane m\/fam bodde i Fiskerstredet 3, Thorstrand. Hans J\u00f8rgen hadde to s\u00f8stre, Anne Marie og Inga Othilie (som ble Rudolfs 2. kone). Anne Marie d\u00f8de i 1882.\u00a0<\/em><\/span><\/p>\n<p><a href=\"https:\/\/ww2.fjeldskaar.com\/wp-content\/uploads\/2016\/12\/L\u00e5genDampsag3.png\"><img loading=\"lazy\" decoding=\"async\" class=\"aligncenter\" src=\"https:\/\/ww2.fjeldskaar.com\/wp-content\/uploads\/2016\/12\/L\u00e5genDampsag3.png\" alt=\"\" width=\"412\" height=\"248\" \/><\/a>\u00a0\u00a0<a href=\"https:\/\/ww2.fjeldskaar.com\/wp-content\/uploads\/2016\/12\/L\u00e5genDampsag2.png\"><img loading=\"lazy\" decoding=\"async\" class=\"aligncenter\" src=\"https:\/\/ww2.fjeldskaar.com\/wp-content\/uploads\/2016\/12\/L\u00e5genDampsag2.png\" alt=\"\" width=\"400\" height=\"271\" \/><\/a><br \/>\n<span style=\"font-size: 13pt;\"><em>L\u00e5gen Dampsag, som tilh\u00f8rte Treschow-Fritz\u00f8e og var i sin tid Hedrums st\u00f8rste arbeidsplass. Den l\u00e5 p\u00e5 Unnersbo ut mot L\u00e5gen. Til venstre noe av sagbygningen med fyrhus og pipe. I bakgrunnen to av arbeiderbrakkene. Bildet er fra begynnelsen av \u00e5rhundreskiftet. (Fra Bygdebok for Hedrum I, 1982).<br \/>\nThor J\u00f8rgen jobbet som t\u00f8mmerfl\u00f8ter i L\u00e5gen og arbeidsgiver var Treschow-Fritz\u00f8e.\u00a0<\/em><\/span><\/p>\n<p><a href=\"https:\/\/ww2.fjeldskaar.com\/wp-content\/uploads\/2015\/05\/fiskerveien3.png\"><img loading=\"lazy\" decoding=\"async\" class=\"aligncenter\" src=\"https:\/\/ww2.fjeldskaar.com\/wp-content\/uploads\/2015\/05\/fiskerveien3.png\" alt=\"fiskerveien3\" width=\"555\" height=\"451\" \/><\/a><span style=\"font-size: 13pt;\"><em>Skj\u00f8te p\u00e5 Fiskervejen 3, Thorstrand. F\u00f8rst skj\u00f8te fra Hans Hansen Jahrens enke til Thor J\u00f8rgen Hansen i 1858, s\u00e5 fra Thor J\u00f8rgen Hansens enke Christiane Hansen til Thorvald Mathisen i 1900. Thorvald Mathisen var barnebarnet til Christiane, i 1900 var Thorvald 20 \u00e5r.<\/em><\/span><\/p>\n<p><span style=\"color: #f7efd0; font-size: 14pt;\">.<\/span><\/p>\n<p><span style=\"color: #806239; font-size: 14pt;\"><strong>Hans J\u00f8rgens forfedre p\u00e5 morssiden<\/strong><\/span><\/p>\n<p><span style=\"font-size: 13pt;\">Hans J\u00f8rgens mor var Christiane J\u00f8rgensdtr som ble f\u00f8dt 1\/11-1826. Hun var datter av Pige Anne Severine Nilsdatter og Ungk. Matros J\u00f8rgen Eliassen. De giftet seg 26\/11-1826.<\/span><\/p>\n<p><span style=\"color: #f7efd0;\">.<\/span><\/p>\n<p><img loading=\"lazy\" decoding=\"async\" class=\"aligncenter\" src=\"https:\/\/ww2.fjeldskaar.com\/wp-content\/uploads\/2020\/08\/output-onlinepngtools-38.png\" alt=\"\" width=\"258\" height=\"24\" \/><\/p>\n<p><a href=\"https:\/\/www.andersen-slekt.info\/wp-content\/uploads\/2021\/05\/christiane_rem-scaled.jpg\"><img loading=\"lazy\" decoding=\"async\" class=\"aligncenter wp-image-9443\" src=\"https:\/\/www.andersen-slekt.info\/wp-content\/uploads\/2021\/05\/christiane_rem-300x275.jpg\" alt=\"\" width=\"600\" height=\"551\" srcset=\"https:\/\/www.andersen-slekt.info\/wp-content\/uploads\/2021\/05\/christiane_rem-300x275.jpg 300w, https:\/\/www.andersen-slekt.info\/wp-content\/uploads\/2021\/05\/christiane_rem-1024x940.jpg 1024w, https:\/\/www.andersen-slekt.info\/wp-content\/uploads\/2021\/05\/christiane_rem-768x705.jpg 768w, https:\/\/www.andersen-slekt.info\/wp-content\/uploads\/2021\/05\/christiane_rem-1536x1410.jpg 1536w, https:\/\/www.andersen-slekt.info\/wp-content\/uploads\/2021\/05\/christiane_rem-2048x1880.jpg 2048w\" sizes=\"auto, (max-width: 600px) 100vw, 600px\" \/><\/a><\/p>\n<p style=\"text-align: center;\">Christiane Hansen<\/p>\n<p><span style=\"color: #f7efd0;\">.<\/span><\/p>\n<p style=\"text-align: center;\"><img loading=\"lazy\" decoding=\"async\" class=\"alignnone wp-image-9394\" src=\"https:\/\/www.andersen-slekt.info\/wp-content\/uploads\/2021\/03\/output-onlinepngtools-2021-03-29T123155.749-300x82.png\" alt=\"\" width=\"650\" height=\"178\" srcset=\"https:\/\/www.andersen-slekt.info\/wp-content\/uploads\/2021\/03\/output-onlinepngtools-2021-03-29T123155.749-300x82.png 300w, https:\/\/www.andersen-slekt.info\/wp-content\/uploads\/2021\/03\/output-onlinepngtools-2021-03-29T123155.749-768x210.png 768w, https:\/\/www.andersen-slekt.info\/wp-content\/uploads\/2021\/03\/output-onlinepngtools-2021-03-29T123155.749.png 909w\" sizes=\"auto, (max-width: 650px) 100vw, 650px\" \/><\/p>\n<p>&nbsp;<\/p>\n<p><img loading=\"lazy\" decoding=\"async\" class=\"aligncenter wp-image-9832\" src=\"https:\/\/www.andersen-slekt.info\/wp-content\/uploads\/2022\/11\/christiane_Thor-300x137.jpg\" alt=\"\" width=\"450\" height=\"205\" srcset=\"https:\/\/www.andersen-slekt.info\/wp-content\/uploads\/2022\/11\/christiane_Thor-300x137.jpg 300w, https:\/\/www.andersen-slekt.info\/wp-content\/uploads\/2022\/11\/christiane_Thor-18x8.jpg 18w, https:\/\/www.andersen-slekt.info\/wp-content\/uploads\/2022\/11\/christiane_Thor.jpg 691w\" sizes=\"auto, (max-width: 450px) 100vw, 450px\" \/><\/p>\n<p><img loading=\"lazy\" decoding=\"async\" class=\"wp-image-8238 aligncenter\" src=\"https:\/\/ww2.fjeldskaar.com\/wp-content\/uploads\/2020\/11\/sauegt26hus.png\" alt=\"\" width=\"507\" height=\"462\" \/><\/p>\n<p><span style=\"font-size: 13pt;\">&laquo;Solbakken&raquo; (ovenfor; n\u00e5 Sauegt 26). J\u00f8rgen Eliasen bygde huset &laquo;Solbakken&raquo; i 1834 (se historisk kart over \u00d8stre Halsen <span style=\"color: #806239;\"><strong><a style=\"color: #806239;\" href=\"http:\/\/www.andersen-slekt.info\/kart-3\/\">her<\/a><\/strong><\/span>). Han og alle hans arvinger eide huset sammen fram til 1895, da s\u00f8nnen Nils overtok det. Christiane og hennes s\u00f8sken vokste opp her. Oldefar Hans J\u00f8rgen var f\u00f8dt i Larvik i 1856, s\u00e5 da bodde nok Christiane i Fiskervejen 3 p\u00e5 Thorstrand (se bilde nedenfor og <a href=\"https:\/\/www.andersen-slekt.info\/andersen\/matthias\/gusta-marie\/\"><span style=\"color: #0000ff;\"><strong>her<\/strong><\/span><\/a>). Christiane eide dette huset fram til 1900 da barnebarnet Thorvald Mathiesen overtok det. Thorvald Mathiesen var sj\u00f8mann, og det ser ut til at han emigrerte til Amerika i 1906. I 1910 bodde Christiane i Strandgt 9 hos Otto Rudolf og familien.<\/span><\/p>\n<p><img loading=\"lazy\" decoding=\"async\" class=\"size-full wp-image-8346 aligncenter\" src=\"https:\/\/ww2.fjeldskaar.com\/wp-content\/uploads\/2020\/11\/thorvald2.jpg\" alt=\"\" width=\"211\" height=\"200\" \/><\/p>\n<p style=\"text-align: center;\"><span style=\"color: #000000;\">Thorvald Mathiesen<\/span><\/p>\n<p style=\"text-align: center;\"><a href=\"https:\/\/ww2.fjeldskaar.com\/wp-content\/uploads\/2020\/11\/fiskerveien3.png\"><img loading=\"lazy\" decoding=\"async\" class=\"alignnone wp-image-8358\" src=\"https:\/\/ww2.fjeldskaar.com\/wp-content\/uploads\/2020\/11\/fiskerveien3.png\" alt=\"\" width=\"700\" height=\"245\" \/><\/a><\/p>\n<p><span style=\"font-size: 13pt;\">Utenfor Fiskerveien 3 p\u00e5 Thorstrand. Fra venstre Inga Othilie (f. 1868, d. 1913), Anna Marie (f. 1887), Thoralf (f. 1889), Gusta Marie (f. 1862), Christiane (f. 1826, d. 1912). Foran sitter Borghild (f. 1891) og Randi (f. 1892; Ingas datter). Bildet er sannsynligvis tatt omkring 1902. Inga giftet seg i 1891 med Rudolf Andersen; p\u00e5 bildet var hun muligens gravid med sitt 6. barn. Anna giftet seg senere (1909) med Eilif, s\u00f8nn av Rudolf Andersen.<\/span><\/p>\n<p><span style=\"color: #f7efd0;\"><a href=\"https:\/\/ww2.fjeldskaar.com\/wp-content\/uploads\/2020\/11\/Christiane_1912a.png\"><span style=\"color: #f7efd0;\">.<\/span><img loading=\"lazy\" decoding=\"async\" class=\"wp-image-8344 aligncenter\" src=\"https:\/\/ww2.fjeldskaar.com\/wp-content\/uploads\/2020\/11\/Christiane_1912a.png\" alt=\"\" width=\"671\" height=\"60\" \/><\/a><\/span><\/p>\n<p style=\"text-align: center;\"><a href=\"https:\/\/ww2.fjeldskaar.com\/wp-content\/uploads\/2020\/11\/Christiane_1912b.png\"><img loading=\"lazy\" decoding=\"async\" class=\"alignnone wp-image-8343\" src=\"https:\/\/ww2.fjeldskaar.com\/wp-content\/uploads\/2020\/11\/Christiane_1912b.png\" alt=\"\" width=\"631\" height=\"55\" \/><\/a><\/p>\n<p><span style=\"font-size: 13pt;\">Christiane var enke i mange \u00e5r, etter at Thor J\u00f8rgen d\u00f8de i 1878 (bare 52 \u00e5r gammel). I likhet med mannen hennes, ble barna hennes heller ikke gamle &#8211; Anne Marie d\u00f8de i 1882 (28 \u00e5r), Hans J\u00f8rgen i 1896 (40 \u00e5r; d\u00f8de i S\u00f8r-Afrika) og Inga (Rudolfs 2. kone) d\u00f8de i 1913 (45 \u00e5r gml). Anne Marie hadde en s\u00f8nn (Thorvald) som bare var tre \u00e5r da moren d\u00f8de. Mannen, Iver Martinius Mathiesen, var sj\u00f8mann. I 1885 bodde Christiane sammen med han og Thorvald i Fiskervejen. I folketellingen i 1891 st\u00e5r det at Iver Martinius er &laquo;p.t. i Palma&raquo;. I folketellingen for 1900 er han kalt &laquo;skibsf\u00f8rer&raquo;. Han levde alts\u00e5 til utp\u00e5 1900-tallet, men var mye p\u00e5 farten, og Christiane var den som hadde hovedansvaret for Thorvald. Huset i Fiskerveien 3 var i familiens eie lenge, og Christiane overlot huset til Thorvald i 1900 og flyttet selv inn hos Inga og Rudolf i Strandgt 9 p\u00e5 sine eldre dager. Christiane var datter av Anne Severine Nilsdatter (f\u00f8dt 1. juli 1800); Anne Severine var datter av Nils Iversen og Gunnil Andersdtr; se nedenfor.<\/span><\/p>\n<p><span style=\"color: #f7efd0;\">.<\/span><a href=\"https:\/\/ww2.fjeldskaar.com\/wp-content\/uploads\/2015\/05\/AnneSeverine_1800.png\"><br \/>\n<img loading=\"lazy\" decoding=\"async\" class=\"aligncenter\" src=\"https:\/\/ww2.fjeldskaar.com\/wp-content\/uploads\/2015\/05\/AnneSeverine_1800.png\" alt=\"anneseverine_1800\" width=\"600\" height=\"128\" \/><span style=\"color: #f7efd0;\">.<\/span><\/a><\/p>\n<p style=\"text-align: center;\"><a href=\"https:\/\/www.andersen-slekt.info\/wp-content\/uploads\/2022\/12\/christiane1.jpg\"><img loading=\"lazy\" decoding=\"async\" class=\"alignnone wp-image-9914\" src=\"https:\/\/www.andersen-slekt.info\/wp-content\/uploads\/2022\/12\/christiane1-194x300.jpg\" alt=\"\" width=\"400\" height=\"619\" srcset=\"https:\/\/www.andersen-slekt.info\/wp-content\/uploads\/2022\/12\/christiane1-194x300.jpg 194w, https:\/\/www.andersen-slekt.info\/wp-content\/uploads\/2022\/12\/christiane1-662x1024.jpg 662w, https:\/\/www.andersen-slekt.info\/wp-content\/uploads\/2022\/12\/christiane1-768x1189.jpg 768w, https:\/\/www.andersen-slekt.info\/wp-content\/uploads\/2022\/12\/christiane1-992x1536.jpg 992w, https:\/\/www.andersen-slekt.info\/wp-content\/uploads\/2022\/12\/christiane1-1323x2048.jpg 1323w, https:\/\/www.andersen-slekt.info\/wp-content\/uploads\/2022\/12\/christiane1-8x12.jpg 8w, https:\/\/www.andersen-slekt.info\/wp-content\/uploads\/2022\/12\/christiane1.jpg 1586w\" sizes=\"auto, (max-width: 400px) 100vw, 400px\" \/><\/a>\u00a0 \u00a0 \u00a0<a href=\"https:\/\/www.andersen-slekt.info\/wp-content\/uploads\/2022\/12\/christiane3.jpg\"><img loading=\"lazy\" decoding=\"async\" class=\"alignnone wp-image-9915\" src=\"https:\/\/www.andersen-slekt.info\/wp-content\/uploads\/2022\/12\/christiane3-191x300.jpg\" alt=\"\" width=\"394\" height=\"619\" srcset=\"https:\/\/www.andersen-slekt.info\/wp-content\/uploads\/2022\/12\/christiane3-191x300.jpg 191w, https:\/\/www.andersen-slekt.info\/wp-content\/uploads\/2022\/12\/christiane3-651x1024.jpg 651w, https:\/\/www.andersen-slekt.info\/wp-content\/uploads\/2022\/12\/christiane3-768x1208.jpg 768w, https:\/\/www.andersen-slekt.info\/wp-content\/uploads\/2022\/12\/christiane3-977x1536.jpg 977w, https:\/\/www.andersen-slekt.info\/wp-content\/uploads\/2022\/12\/christiane3-1302x2048.jpg 1302w, https:\/\/www.andersen-slekt.info\/wp-content\/uploads\/2022\/12\/christiane3-8x12.jpg 8w, https:\/\/www.andersen-slekt.info\/wp-content\/uploads\/2022\/12\/christiane3.jpg 1580w\" sizes=\"auto, (max-width: 394px) 100vw, 394px\" \/><\/a>\u00a0 \u00a0<a href=\"https:\/\/www.andersen-slekt.info\/wp-content\/uploads\/2022\/12\/christiane4.jpg\"><img loading=\"lazy\" decoding=\"async\" class=\"alignnone wp-image-9918\" src=\"https:\/\/www.andersen-slekt.info\/wp-content\/uploads\/2022\/12\/christiane4-198x300.jpg\" alt=\"\" width=\"402\" height=\"610\" srcset=\"https:\/\/www.andersen-slekt.info\/wp-content\/uploads\/2022\/12\/christiane4-198x300.jpg 198w, https:\/\/www.andersen-slekt.info\/wp-content\/uploads\/2022\/12\/christiane4-675x1024.jpg 675w, https:\/\/www.andersen-slekt.info\/wp-content\/uploads\/2022\/12\/christiane4-768x1165.jpg 768w, https:\/\/www.andersen-slekt.info\/wp-content\/uploads\/2022\/12\/christiane4-1012x1536.jpg 1012w, https:\/\/www.andersen-slekt.info\/wp-content\/uploads\/2022\/12\/christiane4-1350x2048.jpg 1350w, https:\/\/www.andersen-slekt.info\/wp-content\/uploads\/2022\/12\/christiane4-8x12.jpg 8w, https:\/\/www.andersen-slekt.info\/wp-content\/uploads\/2022\/12\/christiane4.jpg 1638w\" sizes=\"auto, (max-width: 402px) 100vw, 402px\" \/><\/a>\u00a0 \u00a0 <a href=\"https:\/\/www.andersen-slekt.info\/wp-content\/uploads\/2022\/12\/christiane2.jpg\"><img loading=\"lazy\" decoding=\"async\" class=\"alignnone wp-image-9917\" src=\"https:\/\/www.andersen-slekt.info\/wp-content\/uploads\/2022\/12\/christiane2-195x300.jpg\" alt=\"\" width=\"400\" height=\"615\" srcset=\"https:\/\/www.andersen-slekt.info\/wp-content\/uploads\/2022\/12\/christiane2-195x300.jpg 195w, https:\/\/www.andersen-slekt.info\/wp-content\/uploads\/2022\/12\/christiane2-666x1024.jpg 666w, https:\/\/www.andersen-slekt.info\/wp-content\/uploads\/2022\/12\/christiane2-768x1180.jpg 768w, https:\/\/www.andersen-slekt.info\/wp-content\/uploads\/2022\/12\/christiane2-999x1536.jpg 999w, https:\/\/www.andersen-slekt.info\/wp-content\/uploads\/2022\/12\/christiane2-1333x2048.jpg 1333w, https:\/\/www.andersen-slekt.info\/wp-content\/uploads\/2022\/12\/christiane2-8x12.jpg 8w, https:\/\/www.andersen-slekt.info\/wp-content\/uploads\/2022\/12\/christiane2.jpg 1617w\" sizes=\"auto, (max-width: 400px) 100vw, 400px\" \/><\/a><\/p>\n<p style=\"text-align: center;\"><em><span style=\"font-size: 13pt; font-family: 'book antiqua', palatino;\">Brev datert 1888 fra Christiane Hansen til sin s\u00f8nn Hans J\u00f8rgen, som er til sj\u00f8s.\u00a0<\/span><\/em><\/p>\n<p><span style=\"font-size: 13pt; font-family: 'book antiqua', palatino;\">Christiane hilser til Hans J\u00f8rgen med tre salmer i salmeboken; 59, 169 og 170. Det er uklart hvilken salmebok Christiane henviser til. Brevet er skrevet i 1888, og vi vet at \u00a0M.B. Landstads Kirkesalmebog etter hvert ble den dominerende salmebok i Norge (autorisert ved kongelig resolusjon 16\/10 1869). <span style=\"font-size: 14pt; color: #0000ff;\"><strong><a style=\"color: #0000ff;\" href=\"https:\/\/www.andersen-slekt.info\/thorsen\/salmene\/\">Her<\/a><\/strong><\/span> finner du salmene Christiane henviser til. I den ene salmen \u00f8nsker Christiane \u00e5 uttrykke takknemlighet for hjelpen hun har f\u00e5tt fra Gud i en vanskelig tid.\u00a0<\/span><\/p>\n<p><a href=\"https:\/\/www.andersen-slekt.info\/thorsen\/salmene\/\"><img loading=\"lazy\" decoding=\"async\" class=\"aligncenter wp-image-9952 size-medium\" src=\"https:\/\/www.andersen-slekt.info\/wp-content\/uploads\/2022\/12\/59b-300x70.png\" alt=\"\" width=\"300\" height=\"70\" srcset=\"https:\/\/www.andersen-slekt.info\/wp-content\/uploads\/2022\/12\/59b-300x70.png 300w, https:\/\/www.andersen-slekt.info\/wp-content\/uploads\/2022\/12\/59b-18x4.png 18w, https:\/\/www.andersen-slekt.info\/wp-content\/uploads\/2022\/12\/59b.png 435w\" sizes=\"auto, (max-width: 300px) 100vw, 300px\" \/><\/a><\/p>\n<p>&nbsp;<\/p>\n<p><span style=\"font-size: 13pt; font-family: 'book antiqua', palatino;\">Et annet brev fra Christiane til s\u00f8nnen Hans J\u00f8rgen (tolket og nedskrevet av Hans Andersen)<\/span><\/p>\n<p><img loading=\"lazy\" decoding=\"async\" class=\"alignnone size-full wp-image-8210 aligncenter\" src=\"https:\/\/ww2.fjeldskaar.com\/wp-content\/uploads\/2020\/11\/output-onlinepngtools-34.png\" alt=\"\" width=\"600\" height=\"888\" \/><\/p>\n<p><span style=\"font-size: 13pt;\">Kommentarer av Hans Andersen:<\/span><\/p>\n<p><span style=\"font-size: 13pt; font-family: 'book antiqua', palatino;\">Hans J\u00f6rgen, som brevet var skrevet til, hadde to s\u00f8stre: Anna Marie og Inga Othilie. Anna Marie d\u00f8de i 1882, s\u00e5 &laquo;din s\u00f6ster&raquo; m\u00e5 her bety Inga Othilie, f\u00f8dt i 1868.<\/span><br \/>\n<span style=\"font-size: 14pt; font-family: 'book antiqua', palatino;\">&laquo;Toten&raquo; er et kj\u00e6lenavn p\u00e5 Thorvald Mathisen. Anna Marie var gift med Ivar Mathisen, sj\u00f8mann. Da Anna Marie d\u00f8de i 1882 og ble gravlagt sammen med sin s\u00f8nn Anton (f. 16\/9-1882), m\u00e5tte Anna Maries mor Christiane (brevskriveren) ta seg av Thorvald som var eneste barn etter Anna Marie; det eneste som levde opp. Thorvald var f\u00f8dt i 1880 og var s\u00e5ledes 4 \u00e5r da brevet ble skrevet.<\/span><br \/>\n<span style=\"font-size: 13pt; font-family: 'book antiqua', palatino;\">&laquo;Tante Olea&raquo; er jeg ikke orientert om. &laquo;Ole kom hjem i same rene som Olea blev s\u00fcg&raquo;; hvem er Ole?<\/span><br \/>\n<span style=\"font-size: 13pt; font-family: 'book antiqua', palatino;\">&laquo;de liger lad ned for os&raquo;. Fiskerveien 3 l\u00e5 vel da s\u00e5 fritt at de kunne holde \u00f8ye med b\u00e5tene ut for stranden like nedenfor huset.&raquo;Anton som blev&#8230;&raquo; &#8211; hvem er denne Anton? &laquo;Staker onkel Nils&#8230;&raquo; &#8211; hvem er denne Nils?<\/span><br \/>\n<span style=\"font-size: 13pt; font-family: 'book antiqua', palatino;\">&laquo;petesen&#8230;Petesen&raquo; &#8211; m\u00e5 v\u00e6re Erik Pettersen og kone Helene, foreldrene til Gusta Marie som var forlovet med Hans J\u00f8rgen, Christianes s\u00f8nn. Christianes mann: Thor J\u00f8rgen var d\u00f8d i 1878, Gusta Marie og Hans J\u00f8rgen ble viet 6\/12-1885.<\/span><br \/>\n<span style=\"font-size: 13pt; font-family: 'book antiqua', palatino;\">&laquo;drak kafi..&raquo; Det er tydelig at Christiane har satt stor pris p\u00e5 det. &laquo;Inga&raquo; har alts\u00e5 jobb, hushjelp (?) og blir ikke behandlet pent; vertskapet driver \u00f8yensynlig butikk.<\/span><br \/>\n<span style=\"font-size: 14pt; font-family: 'book antiqua', palatino;\">&laquo;fik Hun lov at tage sig av&raquo; betyr kanskje at hun fikk lov til \u00e5 fotografere seg, siden det er snakk om &laquo;paatrete&raquo; like etterp\u00e5. \u00a0&laquo;konsioner&raquo; skal bety &laquo;kondisjoner&raquo; &#8211; betingelser.<\/span><\/p>\n<p><span style=\"font-size: 13pt; font-family: 'book antiqua', palatino;\"><em>Tillegg til Hans Andersens kommentar: Tante Olea\u00a0 m\u00e5 ha v\u00e6rt Olea Johannesdtr (f. 1842) som var gift med Christianes bror, Ole (f. 1829). Men Ole, som var nevnt i brevet, kan ikke ha v\u00e6rt Oleas mann Ole, for han d\u00f8de i 1867. Det m\u00e5 ha v\u00e6rt s\u00f8nnen til Ole og Olea, nemlig Ole J\u00f8rgen\u00a0 (f. 1867). Anton som ogs\u00e5 var nevnt, kan ha v\u00e6rt s\u00f8nnen til Olea, som ble konfirmert i 1883 (kanskje han hadde epilepsi?). &laquo;Onkel Nils&raquo; m\u00e5 nok ha v\u00e6rt Oleas mann fra andre ekteskap, Nils J\u00f8rgensen, som var bror til Ole og s\u00f8ster til Christiane. Kona Olea var syk, og han hadde flere mindre\u00e5rige barn \u00e5 ta seg av.\u00a0\u00a0<\/em><\/span><\/p>\n<p style=\"text-align: center;\"><img loading=\"lazy\" decoding=\"async\" class=\"alignnone size-full wp-image-8200\" src=\"https:\/\/ww2.fjeldskaar.com\/wp-content\/uploads\/2020\/11\/output-onlinepngtools-24.png\" alt=\"\" width=\"798\" height=\"92\" \/><br \/>\n<em>Fra Folketellingen 1801\u00a0<\/em><\/p>\n<p><a href=\"https:\/\/ww2.fjeldskaar.com\/wp-content\/uploads\/2015\/05\/J\u00f8rgenEliassen_viet1826.png\"><img loading=\"lazy\" decoding=\"async\" class=\"aligncenter\" src=\"https:\/\/ww2.fjeldskaar.com\/wp-content\/uploads\/2015\/05\/J\u00f8rgenEliassen_viet1826.png\" alt=\"jorgeneliassen_viet1826\" width=\"708\" height=\"135\" \/><\/a><em>Matros J\u00f8rgen Eliassen og Anne Severine Nilsdtr gifter seg p\u00e5 d\u00e5psdagen til datteren Christiane 26\/11-1826.<\/em><\/p>\n<p><a href=\"https:\/\/ww2.fjeldskaar.com\/wp-content\/uploads\/2015\/05\/christiane_f1826.png\"><img loading=\"lazy\" decoding=\"async\" class=\"aligncenter\" src=\"https:\/\/ww2.fjeldskaar.com\/wp-content\/uploads\/2015\/05\/christiane_f1826.png\" alt=\"christiane_f1826\" width=\"719\" height=\"135\" \/><\/a><em>Christiane J\u00f8rgensdtr (f. 1\/11-1826), mor til Hans J\u00f8rgen, var datter av Pige Anne Severine Nilsdatter og Ungk. Matros J\u00f8rgen Eliassen<\/em><\/p>\n<p><a href=\"https:\/\/ww2.fjeldskaar.com\/wp-content\/uploads\/2015\/05\/Thor-J\u00f8rgen_viet1854.png\"><img loading=\"lazy\" decoding=\"async\" class=\"aligncenter\" src=\"https:\/\/ww2.fjeldskaar.com\/wp-content\/uploads\/2015\/05\/Thor-J\u00f8rgen_viet1854.png\" alt=\"thor-jorgen_viet1854\" width=\"744\" height=\"87\" \/><\/a><em>&#8230;og ble viet til Thor J\u00f8rgen Hansen i 1854.<\/em><\/p>\n<p>&nbsp;<\/p>\n<p><span style=\"color: #f7efd0;\">.<\/span><\/p>\n<p><span style=\"color: #806239; font-size: 13pt;\"><strong>Gusta Maries forfedre kan f\u00f8lges her:<\/strong><\/span><\/p>\n<p style=\"text-align: right;\"><span style=\"color: #ccaa7a;\"><a style=\"text-align: right; color: #ccaa7a;\" href=\"http:\/\/www.andersen-slekt.info\/thorsen\/helene-og-erik-pettersen\/\"><strong><span style=\"font-size: 13pt;\">&gt; g\u00e5 til Helene og Erik Pettersen<\/span><\/strong><\/a><\/span><\/p>\n<p>&nbsp;<\/p>\n<p style=\"text-align: center;\"><span style=\"color: #f7efd0;\">.<\/span><\/p>\n<p><span style=\"color: #f7efd0;\">.<\/span><\/p>\n<p style=\"text-align: left;\"><span style=\"color: #808080;\"><em><strong>Referanser<\/strong><\/em><\/span><br \/>\n<span style=\"color: #808080;\"><em> [1] Fritz\u00f8e Verk &amp; Langestrand, av Larvik Museum (2011)<br \/>\n[2] Larvik og omegns industri og n\u00e6ringsliv i tekst og bilder, av Aage Aagaard (1900)<\/em><\/span><\/p>\n<p>&nbsp;<\/p>\n<div class=\"pdfprnt-buttons pdfprnt-buttons-page pdfprnt-bottom-right\"><a href=\"https:\/\/www.andersen-slekt.info\/nb_no\/wp-json\/wp\/v2\/pages\/3279?print=print\" class=\"pdfprnt-button pdfprnt-button-print\" target=\"_blank\"><img decoding=\"async\" src=\"https:\/\/www.andersen-slekt.info\/wp-content\/plugins\/pdf-print\/images\/print.png\" alt=\"image_print\" title=\"Print Content\" \/><span class=\"pdfprnt-button-title pdfprnt-button-print-title\">print<\/span><\/a><\/div>","protected":false},"excerpt":{"rendered":"<p>.&gt; g\u00e5 til Helene og Erik Pettersen . \u00a0Thorsen &nbsp; Anna Thorsens foreldre og besteforeldre (trykk for \u00e5 se st\u00f8rre bilde) . Hans J\u00f8rgens forfedre p\u00e5 farssiden Hans J\u00f8rgens far, Thor J\u00f8rgen Hansen, var fra Thorstrand og var t\u00f8mmerfl\u00f8ter i L\u00e5gen. Hans far, Hans Hansen Jahren, var repslager (som drev med framstilling av rep og [&hellip;]<\/p>\n","protected":false},"author":1,"featured_media":0,"parent":0,"menu_order":3,"comment_status":"closed","ping_status":"closed","template":"no_sidebar.php","meta":{"footnotes":""},"class_list":["post-3279","page","type-page","status-publish","hentry"],"_links":{"self":[{"href":"https:\/\/www.andersen-slekt.info\/nb_no\/wp-json\/wp\/v2\/pages\/3279","targetHints":{"allow":["GET"]}}],"collection":[{"href":"https:\/\/www.andersen-slekt.info\/nb_no\/wp-json\/wp\/v2\/pages"}],"about":[{"href":"https:\/\/www.andersen-slekt.info\/nb_no\/wp-json\/wp\/v2\/types\/page"}],"author":[{"embeddable":true,"href":"https:\/\/www.andersen-slekt.info\/nb_no\/wp-json\/wp\/v2\/users\/1"}],"replies":[{"embeddable":true,"href":"https:\/\/www.andersen-slekt.info\/nb_no\/wp-json\/wp\/v2\/comments?post=3279"}],"version-history":[{"count":57,"href":"https:\/\/www.andersen-slekt.info\/nb_no\/wp-json\/wp\/v2\/pages\/3279\/revisions"}],"predecessor-version":[{"id":10147,"href":"https:\/\/www.andersen-slekt.info\/nb_no\/wp-json\/wp\/v2\/pages\/3279\/revisions\/10147"}],"wp:attachment":[{"href":"https:\/\/www.andersen-slekt.info\/nb_no\/wp-json\/wp\/v2\/media?parent=3279"}],"curies":[{"name":"wp","href":"https:\/\/api.w.org\/{rel}","templated":true}]}}