{"id":9311,"date":"2021-03-24T14:30:17","date_gmt":"2021-03-24T13:30:17","guid":{"rendered":"https:\/\/www.andersen-slekt.info\/?page_id=9311"},"modified":"2021-03-24T19:35:26","modified_gmt":"2021-03-24T18:35:26","slug":"ingjerds-album","status":"publish","type":"page","link":"https:\/\/www.andersen-slekt.info\/en\/anna-og-eilif\/ingjerd\/ingjerds-album\/","title":{"rendered":"Ingjerds album"},"content":{"rendered":"<p style=\"text-align: center;\"><span style=\"color: #806239;\"><strong><span style=\"font-family: 'Great Vibes'; font-size: 30pt;\">Ingjerds album<\/span><\/strong><\/span><\/p>\n<p><span style=\"color: #f7efd0;\">.<\/span><\/p>\n<p style=\"text-align: center;\"><span style=\"font-size: 14pt; color: #806239;\"><strong>Trykk p\u00e5 bildene for \u00e5 se de i stor st\u00f8rrelse og i slideshow<\/strong><\/span><\/p>\n<p><span style=\"color: #f7efd0;\">.<\/span><\/p>\n \n<!-- Start container 1 --><div id=\"wppa-modal-container-1\" class=\"wppa-modal-container\" style=\"position:relative;z-index:100000;\" data-wppa=\"yes\"><\/div><div id=\"wppa-container-wrapper-1\" class=\"wppa-container-wrapper\" style=\"width:100%;clear:both;padding:0;position:relative;\"><div id=\"wppa-container-1\" style=\"width:100%;\" class=\"wppa-container wppa-container-1 wppa-rev-8303009 wppa-prevrev-8302005 wppa-theme-8.3.03.009 wppa-api-8.3.03.009\"><svg id=\"wppa-ajax-spin-1\" class=\"wppa-ajax-spin uil-default\" width=\"120px\" height=\"120px\" viewbox=\"0 0 100 100\" preserveaspectratio=\"xMidYMid\" stroke=\"\" style=\"width:120px;height:120px;position:fixed;margin-top:-60px;margin-left:-60px;opacity:1;display:none;fill:#666666;background-color:transparent;border-radius:24px\"><rect x=\"0\" y=\"0\" width=\"100\" height=\"100\" fill=\"none\" class=\"bk\"><\/rect><rect class=\"wppa-ajaxspin\" x=\"47\" y=\"40\" width=\"6\" height=\"20\" rx=\"3\" ry=\"3\" transform=\"rotate(0 50 50) translate(0 -32)\"><animate attributename=\"opacity\" from=\"1\" to=\"0\" dur=\"1.5s\" begin=\"0s\" repeatcount=\"indefinite\" \/><\/rect><rect class=\"wppa-ajaxspin\" x=\"47\" y=\"40\" width=\"6\" height=\"20\" rx=\"3\" ry=\"3\" transform=\"rotate(22.5 50 50) translate(0 -32)\"><animate attributename=\"opacity\" from=\"1\" to=\"0\" dur=\"1.5s\" begin=\"0.09375s\" repeatcount=\"indefinite\" \/><\/rect><rect class=\"wppa-ajaxspin\" x=\"47\" y=\"40\" width=\"6\" height=\"20\" rx=\"3\" ry=\"3\" transform=\"rotate(45 50 50) translate(0 -32)\"><animate attributename=\"opacity\" from=\"1\" to=\"0\" dur=\"1.5s\" begin=\"0.1875s\" repeatcount=\"indefinite\" \/><\/rect><rect class=\"wppa-ajaxspin\" x=\"47\" y=\"40\" width=\"6\" height=\"20\" rx=\"3\" ry=\"3\" transform=\"rotate(67.5 50 50) translate(0 -32)\"><animate attributename=\"opacity\" from=\"1\" to=\"0\" dur=\"1.5s\" begin=\"0.28125s\" repeatcount=\"indefinite\" \/><\/rect><rect class=\"wppa-ajaxspin\" x=\"47\" y=\"40\" width=\"6\" height=\"20\" rx=\"3\" ry=\"3\" transform=\"rotate(90 50 50) translate(0 -32)\"><animate attributename=\"opacity\" from=\"1\" to=\"0\" dur=\"1.5s\" begin=\"0.375s\" repeatcount=\"indefinite\" \/><\/rect><rect class=\"wppa-ajaxspin\" x=\"47\" y=\"40\" width=\"6\" height=\"20\" rx=\"3\" ry=\"3\" transform=\"rotate(112.5 50 50) translate(0 -32)\"><animate attributename=\"opacity\" from=\"1\" to=\"0\" dur=\"1.5s\" begin=\"0.46875s\" repeatcount=\"indefinite\" \/><\/rect><rect class=\"wppa-ajaxspin\" x=\"47\" y=\"40\" width=\"6\" height=\"20\" rx=\"3\" ry=\"3\" transform=\"rotate(135 50 50) translate(0 -32)\"><animate attributename=\"opacity\" from=\"1\" to=\"0\" dur=\"1.5s\" begin=\"0.5625s\" repeatcount=\"indefinite\" \/><\/rect><rect class=\"wppa-ajaxspin\" x=\"47\" y=\"40\" width=\"6\" height=\"20\" rx=\"3\" ry=\"3\" transform=\"rotate(157.5 50 50) translate(0 -32)\"><animate attributename=\"opacity\" from=\"1\" to=\"0\" dur=\"1.5s\" begin=\"0.65625s\" repeatcount=\"indefinite\" \/><\/rect><rect class=\"wppa-ajaxspin\" x=\"47\" y=\"40\" width=\"6\" height=\"20\" rx=\"3\" ry=\"3\" transform=\"rotate(180 50 50) translate(0 -32)\"><animate attributename=\"opacity\" from=\"1\" to=\"0\" dur=\"1.5s\" begin=\"0.75s\" repeatcount=\"indefinite\" \/><\/rect><rect class=\"wppa-ajaxspin\" x=\"47\" y=\"40\" width=\"6\" height=\"20\" rx=\"3\" ry=\"3\" transform=\"rotate(202.5 50 50) translate(0 -32)\"><animate attributename=\"opacity\" from=\"1\" to=\"0\" dur=\"1.5s\" begin=\"0.84375s\" repeatcount=\"indefinite\" \/><\/rect><rect class=\"wppa-ajaxspin\" x=\"47\" y=\"40\" width=\"6\" height=\"20\" rx=\"3\" ry=\"3\" transform=\"rotate(225 50 50) translate(0 -32)\"><animate attributename=\"opacity\" from=\"1\" to=\"0\" dur=\"1.5s\" begin=\"0.9375s\" repeatcount=\"indefinite\" \/><\/rect><rect class=\"wppa-ajaxspin\" x=\"47\" y=\"40\" width=\"6\" height=\"20\" rx=\"3\" ry=\"3\" transform=\"rotate(247.5 50 50) translate(0 -32)\"><animate attributename=\"opacity\" from=\"1\" to=\"0\" dur=\"1.5s\" begin=\"1.03125s\" repeatcount=\"indefinite\" \/><\/rect><rect class=\"wppa-ajaxspin\" x=\"47\" y=\"40\" width=\"6\" height=\"20\" rx=\"3\" ry=\"3\" transform=\"rotate(270 50 50) translate(0 -32)\"><animate attributename=\"opacity\" from=\"1\" to=\"0\" dur=\"1.5s\" begin=\"1.125s\" repeatcount=\"indefinite\" \/><\/rect><rect class=\"wppa-ajaxspin\" x=\"47\" y=\"40\" width=\"6\" height=\"20\" rx=\"3\" ry=\"3\" transform=\"rotate(292.5 50 50) translate(0 -32)\"><animate attributename=\"opacity\" from=\"1\" to=\"0\" dur=\"1.5s\" begin=\"1.21875s\" repeatcount=\"indefinite\" \/><\/rect><rect class=\"wppa-ajaxspin\" x=\"47\" y=\"40\" width=\"6\" height=\"20\" rx=\"3\" ry=\"3\" transform=\"rotate(315 50 50) translate(0 -32)\"><animate attributename=\"opacity\" from=\"1\" to=\"0\" dur=\"1.5s\" begin=\"1.3125s\" repeatcount=\"indefinite\" \/><\/rect><rect class=\"wppa-ajaxspin\" x=\"47\" y=\"40\" width=\"6\" height=\"20\" rx=\"3\" ry=\"3\" transform=\"rotate(337.5 50 50) translate(0 -32)\"><animate attributename=\"opacity\" from=\"1\" to=\"0\" dur=\"1.5s\" begin=\"1.40625s\" repeatcount=\"indefinite\" \/><\/rect><\/svg><input type=\"hidden\" id=\"wppa-nonce-0-1\" name=\"wppa-nonce\" value=\"44f019a88e\" \/><div id=\"wppa-bc-1\" class=\"wppa-nav wppa-box wppa-nav-text wppa-bc\" ><a href=\"https:\/\/www.andersen-slekt.info\/en\/anna-og-eilif\/#wppa-container-1\" class=\"wppa-nav-text b2\" style=\"cursor:pointer\" title=\"Page: Anna og Eilif\">Anna and Eilif<\/a><span class=\"wppa-nav-text b2\"> &raquo; <\/span><a href=\"https:\/\/www.andersen-slekt.info\/en\/anna-og-eilif\/ingjerd\/#wppa-container-1\" class=\"wppa-nav-text b2\" style=\"cursor:pointer\" title=\"Page: Ingjerd\">Ingjerd<\/a><span class=\"wppa-nav-text b2\"> &raquo; <\/span><a href=\"https:\/\/www.andersen-slekt.info\/en\/anna-og-eilif\/ingjerd\/ingjerds-album\/#album-5-1\" class=\"wppa-nav-text b3\" style=\"cursor:pointer\" title=\"Page: Ingjerds album\">Ingjerds album<\/a><span class=\"wppa-nav-text b3\"> &raquo; <\/span><span id=\"bc-pname-1\" class=\"wppa-nav-text b10\"  title=\"\">Ingjerd<\/span><div style=\"clear:both\"><\/div><\/div><div id=\"wppa-thumb-area-1\" class=\"wppa-box wppa-thumb-area wppa-thumb-area-1\" style=\"overflow:hidden;\" onscroll=\"wppaMakeLazyVisibleScrollEnd();\"><div class=\"wppa-nicewrap\"><div id=\"wppa-popup-1\" class=\"wppa-popup-frame wppa-thumb-text\" style=\"max-width:2048px;\" onmouseout=\"wppaPopDown( 1 );\"><\/div><div style=\"clear:both\"><\/div><div id=\"thumbnail_frame_300_1\" class=\"thumbnail-frame thumbnail-frame-1 thumbnail-frame-photo-300\" style=\"width: 110px; height: 150px; margin-left: 13px; margin-top: 2px; margin-bottom: 2px;\"><div class=\"wppa-tn-img-container\" style=\"height:110px;width:110px;overflow:visible;\"><a style=\"position:static;\" class=\"thumb-img\" id=\"x-300-1\" href=\"https:\/\/www.andersen-slekt.info\/en\/anna-og-eilif\/ingjerd\/ingjerds-album\/wppaspec\/oc1\/lnen\/sd1\/ab5\/pt300\" onclick=\"wppaDoAjaxRender( 1, 'https:\/\/www.andersen-slekt.info\/wppaajax?action=wppa&wppa-action=render&wppa-size=640&wppa-occur=1&wppa-fromp=9311&lang=en&wppa-album=5&wppa-slide=1&wppa-occur=1&wppa-photo=300', 'https:\/\/www.andersen-slekt.info\/en\/anna-og-eilif\/ingjerd\/ingjerds-album\/wppaspec\/oc1\/lnen\/sd1\/ab5\/pt300' );return false;\"><img decoding=\"async\" id=\"i-300-1\" src=\"https:\/\/www.andersen-slekt.info\/wp-content\/uploads\/wppa\/thumbs\/300.jpg?ver=96\" alt=\"300.jpg\" title=\"300.jpg\" style=\"border-width:0px;width:110px;height:87px;margin-top: 12px;margin-bottom:12px;opacity:0.95;cursor:pointer\" onmouseout=\"jQuery( this ).fadeTo( 400, 0.95 )\" onmouseover=\"jQuery( this ).fadeTo( 400, 1.0 );wppaPopUp( 1, this, '300', '', '', '', '', '', '150', '119' );\" \/><\/a><\/div><div class=\"thumbnail-subtext-frame\" style=\"height:52px;width:110px;position:absolute;margin-top:-12px;overflow:hidden;\"><div class=\"wppa-thumb-text\"><\/div><div class=\"wppa-thumb-text\">3. klasse 1926 med Ingjerd (2. rekke til h\u00f8yre)<\/div><div class=\"wppa-thumb-text\"><\/div><\/div><\/div><div id=\"thumbnail_frame_304_1\" class=\"thumbnail-frame thumbnail-frame-1 thumbnail-frame-photo-304\" style=\"width: 110px; height: 150px; margin-left: 13px; margin-top: 2px; margin-bottom: 2px;\"><div class=\"wppa-tn-img-container\" style=\"height:110px;width:110px;overflow:visible;\"><a style=\"position:static;\" class=\"thumb-img\" id=\"x-304-1\" href=\"https:\/\/www.andersen-slekt.info\/en\/anna-og-eilif\/ingjerd\/ingjerds-album\/wppaspec\/oc1\/lnen\/sd1\/ab5\/pt304\" onclick=\"wppaDoAjaxRender( 1, 'https:\/\/www.andersen-slekt.info\/wppaajax?action=wppa&wppa-action=render&wppa-size=640&wppa-occur=1&wppa-fromp=9311&lang=en&wppa-album=5&wppa-slide=1&wppa-occur=1&wppa-photo=304', 'https:\/\/www.andersen-slekt.info\/en\/anna-og-eilif\/ingjerd\/ingjerds-album\/wppaspec\/oc1\/lnen\/sd1\/ab5\/pt304' );return false;\"><img decoding=\"async\" id=\"i-304-1\" src=\"https:\/\/www.andersen-slekt.info\/wp-content\/uploads\/wppa\/thumbs\/304.jpg?ver=96\" alt=\"304.jpg\" title=\"304.jpg\" style=\"border-width:0px;width:110px;height:76px;margin-top: 17px;margin-bottom:17px;opacity:0.95;cursor:pointer\" onmouseout=\"jQuery( this ).fadeTo( 400, 0.95 )\" onmouseover=\"jQuery( this ).fadeTo( 400, 1.0 );wppaPopUp( 1, this, '304', '', '', '', '', '', '150', '104' );\" \/><\/a><\/div><div class=\"thumbnail-subtext-frame\" style=\"height:57px;width:110px;position:absolute;margin-top:-17px;overflow:hidden;\"><div class=\"wppa-thumb-text\"><\/div><div class=\"wppa-thumb-text\">Ingjerd spiser lunsj<\/div><div class=\"wppa-thumb-text\"><\/div><\/div><\/div><div id=\"thumbnail_frame_652_1\" class=\"thumbnail-frame thumbnail-frame-1 thumbnail-frame-photo-652\" style=\"width: 110px; height: 150px; margin-left: 13px; margin-top: 2px; margin-bottom: 2px;\"><div class=\"wppa-tn-img-container\" style=\"height:110px;width:110px;overflow:visible;\"><a style=\"position:static;\" class=\"thumb-img\" id=\"x-652-1\" href=\"https:\/\/www.andersen-slekt.info\/en\/anna-og-eilif\/ingjerd\/ingjerds-album\/wppaspec\/oc1\/lnen\/sd1\/ab5\/pt652\" onclick=\"wppaDoAjaxRender( 1, 'https:\/\/www.andersen-slekt.info\/wppaajax?action=wppa&wppa-action=render&wppa-size=640&wppa-occur=1&wppa-fromp=9311&lang=en&wppa-album=5&wppa-slide=1&wppa-occur=1&wppa-photo=652', 'https:\/\/www.andersen-slekt.info\/en\/anna-og-eilif\/ingjerd\/ingjerds-album\/wppaspec\/oc1\/lnen\/sd1\/ab5\/pt652' );return false;\"><img decoding=\"async\" id=\"i-652-1\" src=\"https:\/\/www.andersen-slekt.info\/wp-content\/uploads\/wppa\/thumbs\/652.jpg?ver=96\" alt=\"652.jpg\" title=\"652.jpg\" style=\"border-width:0px;width:67px;height:110px;margin-left:21px;margin-right:21px;margin-top: 0px;margin-bottom:0px;opacity:0.95;cursor:pointer\" onmouseout=\"jQuery( this ).fadeTo( 400, 0.95 )\" onmouseover=\"jQuery( this ).fadeTo( 400, 1.0 );wppaPopUp( 1, this, '652', '', '', '', '', '', '92', '150' );\" \/><\/a><\/div><div class=\"thumbnail-subtext-frame\" style=\"height:40px;width:110px;position:absolute;margin-top:0px;overflow:hidden;\"><div class=\"wppa-thumb-text\"><\/div><div class=\"wppa-thumb-text\">Ingjerd<\/div><div class=\"wppa-thumb-text\"><\/div><\/div><\/div><div id=\"thumbnail_frame_656_1\" class=\"thumbnail-frame thumbnail-frame-1 thumbnail-frame-photo-656\" style=\"width: 110px; height: 150px; margin-left: 13px; margin-top: 2px; margin-bottom: 2px;\"><div class=\"wppa-tn-img-container\" style=\"height:110px;width:110px;overflow:visible;\"><a style=\"position:static;\" class=\"thumb-img\" id=\"x-656-1\" href=\"https:\/\/www.andersen-slekt.info\/en\/anna-og-eilif\/ingjerd\/ingjerds-album\/wppaspec\/oc1\/lnen\/sd1\/ab5\/pt656\" onclick=\"wppaDoAjaxRender( 1, 'https:\/\/www.andersen-slekt.info\/wppaajax?action=wppa&wppa-action=render&wppa-size=640&wppa-occur=1&wppa-fromp=9311&lang=en&wppa-album=5&wppa-slide=1&wppa-occur=1&wppa-photo=656', 'https:\/\/www.andersen-slekt.info\/en\/anna-og-eilif\/ingjerd\/ingjerds-album\/wppaspec\/oc1\/lnen\/sd1\/ab5\/pt656' );return false;\"><img decoding=\"async\" id=\"i-656-1\" src=\"https:\/\/www.andersen-slekt.info\/wp-content\/uploads\/wppa\/thumbs\/656.jpg?ver=96\" alt=\"656.jpg\" title=\"656.jpg\" style=\"border-width:0px;width:110px;height:78px;margin-top: 16px;margin-bottom:16px;opacity:0.95;cursor:pointer\" onmouseout=\"jQuery( this ).fadeTo( 400, 0.95 )\" onmouseover=\"jQuery( this ).fadeTo( 400, 1.0 );wppaPopUp( 1, this, '656', '', '', '', '', '', '150', '106' );\" \/><\/a><\/div><div class=\"thumbnail-subtext-frame\" style=\"height:56px;width:110px;position:absolute;margin-top:-16px;overflow:hidden;\"><div class=\"wppa-thumb-text\"><\/div><div class=\"wppa-thumb-text\">Ingjerd og venninnen Erna Hansen<\/div><div class=\"wppa-thumb-text\"><\/div><\/div><\/div><div id=\"thumbnail_frame_903_1\" class=\"thumbnail-frame thumbnail-frame-1 thumbnail-frame-photo-903\" style=\"width: 110px; height: 150px; margin-left: 13px; margin-top: 2px; margin-bottom: 2px;\"><div class=\"wppa-tn-img-container\" style=\"height:110px;width:110px;overflow:visible;\"><a style=\"position:static;\" class=\"thumb-img\" id=\"x-903-1\" href=\"https:\/\/www.andersen-slekt.info\/en\/anna-og-eilif\/ingjerd\/ingjerds-album\/wppaspec\/oc1\/lnen\/sd1\/ab5\/pt903\" onclick=\"wppaDoAjaxRender( 1, 'https:\/\/www.andersen-slekt.info\/wppaajax?action=wppa&wppa-action=render&wppa-size=640&wppa-occur=1&wppa-fromp=9311&lang=en&wppa-album=5&wppa-slide=1&wppa-occur=1&wppa-photo=903', 'https:\/\/www.andersen-slekt.info\/en\/anna-og-eilif\/ingjerd\/ingjerds-album\/wppaspec\/oc1\/lnen\/sd1\/ab5\/pt903' );return false;\"><img decoding=\"async\" id=\"i-903-1\" src=\"https:\/\/www.andersen-slekt.info\/wp-content\/uploads\/wppa\/thumbs\/903.jpg?ver=96\" alt=\"carl.jpg\" title=\"carl.jpg\" style=\"border-width:0px;width:110px;height:61px;margin-top: 25px;margin-bottom:25px;opacity:0.95;cursor:pointer\" onmouseout=\"jQuery( this ).fadeTo( 400, 0.95 )\" onmouseover=\"jQuery( this ).fadeTo( 400, 1.0 );wppaPopUp( 1, this, '903', '', '', '', '', '', '150', '83' );\" \/><\/a><\/div><div class=\"thumbnail-subtext-frame\" style=\"height:65px;width:110px;position:absolute;margin-top:-25px;overflow:hidden;\"><div class=\"wppa-thumb-text\"><\/div><div class=\"wppa-thumb-text\"><\/div><div class=\"wppa-thumb-text\"><\/div><\/div><\/div><div id=\"thumbnail_frame_904_1\" class=\"thumbnail-frame thumbnail-frame-1 thumbnail-frame-photo-904\" style=\"width: 110px; height: 150px; margin-left: 13px; margin-top: 2px; margin-bottom: 2px;\"><div class=\"wppa-tn-img-container\" style=\"height:110px;width:110px;overflow:visible;\"><a style=\"position:static;\" class=\"thumb-img\" id=\"x-904-1\" href=\"https:\/\/www.andersen-slekt.info\/en\/anna-og-eilif\/ingjerd\/ingjerds-album\/wppaspec\/oc1\/lnen\/sd1\/ab5\/pt904\" onclick=\"wppaDoAjaxRender( 1, 'https:\/\/www.andersen-slekt.info\/wppaajax?action=wppa&wppa-action=render&wppa-size=640&wppa-occur=1&wppa-fromp=9311&lang=en&wppa-album=5&wppa-slide=1&wppa-occur=1&wppa-photo=904', 'https:\/\/www.andersen-slekt.info\/en\/anna-og-eilif\/ingjerd\/ingjerds-album\/wppaspec\/oc1\/lnen\/sd1\/ab5\/pt904' );return false;\"><img decoding=\"async\" id=\"i-904-1\" src=\"https:\/\/www.andersen-slekt.info\/wp-content\/uploads\/wppa\/thumbs\/904.jpg?ver=96\" alt=\"IMG_0024.jpg\" title=\"IMG_0024.jpg\" style=\"border-width:0px;width:110px;height:74px;margin-top: 18px;margin-bottom:18px;opacity:0.95;cursor:pointer\" onmouseout=\"jQuery( this ).fadeTo( 400, 0.95 )\" onmouseover=\"jQuery( this ).fadeTo( 400, 1.0 );wppaPopUp( 1, this, '904', '', '', '', '', '', '150', '101' );\" \/><\/a><\/div><div class=\"thumbnail-subtext-frame\" style=\"height:58px;width:110px;position:absolute;margin-top:-18px;overflow:hidden;\"><div class=\"wppa-thumb-text\"><\/div><div class=\"wppa-thumb-text\"><\/div><div class=\"wppa-thumb-text\"><\/div><\/div><\/div><div id=\"thumbnail_frame_905_1\" class=\"thumbnail-frame thumbnail-frame-1 thumbnail-frame-photo-905\" style=\"width: 110px; height: 150px; margin-left: 13px; margin-top: 2px; margin-bottom: 2px;\"><div class=\"wppa-tn-img-container\" style=\"height:110px;width:110px;overflow:visible;\"><a style=\"position:static;\" class=\"thumb-img\" id=\"x-905-1\" href=\"https:\/\/www.andersen-slekt.info\/en\/anna-og-eilif\/ingjerd\/ingjerds-album\/wppaspec\/oc1\/lnen\/sd1\/ab5\/pt905\" onclick=\"wppaDoAjaxRender( 1, 'https:\/\/www.andersen-slekt.info\/wppaajax?action=wppa&wppa-action=render&wppa-size=640&wppa-occur=1&wppa-fromp=9311&lang=en&wppa-album=5&wppa-slide=1&wppa-occur=1&wppa-photo=905', 'https:\/\/www.andersen-slekt.info\/en\/anna-og-eilif\/ingjerd\/ingjerds-album\/wppaspec\/oc1\/lnen\/sd1\/ab5\/pt905' );return false;\"><img decoding=\"async\" id=\"i-905-1\" src=\"https:\/\/www.andersen-slekt.info\/wp-content\/uploads\/wppa\/thumbs\/905.jpg?ver=96\" alt=\"IMG_0027.jpg\" title=\"IMG_0027.jpg\" style=\"border-width:0px;width:110px;height:73px;margin-top: 19px;margin-bottom:19px;opacity:0.95;cursor:pointer\" onmouseout=\"jQuery( this ).fadeTo( 400, 0.95 )\" onmouseover=\"jQuery( this ).fadeTo( 400, 1.0 );wppaPopUp( 1, this, '905', '', '', '', '', '', '150', '100' );\" \/><\/a><\/div><div class=\"thumbnail-subtext-frame\" style=\"height:59px;width:110px;position:absolute;margin-top:-19px;overflow:hidden;\"><div class=\"wppa-thumb-text\"><\/div><div class=\"wppa-thumb-text\"><\/div><div class=\"wppa-thumb-text\"><\/div><\/div><\/div><div id=\"thumbnail_frame_906_1\" class=\"thumbnail-frame thumbnail-frame-1 thumbnail-frame-photo-906\" style=\"width: 110px; height: 150px; margin-left: 13px; margin-top: 2px; margin-bottom: 2px;\"><div class=\"wppa-tn-img-container\" style=\"height:110px;width:110px;overflow:visible;\"><a style=\"position:static;\" class=\"thumb-img\" id=\"x-906-1\" href=\"https:\/\/www.andersen-slekt.info\/en\/anna-og-eilif\/ingjerd\/ingjerds-album\/wppaspec\/oc1\/lnen\/sd1\/ab5\/pt906\" onclick=\"wppaDoAjaxRender( 1, 'https:\/\/www.andersen-slekt.info\/wppaajax?action=wppa&wppa-action=render&wppa-size=640&wppa-occur=1&wppa-fromp=9311&lang=en&wppa-album=5&wppa-slide=1&wppa-occur=1&wppa-photo=906', 'https:\/\/www.andersen-slekt.info\/en\/anna-og-eilif\/ingjerd\/ingjerds-album\/wppaspec\/oc1\/lnen\/sd1\/ab5\/pt906' );return false;\"><img decoding=\"async\" id=\"i-906-1\" src=\"https:\/\/www.andersen-slekt.info\/wp-content\/uploads\/wppa\/thumbs\/906.jpg?ver=96\" alt=\"IMG_0034.jpg\" title=\"IMG_0034.jpg\" style=\"border-width:0px;width:110px;height:76px;margin-top: 17px;margin-bottom:17px;opacity:0.95;cursor:pointer\" onmouseout=\"jQuery( this ).fadeTo( 400, 0.95 )\" onmouseover=\"jQuery( this ).fadeTo( 400, 1.0 );wppaPopUp( 1, this, '906', '', '', '', '', '', '150', '103' );\" \/><\/a><\/div><div class=\"thumbnail-subtext-frame\" style=\"height:57px;width:110px;position:absolute;margin-top:-17px;overflow:hidden;\"><div class=\"wppa-thumb-text\"><\/div><div class=\"wppa-thumb-text\"><\/div><div class=\"wppa-thumb-text\"><\/div><\/div><\/div><div id=\"thumbnail_frame_907_1\" class=\"thumbnail-frame thumbnail-frame-1 thumbnail-frame-photo-907\" style=\"width: 110px; height: 150px; margin-left: 13px; margin-top: 2px; margin-bottom: 2px;\"><div class=\"wppa-tn-img-container\" style=\"height:110px;width:110px;overflow:visible;\"><a style=\"position:static;\" class=\"thumb-img\" id=\"x-907-1\" href=\"https:\/\/www.andersen-slekt.info\/en\/anna-og-eilif\/ingjerd\/ingjerds-album\/wppaspec\/oc1\/lnen\/sd1\/ab5\/pt907\" onclick=\"wppaDoAjaxRender( 1, 'https:\/\/www.andersen-slekt.info\/wppaajax?action=wppa&wppa-action=render&wppa-size=640&wppa-occur=1&wppa-fromp=9311&lang=en&wppa-album=5&wppa-slide=1&wppa-occur=1&wppa-photo=907', 'https:\/\/www.andersen-slekt.info\/en\/anna-og-eilif\/ingjerd\/ingjerds-album\/wppaspec\/oc1\/lnen\/sd1\/ab5\/pt907' );return false;\"><img decoding=\"async\" id=\"i-907-1\" src=\"https:\/\/www.andersen-slekt.info\/wp-content\/uploads\/wppa\/thumbs\/907.jpg?ver=96\" alt=\"IMG_0064.jpg\" title=\"IMG_0064.jpg\" style=\"border-width:0px;width:110px;height:74px;margin-top: 18px;margin-bottom:18px;opacity:0.95;cursor:pointer\" onmouseout=\"jQuery( this ).fadeTo( 400, 0.95 )\" onmouseover=\"jQuery( this ).fadeTo( 400, 1.0 );wppaPopUp( 1, this, '907', '', '', '', '', '', '150', '101' );\" \/><\/a><\/div><div class=\"thumbnail-subtext-frame\" style=\"height:58px;width:110px;position:absolute;margin-top:-18px;overflow:hidden;\"><div class=\"wppa-thumb-text\"><\/div><div class=\"wppa-thumb-text\"><\/div><div class=\"wppa-thumb-text\"><\/div><\/div><\/div><div id=\"thumbnail_frame_908_1\" class=\"thumbnail-frame thumbnail-frame-1 thumbnail-frame-photo-908\" style=\"width: 110px; height: 150px; margin-left: 13px; margin-top: 2px; margin-bottom: 2px;\"><div class=\"wppa-tn-img-container\" style=\"height:110px;width:110px;overflow:visible;\"><a style=\"position:static;\" class=\"thumb-img\" id=\"x-908-1\" href=\"https:\/\/www.andersen-slekt.info\/en\/anna-og-eilif\/ingjerd\/ingjerds-album\/wppaspec\/oc1\/lnen\/sd1\/ab5\/pt908\" onclick=\"wppaDoAjaxRender( 1, 'https:\/\/www.andersen-slekt.info\/wppaajax?action=wppa&wppa-action=render&wppa-size=640&wppa-occur=1&wppa-fromp=9311&lang=en&wppa-album=5&wppa-slide=1&wppa-occur=1&wppa-photo=908', 'https:\/\/www.andersen-slekt.info\/en\/anna-og-eilif\/ingjerd\/ingjerds-album\/wppaspec\/oc1\/lnen\/sd1\/ab5\/pt908' );return false;\"><img decoding=\"async\" id=\"i-908-1\" src=\"https:\/\/www.andersen-slekt.info\/wp-content\/uploads\/wppa\/thumbs\/908.jpg?ver=96\" alt=\"IMG_0065.jpg\" title=\"IMG_0065.jpg\" style=\"border-width:0px;width:76px;height:110px;margin-left:17px;margin-right:17px;margin-top: 0px;margin-bottom:0px;opacity:0.95;cursor:pointer\" onmouseout=\"jQuery( this ).fadeTo( 400, 0.95 )\" onmouseover=\"jQuery( this ).fadeTo( 400, 1.0 );wppaPopUp( 1, this, '908', '', '', '', '', '', '103', '150' );\" \/><\/a><\/div><div class=\"thumbnail-subtext-frame\" style=\"height:40px;width:110px;position:absolute;margin-top:0px;overflow:hidden;\"><div class=\"wppa-thumb-text\"><\/div><div class=\"wppa-thumb-text\"><\/div><div class=\"wppa-thumb-text\"><\/div><\/div><\/div><div id=\"thumbnail_frame_910_1\" class=\"thumbnail-frame thumbnail-frame-1 thumbnail-frame-photo-910\" style=\"width: 110px; height: 150px; margin-left: 13px; margin-top: 2px; margin-bottom: 2px;\"><div class=\"wppa-tn-img-container\" style=\"height:110px;width:110px;overflow:visible;\"><a style=\"position:static;\" class=\"thumb-img\" id=\"x-910-1\" href=\"https:\/\/www.andersen-slekt.info\/en\/anna-og-eilif\/ingjerd\/ingjerds-album\/wppaspec\/oc1\/lnen\/sd1\/ab5\/pt910\" onclick=\"wppaDoAjaxRender( 1, 'https:\/\/www.andersen-slekt.info\/wppaajax?action=wppa&wppa-action=render&wppa-size=640&wppa-occur=1&wppa-fromp=9311&lang=en&wppa-album=5&wppa-slide=1&wppa-occur=1&wppa-photo=910', 'https:\/\/www.andersen-slekt.info\/en\/anna-og-eilif\/ingjerd\/ingjerds-album\/wppaspec\/oc1\/lnen\/sd1\/ab5\/pt910' );return false;\"><img decoding=\"async\" id=\"i-910-1\" src=\"https:\/\/www.andersen-slekt.info\/wp-content\/uploads\/wppa\/thumbs\/910.jpg?ver=96\" alt=\"IMG_0077.jpg\" title=\"IMG_0077.jpg\" style=\"border-width:0px;width:110px;height:76px;margin-top: 17px;margin-bottom:17px;opacity:0.95;cursor:pointer\" onmouseout=\"jQuery( this ).fadeTo( 400, 0.95 )\" onmouseover=\"jQuery( this ).fadeTo( 400, 1.0 );wppaPopUp( 1, this, '910', '', '', '', '', '', '150', '103' );\" \/><\/a><\/div><div class=\"thumbnail-subtext-frame\" style=\"height:57px;width:110px;position:absolute;margin-top:-17px;overflow:hidden;\"><div class=\"wppa-thumb-text\"><\/div><div class=\"wppa-thumb-text\"><\/div><div class=\"wppa-thumb-text\"><\/div><\/div><\/div><div id=\"thumbnail_frame_911_1\" class=\"thumbnail-frame thumbnail-frame-1 thumbnail-frame-photo-911\" style=\"width: 110px; height: 150px; margin-left: 13px; margin-top: 2px; margin-bottom: 2px;\"><div class=\"wppa-tn-img-container\" style=\"height:110px;width:110px;overflow:visible;\"><a style=\"position:static;\" class=\"thumb-img\" id=\"x-911-1\" href=\"https:\/\/www.andersen-slekt.info\/en\/anna-og-eilif\/ingjerd\/ingjerds-album\/wppaspec\/oc1\/lnen\/sd1\/ab5\/pt911\" onclick=\"wppaDoAjaxRender( 1, 'https:\/\/www.andersen-slekt.info\/wppaajax?action=wppa&wppa-action=render&wppa-size=640&wppa-occur=1&wppa-fromp=9311&lang=en&wppa-album=5&wppa-slide=1&wppa-occur=1&wppa-photo=911', 'https:\/\/www.andersen-slekt.info\/en\/anna-og-eilif\/ingjerd\/ingjerds-album\/wppaspec\/oc1\/lnen\/sd1\/ab5\/pt911' );return false;\"><img decoding=\"async\" id=\"i-911-1\" src=\"https:\/\/www.andersen-slekt.info\/wp-content\/uploads\/wppa\/thumbs\/911.jpg?ver=96\" alt=\"IMG_0080.jpg\" title=\"IMG_0080.jpg\" style=\"border-width:0px;width:110px;height:76px;margin-top: 17px;margin-bottom:17px;opacity:0.95;cursor:pointer\" onmouseout=\"jQuery( this ).fadeTo( 400, 0.95 )\" onmouseover=\"jQuery( this ).fadeTo( 400, 1.0 );wppaPopUp( 1, this, '911', '', '', '', '', '', '150', '104' );\" \/><\/a><\/div><div class=\"thumbnail-subtext-frame\" style=\"height:57px;width:110px;position:absolute;margin-top:-17px;overflow:hidden;\"><div class=\"wppa-thumb-text\"><\/div><div class=\"wppa-thumb-text\"><\/div><div class=\"wppa-thumb-text\"><\/div><\/div><\/div><div id=\"thumbnail_frame_912_1\" class=\"thumbnail-frame thumbnail-frame-1 thumbnail-frame-photo-912\" style=\"width: 110px; height: 150px; margin-left: 13px; margin-top: 2px; margin-bottom: 2px;\"><div class=\"wppa-tn-img-container\" style=\"height:110px;width:110px;overflow:visible;\"><a style=\"position:static;\" class=\"thumb-img\" id=\"x-912-1\" href=\"https:\/\/www.andersen-slekt.info\/en\/anna-og-eilif\/ingjerd\/ingjerds-album\/wppaspec\/oc1\/lnen\/sd1\/ab5\/pt912\" onclick=\"wppaDoAjaxRender( 1, 'https:\/\/www.andersen-slekt.info\/wppaajax?action=wppa&wppa-action=render&wppa-size=640&wppa-occur=1&wppa-fromp=9311&lang=en&wppa-album=5&wppa-slide=1&wppa-occur=1&wppa-photo=912', 'https:\/\/www.andersen-slekt.info\/en\/anna-og-eilif\/ingjerd\/ingjerds-album\/wppaspec\/oc1\/lnen\/sd1\/ab5\/pt912' );return false;\"><img decoding=\"async\" id=\"i-912-1\" src=\"https:\/\/www.andersen-slekt.info\/wp-content\/uploads\/wppa\/thumbs\/912.jpg?ver=96\" alt=\"israel78c.jpg\" title=\"israel78c.jpg\" style=\"border-width:0px;width:80px;height:110px;margin-left:15px;margin-right:15px;margin-top: 0px;margin-bottom:0px;opacity:0.95;cursor:pointer\" onmouseout=\"jQuery( this ).fadeTo( 400, 0.95 )\" onmouseover=\"jQuery( this ).fadeTo( 400, 1.0 );wppaPopUp( 1, this, '912', '', '', '', '', '', '109', '150' );\" \/><\/a><\/div><div class=\"thumbnail-subtext-frame\" style=\"height:40px;width:110px;position:absolute;margin-top:0px;overflow:hidden;\"><div class=\"wppa-thumb-text\"><\/div><div class=\"wppa-thumb-text\"><\/div><div class=\"wppa-thumb-text\"><\/div><\/div><\/div><div id=\"thumbnail_frame_913_1\" class=\"thumbnail-frame thumbnail-frame-1 thumbnail-frame-photo-913\" style=\"width: 110px; height: 150px; margin-left: 13px; margin-top: 2px; margin-bottom: 2px;\"><div class=\"wppa-tn-img-container\" style=\"height:110px;width:110px;overflow:visible;\"><a style=\"position:static;\" class=\"thumb-img\" id=\"x-913-1\" href=\"https:\/\/www.andersen-slekt.info\/en\/anna-og-eilif\/ingjerd\/ingjerds-album\/wppaspec\/oc1\/lnen\/sd1\/ab5\/pt913\" onclick=\"wppaDoAjaxRender( 1, 'https:\/\/www.andersen-slekt.info\/wppaajax?action=wppa&wppa-action=render&wppa-size=640&wppa-occur=1&wppa-fromp=9311&lang=en&wppa-album=5&wppa-slide=1&wppa-occur=1&wppa-photo=913', 'https:\/\/www.andersen-slekt.info\/en\/anna-og-eilif\/ingjerd\/ingjerds-album\/wppaspec\/oc1\/lnen\/sd1\/ab5\/pt913' );return false;\"><img decoding=\"async\" id=\"i-913-1\" src=\"https:\/\/www.andersen-slekt.info\/wp-content\/uploads\/wppa\/thumbs\/913.jpg?ver=96\" alt=\"NansetMarked94.jpg\" title=\"NansetMarked94.jpg\" style=\"border-width:0px;width:110px;height:73px;margin-top: 19px;margin-bottom:19px;opacity:0.95;cursor:pointer\" onmouseout=\"jQuery( this ).fadeTo( 400, 0.95 )\" onmouseover=\"jQuery( this ).fadeTo( 400, 1.0 );wppaPopUp( 1, this, '913', '', '', '', '', '', '150', '100' );\" \/><\/a><\/div><div class=\"thumbnail-subtext-frame\" style=\"height:59px;width:110px;position:absolute;margin-top:-19px;overflow:hidden;\"><div class=\"wppa-thumb-text\"><\/div><div class=\"wppa-thumb-text\"><\/div><div class=\"wppa-thumb-text\"><\/div><\/div><\/div><div id=\"thumbnail_frame_914_1\" class=\"thumbnail-frame thumbnail-frame-1 thumbnail-frame-photo-914\" style=\"width: 110px; height: 150px; margin-left: 13px; margin-top: 2px; margin-bottom: 2px;\"><div class=\"wppa-tn-img-container\" style=\"height:110px;width:110px;overflow:visible;\"><a style=\"position:static;\" class=\"thumb-img\" id=\"x-914-1\" href=\"https:\/\/www.andersen-slekt.info\/en\/anna-og-eilif\/ingjerd\/ingjerds-album\/wppaspec\/oc1\/lnen\/sd1\/ab5\/pt914\" onclick=\"wppaDoAjaxRender( 1, 'https:\/\/www.andersen-slekt.info\/wppaajax?action=wppa&wppa-action=render&wppa-size=640&wppa-occur=1&wppa-fromp=9311&lang=en&wppa-album=5&wppa-slide=1&wppa-occur=1&wppa-photo=914', 'https:\/\/www.andersen-slekt.info\/en\/anna-og-eilif\/ingjerd\/ingjerds-album\/wppaspec\/oc1\/lnen\/sd1\/ab5\/pt914' );return false;\"><img decoding=\"async\" id=\"i-914-1\" src=\"https:\/\/www.andersen-slekt.info\/wp-content\/uploads\/wppa\/thumbs\/914.png?ver=96\" alt=\"ingjerd2.png\" title=\"ingjerd2.png\" style=\"border-width:0px;width:64px;height:110px;margin-left:23px;margin-right:23px;margin-top: 0px;margin-bottom:0px;opacity:0.95;cursor:pointer\" onmouseout=\"jQuery( this ).fadeTo( 400, 0.95 )\" onmouseover=\"jQuery( this ).fadeTo( 400, 1.0 );wppaPopUp( 1, this, '914', '', '', '', '', '', '87', '150' );\" \/><\/a><\/div><div class=\"thumbnail-subtext-frame\" style=\"height:40px;width:110px;position:absolute;margin-top:0px;overflow:hidden;\"><div class=\"wppa-thumb-text\"><\/div><div class=\"wppa-thumb-text\"><\/div><div class=\"wppa-thumb-text\"><\/div><\/div><\/div><div id=\"thumbnail_frame_915_1\" class=\"thumbnail-frame thumbnail-frame-1 thumbnail-frame-photo-915\" style=\"width: 110px; height: 150px; margin-left: 13px; margin-top: 2px; margin-bottom: 2px;\"><div class=\"wppa-tn-img-container\" style=\"height:110px;width:110px;overflow:visible;\"><a style=\"position:static;\" class=\"thumb-img\" id=\"x-915-1\" href=\"https:\/\/www.andersen-slekt.info\/en\/anna-og-eilif\/ingjerd\/ingjerds-album\/wppaspec\/oc1\/lnen\/sd1\/ab5\/pt915\" onclick=\"wppaDoAjaxRender( 1, 'https:\/\/www.andersen-slekt.info\/wppaajax?action=wppa&wppa-action=render&wppa-size=640&wppa-occur=1&wppa-fromp=9311&lang=en&wppa-album=5&wppa-slide=1&wppa-occur=1&wppa-photo=915', 'https:\/\/www.andersen-slekt.info\/en\/anna-og-eilif\/ingjerd\/ingjerds-album\/wppaspec\/oc1\/lnen\/sd1\/ab5\/pt915' );return false;\"><img decoding=\"async\" id=\"i-915-1\" src=\"https:\/\/www.andersen-slekt.info\/wp-content\/uploads\/wppa\/thumbs\/915.png?ver=96\" alt=\"ingjerd3.png\" title=\"ingjerd3.png\" style=\"border-width:0px;width:67px;height:110px;margin-left:21px;margin-right:21px;margin-top: 0px;margin-bottom:0px;opacity:0.95;cursor:pointer\" onmouseout=\"jQuery( this ).fadeTo( 400, 0.95 )\" onmouseover=\"jQuery( this ).fadeTo( 400, 1.0 );wppaPopUp( 1, this, '915', '', '', '', '', '', '92', '150' );\" \/><\/a><\/div><div class=\"thumbnail-subtext-frame\" style=\"height:40px;width:110px;position:absolute;margin-top:0px;overflow:hidden;\"><div class=\"wppa-thumb-text\"><\/div><div class=\"wppa-thumb-text\"><\/div><div class=\"wppa-thumb-text\"><\/div><\/div><\/div><div id=\"thumbnail_frame_926_1\" class=\"thumbnail-frame thumbnail-frame-1 thumbnail-frame-photo-926\" style=\"width: 110px; height: 150px; margin-left: 13px; margin-top: 2px; margin-bottom: 2px;\"><div class=\"wppa-tn-img-container\" style=\"height:110px;width:110px;overflow:visible;\"><a style=\"position:static;\" class=\"thumb-img\" id=\"x-926-1\" href=\"https:\/\/www.andersen-slekt.info\/en\/anna-og-eilif\/ingjerd\/ingjerds-album\/wppaspec\/oc1\/lnen\/sd1\/ab5\/pt926\" onclick=\"wppaDoAjaxRender( 1, 'https:\/\/www.andersen-slekt.info\/wppaajax?action=wppa&wppa-action=render&wppa-size=640&wppa-occur=1&wppa-fromp=9311&lang=en&wppa-album=5&wppa-slide=1&wppa-occur=1&wppa-photo=926', 'https:\/\/www.andersen-slekt.info\/en\/anna-og-eilif\/ingjerd\/ingjerds-album\/wppaspec\/oc1\/lnen\/sd1\/ab5\/pt926' );return false;\"><img decoding=\"async\" id=\"i-926-1\" src=\"https:\/\/www.andersen-slekt.info\/wp-content\/uploads\/wppa\/thumbs\/926.jpg?ver=96\" alt=\"IMG_0081.jpg\" title=\"IMG_0081.jpg\" style=\"border-width:0px;width:110px;height:76px;margin-top: 17px;margin-bottom:17px;opacity:0.95;cursor:pointer\" onmouseout=\"jQuery( this ).fadeTo( 400, 0.95 )\" onmouseover=\"jQuery( this ).fadeTo( 400, 1.0 );wppaPopUp( 1, this, '926', '', '', '', '', '', '150', '104' );\" \/><\/a><\/div><div class=\"thumbnail-subtext-frame\" style=\"height:57px;width:110px;position:absolute;margin-top:-17px;overflow:hidden;\"><div class=\"wppa-thumb-text\"><\/div><div class=\"wppa-thumb-text\"><\/div><div class=\"wppa-thumb-text\"><\/div><\/div><\/div><div id=\"thumbnail_frame_928_1\" class=\"thumbnail-frame thumbnail-frame-1 thumbnail-frame-photo-928\" style=\"width: 110px; height: 150px; margin-left: 13px; margin-top: 2px; margin-bottom: 2px;\"><div class=\"wppa-tn-img-container\" style=\"height:110px;width:110px;overflow:visible;\"><a style=\"position:static;\" class=\"thumb-img\" id=\"x-928-1\" href=\"https:\/\/www.andersen-slekt.info\/en\/anna-og-eilif\/ingjerd\/ingjerds-album\/wppaspec\/oc1\/lnen\/sd1\/ab5\/pt928\" onclick=\"wppaDoAjaxRender( 1, 'https:\/\/www.andersen-slekt.info\/wppaajax?action=wppa&wppa-action=render&wppa-size=640&wppa-occur=1&wppa-fromp=9311&lang=en&wppa-album=5&wppa-slide=1&wppa-occur=1&wppa-photo=928', 'https:\/\/www.andersen-slekt.info\/en\/anna-og-eilif\/ingjerd\/ingjerds-album\/wppaspec\/oc1\/lnen\/sd1\/ab5\/pt928' );return false;\"><img decoding=\"async\" id=\"i-928-1\" src=\"https:\/\/www.andersen-slekt.info\/wp-content\/uploads\/wppa\/thumbs\/928.jpg?ver=96\" alt=\"dyrehave.jpg\" title=\"dyrehave.jpg\" style=\"border-width:0px;width:110px;height:106px;margin-top: 2px;margin-bottom:2px;opacity:0.95;cursor:pointer\" onmouseout=\"jQuery( this ).fadeTo( 400, 0.95 )\" onmouseover=\"jQuery( this ).fadeTo( 400, 1.0 );wppaPopUp( 1, this, '928', '', '', '', '', '', '150', '145' );\" \/><\/a><\/div><div class=\"thumbnail-subtext-frame\" style=\"height:42px;width:110px;position:absolute;margin-top:-2px;overflow:hidden;\"><div class=\"wppa-thumb-text\"><\/div><div class=\"wppa-thumb-text\"><\/div><div class=\"wppa-thumb-text\"><\/div><\/div><\/div><div id=\"thumbnail_frame_929_1\" class=\"thumbnail-frame thumbnail-frame-1 thumbnail-frame-photo-929\" style=\"width: 110px; height: 150px; margin-left: 13px; margin-top: 2px; margin-bottom: 2px;\"><div class=\"wppa-tn-img-container\" style=\"height:110px;width:110px;overflow:visible;\"><a style=\"position:static;\" class=\"thumb-img\" id=\"x-929-1\" href=\"https:\/\/www.andersen-slekt.info\/en\/anna-og-eilif\/ingjerd\/ingjerds-album\/wppaspec\/oc1\/lnen\/sd1\/ab5\/pt929\" onclick=\"wppaDoAjaxRender( 1, 'https:\/\/www.andersen-slekt.info\/wppaajax?action=wppa&wppa-action=render&wppa-size=640&wppa-occur=1&wppa-fromp=9311&lang=en&wppa-album=5&wppa-slide=1&wppa-occur=1&wppa-photo=929', 'https:\/\/www.andersen-slekt.info\/en\/anna-og-eilif\/ingjerd\/ingjerds-album\/wppaspec\/oc1\/lnen\/sd1\/ab5\/pt929' );return false;\"><img decoding=\"async\" id=\"i-929-1\" src=\"https:\/\/www.andersen-slekt.info\/wp-content\/uploads\/wppa\/thumbs\/929.jpg?ver=96\" alt=\"Ingjerd&William.jpg\" title=\"Ingjerd&William.jpg\" style=\"border-width:0px;width:110px;height:67px;margin-top: 22px;margin-bottom:22px;opacity:0.95;cursor:pointer\" onmouseout=\"jQuery( this ).fadeTo( 400, 0.95 )\" onmouseover=\"jQuery( this ).fadeTo( 400, 1.0 );wppaPopUp( 1, this, '929', '', '', '', '', '', '150', '92' );\" \/><\/a><\/div><div class=\"thumbnail-subtext-frame\" style=\"height:62px;width:110px;position:absolute;margin-top:-22px;overflow:hidden;\"><div class=\"wppa-thumb-text\"><\/div><div class=\"wppa-thumb-text\"><\/div><div class=\"wppa-thumb-text\"><\/div><\/div><\/div><div id=\"thumbnail_frame_930_1\" class=\"thumbnail-frame thumbnail-frame-1 thumbnail-frame-photo-930\" style=\"width: 110px; height: 150px; margin-left: 13px; margin-top: 2px; margin-bottom: 2px;\"><div class=\"wppa-tn-img-container\" style=\"height:110px;width:110px;overflow:visible;\"><a style=\"position:static;\" class=\"thumb-img\" id=\"x-930-1\" href=\"https:\/\/www.andersen-slekt.info\/en\/anna-og-eilif\/ingjerd\/ingjerds-album\/wppaspec\/oc1\/lnen\/sd1\/ab5\/pt930\" onclick=\"wppaDoAjaxRender( 1, 'https:\/\/www.andersen-slekt.info\/wppaajax?action=wppa&wppa-action=render&wppa-size=640&wppa-occur=1&wppa-fromp=9311&lang=en&wppa-album=5&wppa-slide=1&wppa-occur=1&wppa-photo=930', 'https:\/\/www.andersen-slekt.info\/en\/anna-og-eilif\/ingjerd\/ingjerds-album\/wppaspec\/oc1\/lnen\/sd1\/ab5\/pt930' );return false;\"><img decoding=\"async\" id=\"i-930-1\" src=\"https:\/\/www.andersen-slekt.info\/wp-content\/uploads\/wppa\/thumbs\/930.jpg?ver=96\" alt=\"ingjerd_erna.jpg\" title=\"ingjerd_erna.jpg\" style=\"border-width:0px;width:110px;height:109px;margin-top: 1px;margin-bottom:1px;opacity:0.95;cursor:pointer\" onmouseout=\"jQuery( this ).fadeTo( 400, 0.95 )\" onmouseover=\"jQuery( this ).fadeTo( 400, 1.0 );wppaPopUp( 1, this, '930', '', '', '', '', '', '150', '149' );\" \/><\/a><\/div><div class=\"thumbnail-subtext-frame\" style=\"height:41px;width:110px;position:absolute;margin-top:-1px;overflow:hidden;\"><div class=\"wppa-thumb-text\"><\/div><div class=\"wppa-thumb-text\"><\/div><div class=\"wppa-thumb-text\"><\/div><\/div><\/div><div id=\"thumbnail_frame_932_1\" class=\"thumbnail-frame thumbnail-frame-1 thumbnail-frame-photo-932\" style=\"width: 110px; height: 150px; margin-left: 13px; margin-top: 2px; margin-bottom: 2px;\"><div class=\"wppa-tn-img-container\" style=\"height:110px;width:110px;overflow:visible;\"><a style=\"position:static;\" class=\"thumb-img\" id=\"x-932-1\" href=\"https:\/\/www.andersen-slekt.info\/en\/anna-og-eilif\/ingjerd\/ingjerds-album\/wppaspec\/oc1\/lnen\/sd1\/ab5\/pt932\" onclick=\"wppaDoAjaxRender( 1, 'https:\/\/www.andersen-slekt.info\/wppaajax?action=wppa&wppa-action=render&wppa-size=640&wppa-occur=1&wppa-fromp=9311&lang=en&wppa-album=5&wppa-slide=1&wppa-occur=1&wppa-photo=932', 'https:\/\/www.andersen-slekt.info\/en\/anna-og-eilif\/ingjerd\/ingjerds-album\/wppaspec\/oc1\/lnen\/sd1\/ab5\/pt932' );return false;\"><img decoding=\"async\" id=\"i-932-1\" src=\"https:\/\/www.andersen-slekt.info\/wp-content\/uploads\/wppa\/thumbs\/932.jpg?ver=96\" alt=\"ingjerd3.jpg\" title=\"ingjerd3.jpg\" style=\"border-width:0px;width:110px;height:109px;margin-top: 1px;margin-bottom:1px;opacity:0.95;cursor:pointer\" onmouseout=\"jQuery( this ).fadeTo( 400, 0.95 )\" onmouseover=\"jQuery( this ).fadeTo( 400, 1.0 );wppaPopUp( 1, this, '932', '', '', '', '', '', '150', '148' );\" \/><\/a><\/div><div class=\"thumbnail-subtext-frame\" style=\"height:41px;width:110px;position:absolute;margin-top:-1px;overflow:hidden;\"><div class=\"wppa-thumb-text\"><\/div><div class=\"wppa-thumb-text\"><\/div><div class=\"wppa-thumb-text\"><\/div><\/div><\/div><div id=\"thumbnail_frame_933_1\" class=\"thumbnail-frame thumbnail-frame-1 thumbnail-frame-photo-933\" style=\"width: 110px; height: 150px; margin-left: 13px; margin-top: 2px; margin-bottom: 2px;\"><div class=\"wppa-tn-img-container\" style=\"height:110px;width:110px;overflow:visible;\"><a style=\"position:static;\" class=\"thumb-img\" id=\"x-933-1\" href=\"https:\/\/www.andersen-slekt.info\/en\/anna-og-eilif\/ingjerd\/ingjerds-album\/wppaspec\/oc1\/lnen\/sd1\/ab5\/pt933\" onclick=\"wppaDoAjaxRender( 1, 'https:\/\/www.andersen-slekt.info\/wppaajax?action=wppa&wppa-action=render&wppa-size=640&wppa-occur=1&wppa-fromp=9311&lang=en&wppa-album=5&wppa-slide=1&wppa-occur=1&wppa-photo=933', 'https:\/\/www.andersen-slekt.info\/en\/anna-og-eilif\/ingjerd\/ingjerds-album\/wppaspec\/oc1\/lnen\/sd1\/ab5\/pt933' );return false;\"><img decoding=\"async\" id=\"i-933-1\" src=\"https:\/\/www.andersen-slekt.info\/wp-content\/uploads\/wppa\/thumbs\/933.jpg?ver=96\" alt=\"Ingjerd9.jpg\" title=\"Ingjerd9.jpg\" style=\"border-width:0px;width:69px;height:110px;margin-left:20px;margin-right:20px;margin-top: 0px;margin-bottom:0px;opacity:0.95;cursor:pointer\" onmouseout=\"jQuery( this ).fadeTo( 400, 0.95 )\" onmouseover=\"jQuery( this ).fadeTo( 400, 1.0 );wppaPopUp( 1, this, '933', '', '', '', '', '', '94', '150' );\" \/><\/a><\/div><div class=\"thumbnail-subtext-frame\" style=\"height:40px;width:110px;position:absolute;margin-top:0px;overflow:hidden;\"><div class=\"wppa-thumb-text\"><\/div><div class=\"wppa-thumb-text\"><\/div><div class=\"wppa-thumb-text\"><\/div><\/div><\/div><div id=\"thumbnail_frame_934_1\" class=\"thumbnail-frame thumbnail-frame-1 thumbnail-frame-photo-934\" style=\"width: 110px; height: 150px; margin-left: 13px; margin-top: 2px; margin-bottom: 2px;\"><div class=\"wppa-tn-img-container\" style=\"height:110px;width:110px;overflow:visible;\"><a style=\"position:static;\" class=\"thumb-img\" id=\"x-934-1\" href=\"https:\/\/www.andersen-slekt.info\/en\/anna-og-eilif\/ingjerd\/ingjerds-album\/wppaspec\/oc1\/lnen\/sd1\/ab5\/pt934\" onclick=\"wppaDoAjaxRender( 1, 'https:\/\/www.andersen-slekt.info\/wppaajax?action=wppa&wppa-action=render&wppa-size=640&wppa-occur=1&wppa-fromp=9311&lang=en&wppa-album=5&wppa-slide=1&wppa-occur=1&wppa-photo=934', 'https:\/\/www.andersen-slekt.info\/en\/anna-og-eilif\/ingjerd\/ingjerds-album\/wppaspec\/oc1\/lnen\/sd1\/ab5\/pt934' );return false;\"><img decoding=\"async\" id=\"i-934-1\" src=\"https:\/\/www.andersen-slekt.info\/wp-content\/uploads\/wppa\/thumbs\/934.jpg?ver=96\" alt=\"Israel.jpg\" title=\"Israel.jpg\" style=\"border-width:0px;width:79px;height:110px;margin-left:15px;margin-right:15px;margin-top: 0px;margin-bottom:0px;opacity:0.95;cursor:pointer\" onmouseout=\"jQuery( this ).fadeTo( 400, 0.95 )\" onmouseover=\"jQuery( this ).fadeTo( 400, 1.0 );wppaPopUp( 1, this, '934', '', '', '', '', '', '108', '150' );\" \/><\/a><\/div><div class=\"thumbnail-subtext-frame\" style=\"height:40px;width:110px;position:absolute;margin-top:0px;overflow:hidden;\"><div class=\"wppa-thumb-text\"><\/div><div class=\"wppa-thumb-text\"><\/div><div class=\"wppa-thumb-text\"><\/div><\/div><\/div><div id=\"thumbnail_frame_935_1\" class=\"thumbnail-frame thumbnail-frame-1 thumbnail-frame-photo-935\" style=\"width: 110px; height: 150px; margin-left: 13px; margin-top: 2px; margin-bottom: 2px;\"><div class=\"wppa-tn-img-container\" style=\"height:110px;width:110px;overflow:visible;\"><a style=\"position:static;\" class=\"thumb-img\" id=\"x-935-1\" href=\"https:\/\/www.andersen-slekt.info\/en\/anna-og-eilif\/ingjerd\/ingjerds-album\/wppaspec\/oc1\/lnen\/sd1\/ab5\/pt935\" onclick=\"wppaDoAjaxRender( 1, 'https:\/\/www.andersen-slekt.info\/wppaajax?action=wppa&wppa-action=render&wppa-size=640&wppa-occur=1&wppa-fromp=9311&lang=en&wppa-album=5&wppa-slide=1&wppa-occur=1&wppa-photo=935', 'https:\/\/www.andersen-slekt.info\/en\/anna-og-eilif\/ingjerd\/ingjerds-album\/wppaspec\/oc1\/lnen\/sd1\/ab5\/pt935' );return false;\"><img decoding=\"async\" id=\"i-935-1\" src=\"https:\/\/www.andersen-slekt.info\/wp-content\/uploads\/wppa\/thumbs\/935.jpg?ver=96\" alt=\"jenny_ingjerd.jpg\" title=\"jenny_ingjerd.jpg\" style=\"border-width:0px;width:78px;height:110px;margin-left:16px;margin-right:16px;margin-top: 0px;margin-bottom:0px;opacity:0.95;cursor:pointer\" onmouseout=\"jQuery( this ).fadeTo( 400, 0.95 )\" onmouseover=\"jQuery( this ).fadeTo( 400, 1.0 );wppaPopUp( 1, this, '935', '', '', '', '', '', '107', '150' );\" \/><\/a><\/div><div class=\"thumbnail-subtext-frame\" style=\"height:40px;width:110px;position:absolute;margin-top:0px;overflow:hidden;\"><div class=\"wppa-thumb-text\"><\/div><div class=\"wppa-thumb-text\"><\/div><div class=\"wppa-thumb-text\"><\/div><\/div><\/div><div id=\"thumbnail_frame_936_1\" class=\"thumbnail-frame thumbnail-frame-1 thumbnail-frame-photo-936\" style=\"width: 110px; height: 150px; margin-left: 13px; margin-top: 2px; margin-bottom: 2px;\"><div class=\"wppa-tn-img-container\" style=\"height:110px;width:110px;overflow:visible;\"><a style=\"position:static;\" class=\"thumb-img\" id=\"x-936-1\" href=\"https:\/\/www.andersen-slekt.info\/en\/anna-og-eilif\/ingjerd\/ingjerds-album\/wppaspec\/oc1\/lnen\/sd1\/ab5\/pt936\" onclick=\"wppaDoAjaxRender( 1, 'https:\/\/www.andersen-slekt.info\/wppaajax?action=wppa&wppa-action=render&wppa-size=640&wppa-occur=1&wppa-fromp=9311&lang=en&wppa-album=5&wppa-slide=1&wppa-occur=1&wppa-photo=936', 'https:\/\/www.andersen-slekt.info\/en\/anna-og-eilif\/ingjerd\/ingjerds-album\/wppaspec\/oc1\/lnen\/sd1\/ab5\/pt936' );return false;\"><img decoding=\"async\" id=\"i-936-1\" src=\"https:\/\/www.andersen-slekt.info\/wp-content\/uploads\/wppa\/thumbs\/936.jpg?ver=96\" alt=\"klasse.jpg\" title=\"klasse.jpg\" style=\"border-width:0px;width:110px;height:104px;margin-top: 3px;margin-bottom:3px;opacity:0.95;cursor:pointer\" onmouseout=\"jQuery( this ).fadeTo( 400, 0.95 )\" onmouseover=\"jQuery( this ).fadeTo( 400, 1.0 );wppaPopUp( 1, this, '936', '', '', '', '', '', '150', '142' );\" \/><\/a><\/div><div class=\"thumbnail-subtext-frame\" style=\"height:43px;width:110px;position:absolute;margin-top:-3px;overflow:hidden;\"><div class=\"wppa-thumb-text\"><\/div><div class=\"wppa-thumb-text\"><\/div><div class=\"wppa-thumb-text\"><\/div><\/div><\/div><div id=\"thumbnail_frame_937_1\" class=\"thumbnail-frame thumbnail-frame-1 thumbnail-frame-photo-937\" style=\"width: 110px; height: 150px; margin-left: 13px; margin-top: 2px; margin-bottom: 2px;\"><div class=\"wppa-tn-img-container\" style=\"height:110px;width:110px;overflow:visible;\"><a style=\"position:static;\" class=\"thumb-img\" id=\"x-937-1\" href=\"https:\/\/www.andersen-slekt.info\/en\/anna-og-eilif\/ingjerd\/ingjerds-album\/wppaspec\/oc1\/lnen\/sd1\/ab5\/pt937\" onclick=\"wppaDoAjaxRender( 1, 'https:\/\/www.andersen-slekt.info\/wppaajax?action=wppa&wppa-action=render&wppa-size=640&wppa-occur=1&wppa-fromp=9311&lang=en&wppa-album=5&wppa-slide=1&wppa-occur=1&wppa-photo=937', 'https:\/\/www.andersen-slekt.info\/en\/anna-og-eilif\/ingjerd\/ingjerds-album\/wppaspec\/oc1\/lnen\/sd1\/ab5\/pt937' );return false;\"><img decoding=\"async\" id=\"i-937-1\" src=\"https:\/\/www.andersen-slekt.info\/wp-content\/uploads\/wppa\/thumbs\/937.jpg?ver=96\" alt=\"1A&E_Ing5j.jpg\" title=\"1A&E_Ing5j.jpg\" style=\"border-width:0px;width:110px;height:73px;margin-top: 19px;margin-bottom:19px;opacity:0.95;cursor:pointer\" onmouseout=\"jQuery( this ).fadeTo( 400, 0.95 )\" onmouseover=\"jQuery( this ).fadeTo( 400, 1.0 );wppaPopUp( 1, this, '937', '', '', '', '', '', '150', '100' );\" \/><\/a><\/div><div class=\"thumbnail-subtext-frame\" style=\"height:59px;width:110px;position:absolute;margin-top:-19px;overflow:hidden;\"><div class=\"wppa-thumb-text\"><\/div><div class=\"wppa-thumb-text\"><\/div><div class=\"wppa-thumb-text\"><\/div><\/div><\/div><div id=\"thumbnail_frame_938_1\" class=\"thumbnail-frame thumbnail-frame-1 thumbnail-frame-photo-938\" style=\"width: 110px; height: 150px; margin-left: 13px; margin-top: 2px; margin-bottom: 2px;\"><div class=\"wppa-tn-img-container\" style=\"height:110px;width:110px;overflow:visible;\"><a style=\"position:static;\" class=\"thumb-img\" id=\"x-938-1\" href=\"https:\/\/www.andersen-slekt.info\/en\/anna-og-eilif\/ingjerd\/ingjerds-album\/wppaspec\/oc1\/lnen\/sd1\/ab5\/pt938\" onclick=\"wppaDoAjaxRender( 1, 'https:\/\/www.andersen-slekt.info\/wppaajax?action=wppa&wppa-action=render&wppa-size=640&wppa-occur=1&wppa-fromp=9311&lang=en&wppa-album=5&wppa-slide=1&wppa-occur=1&wppa-photo=938', 'https:\/\/www.andersen-slekt.info\/en\/anna-og-eilif\/ingjerd\/ingjerds-album\/wppaspec\/oc1\/lnen\/sd1\/ab5\/pt938' );return false;\"><img decoding=\"async\" id=\"i-938-1\" src=\"https:\/\/www.andersen-slekt.info\/wp-content\/uploads\/wppa\/thumbs\/938.jpg?ver=96\" alt=\"1A&E_Ingj.jpg\" title=\"1A&E_Ingj.jpg\" style=\"border-width:0px;width:110px;height:87px;margin-top: 12px;margin-bottom:12px;opacity:0.95;cursor:pointer\" onmouseout=\"jQuery( this ).fadeTo( 400, 0.95 )\" onmouseover=\"jQuery( this ).fadeTo( 400, 1.0 );wppaPopUp( 1, this, '938', '', '', '', '', '', '150', '119' );\" \/><\/a><\/div><div class=\"thumbnail-subtext-frame\" style=\"height:52px;width:110px;position:absolute;margin-top:-12px;overflow:hidden;\"><div class=\"wppa-thumb-text\"><\/div><div class=\"wppa-thumb-text\"><\/div><div class=\"wppa-thumb-text\"><\/div><\/div><\/div><div id=\"thumbnail_frame_939_1\" class=\"thumbnail-frame thumbnail-frame-1 thumbnail-frame-photo-939\" style=\"width: 110px; height: 150px; margin-left: 13px; margin-top: 2px; margin-bottom: 2px;\"><div class=\"wppa-tn-img-container\" style=\"height:110px;width:110px;overflow:visible;\"><a style=\"position:static;\" class=\"thumb-img\" id=\"x-939-1\" href=\"https:\/\/www.andersen-slekt.info\/en\/anna-og-eilif\/ingjerd\/ingjerds-album\/wppaspec\/oc1\/lnen\/sd1\/ab5\/pt939\" onclick=\"wppaDoAjaxRender( 1, 'https:\/\/www.andersen-slekt.info\/wppaajax?action=wppa&wppa-action=render&wppa-size=640&wppa-occur=1&wppa-fromp=9311&lang=en&wppa-album=5&wppa-slide=1&wppa-occur=1&wppa-photo=939', 'https:\/\/www.andersen-slekt.info\/en\/anna-og-eilif\/ingjerd\/ingjerds-album\/wppaspec\/oc1\/lnen\/sd1\/ab5\/pt939' );return false;\"><img decoding=\"async\" id=\"i-939-1\" src=\"https:\/\/www.andersen-slekt.info\/wp-content\/uploads\/wppa\/thumbs\/939.jpg?ver=96\" alt=\"1A&E_Ingj2.jpg\" title=\"1A&E_Ingj2.jpg\" style=\"border-width:0px;width:110px;height:68px;margin-top: 21px;margin-bottom:21px;opacity:0.95;cursor:pointer\" onmouseout=\"jQuery( this ).fadeTo( 400, 0.95 )\" onmouseover=\"jQuery( this ).fadeTo( 400, 1.0 );wppaPopUp( 1, this, '939', '', '', '', '', '', '150', '93' );\" \/><\/a><\/div><div class=\"thumbnail-subtext-frame\" style=\"height:61px;width:110px;position:absolute;margin-top:-21px;overflow:hidden;\"><div class=\"wppa-thumb-text\"><\/div><div class=\"wppa-thumb-text\"><\/div><div class=\"wppa-thumb-text\"><\/div><\/div><\/div><div id=\"thumbnail_frame_940_1\" class=\"thumbnail-frame thumbnail-frame-1 thumbnail-frame-photo-940\" style=\"width: 110px; height: 150px; margin-left: 13px; margin-top: 2px; margin-bottom: 2px;\"><div class=\"wppa-tn-img-container\" style=\"height:110px;width:110px;overflow:visible;\"><a style=\"position:static;\" class=\"thumb-img\" id=\"x-940-1\" href=\"https:\/\/www.andersen-slekt.info\/en\/anna-og-eilif\/ingjerd\/ingjerds-album\/wppaspec\/oc1\/lnen\/sd1\/ab5\/pt940\" onclick=\"wppaDoAjaxRender( 1, 'https:\/\/www.andersen-slekt.info\/wppaajax?action=wppa&wppa-action=render&wppa-size=640&wppa-occur=1&wppa-fromp=9311&lang=en&wppa-album=5&wppa-slide=1&wppa-occur=1&wppa-photo=940', 'https:\/\/www.andersen-slekt.info\/en\/anna-og-eilif\/ingjerd\/ingjerds-album\/wppaspec\/oc1\/lnen\/sd1\/ab5\/pt940' );return false;\"><img decoding=\"async\" id=\"i-940-1\" src=\"https:\/\/www.andersen-slekt.info\/wp-content\/uploads\/wppa\/thumbs\/940.jpg?ver=96\" alt=\"1A&E_Ingj2_17mai30.jpg\" title=\"1A&E_Ingj2_17mai30.jpg\" style=\"border-width:0px;width:62px;height:110px;margin-left:24px;margin-right:24px;margin-top: 0px;margin-bottom:0px;opacity:0.95;cursor:pointer\" onmouseout=\"jQuery( this ).fadeTo( 400, 0.95 )\" onmouseover=\"jQuery( this ).fadeTo( 400, 1.0 );wppaPopUp( 1, this, '940', '', '', '', '', '', '84', '150' );\" \/><\/a><\/div><div class=\"thumbnail-subtext-frame\" style=\"height:40px;width:110px;position:absolute;margin-top:0px;overflow:hidden;\"><div class=\"wppa-thumb-text\"><\/div><div class=\"wppa-thumb-text\"><\/div><div class=\"wppa-thumb-text\"><\/div><\/div><\/div><div id=\"thumbnail_frame_941_1\" class=\"thumbnail-frame thumbnail-frame-1 thumbnail-frame-photo-941\" style=\"width: 110px; height: 150px; margin-left: 13px; margin-top: 2px; margin-bottom: 2px;\"><div class=\"wppa-tn-img-container\" style=\"height:110px;width:110px;overflow:visible;\"><a style=\"position:static;\" class=\"thumb-img\" id=\"x-941-1\" href=\"https:\/\/www.andersen-slekt.info\/en\/anna-og-eilif\/ingjerd\/ingjerds-album\/wppaspec\/oc1\/lnen\/sd1\/ab5\/pt941\" onclick=\"wppaDoAjaxRender( 1, 'https:\/\/www.andersen-slekt.info\/wppaajax?action=wppa&wppa-action=render&wppa-size=640&wppa-occur=1&wppa-fromp=9311&lang=en&wppa-album=5&wppa-slide=1&wppa-occur=1&wppa-photo=941', 'https:\/\/www.andersen-slekt.info\/en\/anna-og-eilif\/ingjerd\/ingjerds-album\/wppaspec\/oc1\/lnen\/sd1\/ab5\/pt941' );return false;\"><img decoding=\"async\" id=\"i-941-1\" src=\"https:\/\/www.andersen-slekt.info\/wp-content\/uploads\/wppa\/thumbs\/941.jpg?ver=96\" alt=\"1A&E_Ingj4.jpg\" title=\"1A&E_Ingj4.jpg\" style=\"border-width:0px;width:110px;height:70px;margin-top: 20px;margin-bottom:20px;opacity:0.95;cursor:pointer\" onmouseout=\"jQuery( this ).fadeTo( 400, 0.95 )\" onmouseover=\"jQuery( this ).fadeTo( 400, 1.0 );wppaPopUp( 1, this, '941', '', '', '', '', '', '150', '96' );\" \/><\/a><\/div><div class=\"thumbnail-subtext-frame\" style=\"height:60px;width:110px;position:absolute;margin-top:-20px;overflow:hidden;\"><div class=\"wppa-thumb-text\"><\/div><div class=\"wppa-thumb-text\"><\/div><div class=\"wppa-thumb-text\"><\/div><\/div><\/div><div id=\"thumbnail_frame_942_1\" class=\"thumbnail-frame thumbnail-frame-1 thumbnail-frame-photo-942\" style=\"width: 110px; height: 150px; margin-left: 13px; margin-top: 2px; margin-bottom: 2px;\"><div class=\"wppa-tn-img-container\" style=\"height:110px;width:110px;overflow:visible;\"><a style=\"position:static;\" class=\"thumb-img\" id=\"x-942-1\" href=\"https:\/\/www.andersen-slekt.info\/en\/anna-og-eilif\/ingjerd\/ingjerds-album\/wppaspec\/oc1\/lnen\/sd1\/ab5\/pt942\" onclick=\"wppaDoAjaxRender( 1, 'https:\/\/www.andersen-slekt.info\/wppaajax?action=wppa&wppa-action=render&wppa-size=640&wppa-occur=1&wppa-fromp=9311&lang=en&wppa-album=5&wppa-slide=1&wppa-occur=1&wppa-photo=942', 'https:\/\/www.andersen-slekt.info\/en\/anna-og-eilif\/ingjerd\/ingjerds-album\/wppaspec\/oc1\/lnen\/sd1\/ab5\/pt942' );return false;\"><img decoding=\"async\" id=\"i-942-1\" src=\"https:\/\/www.andersen-slekt.info\/wp-content\/uploads\/wppa\/thumbs\/942.jpg?ver=96\" alt=\"1A&E_Ingj6.jpg\" title=\"1A&E_Ingj6.jpg\" style=\"border-width:0px;width:110px;height:84px;margin-top: 13px;margin-bottom:13px;opacity:0.95;cursor:pointer\" onmouseout=\"jQuery( this ).fadeTo( 400, 0.95 )\" onmouseover=\"jQuery( this ).fadeTo( 400, 1.0 );wppaPopUp( 1, this, '942', '', '', '', '', '', '150', '115' );\" \/><\/a><\/div><div class=\"thumbnail-subtext-frame\" style=\"height:53px;width:110px;position:absolute;margin-top:-13px;overflow:hidden;\"><div class=\"wppa-thumb-text\"><\/div><div class=\"wppa-thumb-text\"><\/div><div class=\"wppa-thumb-text\"><\/div><\/div><\/div><div id=\"thumbnail_frame_944_1\" class=\"thumbnail-frame thumbnail-frame-1 thumbnail-frame-photo-944\" style=\"width: 110px; height: 150px; margin-left: 13px; margin-top: 2px; margin-bottom: 2px;\"><div class=\"wppa-tn-img-container\" style=\"height:110px;width:110px;overflow:visible;\"><a style=\"position:static;\" class=\"thumb-img\" id=\"x-944-1\" href=\"https:\/\/www.andersen-slekt.info\/en\/anna-og-eilif\/ingjerd\/ingjerds-album\/wppaspec\/oc1\/lnen\/sd1\/ab5\/pt944\" onclick=\"wppaDoAjaxRender( 1, 'https:\/\/www.andersen-slekt.info\/wppaajax?action=wppa&wppa-action=render&wppa-size=640&wppa-occur=1&wppa-fromp=9311&lang=en&wppa-album=5&wppa-slide=1&wppa-occur=1&wppa-photo=944', 'https:\/\/www.andersen-slekt.info\/en\/anna-og-eilif\/ingjerd\/ingjerds-album\/wppaspec\/oc1\/lnen\/sd1\/ab5\/pt944' );return false;\"><img decoding=\"async\" id=\"i-944-1\" src=\"https:\/\/www.andersen-slekt.info\/wp-content\/uploads\/wppa\/thumbs\/944.jpg?ver=96\" alt=\"IMG.jpg\" title=\"IMG.jpg\" style=\"border-width:0px;width:110px;height:75px;margin-top: 18px;margin-bottom:18px;opacity:0.95;cursor:pointer\" onmouseout=\"jQuery( this ).fadeTo( 400, 0.95 )\" onmouseover=\"jQuery( this ).fadeTo( 400, 1.0 );wppaPopUp( 1, this, '944', '', '', '', '', '', '150', '102' );\" \/><\/a><\/div><div class=\"thumbnail-subtext-frame\" style=\"height:58px;width:110px;position:absolute;margin-top:-18px;overflow:hidden;\"><div class=\"wppa-thumb-text\"><\/div><div class=\"wppa-thumb-text\"><\/div><div class=\"wppa-thumb-text\"><\/div><\/div><\/div><div id=\"thumbnail_frame_945_1\" class=\"thumbnail-frame thumbnail-frame-1 thumbnail-frame-photo-945\" style=\"width: 110px; height: 150px; margin-left: 13px; margin-top: 2px; margin-bottom: 2px;\"><div class=\"wppa-tn-img-container\" style=\"height:110px;width:110px;overflow:visible;\"><a style=\"position:static;\" class=\"thumb-img\" id=\"x-945-1\" href=\"https:\/\/www.andersen-slekt.info\/en\/anna-og-eilif\/ingjerd\/ingjerds-album\/wppaspec\/oc1\/lnen\/sd1\/ab5\/pt945\" onclick=\"wppaDoAjaxRender( 1, 'https:\/\/www.andersen-slekt.info\/wppaajax?action=wppa&wppa-action=render&wppa-size=640&wppa-occur=1&wppa-fromp=9311&lang=en&wppa-album=5&wppa-slide=1&wppa-occur=1&wppa-photo=945', 'https:\/\/www.andersen-slekt.info\/en\/anna-og-eilif\/ingjerd\/ingjerds-album\/wppaspec\/oc1\/lnen\/sd1\/ab5\/pt945' );return false;\"><img decoding=\"async\" id=\"i-945-1\" src=\"https:\/\/www.andersen-slekt.info\/wp-content\/uploads\/wppa\/thumbs\/945.jpg?ver=96\" alt=\"IMG_0033.jpg\" title=\"IMG_0033.jpg\" style=\"border-width:0px;width:110px;height:76px;margin-top: 17px;margin-bottom:17px;opacity:0.95;cursor:pointer\" onmouseout=\"jQuery( this ).fadeTo( 400, 0.95 )\" onmouseover=\"jQuery( this ).fadeTo( 400, 1.0 );wppaPopUp( 1, this, '945', '', '', '', '', '', '150', '104' );\" \/><\/a><\/div><div class=\"thumbnail-subtext-frame\" style=\"height:57px;width:110px;position:absolute;margin-top:-17px;overflow:hidden;\"><div class=\"wppa-thumb-text\"><\/div><div class=\"wppa-thumb-text\"><\/div><div class=\"wppa-thumb-text\"><\/div><\/div><\/div><div id=\"thumbnail_frame_946_1\" class=\"thumbnail-frame thumbnail-frame-1 thumbnail-frame-photo-946\" style=\"width: 110px; height: 150px; margin-left: 13px; margin-top: 2px; margin-bottom: 2px;\"><div class=\"wppa-tn-img-container\" style=\"height:110px;width:110px;overflow:visible;\"><a style=\"position:static;\" class=\"thumb-img\" id=\"x-946-1\" href=\"https:\/\/www.andersen-slekt.info\/en\/anna-og-eilif\/ingjerd\/ingjerds-album\/wppaspec\/oc1\/lnen\/sd1\/ab5\/pt946\" onclick=\"wppaDoAjaxRender( 1, 'https:\/\/www.andersen-slekt.info\/wppaajax?action=wppa&wppa-action=render&wppa-size=640&wppa-occur=1&wppa-fromp=9311&lang=en&wppa-album=5&wppa-slide=1&wppa-occur=1&wppa-photo=946', 'https:\/\/www.andersen-slekt.info\/en\/anna-og-eilif\/ingjerd\/ingjerds-album\/wppaspec\/oc1\/lnen\/sd1\/ab5\/pt946' );return false;\"><img decoding=\"async\" id=\"i-946-1\" src=\"https:\/\/www.andersen-slekt.info\/wp-content\/uploads\/wppa\/thumbs\/946.jpg?ver=96\" alt=\"IMG_0034.jpg\" title=\"IMG_0034.jpg\" style=\"border-width:0px;width:110px;height:76px;margin-top: 17px;margin-bottom:17px;opacity:0.95;cursor:pointer\" onmouseout=\"jQuery( this ).fadeTo( 400, 0.95 )\" onmouseover=\"jQuery( this ).fadeTo( 400, 1.0 );wppaPopUp( 1, this, '946', '', '', '', '', '', '150', '103' );\" \/><\/a><\/div><div class=\"thumbnail-subtext-frame\" style=\"height:57px;width:110px;position:absolute;margin-top:-17px;overflow:hidden;\"><div class=\"wppa-thumb-text\"><\/div><div class=\"wppa-thumb-text\"><\/div><div class=\"wppa-thumb-text\"><\/div><\/div><\/div><div id=\"thumbnail_frame_947_1\" class=\"thumbnail-frame thumbnail-frame-1 thumbnail-frame-photo-947\" style=\"width: 110px; height: 150px; margin-left: 13px; margin-top: 2px; margin-bottom: 2px;\"><div class=\"wppa-tn-img-container\" style=\"height:110px;width:110px;overflow:visible;\"><a style=\"position:static;\" class=\"thumb-img\" id=\"x-947-1\" href=\"https:\/\/www.andersen-slekt.info\/en\/anna-og-eilif\/ingjerd\/ingjerds-album\/wppaspec\/oc1\/lnen\/sd1\/ab5\/pt947\" onclick=\"wppaDoAjaxRender( 1, 'https:\/\/www.andersen-slekt.info\/wppaajax?action=wppa&wppa-action=render&wppa-size=640&wppa-occur=1&wppa-fromp=9311&lang=en&wppa-album=5&wppa-slide=1&wppa-occur=1&wppa-photo=947', 'https:\/\/www.andersen-slekt.info\/en\/anna-og-eilif\/ingjerd\/ingjerds-album\/wppaspec\/oc1\/lnen\/sd1\/ab5\/pt947' );return false;\"><img decoding=\"async\" id=\"i-947-1\" src=\"https:\/\/www.andersen-slekt.info\/wp-content\/uploads\/wppa\/thumbs\/947.jpg?ver=96\" alt=\"IMG_0049.jpg\" title=\"IMG_0049.jpg\" style=\"border-width:0px;width:110px;height:106px;margin-top: 2px;margin-bottom:2px;opacity:0.95;cursor:pointer\" onmouseout=\"jQuery( this ).fadeTo( 400, 0.95 )\" onmouseover=\"jQuery( this ).fadeTo( 400, 1.0 );wppaPopUp( 1, this, '947', '', '', '', '', '', '150', '145' );\" \/><\/a><\/div><div class=\"thumbnail-subtext-frame\" style=\"height:42px;width:110px;position:absolute;margin-top:-2px;overflow:hidden;\"><div class=\"wppa-thumb-text\"><\/div><div class=\"wppa-thumb-text\"><\/div><div class=\"wppa-thumb-text\"><\/div><\/div><\/div><div id=\"thumbnail_frame_948_1\" class=\"thumbnail-frame thumbnail-frame-1 thumbnail-frame-photo-948\" style=\"width: 110px; height: 150px; margin-left: 13px; margin-top: 2px; margin-bottom: 2px;\"><div class=\"wppa-tn-img-container\" style=\"height:110px;width:110px;overflow:visible;\"><a style=\"position:static;\" class=\"thumb-img\" id=\"x-948-1\" href=\"https:\/\/www.andersen-slekt.info\/en\/anna-og-eilif\/ingjerd\/ingjerds-album\/wppaspec\/oc1\/lnen\/sd1\/ab5\/pt948\" onclick=\"wppaDoAjaxRender( 1, 'https:\/\/www.andersen-slekt.info\/wppaajax?action=wppa&wppa-action=render&wppa-size=640&wppa-occur=1&wppa-fromp=9311&lang=en&wppa-album=5&wppa-slide=1&wppa-occur=1&wppa-photo=948', 'https:\/\/www.andersen-slekt.info\/en\/anna-og-eilif\/ingjerd\/ingjerds-album\/wppaspec\/oc1\/lnen\/sd1\/ab5\/pt948' );return false;\"><img decoding=\"async\" id=\"i-948-1\" src=\"https:\/\/www.andersen-slekt.info\/wp-content\/uploads\/wppa\/thumbs\/948.jpg?ver=96\" alt=\"IMG_0063.jpg\" title=\"IMG_0063.jpg\" style=\"border-width:0px;width:110px;height:78px;margin-top: 16px;margin-bottom:16px;opacity:0.95;cursor:pointer\" onmouseout=\"jQuery( this ).fadeTo( 400, 0.95 )\" onmouseover=\"jQuery( this ).fadeTo( 400, 1.0 );wppaPopUp( 1, this, '948', '', '', '', '', '', '150', '106' );\" \/><\/a><\/div><div class=\"thumbnail-subtext-frame\" style=\"height:56px;width:110px;position:absolute;margin-top:-16px;overflow:hidden;\"><div class=\"wppa-thumb-text\"><\/div><div class=\"wppa-thumb-text\"><\/div><div class=\"wppa-thumb-text\"><\/div><\/div><\/div><div id=\"thumbnail_frame_949_1\" class=\"thumbnail-frame thumbnail-frame-1 thumbnail-frame-photo-949\" style=\"width: 110px; height: 150px; margin-left: 13px; margin-top: 2px; margin-bottom: 2px;\"><div class=\"wppa-tn-img-container\" style=\"height:110px;width:110px;overflow:visible;\"><a style=\"position:static;\" class=\"thumb-img\" id=\"x-949-1\" href=\"https:\/\/www.andersen-slekt.info\/en\/anna-og-eilif\/ingjerd\/ingjerds-album\/wppaspec\/oc1\/lnen\/sd1\/ab5\/pt949\" onclick=\"wppaDoAjaxRender( 1, 'https:\/\/www.andersen-slekt.info\/wppaajax?action=wppa&wppa-action=render&wppa-size=640&wppa-occur=1&wppa-fromp=9311&lang=en&wppa-album=5&wppa-slide=1&wppa-occur=1&wppa-photo=949', 'https:\/\/www.andersen-slekt.info\/en\/anna-og-eilif\/ingjerd\/ingjerds-album\/wppaspec\/oc1\/lnen\/sd1\/ab5\/pt949' );return false;\"><img decoding=\"async\" id=\"i-949-1\" src=\"https:\/\/www.andersen-slekt.info\/wp-content\/uploads\/wppa\/thumbs\/949.jpg?ver=96\" alt=\"IMG_0055.jpg\" title=\"IMG_0055.jpg\" style=\"border-width:0px;width:110px;height:78px;margin-top: 16px;margin-bottom:16px;opacity:0.95;cursor:pointer\" onmouseout=\"jQuery( this ).fadeTo( 400, 0.95 )\" onmouseover=\"jQuery( this ).fadeTo( 400, 1.0 );wppaPopUp( 1, this, '949', '', '', '', '', '', '150', '107' );\" \/><\/a><\/div><div class=\"thumbnail-subtext-frame\" style=\"height:56px;width:110px;position:absolute;margin-top:-16px;overflow:hidden;\"><div class=\"wppa-thumb-text\"><\/div><div class=\"wppa-thumb-text\"><\/div><div class=\"wppa-thumb-text\"><\/div><\/div><\/div><div id=\"thumbnail_frame_950_1\" class=\"thumbnail-frame thumbnail-frame-1 thumbnail-frame-photo-950\" style=\"width: 110px; height: 150px; margin-left: 13px; margin-top: 2px; margin-bottom: 2px;\"><div class=\"wppa-tn-img-container\" style=\"height:110px;width:110px;overflow:visible;\"><a style=\"position:static;\" class=\"thumb-img\" id=\"x-950-1\" href=\"https:\/\/www.andersen-slekt.info\/en\/anna-og-eilif\/ingjerd\/ingjerds-album\/wppaspec\/oc1\/lnen\/sd1\/ab5\/pt950\" onclick=\"wppaDoAjaxRender( 1, 'https:\/\/www.andersen-slekt.info\/wppaajax?action=wppa&wppa-action=render&wppa-size=640&wppa-occur=1&wppa-fromp=9311&lang=en&wppa-album=5&wppa-slide=1&wppa-occur=1&wppa-photo=950', 'https:\/\/www.andersen-slekt.info\/en\/anna-og-eilif\/ingjerd\/ingjerds-album\/wppaspec\/oc1\/lnen\/sd1\/ab5\/pt950' );return false;\"><img decoding=\"async\" id=\"i-950-1\" src=\"https:\/\/www.andersen-slekt.info\/wp-content\/uploads\/wppa\/thumbs\/950.jpg?ver=96\" alt=\"File0004.jpg\" title=\"File0004.jpg\" style=\"border-width:0px;width:110px;height:65px;margin-top: 23px;margin-bottom:23px;opacity:0.95;cursor:pointer\" onmouseout=\"jQuery( this ).fadeTo( 400, 0.95 )\" onmouseover=\"jQuery( this ).fadeTo( 400, 1.0 );wppaPopUp( 1, this, '950', '', '', '', '', '', '150', '89' );\" \/><\/a><\/div><div class=\"thumbnail-subtext-frame\" style=\"height:63px;width:110px;position:absolute;margin-top:-23px;overflow:hidden;\"><div class=\"wppa-thumb-text\"><\/div><div class=\"wppa-thumb-text\"><\/div><div class=\"wppa-thumb-text\"><\/div><\/div><\/div><div id=\"thumbnail_frame_951_1\" class=\"thumbnail-frame thumbnail-frame-1 thumbnail-frame-photo-951\" style=\"width: 110px; height: 150px; margin-left: 13px; margin-top: 2px; margin-bottom: 2px;\"><div class=\"wppa-tn-img-container\" style=\"height:110px;width:110px;overflow:visible;\"><a style=\"position:static;\" class=\"thumb-img\" id=\"x-951-1\" href=\"https:\/\/www.andersen-slekt.info\/en\/anna-og-eilif\/ingjerd\/ingjerds-album\/wppaspec\/oc1\/lnen\/sd1\/ab5\/pt951\" onclick=\"wppaDoAjaxRender( 1, 'https:\/\/www.andersen-slekt.info\/wppaajax?action=wppa&wppa-action=render&wppa-size=640&wppa-occur=1&wppa-fromp=9311&lang=en&wppa-album=5&wppa-slide=1&wppa-occur=1&wppa-photo=951', 'https:\/\/www.andersen-slekt.info\/en\/anna-og-eilif\/ingjerd\/ingjerds-album\/wppaspec\/oc1\/lnen\/sd1\/ab5\/pt951' );return false;\"><img decoding=\"async\" id=\"i-951-1\" src=\"https:\/\/www.andersen-slekt.info\/wp-content\/uploads\/wppa\/thumbs\/951.jpg?ver=96\" alt=\"File0006.jpg\" title=\"File0006.jpg\" style=\"border-width:0px;width:110px;height:72px;margin-top: 19px;margin-bottom:19px;opacity:0.95;cursor:pointer\" onmouseout=\"jQuery( this ).fadeTo( 400, 0.95 )\" onmouseover=\"jQuery( this ).fadeTo( 400, 1.0 );wppaPopUp( 1, this, '951', '', '', '', '', '', '150', '98' );\" \/><\/a><\/div><div class=\"thumbnail-subtext-frame\" style=\"height:59px;width:110px;position:absolute;margin-top:-19px;overflow:hidden;\"><div class=\"wppa-thumb-text\"><\/div><div class=\"wppa-thumb-text\"><\/div><div class=\"wppa-thumb-text\"><\/div><\/div><\/div><div id=\"thumbnail_frame_952_1\" class=\"thumbnail-frame thumbnail-frame-1 thumbnail-frame-photo-952\" style=\"width: 110px; height: 150px; margin-left: 13px; margin-top: 2px; margin-bottom: 2px;\"><div class=\"wppa-tn-img-container\" style=\"height:110px;width:110px;overflow:visible;\"><a style=\"position:static;\" class=\"thumb-img\" id=\"x-952-1\" href=\"https:\/\/www.andersen-slekt.info\/en\/anna-og-eilif\/ingjerd\/ingjerds-album\/wppaspec\/oc1\/lnen\/sd1\/ab5\/pt952\" onclick=\"wppaDoAjaxRender( 1, 'https:\/\/www.andersen-slekt.info\/wppaajax?action=wppa&wppa-action=render&wppa-size=640&wppa-occur=1&wppa-fromp=9311&lang=en&wppa-album=5&wppa-slide=1&wppa-occur=1&wppa-photo=952', 'https:\/\/www.andersen-slekt.info\/en\/anna-og-eilif\/ingjerd\/ingjerds-album\/wppaspec\/oc1\/lnen\/sd1\/ab5\/pt952' );return false;\"><img decoding=\"async\" id=\"i-952-1\" src=\"https:\/\/www.andersen-slekt.info\/wp-content\/uploads\/wppa\/thumbs\/952.jpg?ver=96\" alt=\"File0009.jpg\" title=\"File0009.jpg\" style=\"border-width:0px;width:110px;height:70px;margin-top: 20px;margin-bottom:20px;opacity:0.95;cursor:pointer\" onmouseout=\"jQuery( this ).fadeTo( 400, 0.95 )\" onmouseover=\"jQuery( this ).fadeTo( 400, 1.0 );wppaPopUp( 1, this, '952', '', '', '', '', '', '150', '96' );\" \/><\/a><\/div><div class=\"thumbnail-subtext-frame\" style=\"height:60px;width:110px;position:absolute;margin-top:-20px;overflow:hidden;\"><div class=\"wppa-thumb-text\"><\/div><div class=\"wppa-thumb-text\"><\/div><div class=\"wppa-thumb-text\"><\/div><\/div><\/div><div id=\"thumbnail_frame_953_1\" class=\"thumbnail-frame thumbnail-frame-1 thumbnail-frame-photo-953\" style=\"width: 110px; height: 150px; margin-left: 13px; margin-top: 2px; margin-bottom: 2px;\"><div class=\"wppa-tn-img-container\" style=\"height:110px;width:110px;overflow:visible;\"><a style=\"position:static;\" class=\"thumb-img\" id=\"x-953-1\" href=\"https:\/\/www.andersen-slekt.info\/en\/anna-og-eilif\/ingjerd\/ingjerds-album\/wppaspec\/oc1\/lnen\/sd1\/ab5\/pt953\" onclick=\"wppaDoAjaxRender( 1, 'https:\/\/www.andersen-slekt.info\/wppaajax?action=wppa&wppa-action=render&wppa-size=640&wppa-occur=1&wppa-fromp=9311&lang=en&wppa-album=5&wppa-slide=1&wppa-occur=1&wppa-photo=953', 'https:\/\/www.andersen-slekt.info\/en\/anna-og-eilif\/ingjerd\/ingjerds-album\/wppaspec\/oc1\/lnen\/sd1\/ab5\/pt953' );return false;\"><img decoding=\"async\" id=\"i-953-1\" src=\"https:\/\/www.andersen-slekt.info\/wp-content\/uploads\/wppa\/thumbs\/953.jpg?ver=96\" alt=\"File0018.jpg\" title=\"File0018.jpg\" style=\"border-width:0px;width:110px;height:73px;margin-top: 19px;margin-bottom:19px;opacity:0.95;cursor:pointer\" onmouseout=\"jQuery( this ).fadeTo( 400, 0.95 )\" onmouseover=\"jQuery( this ).fadeTo( 400, 1.0 );wppaPopUp( 1, this, '953', '', '', '', '', '', '150', '100' );\" \/><\/a><\/div><div class=\"thumbnail-subtext-frame\" style=\"height:59px;width:110px;position:absolute;margin-top:-19px;overflow:hidden;\"><div class=\"wppa-thumb-text\"><\/div><div class=\"wppa-thumb-text\"><\/div><div class=\"wppa-thumb-text\"><\/div><\/div><\/div><div id=\"thumbnail_frame_954_1\" class=\"thumbnail-frame thumbnail-frame-1 thumbnail-frame-photo-954\" style=\"width: 110px; height: 150px; margin-left: 13px; margin-top: 2px; margin-bottom: 2px;\"><div class=\"wppa-tn-img-container\" style=\"height:110px;width:110px;overflow:visible;\"><a style=\"position:static;\" class=\"thumb-img\" id=\"x-954-1\" href=\"https:\/\/www.andersen-slekt.info\/en\/anna-og-eilif\/ingjerd\/ingjerds-album\/wppaspec\/oc1\/lnen\/sd1\/ab5\/pt954\" onclick=\"wppaDoAjaxRender( 1, 'https:\/\/www.andersen-slekt.info\/wppaajax?action=wppa&wppa-action=render&wppa-size=640&wppa-occur=1&wppa-fromp=9311&lang=en&wppa-album=5&wppa-slide=1&wppa-occur=1&wppa-photo=954', 'https:\/\/www.andersen-slekt.info\/en\/anna-og-eilif\/ingjerd\/ingjerds-album\/wppaspec\/oc1\/lnen\/sd1\/ab5\/pt954' );return false;\"><img decoding=\"async\" id=\"i-954-1\" src=\"https:\/\/www.andersen-slekt.info\/wp-content\/uploads\/wppa\/thumbs\/954.jpg?ver=96\" alt=\"File0019.jpg\" title=\"File0019.jpg\" style=\"border-width:0px;width:110px;height:64px;margin-top: 23px;margin-bottom:23px;opacity:0.95;cursor:pointer\" onmouseout=\"jQuery( this ).fadeTo( 400, 0.95 )\" onmouseover=\"jQuery( this ).fadeTo( 400, 1.0 );wppaPopUp( 1, this, '954', '', '', '', '', '', '150', '87' );\" \/><\/a><\/div><div class=\"thumbnail-subtext-frame\" style=\"height:63px;width:110px;position:absolute;margin-top:-23px;overflow:hidden;\"><div class=\"wppa-thumb-text\"><\/div><div class=\"wppa-thumb-text\"><\/div><div class=\"wppa-thumb-text\"><\/div><\/div><\/div><div id=\"thumbnail_frame_955_1\" class=\"thumbnail-frame thumbnail-frame-1 thumbnail-frame-photo-955\" style=\"width: 110px; height: 150px; margin-left: 13px; margin-top: 2px; margin-bottom: 2px;\"><div class=\"wppa-tn-img-container\" style=\"height:110px;width:110px;overflow:visible;\"><a style=\"position:static;\" class=\"thumb-img\" id=\"x-955-1\" href=\"https:\/\/www.andersen-slekt.info\/en\/anna-og-eilif\/ingjerd\/ingjerds-album\/wppaspec\/oc1\/lnen\/sd1\/ab5\/pt955\" onclick=\"wppaDoAjaxRender( 1, 'https:\/\/www.andersen-slekt.info\/wppaajax?action=wppa&wppa-action=render&wppa-size=640&wppa-occur=1&wppa-fromp=9311&lang=en&wppa-album=5&wppa-slide=1&wppa-occur=1&wppa-photo=955', 'https:\/\/www.andersen-slekt.info\/en\/anna-og-eilif\/ingjerd\/ingjerds-album\/wppaspec\/oc1\/lnen\/sd1\/ab5\/pt955' );return false;\"><img decoding=\"async\" id=\"i-955-1\" src=\"https:\/\/www.andersen-slekt.info\/wp-content\/uploads\/wppa\/thumbs\/955.jpg?ver=96\" alt=\"File0020.jpg\" title=\"File0020.jpg\" style=\"border-width:0px;width:110px;height:70px;margin-top: 20px;margin-bottom:20px;opacity:0.95;cursor:pointer\" onmouseout=\"jQuery( this ).fadeTo( 400, 0.95 )\" onmouseover=\"jQuery( this ).fadeTo( 400, 1.0 );wppaPopUp( 1, this, '955', '', '', '', '', '', '150', '96' );\" \/><\/a><\/div><div class=\"thumbnail-subtext-frame\" style=\"height:60px;width:110px;position:absolute;margin-top:-20px;overflow:hidden;\"><div class=\"wppa-thumb-text\"><\/div><div class=\"wppa-thumb-text\"><\/div><div class=\"wppa-thumb-text\"><\/div><\/div><\/div><div id=\"thumbnail_frame_956_1\" class=\"thumbnail-frame thumbnail-frame-1 thumbnail-frame-photo-956\" style=\"width: 110px; height: 150px; margin-left: 13px; margin-top: 2px; margin-bottom: 2px;\"><div class=\"wppa-tn-img-container\" style=\"height:110px;width:110px;overflow:visible;\"><a style=\"position:static;\" class=\"thumb-img\" id=\"x-956-1\" href=\"https:\/\/www.andersen-slekt.info\/en\/anna-og-eilif\/ingjerd\/ingjerds-album\/wppaspec\/oc1\/lnen\/sd1\/ab5\/pt956\" onclick=\"wppaDoAjaxRender( 1, 'https:\/\/www.andersen-slekt.info\/wppaajax?action=wppa&wppa-action=render&wppa-size=640&wppa-occur=1&wppa-fromp=9311&lang=en&wppa-album=5&wppa-slide=1&wppa-occur=1&wppa-photo=956', 'https:\/\/www.andersen-slekt.info\/en\/anna-og-eilif\/ingjerd\/ingjerds-album\/wppaspec\/oc1\/lnen\/sd1\/ab5\/pt956' );return false;\"><img decoding=\"async\" id=\"i-956-1\" src=\"https:\/\/www.andersen-slekt.info\/wp-content\/uploads\/wppa\/thumbs\/956.jpg?ver=96\" alt=\"File0047.jpg\" title=\"File0047.jpg\" style=\"border-width:0px;width:110px;height:73px;margin-top: 19px;margin-bottom:19px;opacity:0.95;cursor:pointer\" onmouseout=\"jQuery( this ).fadeTo( 400, 0.95 )\" onmouseover=\"jQuery( this ).fadeTo( 400, 1.0 );wppaPopUp( 1, this, '956', '', '', '', '', '', '150', '100' );\" \/><\/a><\/div><div class=\"thumbnail-subtext-frame\" style=\"height:59px;width:110px;position:absolute;margin-top:-19px;overflow:hidden;\"><div class=\"wppa-thumb-text\"><\/div><div class=\"wppa-thumb-text\"><\/div><div class=\"wppa-thumb-text\"><\/div><\/div><\/div><div id=\"thumbnail_frame_957_1\" class=\"thumbnail-frame thumbnail-frame-1 thumbnail-frame-photo-957\" style=\"width: 110px; height: 150px; margin-left: 13px; margin-top: 2px; margin-bottom: 2px;\"><div class=\"wppa-tn-img-container\" style=\"height:110px;width:110px;overflow:visible;\"><a style=\"position:static;\" class=\"thumb-img\" id=\"x-957-1\" href=\"https:\/\/www.andersen-slekt.info\/en\/anna-og-eilif\/ingjerd\/ingjerds-album\/wppaspec\/oc1\/lnen\/sd1\/ab5\/pt957\" onclick=\"wppaDoAjaxRender( 1, 'https:\/\/www.andersen-slekt.info\/wppaajax?action=wppa&wppa-action=render&wppa-size=640&wppa-occur=1&wppa-fromp=9311&lang=en&wppa-album=5&wppa-slide=1&wppa-occur=1&wppa-photo=957', 'https:\/\/www.andersen-slekt.info\/en\/anna-og-eilif\/ingjerd\/ingjerds-album\/wppaspec\/oc1\/lnen\/sd1\/ab5\/pt957' );return false;\"><img decoding=\"async\" id=\"i-957-1\" src=\"https:\/\/www.andersen-slekt.info\/wp-content\/uploads\/wppa\/thumbs\/957.jpg?ver=96\" alt=\"File0051.jpg\" title=\"File0051.jpg\" style=\"border-width:0px;width:110px;height:78px;margin-top: 16px;margin-bottom:16px;opacity:0.95;cursor:pointer\" onmouseout=\"jQuery( this ).fadeTo( 400, 0.95 )\" onmouseover=\"jQuery( this ).fadeTo( 400, 1.0 );wppaPopUp( 1, this, '957', '', '', '', '', '', '150', '107' );\" \/><\/a><\/div><div class=\"thumbnail-subtext-frame\" style=\"height:56px;width:110px;position:absolute;margin-top:-16px;overflow:hidden;\"><div class=\"wppa-thumb-text\"><\/div><div class=\"wppa-thumb-text\"><\/div><div class=\"wppa-thumb-text\"><\/div><\/div><\/div><div id=\"thumbnail_frame_958_1\" class=\"thumbnail-frame thumbnail-frame-1 thumbnail-frame-photo-958\" style=\"width: 110px; height: 150px; margin-left: 13px; margin-top: 2px; margin-bottom: 2px;\"><div class=\"wppa-tn-img-container\" style=\"height:110px;width:110px;overflow:visible;\"><a style=\"position:static;\" class=\"thumb-img\" id=\"x-958-1\" href=\"https:\/\/www.andersen-slekt.info\/en\/anna-og-eilif\/ingjerd\/ingjerds-album\/wppaspec\/oc1\/lnen\/sd1\/ab5\/pt958\" onclick=\"wppaDoAjaxRender( 1, 'https:\/\/www.andersen-slekt.info\/wppaajax?action=wppa&wppa-action=render&wppa-size=640&wppa-occur=1&wppa-fromp=9311&lang=en&wppa-album=5&wppa-slide=1&wppa-occur=1&wppa-photo=958', 'https:\/\/www.andersen-slekt.info\/en\/anna-og-eilif\/ingjerd\/ingjerds-album\/wppaspec\/oc1\/lnen\/sd1\/ab5\/pt958' );return false;\"><img decoding=\"async\" id=\"i-958-1\" src=\"https:\/\/www.andersen-slekt.info\/wp-content\/uploads\/wppa\/thumbs\/958.jpg?ver=96\" alt=\"File0059.jpg\" title=\"File0059.jpg\" style=\"border-width:0px;width:110px;height:70px;margin-top: 20px;margin-bottom:20px;opacity:0.95;cursor:pointer\" onmouseout=\"jQuery( this ).fadeTo( 400, 0.95 )\" onmouseover=\"jQuery( this ).fadeTo( 400, 1.0 );wppaPopUp( 1, this, '958', '', '', '', '', '', '150', '96' );\" \/><\/a><\/div><div class=\"thumbnail-subtext-frame\" style=\"height:60px;width:110px;position:absolute;margin-top:-20px;overflow:hidden;\"><div class=\"wppa-thumb-text\"><\/div><div class=\"wppa-thumb-text\"><\/div><div class=\"wppa-thumb-text\"><\/div><\/div><\/div><div id=\"thumbnail_frame_959_1\" class=\"thumbnail-frame thumbnail-frame-1 thumbnail-frame-photo-959\" style=\"width: 110px; height: 150px; margin-left: 13px; margin-top: 2px; margin-bottom: 2px;\"><div class=\"wppa-tn-img-container\" style=\"height:110px;width:110px;overflow:visible;\"><a style=\"position:static;\" class=\"thumb-img\" id=\"x-959-1\" href=\"https:\/\/www.andersen-slekt.info\/en\/anna-og-eilif\/ingjerd\/ingjerds-album\/wppaspec\/oc1\/lnen\/sd1\/ab5\/pt959\" onclick=\"wppaDoAjaxRender( 1, 'https:\/\/www.andersen-slekt.info\/wppaajax?action=wppa&wppa-action=render&wppa-size=640&wppa-occur=1&wppa-fromp=9311&lang=en&wppa-album=5&wppa-slide=1&wppa-occur=1&wppa-photo=959', 'https:\/\/www.andersen-slekt.info\/en\/anna-og-eilif\/ingjerd\/ingjerds-album\/wppaspec\/oc1\/lnen\/sd1\/ab5\/pt959' );return false;\"><img decoding=\"async\" id=\"i-959-1\" src=\"https:\/\/www.andersen-slekt.info\/wp-content\/uploads\/wppa\/thumbs\/959.jpg?ver=96\" alt=\"File0081.jpg\" title=\"File0081.jpg\" style=\"border-width:0px;width:110px;height:71px;margin-top: 20px;margin-bottom:20px;opacity:0.95;cursor:pointer\" onmouseout=\"jQuery( this ).fadeTo( 400, 0.95 )\" onmouseover=\"jQuery( this ).fadeTo( 400, 1.0 );wppaPopUp( 1, this, '959', '', '', '', '', '', '150', '97' );\" \/><\/a><\/div><div class=\"thumbnail-subtext-frame\" style=\"height:60px;width:110px;position:absolute;margin-top:-20px;overflow:hidden;\"><div class=\"wppa-thumb-text\"><\/div><div class=\"wppa-thumb-text\"><\/div><div class=\"wppa-thumb-text\"><\/div><\/div><\/div><div id=\"thumbnail_frame_960_1\" class=\"thumbnail-frame thumbnail-frame-1 thumbnail-frame-photo-960\" style=\"width: 110px; height: 150px; margin-left: 13px; margin-top: 2px; margin-bottom: 2px;\"><div class=\"wppa-tn-img-container\" style=\"height:110px;width:110px;overflow:visible;\"><a style=\"position:static;\" class=\"thumb-img\" id=\"x-960-1\" href=\"https:\/\/www.andersen-slekt.info\/en\/anna-og-eilif\/ingjerd\/ingjerds-album\/wppaspec\/oc1\/lnen\/sd1\/ab5\/pt960\" onclick=\"wppaDoAjaxRender( 1, 'https:\/\/www.andersen-slekt.info\/wppaajax?action=wppa&wppa-action=render&wppa-size=640&wppa-occur=1&wppa-fromp=9311&lang=en&wppa-album=5&wppa-slide=1&wppa-occur=1&wppa-photo=960', 'https:\/\/www.andersen-slekt.info\/en\/anna-og-eilif\/ingjerd\/ingjerds-album\/wppaspec\/oc1\/lnen\/sd1\/ab5\/pt960' );return false;\"><img decoding=\"async\" id=\"i-960-1\" src=\"https:\/\/www.andersen-slekt.info\/wp-content\/uploads\/wppa\/thumbs\/960.jpg?ver=96\" alt=\"File0094.jpg\" title=\"File0094.jpg\" style=\"border-width:0px;width:110px;height:84px;margin-top: 13px;margin-bottom:13px;opacity:0.95;cursor:pointer\" onmouseout=\"jQuery( this ).fadeTo( 400, 0.95 )\" onmouseover=\"jQuery( this ).fadeTo( 400, 1.0 );wppaPopUp( 1, this, '960', '', '', '', '', '', '150', '114' );\" \/><\/a><\/div><div class=\"thumbnail-subtext-frame\" style=\"height:53px;width:110px;position:absolute;margin-top:-13px;overflow:hidden;\"><div class=\"wppa-thumb-text\"><\/div><div class=\"wppa-thumb-text\"><\/div><div class=\"wppa-thumb-text\"><\/div><\/div><\/div><div id=\"thumbnail_frame_961_1\" class=\"thumbnail-frame thumbnail-frame-1 thumbnail-frame-photo-961\" style=\"width: 110px; height: 150px; margin-left: 13px; margin-top: 2px; margin-bottom: 2px;\"><div class=\"wppa-tn-img-container\" style=\"height:110px;width:110px;overflow:visible;\"><a style=\"position:static;\" class=\"thumb-img\" id=\"x-961-1\" href=\"https:\/\/www.andersen-slekt.info\/en\/anna-og-eilif\/ingjerd\/ingjerds-album\/wppaspec\/oc1\/lnen\/sd1\/ab5\/pt961\" onclick=\"wppaDoAjaxRender( 1, 'https:\/\/www.andersen-slekt.info\/wppaajax?action=wppa&wppa-action=render&wppa-size=640&wppa-occur=1&wppa-fromp=9311&lang=en&wppa-album=5&wppa-slide=1&wppa-occur=1&wppa-photo=961', 'https:\/\/www.andersen-slekt.info\/en\/anna-og-eilif\/ingjerd\/ingjerds-album\/wppaspec\/oc1\/lnen\/sd1\/ab5\/pt961' );return false;\"><img decoding=\"async\" id=\"i-961-1\" src=\"https:\/\/www.andersen-slekt.info\/wp-content\/uploads\/wppa\/thumbs\/961.jpg?ver=96\" alt=\"File0096.jpg\" title=\"File0096.jpg\" style=\"border-width:0px;width:110px;height:73px;margin-top: 19px;margin-bottom:19px;opacity:0.95;cursor:pointer\" onmouseout=\"jQuery( this ).fadeTo( 400, 0.95 )\" onmouseover=\"jQuery( this ).fadeTo( 400, 1.0 );wppaPopUp( 1, this, '961', '', '', '', '', '', '150', '99' );\" \/><\/a><\/div><div class=\"thumbnail-subtext-frame\" style=\"height:59px;width:110px;position:absolute;margin-top:-19px;overflow:hidden;\"><div class=\"wppa-thumb-text\"><\/div><div class=\"wppa-thumb-text\"><\/div><div class=\"wppa-thumb-text\"><\/div><\/div><\/div><div id=\"thumbnail_frame_962_1\" class=\"thumbnail-frame thumbnail-frame-1 thumbnail-frame-photo-962\" style=\"width: 110px; height: 150px; margin-left: 13px; margin-top: 2px; margin-bottom: 2px;\"><div class=\"wppa-tn-img-container\" style=\"height:110px;width:110px;overflow:visible;\"><a style=\"position:static;\" class=\"thumb-img\" id=\"x-962-1\" href=\"https:\/\/www.andersen-slekt.info\/en\/anna-og-eilif\/ingjerd\/ingjerds-album\/wppaspec\/oc1\/lnen\/sd1\/ab5\/pt962\" onclick=\"wppaDoAjaxRender( 1, 'https:\/\/www.andersen-slekt.info\/wppaajax?action=wppa&wppa-action=render&wppa-size=640&wppa-occur=1&wppa-fromp=9311&lang=en&wppa-album=5&wppa-slide=1&wppa-occur=1&wppa-photo=962', 'https:\/\/www.andersen-slekt.info\/en\/anna-og-eilif\/ingjerd\/ingjerds-album\/wppaspec\/oc1\/lnen\/sd1\/ab5\/pt962' );return false;\"><img decoding=\"async\" id=\"i-962-1\" src=\"https:\/\/www.andersen-slekt.info\/wp-content\/uploads\/wppa\/thumbs\/962.jpg?ver=96\" alt=\"File0113.jpg\" title=\"File0113.jpg\" style=\"border-width:0px;width:110px;height:78px;margin-top: 16px;margin-bottom:16px;opacity:0.95;cursor:pointer\" onmouseout=\"jQuery( this ).fadeTo( 400, 0.95 )\" onmouseover=\"jQuery( this ).fadeTo( 400, 1.0 );wppaPopUp( 1, this, '962', '', '', '', '', '', '150', '107' );\" \/><\/a><\/div><div class=\"thumbnail-subtext-frame\" style=\"height:56px;width:110px;position:absolute;margin-top:-16px;overflow:hidden;\"><div class=\"wppa-thumb-text\"><\/div><div class=\"wppa-thumb-text\"><\/div><div class=\"wppa-thumb-text\"><\/div><\/div><\/div><div id=\"thumbnail_frame_963_1\" class=\"thumbnail-frame thumbnail-frame-1 thumbnail-frame-photo-963\" style=\"width: 110px; height: 150px; margin-left: 13px; margin-top: 2px; margin-bottom: 2px;\"><div class=\"wppa-tn-img-container\" style=\"height:110px;width:110px;overflow:visible;\"><a style=\"position:static;\" class=\"thumb-img\" id=\"x-963-1\" href=\"https:\/\/www.andersen-slekt.info\/en\/anna-og-eilif\/ingjerd\/ingjerds-album\/wppaspec\/oc1\/lnen\/sd1\/ab5\/pt963\" onclick=\"wppaDoAjaxRender( 1, 'https:\/\/www.andersen-slekt.info\/wppaajax?action=wppa&wppa-action=render&wppa-size=640&wppa-occur=1&wppa-fromp=9311&lang=en&wppa-album=5&wppa-slide=1&wppa-occur=1&wppa-photo=963', 'https:\/\/www.andersen-slekt.info\/en\/anna-og-eilif\/ingjerd\/ingjerds-album\/wppaspec\/oc1\/lnen\/sd1\/ab5\/pt963' );return false;\"><img decoding=\"async\" id=\"i-963-1\" src=\"https:\/\/www.andersen-slekt.info\/wp-content\/uploads\/wppa\/thumbs\/963.jpg?ver=96\" alt=\"ingerReidun.jpg\" title=\"ingerReidun.jpg\" style=\"border-width:0px;width:110px;height:78px;margin-top: 16px;margin-bottom:16px;opacity:0.95;cursor:pointer\" onmouseout=\"jQuery( this ).fadeTo( 400, 0.95 )\" onmouseover=\"jQuery( this ).fadeTo( 400, 1.0 );wppaPopUp( 1, this, '963', '', '', '', '', '', '150', '107' );\" \/><\/a><\/div><div class=\"thumbnail-subtext-frame\" style=\"height:56px;width:110px;position:absolute;margin-top:-16px;overflow:hidden;\"><div class=\"wppa-thumb-text\"><\/div><div class=\"wppa-thumb-text\"><\/div><div class=\"wppa-thumb-text\"><\/div><\/div><\/div><div id=\"thumbnail_frame_964_1\" class=\"thumbnail-frame thumbnail-frame-1 thumbnail-frame-photo-964\" style=\"width: 110px; height: 150px; margin-left: 13px; margin-top: 2px; margin-bottom: 2px;\"><div class=\"wppa-tn-img-container\" style=\"height:110px;width:110px;overflow:visible;\"><a style=\"position:static;\" class=\"thumb-img\" id=\"x-964-1\" href=\"https:\/\/www.andersen-slekt.info\/en\/anna-og-eilif\/ingjerd\/ingjerds-album\/wppaspec\/oc1\/lnen\/sd1\/ab5\/pt964\" onclick=\"wppaDoAjaxRender( 1, 'https:\/\/www.andersen-slekt.info\/wppaajax?action=wppa&wppa-action=render&wppa-size=640&wppa-occur=1&wppa-fromp=9311&lang=en&wppa-album=5&wppa-slide=1&wppa-occur=1&wppa-photo=964', 'https:\/\/www.andersen-slekt.info\/en\/anna-og-eilif\/ingjerd\/ingjerds-album\/wppaspec\/oc1\/lnen\/sd1\/ab5\/pt964' );return false;\"><img decoding=\"async\" id=\"i-964-1\" src=\"https:\/\/www.andersen-slekt.info\/wp-content\/uploads\/wppa\/thumbs\/964.jpg?ver=96\" alt=\"ingerReidun5.jpg\" title=\"ingerReidun5.jpg\" style=\"border-width:0px;width:110px;height:102px;margin-top: 4px;margin-bottom:4px;opacity:0.95;cursor:pointer\" onmouseout=\"jQuery( this ).fadeTo( 400, 0.95 )\" onmouseover=\"jQuery( this ).fadeTo( 400, 1.0 );wppaPopUp( 1, this, '964', '', '', '', '', '', '150', '139' );\" \/><\/a><\/div><div class=\"thumbnail-subtext-frame\" style=\"height:44px;width:110px;position:absolute;margin-top:-4px;overflow:hidden;\"><div class=\"wppa-thumb-text\"><\/div><div class=\"wppa-thumb-text\"><\/div><div class=\"wppa-thumb-text\"><\/div><\/div><\/div><div id=\"thumbnail_frame_965_1\" class=\"thumbnail-frame thumbnail-frame-1 thumbnail-frame-photo-965\" style=\"width: 110px; height: 150px; margin-left: 13px; margin-top: 2px; margin-bottom: 2px;\"><div class=\"wppa-tn-img-container\" style=\"height:110px;width:110px;overflow:visible;\"><a style=\"position:static;\" class=\"thumb-img\" id=\"x-965-1\" href=\"https:\/\/www.andersen-slekt.info\/en\/anna-og-eilif\/ingjerd\/ingjerds-album\/wppaspec\/oc1\/lnen\/sd1\/ab5\/pt965\" onclick=\"wppaDoAjaxRender( 1, 'https:\/\/www.andersen-slekt.info\/wppaajax?action=wppa&wppa-action=render&wppa-size=640&wppa-occur=1&wppa-fromp=9311&lang=en&wppa-album=5&wppa-slide=1&wppa-occur=1&wppa-photo=965', 'https:\/\/www.andersen-slekt.info\/en\/anna-og-eilif\/ingjerd\/ingjerds-album\/wppaspec\/oc1\/lnen\/sd1\/ab5\/pt965' );return false;\"><img decoding=\"async\" id=\"i-965-1\" src=\"https:\/\/www.andersen-slekt.info\/wp-content\/uploads\/wppa\/thumbs\/965.jpg?ver=96\" alt=\"ingerReidun15b.jpg\" title=\"ingerReidun15b.jpg\" style=\"border-width:0px;width:110px;height:73px;margin-top: 19px;margin-bottom:19px;opacity:0.95;cursor:pointer\" onmouseout=\"jQuery( this ).fadeTo( 400, 0.95 )\" onmouseover=\"jQuery( this ).fadeTo( 400, 1.0 );wppaPopUp( 1, this, '965', '', '', '', '', '', '150', '99' );\" \/><\/a><\/div><div class=\"thumbnail-subtext-frame\" style=\"height:59px;width:110px;position:absolute;margin-top:-19px;overflow:hidden;\"><div class=\"wppa-thumb-text\"><\/div><div class=\"wppa-thumb-text\"><\/div><div class=\"wppa-thumb-text\"><\/div><\/div><\/div><div id=\"thumbnail_frame_966_1\" class=\"thumbnail-frame thumbnail-frame-1 thumbnail-frame-photo-966\" style=\"width: 110px; height: 150px; margin-left: 13px; margin-top: 2px; margin-bottom: 2px;\"><div class=\"wppa-tn-img-container\" style=\"height:110px;width:110px;overflow:visible;\"><a style=\"position:static;\" class=\"thumb-img\" id=\"x-966-1\" href=\"https:\/\/www.andersen-slekt.info\/en\/anna-og-eilif\/ingjerd\/ingjerds-album\/wppaspec\/oc1\/lnen\/sd1\/ab5\/pt966\" onclick=\"wppaDoAjaxRender( 1, 'https:\/\/www.andersen-slekt.info\/wppaajax?action=wppa&wppa-action=render&wppa-size=640&wppa-occur=1&wppa-fromp=9311&lang=en&wppa-album=5&wppa-slide=1&wppa-occur=1&wppa-photo=966', 'https:\/\/www.andersen-slekt.info\/en\/anna-og-eilif\/ingjerd\/ingjerds-album\/wppaspec\/oc1\/lnen\/sd1\/ab5\/pt966' );return false;\"><img decoding=\"async\" id=\"i-966-1\" src=\"https:\/\/www.andersen-slekt.info\/wp-content\/uploads\/wppa\/thumbs\/966.jpg?ver=96\" alt=\"ingerReidun17b.jpg\" title=\"ingerReidun17b.jpg\" style=\"border-width:0px;width:110px;height:72px;margin-top: 19px;margin-bottom:19px;opacity:0.95;cursor:pointer\" onmouseout=\"jQuery( this ).fadeTo( 400, 0.95 )\" onmouseover=\"jQuery( this ).fadeTo( 400, 1.0 );wppaPopUp( 1, this, '966', '', '', '', '', '', '150', '98' );\" \/><\/a><\/div><div class=\"thumbnail-subtext-frame\" style=\"height:59px;width:110px;position:absolute;margin-top:-19px;overflow:hidden;\"><div class=\"wppa-thumb-text\"><\/div><div class=\"wppa-thumb-text\"><\/div><div class=\"wppa-thumb-text\"><\/div><\/div><\/div><div id=\"thumbnail_frame_967_1\" class=\"thumbnail-frame thumbnail-frame-1 thumbnail-frame-photo-967\" style=\"width: 110px; height: 150px; margin-left: 13px; margin-top: 2px; margin-bottom: 2px;\"><div class=\"wppa-tn-img-container\" style=\"height:110px;width:110px;overflow:visible;\"><a style=\"position:static;\" class=\"thumb-img\" id=\"x-967-1\" href=\"https:\/\/www.andersen-slekt.info\/en\/anna-og-eilif\/ingjerd\/ingjerds-album\/wppaspec\/oc1\/lnen\/sd1\/ab5\/pt967\" onclick=\"wppaDoAjaxRender( 1, 'https:\/\/www.andersen-slekt.info\/wppaajax?action=wppa&wppa-action=render&wppa-size=640&wppa-occur=1&wppa-fromp=9311&lang=en&wppa-album=5&wppa-slide=1&wppa-occur=1&wppa-photo=967', 'https:\/\/www.andersen-slekt.info\/en\/anna-og-eilif\/ingjerd\/ingjerds-album\/wppaspec\/oc1\/lnen\/sd1\/ab5\/pt967' );return false;\"><img decoding=\"async\" id=\"i-967-1\" src=\"https:\/\/www.andersen-slekt.info\/wp-content\/uploads\/wppa\/thumbs\/967.jpg?ver=96\" alt=\"ingerReidundaap.jpg\" title=\"ingerReidundaap.jpg\" style=\"border-width:0px;width:110px;height:93px;margin-top: 9px;margin-bottom:9px;opacity:0.95;cursor:pointer\" onmouseout=\"jQuery( this ).fadeTo( 400, 0.95 )\" onmouseover=\"jQuery( this ).fadeTo( 400, 1.0 );wppaPopUp( 1, this, '967', '', '', '', '', '', '150', '127' );\" \/><\/a><\/div><div class=\"thumbnail-subtext-frame\" style=\"height:49px;width:110px;position:absolute;margin-top:-9px;overflow:hidden;\"><div class=\"wppa-thumb-text\"><\/div><div class=\"wppa-thumb-text\"><\/div><div class=\"wppa-thumb-text\"><\/div><\/div><\/div><div id=\"thumbnail_frame_968_1\" class=\"thumbnail-frame thumbnail-frame-1 thumbnail-frame-photo-968\" style=\"width: 110px; height: 150px; margin-left: 13px; margin-top: 2px; margin-bottom: 2px;\"><div class=\"wppa-tn-img-container\" style=\"height:110px;width:110px;overflow:visible;\"><a style=\"position:static;\" class=\"thumb-img\" id=\"x-968-1\" href=\"https:\/\/www.andersen-slekt.info\/en\/anna-og-eilif\/ingjerd\/ingjerds-album\/wppaspec\/oc1\/lnen\/sd1\/ab5\/pt968\" onclick=\"wppaDoAjaxRender( 1, 'https:\/\/www.andersen-slekt.info\/wppaajax?action=wppa&wppa-action=render&wppa-size=640&wppa-occur=1&wppa-fromp=9311&lang=en&wppa-album=5&wppa-slide=1&wppa-occur=1&wppa-photo=968', 'https:\/\/www.andersen-slekt.info\/en\/anna-og-eilif\/ingjerd\/ingjerds-album\/wppaspec\/oc1\/lnen\/sd1\/ab5\/pt968' );return false;\"><img decoding=\"async\" id=\"i-968-1\" src=\"https:\/\/www.andersen-slekt.info\/wp-content\/uploads\/wppa\/thumbs\/968.jpg?ver=96\" alt=\"ingerReidun12b.jpg\" title=\"ingerReidun12b.jpg\" style=\"border-width:0px;width:110px;height:70px;margin-top: 20px;margin-bottom:20px;opacity:0.95;cursor:pointer\" onmouseout=\"jQuery( this ).fadeTo( 400, 0.95 )\" onmouseover=\"jQuery( this ).fadeTo( 400, 1.0 );wppaPopUp( 1, this, '968', '', '', '', '', '', '150', '96' );\" \/><\/a><\/div><div class=\"thumbnail-subtext-frame\" style=\"height:60px;width:110px;position:absolute;margin-top:-20px;overflow:hidden;\"><div class=\"wppa-thumb-text\"><\/div><div class=\"wppa-thumb-text\"><\/div><div class=\"wppa-thumb-text\"><\/div><\/div><\/div><div id=\"thumbnail_frame_970_1\" class=\"thumbnail-frame thumbnail-frame-1 thumbnail-frame-photo-970\" style=\"width: 110px; height: 150px; margin-left: 13px; margin-top: 2px; margin-bottom: 2px;\"><div class=\"wppa-tn-img-container\" style=\"height:110px;width:110px;overflow:visible;\"><a style=\"position:static;\" class=\"thumb-img\" id=\"x-970-1\" href=\"https:\/\/www.andersen-slekt.info\/en\/anna-og-eilif\/ingjerd\/ingjerds-album\/wppaspec\/oc1\/lnen\/sd1\/ab5\/pt970\" onclick=\"wppaDoAjaxRender( 1, 'https:\/\/www.andersen-slekt.info\/wppaajax?action=wppa&wppa-action=render&wppa-size=640&wppa-occur=1&wppa-fromp=9311&lang=en&wppa-album=5&wppa-slide=1&wppa-occur=1&wppa-photo=970', 'https:\/\/www.andersen-slekt.info\/en\/anna-og-eilif\/ingjerd\/ingjerds-album\/wppaspec\/oc1\/lnen\/sd1\/ab5\/pt970' );return false;\"><img decoding=\"async\" id=\"i-970-1\" src=\"https:\/\/www.andersen-slekt.info\/wp-content\/uploads\/wppa\/thumbs\/970.jpg?ver=96\" alt=\"ingerReidun13.jpg\" title=\"ingerReidun13.jpg\" style=\"border-width:0px;width:110px;height:73px;margin-top: 19px;margin-bottom:19px;opacity:0.95;cursor:pointer\" onmouseout=\"jQuery( this ).fadeTo( 400, 0.95 )\" onmouseover=\"jQuery( this ).fadeTo( 400, 1.0 );wppaPopUp( 1, this, '970', '', '', '', '', '', '150', '99' );\" \/><\/a><\/div><div class=\"thumbnail-subtext-frame\" style=\"height:59px;width:110px;position:absolute;margin-top:-19px;overflow:hidden;\"><div class=\"wppa-thumb-text\"><\/div><div class=\"wppa-thumb-text\"><\/div><div class=\"wppa-thumb-text\"><\/div><\/div><\/div><div id=\"thumbnail_frame_971_1\" class=\"thumbnail-frame thumbnail-frame-1 thumbnail-frame-photo-971\" style=\"width: 110px; height: 150px; margin-left: 13px; margin-top: 2px; margin-bottom: 2px;\"><div class=\"wppa-tn-img-container\" style=\"height:110px;width:110px;overflow:visible;\"><a style=\"position:static;\" class=\"thumb-img\" id=\"x-971-1\" href=\"https:\/\/www.andersen-slekt.info\/en\/anna-og-eilif\/ingjerd\/ingjerds-album\/wppaspec\/oc1\/lnen\/sd1\/ab5\/pt971\" onclick=\"wppaDoAjaxRender( 1, 'https:\/\/www.andersen-slekt.info\/wppaajax?action=wppa&wppa-action=render&wppa-size=640&wppa-occur=1&wppa-fromp=9311&lang=en&wppa-album=5&wppa-slide=1&wppa-occur=1&wppa-photo=971', 'https:\/\/www.andersen-slekt.info\/en\/anna-og-eilif\/ingjerd\/ingjerds-album\/wppaspec\/oc1\/lnen\/sd1\/ab5\/pt971' );return false;\"><img decoding=\"async\" id=\"i-971-1\" src=\"https:\/\/www.andersen-slekt.info\/wp-content\/uploads\/wppa\/thumbs\/971.jpg?ver=96\" alt=\"skitur2.jpg\" title=\"skitur2.jpg\" style=\"border-width:0px;width:110px;height:92px;margin-top: 9px;margin-bottom:9px;opacity:0.95;cursor:pointer\" onmouseout=\"jQuery( this ).fadeTo( 400, 0.95 )\" onmouseover=\"jQuery( this ).fadeTo( 400, 1.0 );wppaPopUp( 1, this, '971', '', '', '', '', '', '150', '126' );\" \/><\/a><\/div><div class=\"thumbnail-subtext-frame\" style=\"height:49px;width:110px;position:absolute;margin-top:-9px;overflow:hidden;\"><div class=\"wppa-thumb-text\"><\/div><div class=\"wppa-thumb-text\"><\/div><div class=\"wppa-thumb-text\"><\/div><\/div><\/div><div id=\"thumbnail_frame_972_1\" class=\"thumbnail-frame thumbnail-frame-1 thumbnail-frame-photo-972\" style=\"width: 110px; height: 150px; margin-left: 13px; margin-top: 2px; margin-bottom: 2px;\"><div class=\"wppa-tn-img-container\" style=\"height:110px;width:110px;overflow:visible;\"><a style=\"position:static;\" class=\"thumb-img\" id=\"x-972-1\" href=\"https:\/\/www.andersen-slekt.info\/en\/anna-og-eilif\/ingjerd\/ingjerds-album\/wppaspec\/oc1\/lnen\/sd1\/ab5\/pt972\" onclick=\"wppaDoAjaxRender( 1, 'https:\/\/www.andersen-slekt.info\/wppaajax?action=wppa&wppa-action=render&wppa-size=640&wppa-occur=1&wppa-fromp=9311&lang=en&wppa-album=5&wppa-slide=1&wppa-occur=1&wppa-photo=972', 'https:\/\/www.andersen-slekt.info\/en\/anna-og-eilif\/ingjerd\/ingjerds-album\/wppaspec\/oc1\/lnen\/sd1\/ab5\/pt972' );return false;\"><img decoding=\"async\" id=\"i-972-1\" src=\"https:\/\/www.andersen-slekt.info\/wp-content\/uploads\/wppa\/thumbs\/972.gif?ver=96\" alt=\"slottet.gif\" title=\"slottet.gif\" style=\"border-width:0px;width:110px;height:71px;margin-top: 20px;margin-bottom:20px;opacity:0.95;cursor:pointer\" onmouseout=\"jQuery( this ).fadeTo( 400, 0.95 )\" onmouseover=\"jQuery( this ).fadeTo( 400, 1.0 );wppaPopUp( 1, this, '972', '', '', '', '', '', '150', '97' );\" \/><\/a><\/div><div class=\"thumbnail-subtext-frame\" style=\"height:60px;width:110px;position:absolute;margin-top:-20px;overflow:hidden;\"><div class=\"wppa-thumb-text\"><\/div><div class=\"wppa-thumb-text\"><\/div><div class=\"wppa-thumb-text\"><\/div><\/div><\/div><div id=\"thumbnail_frame_973_1\" class=\"thumbnail-frame thumbnail-frame-1 thumbnail-frame-photo-973\" style=\"width: 110px; height: 150px; margin-left: 13px; margin-top: 2px; margin-bottom: 2px;\"><div class=\"wppa-tn-img-container\" style=\"height:110px;width:110px;overflow:visible;\"><a style=\"position:static;\" class=\"thumb-img\" id=\"x-973-1\" href=\"https:\/\/www.andersen-slekt.info\/en\/anna-og-eilif\/ingjerd\/ingjerds-album\/wppaspec\/oc1\/lnen\/sd1\/ab5\/pt973\" onclick=\"wppaDoAjaxRender( 1, 'https:\/\/www.andersen-slekt.info\/wppaajax?action=wppa&wppa-action=render&wppa-size=640&wppa-occur=1&wppa-fromp=9311&lang=en&wppa-album=5&wppa-slide=1&wppa-occur=1&wppa-photo=973', 'https:\/\/www.andersen-slekt.info\/en\/anna-og-eilif\/ingjerd\/ingjerds-album\/wppaspec\/oc1\/lnen\/sd1\/ab5\/pt973' );return false;\"><img decoding=\"async\" id=\"i-973-1\" src=\"https:\/\/www.andersen-slekt.info\/wp-content\/uploads\/wppa\/thumbs\/973.jpg?ver=96\" alt=\"tur6.jpg\" title=\"tur6.jpg\" style=\"border-width:0px;width:110px;height:87px;margin-top: 12px;margin-bottom:12px;opacity:0.95;cursor:pointer\" onmouseout=\"jQuery( this ).fadeTo( 400, 0.95 )\" onmouseover=\"jQuery( this ).fadeTo( 400, 1.0 );wppaPopUp( 1, this, '973', '', '', '', '', '', '150', '119' );\" \/><\/a><\/div><div class=\"thumbnail-subtext-frame\" style=\"height:52px;width:110px;position:absolute;margin-top:-12px;overflow:hidden;\"><div class=\"wppa-thumb-text\"><\/div><div class=\"wppa-thumb-text\"><\/div><div class=\"wppa-thumb-text\"><\/div><\/div><\/div><div id=\"thumbnail_frame_974_1\" class=\"thumbnail-frame thumbnail-frame-1 thumbnail-frame-photo-974\" style=\"width: 110px; height: 150px; margin-left: 13px; margin-top: 2px; margin-bottom: 2px;\"><div class=\"wppa-tn-img-container\" style=\"height:110px;width:110px;overflow:visible;\"><a style=\"position:static;\" class=\"thumb-img\" id=\"x-974-1\" href=\"https:\/\/www.andersen-slekt.info\/en\/anna-og-eilif\/ingjerd\/ingjerds-album\/wppaspec\/oc1\/lnen\/sd1\/ab5\/pt974\" onclick=\"wppaDoAjaxRender( 1, 'https:\/\/www.andersen-slekt.info\/wppaajax?action=wppa&wppa-action=render&wppa-size=640&wppa-occur=1&wppa-fromp=9311&lang=en&wppa-album=5&wppa-slide=1&wppa-occur=1&wppa-photo=974', 'https:\/\/www.andersen-slekt.info\/en\/anna-og-eilif\/ingjerd\/ingjerds-album\/wppaspec\/oc1\/lnen\/sd1\/ab5\/pt974' );return false;\"><img decoding=\"async\" id=\"i-974-1\" src=\"https:\/\/www.andersen-slekt.info\/wp-content\/uploads\/wppa\/thumbs\/974.jpg?ver=96\" alt=\"tur13.jpg\" title=\"tur13.jpg\" style=\"border-width:0px;width:110px;height:56px;margin-top: 27px;margin-bottom:27px;opacity:0.95;cursor:pointer\" onmouseout=\"jQuery( this ).fadeTo( 400, 0.95 )\" onmouseover=\"jQuery( this ).fadeTo( 400, 1.0 );wppaPopUp( 1, this, '974', '', '', '', '', '', '150', '77' );\" \/><\/a><\/div><div class=\"thumbnail-subtext-frame\" style=\"height:67px;width:110px;position:absolute;margin-top:-27px;overflow:hidden;\"><div class=\"wppa-thumb-text\"><\/div><div class=\"wppa-thumb-text\"><\/div><div class=\"wppa-thumb-text\"><\/div><\/div><\/div><div id=\"thumbnail_frame_975_1\" class=\"thumbnail-frame thumbnail-frame-1 thumbnail-frame-photo-975\" style=\"width: 110px; height: 150px; margin-left: 13px; margin-top: 2px; margin-bottom: 2px;\"><div class=\"wppa-tn-img-container\" style=\"height:110px;width:110px;overflow:visible;\"><a style=\"position:static;\" class=\"thumb-img\" id=\"x-975-1\" href=\"https:\/\/www.andersen-slekt.info\/en\/anna-og-eilif\/ingjerd\/ingjerds-album\/wppaspec\/oc1\/lnen\/sd1\/ab5\/pt975\" onclick=\"wppaDoAjaxRender( 1, 'https:\/\/www.andersen-slekt.info\/wppaajax?action=wppa&wppa-action=render&wppa-size=640&wppa-occur=1&wppa-fromp=9311&lang=en&wppa-album=5&wppa-slide=1&wppa-occur=1&wppa-photo=975', 'https:\/\/www.andersen-slekt.info\/en\/anna-og-eilif\/ingjerd\/ingjerds-album\/wppaspec\/oc1\/lnen\/sd1\/ab5\/pt975' );return false;\"><img decoding=\"async\" id=\"i-975-1\" src=\"https:\/\/www.andersen-slekt.info\/wp-content\/uploads\/wppa\/thumbs\/975.jpg?ver=96\" alt=\"william2.jpg\" title=\"william2.jpg\" style=\"border-width:0px;width:110px;height:73px;margin-top: 19px;margin-bottom:19px;opacity:0.95;cursor:pointer\" onmouseout=\"jQuery( this ).fadeTo( 400, 0.95 )\" onmouseover=\"jQuery( this ).fadeTo( 400, 1.0 );wppaPopUp( 1, this, '975', '', '', '', '', '', '150', '100' );\" \/><\/a><\/div><div class=\"thumbnail-subtext-frame\" style=\"height:59px;width:110px;position:absolute;margin-top:-19px;overflow:hidden;\"><div class=\"wppa-thumb-text\"><\/div><div class=\"wppa-thumb-text\"><\/div><div class=\"wppa-thumb-text\"><\/div><\/div><\/div><div id=\"thumbnail_frame_989_1\" class=\"thumbnail-frame thumbnail-frame-1 thumbnail-frame-photo-989\" style=\"width: 110px; height: 150px; margin-left: 13px; margin-top: 2px; margin-bottom: 2px;\"><div class=\"wppa-tn-img-container\" style=\"height:110px;width:110px;overflow:visible;\"><a style=\"position:static;\" class=\"thumb-img\" id=\"x-989-1\" href=\"https:\/\/www.andersen-slekt.info\/en\/anna-og-eilif\/ingjerd\/ingjerds-album\/wppaspec\/oc1\/lnen\/sd1\/ab5\/pt989\" onclick=\"wppaDoAjaxRender( 1, 'https:\/\/www.andersen-slekt.info\/wppaajax?action=wppa&wppa-action=render&wppa-size=640&wppa-occur=1&wppa-fromp=9311&lang=en&wppa-album=5&wppa-slide=1&wppa-occur=1&wppa-photo=989', 'https:\/\/www.andersen-slekt.info\/en\/anna-og-eilif\/ingjerd\/ingjerds-album\/wppaspec\/oc1\/lnen\/sd1\/ab5\/pt989' );return false;\"><img decoding=\"async\" id=\"i-989-1\" src=\"https:\/\/www.andersen-slekt.info\/wp-content\/uploads\/wppa\/thumbs\/989.jpg?ver=96\" alt=\"IMG_0042.jpg\" title=\"IMG_0042.jpg\" style=\"border-width:0px;width:110px;height:83px;margin-top: 14px;margin-bottom:14px;opacity:0.95;cursor:pointer\" onmouseout=\"jQuery( this ).fadeTo( 400, 0.95 )\" onmouseover=\"jQuery( this ).fadeTo( 400, 1.0 );wppaPopUp( 1, this, '989', '', '', '', '', '', '150', '113' );\" \/><\/a><\/div><div class=\"thumbnail-subtext-frame\" style=\"height:54px;width:110px;position:absolute;margin-top:-14px;overflow:hidden;\"><div class=\"wppa-thumb-text\"><\/div><div class=\"wppa-thumb-text\"><\/div><div class=\"wppa-thumb-text\"><\/div><\/div><\/div><div id=\"thumbnail_frame_1005_1\" class=\"thumbnail-frame thumbnail-frame-1 thumbnail-frame-photo-1005\" style=\"width: 110px; height: 150px; margin-left: 13px; margin-top: 2px; margin-bottom: 2px;\"><div class=\"wppa-tn-img-container\" style=\"height:110px;width:110px;overflow:visible;\"><a style=\"position:static;\" class=\"thumb-img\" id=\"x-1005-1\" href=\"https:\/\/www.andersen-slekt.info\/en\/anna-og-eilif\/ingjerd\/ingjerds-album\/wppaspec\/oc1\/lnen\/sd1\/ab5\/pt1005\" onclick=\"wppaDoAjaxRender( 1, 'https:\/\/www.andersen-slekt.info\/wppaajax?action=wppa&wppa-action=render&wppa-size=640&wppa-occur=1&wppa-fromp=9311&lang=en&wppa-album=5&wppa-slide=1&wppa-occur=1&wppa-photo=1005', 'https:\/\/www.andersen-slekt.info\/en\/anna-og-eilif\/ingjerd\/ingjerds-album\/wppaspec\/oc1\/lnen\/sd1\/ab5\/pt1005' );return false;\"><img decoding=\"async\" id=\"i-1005-1\" src=\"https:\/\/www.andersen-slekt.info\/wp-content\/uploads\/wppa\/thumbs\/1005.jpg?ver=96\" alt=\"tyin1946.jpg\" title=\"tyin1946.jpg\" style=\"border-width:0px;width:110px;height:71px;margin-top: 20px;margin-bottom:20px;opacity:0.95;cursor:pointer\" onmouseout=\"jQuery( this ).fadeTo( 400, 0.95 )\" onmouseover=\"jQuery( this ).fadeTo( 400, 1.0 );wppaPopUp( 1, this, '1005', '', '', '', '', '', '150', '97' );\" \/><\/a><\/div><div class=\"thumbnail-subtext-frame\" style=\"height:60px;width:110px;position:absolute;margin-top:-20px;overflow:hidden;\"><div class=\"wppa-thumb-text\"><\/div><div class=\"wppa-thumb-text\"><\/div><div class=\"wppa-thumb-text\"><\/div><\/div><\/div><div id=\"thumbnail_frame_1006_1\" class=\"thumbnail-frame thumbnail-frame-1 thumbnail-frame-photo-1006\" style=\"width: 110px; height: 150px; margin-left: 13px; margin-top: 2px; margin-bottom: 2px;\"><div class=\"wppa-tn-img-container\" style=\"height:110px;width:110px;overflow:visible;\"><a style=\"position:static;\" class=\"thumb-img\" id=\"x-1006-1\" href=\"https:\/\/www.andersen-slekt.info\/en\/anna-og-eilif\/ingjerd\/ingjerds-album\/wppaspec\/oc1\/lnen\/sd1\/ab5\/pt1006\" onclick=\"wppaDoAjaxRender( 1, 'https:\/\/www.andersen-slekt.info\/wppaajax?action=wppa&wppa-action=render&wppa-size=640&wppa-occur=1&wppa-fromp=9311&lang=en&wppa-album=5&wppa-slide=1&wppa-occur=1&wppa-photo=1006', 'https:\/\/www.andersen-slekt.info\/en\/anna-og-eilif\/ingjerd\/ingjerds-album\/wppaspec\/oc1\/lnen\/sd1\/ab5\/pt1006' );return false;\"><img decoding=\"async\" id=\"i-1006-1\" src=\"https:\/\/www.andersen-slekt.info\/wp-content\/uploads\/wppa\/thumbs\/1006.jpg?ver=96\" alt=\"tyin1946b.jpg\" title=\"tyin1946b.jpg\" style=\"border-width:0px;width:110px;height:81px;margin-top: 15px;margin-bottom:15px;opacity:0.95;cursor:pointer\" onmouseout=\"jQuery( this ).fadeTo( 400, 0.95 )\" onmouseover=\"jQuery( this ).fadeTo( 400, 1.0 );wppaPopUp( 1, this, '1006', '', '', '', '', '', '150', '111' );\" \/><\/a><\/div><div class=\"thumbnail-subtext-frame\" style=\"height:55px;width:110px;position:absolute;margin-top:-15px;overflow:hidden;\"><div class=\"wppa-thumb-text\"><\/div><div class=\"wppa-thumb-text\"><\/div><div class=\"wppa-thumb-text\"><\/div><\/div><\/div><div id=\"thumbnail_frame_1014_1\" class=\"thumbnail-frame thumbnail-frame-1 thumbnail-frame-photo-1014\" style=\"width: 110px; height: 150px; margin-left: 13px; margin-top: 2px; margin-bottom: 2px;\"><div class=\"wppa-tn-img-container\" style=\"height:110px;width:110px;overflow:visible;\"><a style=\"position:static;\" class=\"thumb-img\" id=\"x-1014-1\" href=\"https:\/\/www.andersen-slekt.info\/en\/anna-og-eilif\/ingjerd\/ingjerds-album\/wppaspec\/oc1\/lnen\/sd1\/ab5\/pt1014\" onclick=\"wppaDoAjaxRender( 1, 'https:\/\/www.andersen-slekt.info\/wppaajax?action=wppa&wppa-action=render&wppa-size=640&wppa-occur=1&wppa-fromp=9311&lang=en&wppa-album=5&wppa-slide=1&wppa-occur=1&wppa-photo=1014', 'https:\/\/www.andersen-slekt.info\/en\/anna-og-eilif\/ingjerd\/ingjerds-album\/wppaspec\/oc1\/lnen\/sd1\/ab5\/pt1014' );return false;\"><img decoding=\"async\" id=\"i-1014-1\" src=\"https:\/\/www.andersen-slekt.info\/wp-content\/uploads\/wppa\/thumbs\/1014.jpg?ver=96\" alt=\"ingjerd.jpg\" title=\"ingjerd.jpg\" style=\"border-width:0px;width:81px;height:110px;margin-left:14px;margin-right:14px;margin-top: 0px;margin-bottom:0px;opacity:0.95;cursor:pointer\" onmouseout=\"jQuery( this ).fadeTo( 400, 0.95 )\" onmouseover=\"jQuery( this ).fadeTo( 400, 1.0 );wppaPopUp( 1, this, '1014', '', '', '', '', '', '110', '150' );\" \/><\/a><\/div><div class=\"thumbnail-subtext-frame\" style=\"height:40px;width:110px;position:absolute;margin-top:0px;overflow:hidden;\"><div class=\"wppa-thumb-text\"><\/div><div class=\"wppa-thumb-text\"><\/div><div class=\"wppa-thumb-text\"><\/div><\/div><\/div><div id=\"thumbnail_frame_1015_1\" class=\"thumbnail-frame thumbnail-frame-1 thumbnail-frame-photo-1015\" style=\"width: 110px; height: 150px; margin-left: 13px; margin-top: 2px; margin-bottom: 2px;\"><div class=\"wppa-tn-img-container\" style=\"height:110px;width:110px;overflow:visible;\"><a style=\"position:static;\" class=\"thumb-img\" id=\"x-1015-1\" href=\"https:\/\/www.andersen-slekt.info\/en\/anna-og-eilif\/ingjerd\/ingjerds-album\/wppaspec\/oc1\/lnen\/sd1\/ab5\/pt1015\" onclick=\"wppaDoAjaxRender( 1, 'https:\/\/www.andersen-slekt.info\/wppaajax?action=wppa&wppa-action=render&wppa-size=640&wppa-occur=1&wppa-fromp=9311&lang=en&wppa-album=5&wppa-slide=1&wppa-occur=1&wppa-photo=1015', 'https:\/\/www.andersen-slekt.info\/en\/anna-og-eilif\/ingjerd\/ingjerds-album\/wppaspec\/oc1\/lnen\/sd1\/ab5\/pt1015' );return false;\"><img decoding=\"async\" id=\"i-1015-1\" src=\"https:\/\/www.andersen-slekt.info\/wp-content\/uploads\/wppa\/thumbs\/1015.jpg?ver=96\" alt=\"ingjerd3.jpg\" title=\"ingjerd3.jpg\" style=\"border-width:0px;width:87px;height:110px;margin-left:11px;margin-right:11px;margin-top: 0px;margin-bottom:0px;opacity:0.95;cursor:pointer\" onmouseout=\"jQuery( this ).fadeTo( 400, 0.95 )\" onmouseover=\"jQuery( this ).fadeTo( 400, 1.0 );wppaPopUp( 1, this, '1015', '', '', '', '', '', '119', '150' );\" \/><\/a><\/div><div class=\"thumbnail-subtext-frame\" style=\"height:40px;width:110px;position:absolute;margin-top:0px;overflow:hidden;\"><div class=\"wppa-thumb-text\"><\/div><div class=\"wppa-thumb-text\"><\/div><div class=\"wppa-thumb-text\"><\/div><\/div><\/div><div id=\"thumbnail_frame_1016_1\" class=\"thumbnail-frame thumbnail-frame-1 thumbnail-frame-photo-1016\" style=\"width: 110px; height: 150px; margin-left: 13px; margin-top: 2px; margin-bottom: 2px;\"><div class=\"wppa-tn-img-container\" style=\"height:110px;width:110px;overflow:visible;\"><a style=\"position:static;\" class=\"thumb-img\" id=\"x-1016-1\" href=\"https:\/\/www.andersen-slekt.info\/en\/anna-og-eilif\/ingjerd\/ingjerds-album\/wppaspec\/oc1\/lnen\/sd1\/ab5\/pt1016\" onclick=\"wppaDoAjaxRender( 1, 'https:\/\/www.andersen-slekt.info\/wppaajax?action=wppa&wppa-action=render&wppa-size=640&wppa-occur=1&wppa-fromp=9311&lang=en&wppa-album=5&wppa-slide=1&wppa-occur=1&wppa-photo=1016', 'https:\/\/www.andersen-slekt.info\/en\/anna-og-eilif\/ingjerd\/ingjerds-album\/wppaspec\/oc1\/lnen\/sd1\/ab5\/pt1016' );return false;\"><img decoding=\"async\" id=\"i-1016-1\" src=\"https:\/\/www.andersen-slekt.info\/wp-content\/uploads\/wppa\/thumbs\/1016.jpg?ver=96\" alt=\"IMG_0223.jpg\" title=\"IMG_0223.jpg\" style=\"border-width:0px;width:69px;height:110px;margin-left:20px;margin-right:20px;margin-top: 0px;margin-bottom:0px;opacity:0.95;cursor:pointer\" onmouseout=\"jQuery( this ).fadeTo( 400, 0.95 )\" onmouseover=\"jQuery( this ).fadeTo( 400, 1.0 );wppaPopUp( 1, this, '1016', '', '', '', '', '', '94', '150' );\" \/><\/a><\/div><div class=\"thumbnail-subtext-frame\" style=\"height:40px;width:110px;position:absolute;margin-top:0px;overflow:hidden;\"><div class=\"wppa-thumb-text\"><\/div><div class=\"wppa-thumb-text\"><\/div><div class=\"wppa-thumb-text\"><\/div><\/div><\/div><div id=\"thumbnail_frame_1017_1\" class=\"thumbnail-frame thumbnail-frame-1 thumbnail-frame-photo-1017\" style=\"width: 110px; height: 150px; margin-left: 13px; margin-top: 2px; margin-bottom: 2px;\"><div class=\"wppa-tn-img-container\" style=\"height:110px;width:110px;overflow:visible;\"><a style=\"position:static;\" class=\"thumb-img\" id=\"x-1017-1\" href=\"https:\/\/www.andersen-slekt.info\/en\/anna-og-eilif\/ingjerd\/ingjerds-album\/wppaspec\/oc1\/lnen\/sd1\/ab5\/pt1017\" onclick=\"wppaDoAjaxRender( 1, 'https:\/\/www.andersen-slekt.info\/wppaajax?action=wppa&wppa-action=render&wppa-size=640&wppa-occur=1&wppa-fromp=9311&lang=en&wppa-album=5&wppa-slide=1&wppa-occur=1&wppa-photo=1017', 'https:\/\/www.andersen-slekt.info\/en\/anna-og-eilif\/ingjerd\/ingjerds-album\/wppaspec\/oc1\/lnen\/sd1\/ab5\/pt1017' );return false;\"><img decoding=\"async\" id=\"i-1017-1\" src=\"https:\/\/www.andersen-slekt.info\/wp-content\/uploads\/wppa\/thumbs\/1017.jpg?ver=96\" alt=\"IMG_0140.jpg\" title=\"IMG_0140.jpg\" style=\"border-width:0px;width:110px;height:70px;margin-top: 20px;margin-bottom:20px;opacity:0.95;cursor:pointer\" onmouseout=\"jQuery( this ).fadeTo( 400, 0.95 )\" onmouseover=\"jQuery( this ).fadeTo( 400, 1.0 );wppaPopUp( 1, this, '1017', '', '', '', '', '', '150', '95' );\" \/><\/a><\/div><div class=\"thumbnail-subtext-frame\" style=\"height:60px;width:110px;position:absolute;margin-top:-20px;overflow:hidden;\"><div class=\"wppa-thumb-text\"><\/div><div class=\"wppa-thumb-text\"><\/div><div class=\"wppa-thumb-text\"><\/div><\/div><\/div><div id=\"thumbnail_frame_1018_1\" class=\"thumbnail-frame thumbnail-frame-1 thumbnail-frame-photo-1018\" style=\"width: 110px; height: 150px; margin-left: 13px; margin-top: 2px; margin-bottom: 2px;\"><div class=\"wppa-tn-img-container\" style=\"height:110px;width:110px;overflow:visible;\"><a style=\"position:static;\" class=\"thumb-img\" id=\"x-1018-1\" href=\"https:\/\/www.andersen-slekt.info\/en\/anna-og-eilif\/ingjerd\/ingjerds-album\/wppaspec\/oc1\/lnen\/sd1\/ab5\/pt1018\" onclick=\"wppaDoAjaxRender( 1, 'https:\/\/www.andersen-slekt.info\/wppaajax?action=wppa&wppa-action=render&wppa-size=640&wppa-occur=1&wppa-fromp=9311&lang=en&wppa-album=5&wppa-slide=1&wppa-occur=1&wppa-photo=1018', 'https:\/\/www.andersen-slekt.info\/en\/anna-og-eilif\/ingjerd\/ingjerds-album\/wppaspec\/oc1\/lnen\/sd1\/ab5\/pt1018' );return false;\"><img decoding=\"async\" id=\"i-1018-1\" src=\"https:\/\/www.andersen-slekt.info\/wp-content\/uploads\/wppa\/thumbs\/1018.jpg?ver=96\" alt=\"IMG_0142.jpg\" title=\"IMG_0142.jpg\" style=\"border-width:0px;width:110px;height:76px;margin-top: 17px;margin-bottom:17px;opacity:0.95;cursor:pointer\" onmouseout=\"jQuery( this ).fadeTo( 400, 0.95 )\" onmouseover=\"jQuery( this ).fadeTo( 400, 1.0 );wppaPopUp( 1, this, '1018', '', '', '', '', '', '150', '104' );\" \/><\/a><\/div><div class=\"thumbnail-subtext-frame\" style=\"height:57px;width:110px;position:absolute;margin-top:-17px;overflow:hidden;\"><div class=\"wppa-thumb-text\"><\/div><div class=\"wppa-thumb-text\"><\/div><div class=\"wppa-thumb-text\"><\/div><\/div><\/div><div id=\"thumbnail_frame_1019_1\" class=\"thumbnail-frame thumbnail-frame-1 thumbnail-frame-photo-1019\" style=\"width: 110px; height: 150px; margin-left: 13px; margin-top: 2px; margin-bottom: 2px;\"><div class=\"wppa-tn-img-container\" style=\"height:110px;width:110px;overflow:visible;\"><a style=\"position:static;\" class=\"thumb-img\" id=\"x-1019-1\" href=\"https:\/\/www.andersen-slekt.info\/en\/anna-og-eilif\/ingjerd\/ingjerds-album\/wppaspec\/oc1\/lnen\/sd1\/ab5\/pt1019\" onclick=\"wppaDoAjaxRender( 1, 'https:\/\/www.andersen-slekt.info\/wppaajax?action=wppa&wppa-action=render&wppa-size=640&wppa-occur=1&wppa-fromp=9311&lang=en&wppa-album=5&wppa-slide=1&wppa-occur=1&wppa-photo=1019', 'https:\/\/www.andersen-slekt.info\/en\/anna-og-eilif\/ingjerd\/ingjerds-album\/wppaspec\/oc1\/lnen\/sd1\/ab5\/pt1019' );return false;\"><img decoding=\"async\" id=\"i-1019-1\" src=\"https:\/\/www.andersen-slekt.info\/wp-content\/uploads\/wppa\/thumbs\/1019.jpg?ver=96\" alt=\"IMG_0143.jpg\" title=\"IMG_0143.jpg\" style=\"border-width:0px;width:110px;height:73px;margin-top: 19px;margin-bottom:19px;opacity:0.95;cursor:pointer\" onmouseout=\"jQuery( this ).fadeTo( 400, 0.95 )\" onmouseover=\"jQuery( this ).fadeTo( 400, 1.0 );wppaPopUp( 1, this, '1019', '', '', '', '', '', '150', '100' );\" \/><\/a><\/div><div class=\"thumbnail-subtext-frame\" style=\"height:59px;width:110px;position:absolute;margin-top:-19px;overflow:hidden;\"><div class=\"wppa-thumb-text\"><\/div><div class=\"wppa-thumb-text\"><\/div><div class=\"wppa-thumb-text\"><\/div><\/div><\/div><div id=\"thumbnail_frame_1020_1\" class=\"thumbnail-frame thumbnail-frame-1 thumbnail-frame-photo-1020\" style=\"width: 110px; height: 150px; margin-left: 13px; margin-top: 2px; margin-bottom: 2px;\"><div class=\"wppa-tn-img-container\" style=\"height:110px;width:110px;overflow:visible;\"><a style=\"position:static;\" class=\"thumb-img\" id=\"x-1020-1\" href=\"https:\/\/www.andersen-slekt.info\/en\/anna-og-eilif\/ingjerd\/ingjerds-album\/wppaspec\/oc1\/lnen\/sd1\/ab5\/pt1020\" onclick=\"wppaDoAjaxRender( 1, 'https:\/\/www.andersen-slekt.info\/wppaajax?action=wppa&wppa-action=render&wppa-size=640&wppa-occur=1&wppa-fromp=9311&lang=en&wppa-album=5&wppa-slide=1&wppa-occur=1&wppa-photo=1020', 'https:\/\/www.andersen-slekt.info\/en\/anna-og-eilif\/ingjerd\/ingjerds-album\/wppaspec\/oc1\/lnen\/sd1\/ab5\/pt1020' );return false;\"><img decoding=\"async\" id=\"i-1020-1\" src=\"https:\/\/www.andersen-slekt.info\/wp-content\/uploads\/wppa\/thumbs\/1020.jpg?ver=96\" alt=\"IMG_0143b.jpg\" title=\"IMG_0143b.jpg\" style=\"border-width:0px;width:110px;height:74px;margin-top: 18px;margin-bottom:18px;opacity:0.95;cursor:pointer\" onmouseout=\"jQuery( this ).fadeTo( 400, 0.95 )\" onmouseover=\"jQuery( this ).fadeTo( 400, 1.0 );wppaPopUp( 1, this, '1020', '', '', '', '', '', '150', '101' );\" \/><\/a><\/div><div class=\"thumbnail-subtext-frame\" style=\"height:58px;width:110px;position:absolute;margin-top:-18px;overflow:hidden;\"><div class=\"wppa-thumb-text\"><\/div><div class=\"wppa-thumb-text\"><\/div><div class=\"wppa-thumb-text\"><\/div><\/div><\/div><div id=\"thumbnail_frame_1021_1\" class=\"thumbnail-frame thumbnail-frame-1 thumbnail-frame-photo-1021\" style=\"width: 110px; height: 150px; margin-left: 13px; margin-top: 2px; margin-bottom: 2px;\"><div class=\"wppa-tn-img-container\" style=\"height:110px;width:110px;overflow:visible;\"><a style=\"position:static;\" class=\"thumb-img\" id=\"x-1021-1\" href=\"https:\/\/www.andersen-slekt.info\/en\/anna-og-eilif\/ingjerd\/ingjerds-album\/wppaspec\/oc1\/lnen\/sd1\/ab5\/pt1021\" onclick=\"wppaDoAjaxRender( 1, 'https:\/\/www.andersen-slekt.info\/wppaajax?action=wppa&wppa-action=render&wppa-size=640&wppa-occur=1&wppa-fromp=9311&lang=en&wppa-album=5&wppa-slide=1&wppa-occur=1&wppa-photo=1021', 'https:\/\/www.andersen-slekt.info\/en\/anna-og-eilif\/ingjerd\/ingjerds-album\/wppaspec\/oc1\/lnen\/sd1\/ab5\/pt1021' );return false;\"><img decoding=\"async\" id=\"i-1021-1\" src=\"https:\/\/www.andersen-slekt.info\/wp-content\/uploads\/wppa\/thumbs\/1021.jpg?ver=96\" alt=\"IMG_0148.jpg\" title=\"IMG_0148.jpg\" style=\"border-width:0px;width:110px;height:71px;margin-top: 20px;margin-bottom:20px;opacity:0.95;cursor:pointer\" onmouseout=\"jQuery( this ).fadeTo( 400, 0.95 )\" onmouseover=\"jQuery( this ).fadeTo( 400, 1.0 );wppaPopUp( 1, this, '1021', '', '', '', '', '', '150', '97' );\" \/><\/a><\/div><div class=\"thumbnail-subtext-frame\" style=\"height:60px;width:110px;position:absolute;margin-top:-20px;overflow:hidden;\"><div class=\"wppa-thumb-text\"><\/div><div class=\"wppa-thumb-text\"><\/div><div class=\"wppa-thumb-text\"><\/div><\/div><\/div><div id=\"thumbnail_frame_1022_1\" class=\"thumbnail-frame thumbnail-frame-1 thumbnail-frame-photo-1022\" style=\"width: 110px; height: 150px; margin-left: 13px; margin-top: 2px; margin-bottom: 2px;\"><div class=\"wppa-tn-img-container\" style=\"height:110px;width:110px;overflow:visible;\"><a style=\"position:static;\" class=\"thumb-img\" id=\"x-1022-1\" href=\"https:\/\/www.andersen-slekt.info\/en\/anna-og-eilif\/ingjerd\/ingjerds-album\/wppaspec\/oc1\/lnen\/sd1\/ab5\/pt1022\" onclick=\"wppaDoAjaxRender( 1, 'https:\/\/www.andersen-slekt.info\/wppaajax?action=wppa&wppa-action=render&wppa-size=640&wppa-occur=1&wppa-fromp=9311&lang=en&wppa-album=5&wppa-slide=1&wppa-occur=1&wppa-photo=1022', 'https:\/\/www.andersen-slekt.info\/en\/anna-og-eilif\/ingjerd\/ingjerds-album\/wppaspec\/oc1\/lnen\/sd1\/ab5\/pt1022' );return false;\"><img decoding=\"async\" id=\"i-1022-1\" src=\"https:\/\/www.andersen-slekt.info\/wp-content\/uploads\/wppa\/thumbs\/1022.jpg?ver=96\" alt=\"IMG_0149.jpg\" title=\"IMG_0149.jpg\" style=\"border-width:0px;width:110px;height:77px;margin-top: 17px;margin-bottom:17px;opacity:0.95;cursor:pointer\" onmouseout=\"jQuery( this ).fadeTo( 400, 0.95 )\" onmouseover=\"jQuery( this ).fadeTo( 400, 1.0 );wppaPopUp( 1, this, '1022', '', '', '', '', '', '150', '105' );\" \/><\/a><\/div><div class=\"thumbnail-subtext-frame\" style=\"height:57px;width:110px;position:absolute;margin-top:-17px;overflow:hidden;\"><div class=\"wppa-thumb-text\"><\/div><div class=\"wppa-thumb-text\"><\/div><div class=\"wppa-thumb-text\"><\/div><\/div><\/div><div id=\"thumbnail_frame_1023_1\" class=\"thumbnail-frame thumbnail-frame-1 thumbnail-frame-photo-1023\" style=\"width: 110px; height: 150px; margin-left: 13px; margin-top: 2px; margin-bottom: 2px;\"><div class=\"wppa-tn-img-container\" style=\"height:110px;width:110px;overflow:visible;\"><a style=\"position:static;\" class=\"thumb-img\" id=\"x-1023-1\" href=\"https:\/\/www.andersen-slekt.info\/en\/anna-og-eilif\/ingjerd\/ingjerds-album\/wppaspec\/oc1\/lnen\/sd1\/ab5\/pt1023\" onclick=\"wppaDoAjaxRender( 1, 'https:\/\/www.andersen-slekt.info\/wppaajax?action=wppa&wppa-action=render&wppa-size=640&wppa-occur=1&wppa-fromp=9311&lang=en&wppa-album=5&wppa-slide=1&wppa-occur=1&wppa-photo=1023', 'https:\/\/www.andersen-slekt.info\/en\/anna-og-eilif\/ingjerd\/ingjerds-album\/wppaspec\/oc1\/lnen\/sd1\/ab5\/pt1023' );return false;\"><img decoding=\"async\" id=\"i-1023-1\" src=\"https:\/\/www.andersen-slekt.info\/wp-content\/uploads\/wppa\/thumbs\/1023.jpg?ver=96\" alt=\"IMG_0171.jpg\" title=\"IMG_0171.jpg\" style=\"border-width:0px;width:110px;height:78px;margin-top: 16px;margin-bottom:16px;opacity:0.95;cursor:pointer\" onmouseout=\"jQuery( this ).fadeTo( 400, 0.95 )\" onmouseover=\"jQuery( this ).fadeTo( 400, 1.0 );wppaPopUp( 1, this, '1023', '', '', '', '', '', '150', '107' );\" \/><\/a><\/div><div class=\"thumbnail-subtext-frame\" style=\"height:56px;width:110px;position:absolute;margin-top:-16px;overflow:hidden;\"><div class=\"wppa-thumb-text\"><\/div><div class=\"wppa-thumb-text\"><\/div><div class=\"wppa-thumb-text\"><\/div><\/div><\/div><div id=\"thumbnail_frame_1024_1\" class=\"thumbnail-frame thumbnail-frame-1 thumbnail-frame-photo-1024\" style=\"width: 110px; height: 150px; margin-left: 13px; margin-top: 2px; margin-bottom: 2px;\"><div class=\"wppa-tn-img-container\" style=\"height:110px;width:110px;overflow:visible;\"><a style=\"position:static;\" class=\"thumb-img\" id=\"x-1024-1\" href=\"https:\/\/www.andersen-slekt.info\/en\/anna-og-eilif\/ingjerd\/ingjerds-album\/wppaspec\/oc1\/lnen\/sd1\/ab5\/pt1024\" onclick=\"wppaDoAjaxRender( 1, 'https:\/\/www.andersen-slekt.info\/wppaajax?action=wppa&wppa-action=render&wppa-size=640&wppa-occur=1&wppa-fromp=9311&lang=en&wppa-album=5&wppa-slide=1&wppa-occur=1&wppa-photo=1024', 'https:\/\/www.andersen-slekt.info\/en\/anna-og-eilif\/ingjerd\/ingjerds-album\/wppaspec\/oc1\/lnen\/sd1\/ab5\/pt1024' );return false;\"><img decoding=\"async\" id=\"i-1024-1\" src=\"https:\/\/www.andersen-slekt.info\/wp-content\/uploads\/wppa\/thumbs\/1024.jpg?ver=96\" alt=\"IMG_0171b.jpg\" title=\"IMG_0171b.jpg\" style=\"border-width:0px;width:110px;height:76px;margin-top: 17px;margin-bottom:17px;opacity:0.95;cursor:pointer\" onmouseout=\"jQuery( this ).fadeTo( 400, 0.95 )\" onmouseover=\"jQuery( this ).fadeTo( 400, 1.0 );wppaPopUp( 1, this, '1024', '', '', '', '', '', '150', '104' );\" \/><\/a><\/div><div class=\"thumbnail-subtext-frame\" style=\"height:57px;width:110px;position:absolute;margin-top:-17px;overflow:hidden;\"><div class=\"wppa-thumb-text\"><\/div><div class=\"wppa-thumb-text\"><\/div><div class=\"wppa-thumb-text\"><\/div><\/div><\/div><div id=\"thumbnail_frame_1025_1\" class=\"thumbnail-frame thumbnail-frame-1 thumbnail-frame-photo-1025\" style=\"width: 110px; height: 150px; margin-left: 13px; margin-top: 2px; margin-bottom: 2px;\"><div class=\"wppa-tn-img-container\" style=\"height:110px;width:110px;overflow:visible;\"><a style=\"position:static;\" class=\"thumb-img\" id=\"x-1025-1\" href=\"https:\/\/www.andersen-slekt.info\/en\/anna-og-eilif\/ingjerd\/ingjerds-album\/wppaspec\/oc1\/lnen\/sd1\/ab5\/pt1025\" onclick=\"wppaDoAjaxRender( 1, 'https:\/\/www.andersen-slekt.info\/wppaajax?action=wppa&wppa-action=render&wppa-size=640&wppa-occur=1&wppa-fromp=9311&lang=en&wppa-album=5&wppa-slide=1&wppa-occur=1&wppa-photo=1025', 'https:\/\/www.andersen-slekt.info\/en\/anna-og-eilif\/ingjerd\/ingjerds-album\/wppaspec\/oc1\/lnen\/sd1\/ab5\/pt1025' );return false;\"><img decoding=\"async\" id=\"i-1025-1\" src=\"https:\/\/www.andersen-slekt.info\/wp-content\/uploads\/wppa\/thumbs\/1025.jpg?ver=96\" alt=\"IMG_0183.jpg\" title=\"IMG_0183.jpg\" style=\"border-width:0px;width:110px;height:75px;margin-top: 18px;margin-bottom:18px;opacity:0.95;cursor:pointer\" onmouseout=\"jQuery( this ).fadeTo( 400, 0.95 )\" onmouseover=\"jQuery( this ).fadeTo( 400, 1.0 );wppaPopUp( 1, this, '1025', '', '', '', '', '', '150', '102' );\" \/><\/a><\/div><div class=\"thumbnail-subtext-frame\" style=\"height:58px;width:110px;position:absolute;margin-top:-18px;overflow:hidden;\"><div class=\"wppa-thumb-text\"><\/div><div class=\"wppa-thumb-text\"><\/div><div class=\"wppa-thumb-text\"><\/div><\/div><\/div><div id=\"thumbnail_frame_1026_1\" class=\"thumbnail-frame thumbnail-frame-1 thumbnail-frame-photo-1026\" style=\"width: 110px; height: 150px; margin-left: 13px; margin-top: 2px; margin-bottom: 2px;\"><div class=\"wppa-tn-img-container\" style=\"height:110px;width:110px;overflow:visible;\"><a style=\"position:static;\" class=\"thumb-img\" id=\"x-1026-1\" href=\"https:\/\/www.andersen-slekt.info\/en\/anna-og-eilif\/ingjerd\/ingjerds-album\/wppaspec\/oc1\/lnen\/sd1\/ab5\/pt1026\" onclick=\"wppaDoAjaxRender( 1, 'https:\/\/www.andersen-slekt.info\/wppaajax?action=wppa&wppa-action=render&wppa-size=640&wppa-occur=1&wppa-fromp=9311&lang=en&wppa-album=5&wppa-slide=1&wppa-occur=1&wppa-photo=1026', 'https:\/\/www.andersen-slekt.info\/en\/anna-og-eilif\/ingjerd\/ingjerds-album\/wppaspec\/oc1\/lnen\/sd1\/ab5\/pt1026' );return false;\"><img decoding=\"async\" id=\"i-1026-1\" src=\"https:\/\/www.andersen-slekt.info\/wp-content\/uploads\/wppa\/thumbs\/1026.jpg?ver=96\" alt=\"IMG_0183bb.jpg\" title=\"IMG_0183bb.jpg\" style=\"border-width:0px;width:110px;height:79px;margin-top: 16px;margin-bottom:16px;opacity:0.95;cursor:pointer\" onmouseout=\"jQuery( this ).fadeTo( 400, 0.95 )\" onmouseover=\"jQuery( this ).fadeTo( 400, 1.0 );wppaPopUp( 1, this, '1026', '', '', '', '', '', '150', '108' );\" \/><\/a><\/div><div class=\"thumbnail-subtext-frame\" style=\"height:56px;width:110px;position:absolute;margin-top:-16px;overflow:hidden;\"><div class=\"wppa-thumb-text\"><\/div><div class=\"wppa-thumb-text\"><\/div><div class=\"wppa-thumb-text\"><\/div><\/div><\/div><div id=\"thumbnail_frame_1053_1\" class=\"thumbnail-frame thumbnail-frame-1 thumbnail-frame-photo-1053\" style=\"width: 110px; height: 150px; margin-left: 13px; margin-top: 2px; margin-bottom: 2px;\"><div class=\"wppa-tn-img-container\" style=\"height:110px;width:110px;overflow:visible;\"><a style=\"position:static;\" class=\"thumb-img\" id=\"x-1053-1\" href=\"https:\/\/www.andersen-slekt.info\/en\/anna-og-eilif\/ingjerd\/ingjerds-album\/wppaspec\/oc1\/lnen\/sd1\/ab5\/pt1053\" onclick=\"wppaDoAjaxRender( 1, 'https:\/\/www.andersen-slekt.info\/wppaajax?action=wppa&wppa-action=render&wppa-size=640&wppa-occur=1&wppa-fromp=9311&lang=en&wppa-album=5&wppa-slide=1&wppa-occur=1&wppa-photo=1053', 'https:\/\/www.andersen-slekt.info\/en\/anna-og-eilif\/ingjerd\/ingjerds-album\/wppaspec\/oc1\/lnen\/sd1\/ab5\/pt1053' );return false;\"><img decoding=\"async\" id=\"i-1053-1\" src=\"https:\/\/www.andersen-slekt.info\/wp-content\/uploads\/wppa\/thumbs\/1053.jpg?ver=96\" alt=\"IMG_0059.jpg\" title=\"IMG_0059.jpg\" style=\"border-width:0px;width:67px;height:110px;margin-left:21px;margin-right:21px;margin-top: 0px;margin-bottom:0px;opacity:0.95;cursor:pointer\" onmouseout=\"jQuery( this ).fadeTo( 400, 0.95 )\" onmouseover=\"jQuery( this ).fadeTo( 400, 1.0 );wppaPopUp( 1, this, '1053', '', '', '', '', '', '91', '150' );\" \/><\/a><\/div><div class=\"thumbnail-subtext-frame\" style=\"height:40px;width:110px;position:absolute;margin-top:0px;overflow:hidden;\"><div class=\"wppa-thumb-text\"><\/div><div class=\"wppa-thumb-text\"><\/div><div class=\"wppa-thumb-text\"><\/div><\/div><\/div><div id=\"thumbnail_frame_1054_1\" class=\"thumbnail-frame thumbnail-frame-1 thumbnail-frame-photo-1054\" style=\"width: 110px; height: 150px; margin-left: 13px; margin-top: 2px; margin-bottom: 2px;\"><div class=\"wppa-tn-img-container\" style=\"height:110px;width:110px;overflow:visible;\"><a style=\"position:static;\" class=\"thumb-img\" id=\"x-1054-1\" href=\"https:\/\/www.andersen-slekt.info\/en\/anna-og-eilif\/ingjerd\/ingjerds-album\/wppaspec\/oc1\/lnen\/sd1\/ab5\/pt1054\" onclick=\"wppaDoAjaxRender( 1, 'https:\/\/www.andersen-slekt.info\/wppaajax?action=wppa&wppa-action=render&wppa-size=640&wppa-occur=1&wppa-fromp=9311&lang=en&wppa-album=5&wppa-slide=1&wppa-occur=1&wppa-photo=1054', 'https:\/\/www.andersen-slekt.info\/en\/anna-og-eilif\/ingjerd\/ingjerds-album\/wppaspec\/oc1\/lnen\/sd1\/ab5\/pt1054' );return false;\"><img decoding=\"async\" id=\"i-1054-1\" src=\"https:\/\/www.andersen-slekt.info\/wp-content\/uploads\/wppa\/thumbs\/1054.jpg?ver=96\" alt=\"IMG_0119.jpg\" title=\"IMG_0119.jpg\" style=\"border-width:0px;width:69px;height:110px;margin-left:20px;margin-right:20px;margin-top: 0px;margin-bottom:0px;opacity:0.95;cursor:pointer\" onmouseout=\"jQuery( this ).fadeTo( 400, 0.95 )\" onmouseover=\"jQuery( this ).fadeTo( 400, 1.0 );wppaPopUp( 1, this, '1054', '', '', '', '', '', '94', '150' );\" \/><\/a><\/div><div class=\"thumbnail-subtext-frame\" style=\"height:40px;width:110px;position:absolute;margin-top:0px;overflow:hidden;\"><div class=\"wppa-thumb-text\"><\/div><div class=\"wppa-thumb-text\"><\/div><div class=\"wppa-thumb-text\"><\/div><\/div><\/div><div id=\"thumbnail_frame_1055_1\" class=\"thumbnail-frame thumbnail-frame-1 thumbnail-frame-photo-1055\" style=\"width: 110px; height: 150px; margin-left: 13px; margin-top: 2px; margin-bottom: 2px;\"><div class=\"wppa-tn-img-container\" style=\"height:110px;width:110px;overflow:visible;\"><a style=\"position:static;\" class=\"thumb-img\" id=\"x-1055-1\" href=\"https:\/\/www.andersen-slekt.info\/en\/anna-og-eilif\/ingjerd\/ingjerds-album\/wppaspec\/oc1\/lnen\/sd1\/ab5\/pt1055\" onclick=\"wppaDoAjaxRender( 1, 'https:\/\/www.andersen-slekt.info\/wppaajax?action=wppa&wppa-action=render&wppa-size=640&wppa-occur=1&wppa-fromp=9311&lang=en&wppa-album=5&wppa-slide=1&wppa-occur=1&wppa-photo=1055', 'https:\/\/www.andersen-slekt.info\/en\/anna-og-eilif\/ingjerd\/ingjerds-album\/wppaspec\/oc1\/lnen\/sd1\/ab5\/pt1055' );return false;\"><img decoding=\"async\" id=\"i-1055-1\" src=\"https:\/\/www.andersen-slekt.info\/wp-content\/uploads\/wppa\/thumbs\/1055.jpg?ver=96\" alt=\"ingj.jpg\" title=\"ingj.jpg\" style=\"border-width:0px;width:110px;height:80px;margin-top: 15px;margin-bottom:15px;opacity:0.95;cursor:pointer\" onmouseout=\"jQuery( this ).fadeTo( 400, 0.95 )\" onmouseover=\"jQuery( this ).fadeTo( 400, 1.0 );wppaPopUp( 1, this, '1055', '', '', '', '', '', '150', '109' );\" \/><\/a><\/div><div class=\"thumbnail-subtext-frame\" style=\"height:55px;width:110px;position:absolute;margin-top:-15px;overflow:hidden;\"><div class=\"wppa-thumb-text\"><\/div><div class=\"wppa-thumb-text\"><\/div><div class=\"wppa-thumb-text\"><\/div><\/div><\/div><div id=\"thumbnail_frame_1056_1\" class=\"thumbnail-frame thumbnail-frame-1 thumbnail-frame-photo-1056\" style=\"width: 110px; height: 150px; margin-left: 13px; margin-top: 2px; margin-bottom: 2px;\"><div class=\"wppa-tn-img-container\" style=\"height:110px;width:110px;overflow:visible;\"><a style=\"position:static;\" class=\"thumb-img\" id=\"x-1056-1\" href=\"https:\/\/www.andersen-slekt.info\/en\/anna-og-eilif\/ingjerd\/ingjerds-album\/wppaspec\/oc1\/lnen\/sd1\/ab5\/pt1056\" onclick=\"wppaDoAjaxRender( 1, 'https:\/\/www.andersen-slekt.info\/wppaajax?action=wppa&wppa-action=render&wppa-size=640&wppa-occur=1&wppa-fromp=9311&lang=en&wppa-album=5&wppa-slide=1&wppa-occur=1&wppa-photo=1056', 'https:\/\/www.andersen-slekt.info\/en\/anna-og-eilif\/ingjerd\/ingjerds-album\/wppaspec\/oc1\/lnen\/sd1\/ab5\/pt1056' );return false;\"><img decoding=\"async\" id=\"i-1056-1\" src=\"https:\/\/www.andersen-slekt.info\/wp-content\/uploads\/wppa\/thumbs\/1056.jpg?ver=96\" alt=\"ingje.jpg\" title=\"ingje.jpg\" style=\"border-width:0px;width:110px;height:75px;margin-top: 18px;margin-bottom:18px;opacity:0.95;cursor:pointer\" onmouseout=\"jQuery( this ).fadeTo( 400, 0.95 )\" onmouseover=\"jQuery( this ).fadeTo( 400, 1.0 );wppaPopUp( 1, this, '1056', '', '', '', '', '', '150', '102' );\" \/><\/a><\/div><div class=\"thumbnail-subtext-frame\" style=\"height:58px;width:110px;position:absolute;margin-top:-18px;overflow:hidden;\"><div class=\"wppa-thumb-text\"><\/div><div class=\"wppa-thumb-text\"><\/div><div class=\"wppa-thumb-text\"><\/div><\/div><\/div><div id=\"thumbnail_frame_1066_1\" class=\"thumbnail-frame thumbnail-frame-1 thumbnail-frame-photo-1066\" style=\"width: 110px; height: 150px; margin-left: 13px; margin-top: 2px; margin-bottom: 2px;\"><div class=\"wppa-tn-img-container\" style=\"height:110px;width:110px;overflow:visible;\"><a style=\"position:static;\" class=\"thumb-img\" id=\"x-1066-1\" href=\"https:\/\/www.andersen-slekt.info\/en\/anna-og-eilif\/ingjerd\/ingjerds-album\/wppaspec\/oc1\/lnen\/sd1\/ab5\/pt1066\" onclick=\"wppaDoAjaxRender( 1, 'https:\/\/www.andersen-slekt.info\/wppaajax?action=wppa&wppa-action=render&wppa-size=640&wppa-occur=1&wppa-fromp=9311&lang=en&wppa-album=5&wppa-slide=1&wppa-occur=1&wppa-photo=1066', 'https:\/\/www.andersen-slekt.info\/en\/anna-og-eilif\/ingjerd\/ingjerds-album\/wppaspec\/oc1\/lnen\/sd1\/ab5\/pt1066' );return false;\"><img decoding=\"async\" id=\"i-1066-1\" src=\"https:\/\/www.andersen-slekt.info\/wp-content\/uploads\/wppa\/thumbs\/1066.jpg?ver=96\" alt=\"skitur2.jpg\" title=\"skitur2.jpg\" style=\"border-width:0px;width:110px;height:92px;margin-top: 9px;margin-bottom:9px;opacity:0.95;cursor:pointer\" onmouseout=\"jQuery( this ).fadeTo( 400, 0.95 )\" onmouseover=\"jQuery( this ).fadeTo( 400, 1.0 );wppaPopUp( 1, this, '1066', '', '', '', '', '', '150', '126' );\" \/><\/a><\/div><div class=\"thumbnail-subtext-frame\" style=\"height:49px;width:110px;position:absolute;margin-top:-9px;overflow:hidden;\"><div class=\"wppa-thumb-text\"><\/div><div class=\"wppa-thumb-text\"><\/div><div class=\"wppa-thumb-text\"><\/div><\/div><\/div><div id=\"thumbnail_frame_1192_1\" class=\"thumbnail-frame thumbnail-frame-1 thumbnail-frame-photo-1192\" style=\"width: 110px; height: 150px; margin-left: 13px; margin-top: 2px; margin-bottom: 2px;\"><div class=\"wppa-tn-img-container\" style=\"height:110px;width:110px;overflow:visible;\"><a style=\"position:static;\" class=\"thumb-img\" id=\"x-1192-1\" href=\"https:\/\/www.andersen-slekt.info\/en\/anna-og-eilif\/ingjerd\/ingjerds-album\/wppaspec\/oc1\/lnen\/sd1\/ab5\/pt1192\" onclick=\"wppaDoAjaxRender( 1, 'https:\/\/www.andersen-slekt.info\/wppaajax?action=wppa&wppa-action=render&wppa-size=640&wppa-occur=1&wppa-fromp=9311&lang=en&wppa-album=5&wppa-slide=1&wppa-occur=1&wppa-photo=1192', 'https:\/\/www.andersen-slekt.info\/en\/anna-og-eilif\/ingjerd\/ingjerds-album\/wppaspec\/oc1\/lnen\/sd1\/ab5\/pt1192' );return false;\"><img decoding=\"async\" id=\"i-1192-1\" src=\"https:\/\/www.andersen-slekt.info\/wp-content\/uploads\/wppa\/thumbs\/1192.jpg?ver=96\" alt=\"ingj.jpg\" title=\"ingj.jpg\" style=\"border-width:0px;width:106px;height:110px;margin-left:2px;margin-right:2px;margin-top: 0px;margin-bottom:0px;opacity:0.95;cursor:pointer\" onmouseout=\"jQuery( this ).fadeTo( 400, 0.95 )\" onmouseover=\"jQuery( this ).fadeTo( 400, 1.0 );wppaPopUp( 1, this, '1192', '', '', '', '', '', '145', '150' );\" \/><\/a><\/div><div class=\"thumbnail-subtext-frame\" style=\"height:40px;width:110px;position:absolute;margin-top:0px;overflow:hidden;\"><div class=\"wppa-thumb-text\"><\/div><div class=\"wppa-thumb-text\"><\/div><div class=\"wppa-thumb-text\"><\/div><\/div><\/div><div id=\"thumbnail_frame_1193_1\" class=\"thumbnail-frame thumbnail-frame-1 thumbnail-frame-photo-1193\" style=\"width: 110px; height: 150px; margin-left: 13px; margin-top: 2px; margin-bottom: 2px;\"><div class=\"wppa-tn-img-container\" style=\"height:110px;width:110px;overflow:visible;\"><a style=\"position:static;\" class=\"thumb-img\" id=\"x-1193-1\" href=\"https:\/\/www.andersen-slekt.info\/en\/anna-og-eilif\/ingjerd\/ingjerds-album\/wppaspec\/oc1\/lnen\/sd1\/ab5\/pt1193\" onclick=\"wppaDoAjaxRender( 1, 'https:\/\/www.andersen-slekt.info\/wppaajax?action=wppa&wppa-action=render&wppa-size=640&wppa-occur=1&wppa-fromp=9311&lang=en&wppa-album=5&wppa-slide=1&wppa-occur=1&wppa-photo=1193', 'https:\/\/www.andersen-slekt.info\/en\/anna-og-eilif\/ingjerd\/ingjerds-album\/wppaspec\/oc1\/lnen\/sd1\/ab5\/pt1193' );return false;\"><img decoding=\"async\" id=\"i-1193-1\" src=\"https:\/\/www.andersen-slekt.info\/wp-content\/uploads\/wppa\/thumbs\/1193.jpg?ver=96\" alt=\"ingj2.jpg\" title=\"ingj2.jpg\" style=\"border-width:0px;width:101px;height:110px;margin-left:4px;margin-right:4px;margin-top: 0px;margin-bottom:0px;opacity:0.95;cursor:pointer\" onmouseout=\"jQuery( this ).fadeTo( 400, 0.95 )\" onmouseover=\"jQuery( this ).fadeTo( 400, 1.0 );wppaPopUp( 1, this, '1193', '', '', '', '', '', '138', '150' );\" \/><\/a><\/div><div class=\"thumbnail-subtext-frame\" style=\"height:40px;width:110px;position:absolute;margin-top:0px;overflow:hidden;\"><div class=\"wppa-thumb-text\"><\/div><div class=\"wppa-thumb-text\"><\/div><div class=\"wppa-thumb-text\"><\/div><\/div><\/div><div id=\"thumbnail_frame_1196_1\" class=\"thumbnail-frame thumbnail-frame-1 thumbnail-frame-photo-1196\" style=\"width: 110px; height: 150px; margin-left: 13px; margin-top: 2px; margin-bottom: 2px;\"><div class=\"wppa-tn-img-container\" style=\"height:110px;width:110px;overflow:visible;\"><a style=\"position:static;\" class=\"thumb-img\" id=\"x-1196-1\" href=\"https:\/\/www.andersen-slekt.info\/en\/anna-og-eilif\/ingjerd\/ingjerds-album\/wppaspec\/oc1\/lnen\/sd1\/ab5\/pt1196\" onclick=\"wppaDoAjaxRender( 1, 'https:\/\/www.andersen-slekt.info\/wppaajax?action=wppa&wppa-action=render&wppa-size=640&wppa-occur=1&wppa-fromp=9311&lang=en&wppa-album=5&wppa-slide=1&wppa-occur=1&wppa-photo=1196', 'https:\/\/www.andersen-slekt.info\/en\/anna-og-eilif\/ingjerd\/ingjerds-album\/wppaspec\/oc1\/lnen\/sd1\/ab5\/pt1196' );return false;\"><img decoding=\"async\" id=\"i-1196-1\" src=\"https:\/\/www.andersen-slekt.info\/wp-content\/uploads\/wppa\/thumbs\/1196.jpg?ver=96\" alt=\"nanset.jpg\" title=\"nanset.jpg\" style=\"border-width:0px;width:110px;height:88px;margin-top: 11px;margin-bottom:11px;opacity:0.95;cursor:pointer\" onmouseout=\"jQuery( this ).fadeTo( 400, 0.95 )\" onmouseover=\"jQuery( this ).fadeTo( 400, 1.0 );wppaPopUp( 1, this, '1196', '', '', '', '', '', '150', '120' );\" \/><\/a><\/div><div class=\"thumbnail-subtext-frame\" style=\"height:51px;width:110px;position:absolute;margin-top:-11px;overflow:hidden;\"><div class=\"wppa-thumb-text\"><\/div><div class=\"wppa-thumb-text\"><\/div><div class=\"wppa-thumb-text\"><\/div><\/div><\/div><div id=\"thumbnail_frame_1197_1\" class=\"thumbnail-frame thumbnail-frame-1 thumbnail-frame-photo-1197\" style=\"width: 110px; height: 150px; margin-left: 13px; margin-top: 2px; margin-bottom: 2px;\"><div class=\"wppa-tn-img-container\" style=\"height:110px;width:110px;overflow:visible;\"><a style=\"position:static;\" class=\"thumb-img\" id=\"x-1197-1\" href=\"https:\/\/www.andersen-slekt.info\/en\/anna-og-eilif\/ingjerd\/ingjerds-album\/wppaspec\/oc1\/lnen\/sd1\/ab5\/pt1197\" onclick=\"wppaDoAjaxRender( 1, 'https:\/\/www.andersen-slekt.info\/wppaajax?action=wppa&wppa-action=render&wppa-size=640&wppa-occur=1&wppa-fromp=9311&lang=en&wppa-album=5&wppa-slide=1&wppa-occur=1&wppa-photo=1197', 'https:\/\/www.andersen-slekt.info\/en\/anna-og-eilif\/ingjerd\/ingjerds-album\/wppaspec\/oc1\/lnen\/sd1\/ab5\/pt1197' );return false;\"><img decoding=\"async\" id=\"i-1197-1\" src=\"https:\/\/www.andersen-slekt.info\/wp-content\/uploads\/wppa\/thumbs\/1197.jpg?ver=96\" alt=\"nanset2.jpg\" title=\"nanset2.jpg\" style=\"border-width:0px;width:110px;height:85px;margin-top: 13px;margin-bottom:13px;opacity:0.95;cursor:pointer\" onmouseout=\"jQuery( this ).fadeTo( 400, 0.95 )\" onmouseover=\"jQuery( this ).fadeTo( 400, 1.0 );wppaPopUp( 1, this, '1197', '', '', '', '', '', '150', '116' );\" \/><\/a><\/div><div class=\"thumbnail-subtext-frame\" style=\"height:53px;width:110px;position:absolute;margin-top:-13px;overflow:hidden;\"><div class=\"wppa-thumb-text\"><\/div><div class=\"wppa-thumb-text\"><\/div><div class=\"wppa-thumb-text\"><\/div><\/div><\/div><div id=\"thumbnail_frame_1198_1\" class=\"thumbnail-frame thumbnail-frame-1 thumbnail-frame-photo-1198\" style=\"width: 110px; height: 150px; margin-left: 13px; margin-top: 2px; margin-bottom: 2px;\"><div class=\"wppa-tn-img-container\" style=\"height:110px;width:110px;overflow:visible;\"><a style=\"position:static;\" class=\"thumb-img\" id=\"x-1198-1\" href=\"https:\/\/www.andersen-slekt.info\/en\/anna-og-eilif\/ingjerd\/ingjerds-album\/wppaspec\/oc1\/lnen\/sd1\/ab5\/pt1198\" onclick=\"wppaDoAjaxRender( 1, 'https:\/\/www.andersen-slekt.info\/wppaajax?action=wppa&wppa-action=render&wppa-size=640&wppa-occur=1&wppa-fromp=9311&lang=en&wppa-album=5&wppa-slide=1&wppa-occur=1&wppa-photo=1198', 'https:\/\/www.andersen-slekt.info\/en\/anna-og-eilif\/ingjerd\/ingjerds-album\/wppaspec\/oc1\/lnen\/sd1\/ab5\/pt1198' );return false;\"><img decoding=\"async\" id=\"i-1198-1\" src=\"https:\/\/www.andersen-slekt.info\/wp-content\/uploads\/wppa\/thumbs\/1198.jpg?ver=96\" alt=\"ingj6.jpg\" title=\"ingj6.jpg\" style=\"border-width:0px;width:100px;height:110px;margin-left:5px;margin-right:5px;margin-top: 0px;margin-bottom:0px;opacity:0.95;cursor:pointer\" onmouseout=\"jQuery( this ).fadeTo( 400, 0.95 )\" onmouseover=\"jQuery( this ).fadeTo( 400, 1.0 );wppaPopUp( 1, this, '1198', '', '', '', '', '', '136', '150' );\" \/><\/a><\/div><div class=\"thumbnail-subtext-frame\" style=\"height:40px;width:110px;position:absolute;margin-top:0px;overflow:hidden;\"><div class=\"wppa-thumb-text\"><\/div><div class=\"wppa-thumb-text\"><\/div><div class=\"wppa-thumb-text\"><\/div><\/div><\/div><div id=\"thumbnail_frame_1199_1\" class=\"thumbnail-frame thumbnail-frame-1 thumbnail-frame-photo-1199\" style=\"width: 110px; height: 150px; margin-left: 13px; margin-top: 2px; margin-bottom: 2px;\"><div class=\"wppa-tn-img-container\" style=\"height:110px;width:110px;overflow:visible;\"><a style=\"position:static;\" class=\"thumb-img\" id=\"x-1199-1\" href=\"https:\/\/www.andersen-slekt.info\/en\/anna-og-eilif\/ingjerd\/ingjerds-album\/wppaspec\/oc1\/lnen\/sd1\/ab5\/pt1199\" onclick=\"wppaDoAjaxRender( 1, 'https:\/\/www.andersen-slekt.info\/wppaajax?action=wppa&wppa-action=render&wppa-size=640&wppa-occur=1&wppa-fromp=9311&lang=en&wppa-album=5&wppa-slide=1&wppa-occur=1&wppa-photo=1199', 'https:\/\/www.andersen-slekt.info\/en\/anna-og-eilif\/ingjerd\/ingjerds-album\/wppaspec\/oc1\/lnen\/sd1\/ab5\/pt1199' );return false;\"><img decoding=\"async\" id=\"i-1199-1\" src=\"https:\/\/www.andersen-slekt.info\/wp-content\/uploads\/wppa\/thumbs\/1199.jpg?ver=96\" alt=\"ingj7.jpg\" title=\"ingj7.jpg\" style=\"border-width:0px;width:103px;height:110px;margin-left:3px;margin-right:3px;margin-top: 0px;margin-bottom:0px;opacity:0.95;cursor:pointer\" onmouseout=\"jQuery( this ).fadeTo( 400, 0.95 )\" onmouseover=\"jQuery( this ).fadeTo( 400, 1.0 );wppaPopUp( 1, this, '1199', '', '', '', '', '', '141', '150' );\" \/><\/a><\/div><div class=\"thumbnail-subtext-frame\" style=\"height:40px;width:110px;position:absolute;margin-top:0px;overflow:hidden;\"><div class=\"wppa-thumb-text\"><\/div><div class=\"wppa-thumb-text\"><\/div><div class=\"wppa-thumb-text\"><\/div><\/div><\/div><div id=\"thumbnail_frame_1200_1\" class=\"thumbnail-frame thumbnail-frame-1 thumbnail-frame-photo-1200\" style=\"width: 110px; height: 150px; margin-left: 13px; margin-top: 2px; margin-bottom: 2px;\"><div class=\"wppa-tn-img-container\" style=\"height:110px;width:110px;overflow:visible;\"><a style=\"position:static;\" class=\"thumb-img\" id=\"x-1200-1\" href=\"https:\/\/www.andersen-slekt.info\/en\/anna-og-eilif\/ingjerd\/ingjerds-album\/wppaspec\/oc1\/lnen\/sd1\/ab5\/pt1200\" onclick=\"wppaDoAjaxRender( 1, 'https:\/\/www.andersen-slekt.info\/wppaajax?action=wppa&wppa-action=render&wppa-size=640&wppa-occur=1&wppa-fromp=9311&lang=en&wppa-album=5&wppa-slide=1&wppa-occur=1&wppa-photo=1200', 'https:\/\/www.andersen-slekt.info\/en\/anna-og-eilif\/ingjerd\/ingjerds-album\/wppaspec\/oc1\/lnen\/sd1\/ab5\/pt1200' );return false;\"><img decoding=\"async\" id=\"i-1200-1\" src=\"https:\/\/www.andersen-slekt.info\/wp-content\/uploads\/wppa\/thumbs\/1200.jpg?ver=96\" alt=\"ingj8.jpg\" title=\"ingj8.jpg\" style=\"border-width:0px;width:110px;height:72px;margin-top: 19px;margin-bottom:19px;opacity:0.95;cursor:pointer\" onmouseout=\"jQuery( this ).fadeTo( 400, 0.95 )\" onmouseover=\"jQuery( this ).fadeTo( 400, 1.0 );wppaPopUp( 1, this, '1200', '', '', '', '', '', '150', '98' );\" \/><\/a><\/div><div class=\"thumbnail-subtext-frame\" style=\"height:59px;width:110px;position:absolute;margin-top:-19px;overflow:hidden;\"><div class=\"wppa-thumb-text\"><\/div><div class=\"wppa-thumb-text\"><\/div><div class=\"wppa-thumb-text\"><\/div><\/div><\/div><div id=\"thumbnail_frame_1206_1\" class=\"thumbnail-frame thumbnail-frame-1 thumbnail-frame-photo-1206\" style=\"width: 110px; height: 150px; margin-left: 13px; margin-top: 2px; margin-bottom: 2px;\"><div class=\"wppa-tn-img-container\" style=\"height:110px;width:110px;overflow:visible;\"><a style=\"position:static;\" class=\"thumb-img\" id=\"x-1206-1\" href=\"https:\/\/www.andersen-slekt.info\/en\/anna-og-eilif\/ingjerd\/ingjerds-album\/wppaspec\/oc1\/lnen\/sd1\/ab5\/pt1206\" onclick=\"wppaDoAjaxRender( 1, 'https:\/\/www.andersen-slekt.info\/wppaajax?action=wppa&wppa-action=render&wppa-size=640&wppa-occur=1&wppa-fromp=9311&lang=en&wppa-album=5&wppa-slide=1&wppa-occur=1&wppa-photo=1206', 'https:\/\/www.andersen-slekt.info\/en\/anna-og-eilif\/ingjerd\/ingjerds-album\/wppaspec\/oc1\/lnen\/sd1\/ab5\/pt1206' );return false;\"><img decoding=\"async\" id=\"i-1206-1\" src=\"https:\/\/www.andersen-slekt.info\/wp-content\/uploads\/wppa\/thumbs\/1206.jpg?ver=96\" alt=\"nansetvn66.jpg\" title=\"nansetvn66.jpg\" style=\"border-width:0px;width:110px;height:72px;margin-top: 19px;margin-bottom:19px;opacity:0.95;cursor:pointer\" onmouseout=\"jQuery( this ).fadeTo( 400, 0.95 )\" onmouseover=\"jQuery( this ).fadeTo( 400, 1.0 );wppaPopUp( 1, this, '1206', '', '', '', '', '', '150', '98' );\" \/><\/a><\/div><div class=\"thumbnail-subtext-frame\" style=\"height:59px;width:110px;position:absolute;margin-top:-19px;overflow:hidden;\"><div class=\"wppa-thumb-text\"><\/div><div class=\"wppa-thumb-text\"><\/div><div class=\"wppa-thumb-text\"><\/div><\/div><\/div><div id=\"thumbnail_frame_1207_1\" class=\"thumbnail-frame thumbnail-frame-1 thumbnail-frame-photo-1207\" style=\"width: 110px; height: 150px; margin-left: 13px; margin-top: 2px; margin-bottom: 2px;\"><div class=\"wppa-tn-img-container\" style=\"height:110px;width:110px;overflow:visible;\"><a style=\"position:static;\" class=\"thumb-img\" id=\"x-1207-1\" href=\"https:\/\/www.andersen-slekt.info\/en\/anna-og-eilif\/ingjerd\/ingjerds-album\/wppaspec\/oc1\/lnen\/sd1\/ab5\/pt1207\" onclick=\"wppaDoAjaxRender( 1, 'https:\/\/www.andersen-slekt.info\/wppaajax?action=wppa&wppa-action=render&wppa-size=640&wppa-occur=1&wppa-fromp=9311&lang=en&wppa-album=5&wppa-slide=1&wppa-occur=1&wppa-photo=1207', 'https:\/\/www.andersen-slekt.info\/en\/anna-og-eilif\/ingjerd\/ingjerds-album\/wppaspec\/oc1\/lnen\/sd1\/ab5\/pt1207' );return false;\"><img decoding=\"async\" id=\"i-1207-1\" src=\"https:\/\/www.andersen-slekt.info\/wp-content\/uploads\/wppa\/thumbs\/1207.jpg?ver=96\" alt=\"nansetvn66b.jpg\" title=\"nansetvn66b.jpg\" style=\"border-width:0px;width:110px;height:73px;margin-top: 19px;margin-bottom:19px;opacity:0.95;cursor:pointer\" onmouseout=\"jQuery( this ).fadeTo( 400, 0.95 )\" onmouseover=\"jQuery( this ).fadeTo( 400, 1.0 );wppaPopUp( 1, this, '1207', '', '', '', '', '', '150', '99' );\" \/><\/a><\/div><div class=\"thumbnail-subtext-frame\" style=\"height:59px;width:110px;position:absolute;margin-top:-19px;overflow:hidden;\"><div class=\"wppa-thumb-text\"><\/div><div class=\"wppa-thumb-text\"><\/div><div class=\"wppa-thumb-text\"><\/div><\/div><\/div><div id=\"thumbnail_frame_1211_1\" class=\"thumbnail-frame thumbnail-frame-1 thumbnail-frame-photo-1211\" style=\"width: 110px; height: 150px; margin-left: 13px; margin-top: 2px; margin-bottom: 2px;\"><div class=\"wppa-tn-img-container\" style=\"height:110px;width:110px;overflow:visible;\"><a style=\"position:static;\" class=\"thumb-img\" id=\"x-1211-1\" href=\"https:\/\/www.andersen-slekt.info\/en\/anna-og-eilif\/ingjerd\/ingjerds-album\/wppaspec\/oc1\/lnen\/sd1\/ab5\/pt1211\" onclick=\"wppaDoAjaxRender( 1, 'https:\/\/www.andersen-slekt.info\/wppaajax?action=wppa&wppa-action=render&wppa-size=640&wppa-occur=1&wppa-fromp=9311&lang=en&wppa-album=5&wppa-slide=1&wppa-occur=1&wppa-photo=1211', 'https:\/\/www.andersen-slekt.info\/en\/anna-og-eilif\/ingjerd\/ingjerds-album\/wppaspec\/oc1\/lnen\/sd1\/ab5\/pt1211' );return false;\"><img decoding=\"async\" id=\"i-1211-1\" src=\"https:\/\/www.andersen-slekt.info\/wp-content\/uploads\/wppa\/thumbs\/1211.jpg?ver=96\" alt=\"ingj21.jpg\" title=\"ingj21.jpg\" style=\"border-width:0px;width:110px;height:78px;margin-top: 16px;margin-bottom:16px;opacity:0.95;cursor:pointer\" onmouseout=\"jQuery( this ).fadeTo( 400, 0.95 )\" onmouseover=\"jQuery( this ).fadeTo( 400, 1.0 );wppaPopUp( 1, this, '1211', '', '', '', '', '', '150', '106' );\" \/><\/a><\/div><div class=\"thumbnail-subtext-frame\" style=\"height:56px;width:110px;position:absolute;margin-top:-16px;overflow:hidden;\"><div class=\"wppa-thumb-text\"><\/div><div class=\"wppa-thumb-text\"><\/div><div class=\"wppa-thumb-text\"><\/div><\/div><\/div><div id=\"thumbnail_frame_1212_1\" class=\"thumbnail-frame thumbnail-frame-1 thumbnail-frame-photo-1212\" style=\"width: 110px; height: 150px; margin-left: 13px; margin-top: 2px; margin-bottom: 2px;\"><div class=\"wppa-tn-img-container\" style=\"height:110px;width:110px;overflow:visible;\"><a style=\"position:static;\" class=\"thumb-img\" id=\"x-1212-1\" href=\"https:\/\/www.andersen-slekt.info\/en\/anna-og-eilif\/ingjerd\/ingjerds-album\/wppaspec\/oc1\/lnen\/sd1\/ab5\/pt1212\" onclick=\"wppaDoAjaxRender( 1, 'https:\/\/www.andersen-slekt.info\/wppaajax?action=wppa&wppa-action=render&wppa-size=640&wppa-occur=1&wppa-fromp=9311&lang=en&wppa-album=5&wppa-slide=1&wppa-occur=1&wppa-photo=1212', 'https:\/\/www.andersen-slekt.info\/en\/anna-og-eilif\/ingjerd\/ingjerds-album\/wppaspec\/oc1\/lnen\/sd1\/ab5\/pt1212' );return false;\"><img decoding=\"async\" id=\"i-1212-1\" src=\"https:\/\/www.andersen-slekt.info\/wp-content\/uploads\/wppa\/thumbs\/1212.jpg?ver=96\" alt=\"ingj22.jpg\" title=\"ingj22.jpg\" style=\"border-width:0px;width:110px;height:86px;margin-top: 12px;margin-bottom:12px;opacity:0.95;cursor:pointer\" onmouseout=\"jQuery( this ).fadeTo( 400, 0.95 )\" onmouseover=\"jQuery( this ).fadeTo( 400, 1.0 );wppaPopUp( 1, this, '1212', '', '', '', '', '', '150', '117' );\" \/><\/a><\/div><div class=\"thumbnail-subtext-frame\" style=\"height:52px;width:110px;position:absolute;margin-top:-12px;overflow:hidden;\"><div class=\"wppa-thumb-text\"><\/div><div class=\"wppa-thumb-text\"><\/div><div class=\"wppa-thumb-text\"><\/div><\/div><\/div><div id=\"thumbnail_frame_1213_1\" class=\"thumbnail-frame thumbnail-frame-1 thumbnail-frame-photo-1213\" style=\"width: 110px; height: 150px; margin-left: 13px; margin-top: 2px; margin-bottom: 2px;\"><div class=\"wppa-tn-img-container\" style=\"height:110px;width:110px;overflow:visible;\"><a style=\"position:static;\" class=\"thumb-img\" id=\"x-1213-1\" href=\"https:\/\/www.andersen-slekt.info\/en\/anna-og-eilif\/ingjerd\/ingjerds-album\/wppaspec\/oc1\/lnen\/sd1\/ab5\/pt1213\" onclick=\"wppaDoAjaxRender( 1, 'https:\/\/www.andersen-slekt.info\/wppaajax?action=wppa&wppa-action=render&wppa-size=640&wppa-occur=1&wppa-fromp=9311&lang=en&wppa-album=5&wppa-slide=1&wppa-occur=1&wppa-photo=1213', 'https:\/\/www.andersen-slekt.info\/en\/anna-og-eilif\/ingjerd\/ingjerds-album\/wppaspec\/oc1\/lnen\/sd1\/ab5\/pt1213' );return false;\"><img decoding=\"async\" id=\"i-1213-1\" src=\"https:\/\/www.andersen-slekt.info\/wp-content\/uploads\/wppa\/thumbs\/1213.jpg?ver=96\" alt=\"ingj23.jpg\" title=\"ingj23.jpg\" style=\"border-width:0px;width:110px;height:96px;margin-top: 7px;margin-bottom:7px;opacity:0.95;cursor:pointer\" onmouseout=\"jQuery( this ).fadeTo( 400, 0.95 )\" onmouseover=\"jQuery( this ).fadeTo( 400, 1.0 );wppaPopUp( 1, this, '1213', '', '', '', '', '', '150', '131' );\" \/><\/a><\/div><div class=\"thumbnail-subtext-frame\" style=\"height:47px;width:110px;position:absolute;margin-top:-7px;overflow:hidden;\"><div class=\"wppa-thumb-text\"><\/div><div class=\"wppa-thumb-text\"><\/div><div class=\"wppa-thumb-text\"><\/div><\/div><\/div><div id=\"thumbnail_frame_1214_1\" class=\"thumbnail-frame thumbnail-frame-1 thumbnail-frame-photo-1214\" style=\"width: 110px; height: 150px; margin-left: 13px; margin-top: 2px; margin-bottom: 2px;\"><div class=\"wppa-tn-img-container\" style=\"height:110px;width:110px;overflow:visible;\"><a style=\"position:static;\" class=\"thumb-img\" id=\"x-1214-1\" href=\"https:\/\/www.andersen-slekt.info\/en\/anna-og-eilif\/ingjerd\/ingjerds-album\/wppaspec\/oc1\/lnen\/sd1\/ab5\/pt1214\" onclick=\"wppaDoAjaxRender( 1, 'https:\/\/www.andersen-slekt.info\/wppaajax?action=wppa&wppa-action=render&wppa-size=640&wppa-occur=1&wppa-fromp=9311&lang=en&wppa-album=5&wppa-slide=1&wppa-occur=1&wppa-photo=1214', 'https:\/\/www.andersen-slekt.info\/en\/anna-og-eilif\/ingjerd\/ingjerds-album\/wppaspec\/oc1\/lnen\/sd1\/ab5\/pt1214' );return false;\"><img decoding=\"async\" id=\"i-1214-1\" src=\"https:\/\/www.andersen-slekt.info\/wp-content\/uploads\/wppa\/thumbs\/1214.jpg?ver=96\" alt=\"ingj24.jpg\" title=\"ingj24.jpg\" style=\"border-width:0px;width:110px;height:92px;margin-top: 9px;margin-bottom:9px;opacity:0.95;cursor:pointer\" onmouseout=\"jQuery( this ).fadeTo( 400, 0.95 )\" onmouseover=\"jQuery( this ).fadeTo( 400, 1.0 );wppaPopUp( 1, this, '1214', '', '', '', '', '', '150', '125' );\" \/><\/a><\/div><div class=\"thumbnail-subtext-frame\" style=\"height:49px;width:110px;position:absolute;margin-top:-9px;overflow:hidden;\"><div class=\"wppa-thumb-text\"><\/div><div class=\"wppa-thumb-text\"><\/div><div class=\"wppa-thumb-text\"><\/div><\/div><\/div><div id=\"thumbnail_frame_1215_1\" class=\"thumbnail-frame thumbnail-frame-1 thumbnail-frame-photo-1215\" style=\"width: 110px; height: 150px; margin-left: 13px; margin-top: 2px; margin-bottom: 2px;\"><div class=\"wppa-tn-img-container\" style=\"height:110px;width:110px;overflow:visible;\"><a style=\"position:static;\" class=\"thumb-img\" id=\"x-1215-1\" href=\"https:\/\/www.andersen-slekt.info\/en\/anna-og-eilif\/ingjerd\/ingjerds-album\/wppaspec\/oc1\/lnen\/sd1\/ab5\/pt1215\" onclick=\"wppaDoAjaxRender( 1, 'https:\/\/www.andersen-slekt.info\/wppaajax?action=wppa&wppa-action=render&wppa-size=640&wppa-occur=1&wppa-fromp=9311&lang=en&wppa-album=5&wppa-slide=1&wppa-occur=1&wppa-photo=1215', 'https:\/\/www.andersen-slekt.info\/en\/anna-og-eilif\/ingjerd\/ingjerds-album\/wppaspec\/oc1\/lnen\/sd1\/ab5\/pt1215' );return false;\"><img decoding=\"async\" id=\"i-1215-1\" src=\"https:\/\/www.andersen-slekt.info\/wp-content\/uploads\/wppa\/thumbs\/1215.jpg?ver=96\" alt=\"ingj25.jpg\" title=\"ingj25.jpg\" style=\"border-width:0px;width:110px;height:92px;margin-top: 9px;margin-bottom:9px;opacity:0.95;cursor:pointer\" onmouseout=\"jQuery( this ).fadeTo( 400, 0.95 )\" onmouseover=\"jQuery( this ).fadeTo( 400, 1.0 );wppaPopUp( 1, this, '1215', '', '', '', '', '', '150', '126' );\" \/><\/a><\/div><div class=\"thumbnail-subtext-frame\" style=\"height:49px;width:110px;position:absolute;margin-top:-9px;overflow:hidden;\"><div class=\"wppa-thumb-text\"><\/div><div class=\"wppa-thumb-text\"><\/div><div class=\"wppa-thumb-text\"><\/div><\/div><\/div><div id=\"thumbnail_frame_1216_1\" class=\"thumbnail-frame thumbnail-frame-1 thumbnail-frame-photo-1216\" style=\"width: 110px; height: 150px; margin-left: 13px; margin-top: 2px; margin-bottom: 2px;\"><div class=\"wppa-tn-img-container\" style=\"height:110px;width:110px;overflow:visible;\"><a style=\"position:static;\" class=\"thumb-img\" id=\"x-1216-1\" href=\"https:\/\/www.andersen-slekt.info\/en\/anna-og-eilif\/ingjerd\/ingjerds-album\/wppaspec\/oc1\/lnen\/sd1\/ab5\/pt1216\" onclick=\"wppaDoAjaxRender( 1, 'https:\/\/www.andersen-slekt.info\/wppaajax?action=wppa&wppa-action=render&wppa-size=640&wppa-occur=1&wppa-fromp=9311&lang=en&wppa-album=5&wppa-slide=1&wppa-occur=1&wppa-photo=1216', 'https:\/\/www.andersen-slekt.info\/en\/anna-og-eilif\/ingjerd\/ingjerds-album\/wppaspec\/oc1\/lnen\/sd1\/ab5\/pt1216' );return false;\"><img decoding=\"async\" id=\"i-1216-1\" src=\"https:\/\/www.andersen-slekt.info\/wp-content\/uploads\/wppa\/thumbs\/1216.jpg?ver=96\" alt=\"ingj26.jpg\" title=\"ingj26.jpg\" style=\"border-width:0px;width:110px;height:73px;margin-top: 19px;margin-bottom:19px;opacity:0.95;cursor:pointer\" onmouseout=\"jQuery( this ).fadeTo( 400, 0.95 )\" onmouseover=\"jQuery( this ).fadeTo( 400, 1.0 );wppaPopUp( 1, this, '1216', '', '', '', '', '', '150', '100' );\" \/><\/a><\/div><div class=\"thumbnail-subtext-frame\" style=\"height:59px;width:110px;position:absolute;margin-top:-19px;overflow:hidden;\"><div class=\"wppa-thumb-text\"><\/div><div class=\"wppa-thumb-text\"><\/div><div class=\"wppa-thumb-text\"><\/div><\/div><\/div><div id=\"thumbnail_frame_1217_1\" class=\"thumbnail-frame thumbnail-frame-1 thumbnail-frame-photo-1217\" style=\"width: 110px; height: 150px; margin-left: 13px; margin-top: 2px; margin-bottom: 2px;\"><div class=\"wppa-tn-img-container\" style=\"height:110px;width:110px;overflow:visible;\"><a style=\"position:static;\" class=\"thumb-img\" id=\"x-1217-1\" href=\"https:\/\/www.andersen-slekt.info\/en\/anna-og-eilif\/ingjerd\/ingjerds-album\/wppaspec\/oc1\/lnen\/sd1\/ab5\/pt1217\" onclick=\"wppaDoAjaxRender( 1, 'https:\/\/www.andersen-slekt.info\/wppaajax?action=wppa&wppa-action=render&wppa-size=640&wppa-occur=1&wppa-fromp=9311&lang=en&wppa-album=5&wppa-slide=1&wppa-occur=1&wppa-photo=1217', 'https:\/\/www.andersen-slekt.info\/en\/anna-og-eilif\/ingjerd\/ingjerds-album\/wppaspec\/oc1\/lnen\/sd1\/ab5\/pt1217' );return false;\"><img decoding=\"async\" id=\"i-1217-1\" src=\"https:\/\/www.andersen-slekt.info\/wp-content\/uploads\/wppa\/thumbs\/1217.jpg?ver=96\" alt=\"ingj27.jpg\" title=\"ingj27.jpg\" style=\"border-width:0px;width:110px;height:71px;margin-top: 20px;margin-bottom:20px;opacity:0.95;cursor:pointer\" onmouseout=\"jQuery( this ).fadeTo( 400, 0.95 )\" onmouseover=\"jQuery( this ).fadeTo( 400, 1.0 );wppaPopUp( 1, this, '1217', '', '', '', '', '', '150', '97' );\" \/><\/a><\/div><div class=\"thumbnail-subtext-frame\" style=\"height:60px;width:110px;position:absolute;margin-top:-20px;overflow:hidden;\"><div class=\"wppa-thumb-text\"><\/div><div class=\"wppa-thumb-text\"><\/div><div class=\"wppa-thumb-text\"><\/div><\/div><\/div><div id=\"thumbnail_frame_1239_1\" class=\"thumbnail-frame thumbnail-frame-1 thumbnail-frame-photo-1239\" style=\"width: 110px; height: 150px; margin-left: 13px; margin-top: 2px; margin-bottom: 2px;\"><div class=\"wppa-tn-img-container\" style=\"height:110px;width:110px;overflow:visible;\"><a style=\"position:static;\" class=\"thumb-img\" id=\"x-1239-1\" href=\"https:\/\/www.andersen-slekt.info\/en\/anna-og-eilif\/ingjerd\/ingjerds-album\/wppaspec\/oc1\/lnen\/sd1\/ab5\/pt1239\" onclick=\"wppaDoAjaxRender( 1, 'https:\/\/www.andersen-slekt.info\/wppaajax?action=wppa&wppa-action=render&wppa-size=640&wppa-occur=1&wppa-fromp=9311&lang=en&wppa-album=5&wppa-slide=1&wppa-occur=1&wppa-photo=1239', 'https:\/\/www.andersen-slekt.info\/en\/anna-og-eilif\/ingjerd\/ingjerds-album\/wppaspec\/oc1\/lnen\/sd1\/ab5\/pt1239' );return false;\"><img decoding=\"async\" id=\"i-1239-1\" src=\"https:\/\/www.andersen-slekt.info\/wp-content\/uploads\/wppa\/thumbs\/1239.jpg?ver=96\" alt=\"2021-06-07-0031.jpg\" title=\"2021-06-07-0031.jpg\" style=\"border-width:0px;width:99px;height:110px;margin-left:5px;margin-right:5px;margin-top: 0px;margin-bottom:0px;opacity:0.95;cursor:pointer\" onmouseout=\"jQuery( this ).fadeTo( 400, 0.95 )\" onmouseover=\"jQuery( this ).fadeTo( 400, 1.0 );wppaPopUp( 1, this, '1239', '', '', '', '', '', '135', '150' );\" \/><\/a><\/div><div class=\"thumbnail-subtext-frame\" style=\"height:40px;width:110px;position:absolute;margin-top:0px;overflow:hidden;\"><div class=\"wppa-thumb-text\"><\/div><div class=\"wppa-thumb-text\"><\/div><div class=\"wppa-thumb-text\"><\/div><\/div><\/div><div id=\"thumbnail_frame_1240_1\" class=\"thumbnail-frame thumbnail-frame-1 thumbnail-frame-photo-1240\" style=\"width: 110px; height: 150px; margin-left: 13px; margin-top: 2px; margin-bottom: 2px;\"><div class=\"wppa-tn-img-container\" style=\"height:110px;width:110px;overflow:visible;\"><a style=\"position:static;\" class=\"thumb-img\" id=\"x-1240-1\" href=\"https:\/\/www.andersen-slekt.info\/en\/anna-og-eilif\/ingjerd\/ingjerds-album\/wppaspec\/oc1\/lnen\/sd1\/ab5\/pt1240\" onclick=\"wppaDoAjaxRender( 1, 'https:\/\/www.andersen-slekt.info\/wppaajax?action=wppa&wppa-action=render&wppa-size=640&wppa-occur=1&wppa-fromp=9311&lang=en&wppa-album=5&wppa-slide=1&wppa-occur=1&wppa-photo=1240', 'https:\/\/www.andersen-slekt.info\/en\/anna-og-eilif\/ingjerd\/ingjerds-album\/wppaspec\/oc1\/lnen\/sd1\/ab5\/pt1240' );return false;\"><img decoding=\"async\" id=\"i-1240-1\" src=\"https:\/\/www.andersen-slekt.info\/wp-content\/uploads\/wppa\/thumbs\/1240.jpg?ver=96\" alt=\"2021-06-03-0033.jpg\" title=\"2021-06-03-0033.jpg\" style=\"border-width:0px;width:110px;height:95px;margin-top: 8px;margin-bottom:8px;opacity:0.95;cursor:pointer\" onmouseout=\"jQuery( this ).fadeTo( 400, 0.95 )\" onmouseover=\"jQuery( this ).fadeTo( 400, 1.0 );wppaPopUp( 1, this, '1240', '', '', '', '', '', '150', '130' );\" \/><\/a><\/div><div class=\"thumbnail-subtext-frame\" style=\"height:48px;width:110px;position:absolute;margin-top:-8px;overflow:hidden;\"><div class=\"wppa-thumb-text\"><\/div><div class=\"wppa-thumb-text\"><\/div><div class=\"wppa-thumb-text\"><\/div><\/div><\/div><div id=\"thumbnail_frame_1241_1\" class=\"thumbnail-frame thumbnail-frame-1 thumbnail-frame-photo-1241\" style=\"width: 110px; height: 150px; margin-left: 13px; margin-top: 2px; margin-bottom: 2px;\"><div class=\"wppa-tn-img-container\" style=\"height:110px;width:110px;overflow:visible;\"><a style=\"position:static;\" class=\"thumb-img\" id=\"x-1241-1\" href=\"https:\/\/www.andersen-slekt.info\/en\/anna-og-eilif\/ingjerd\/ingjerds-album\/wppaspec\/oc1\/lnen\/sd1\/ab5\/pt1241\" onclick=\"wppaDoAjaxRender( 1, 'https:\/\/www.andersen-slekt.info\/wppaajax?action=wppa&wppa-action=render&wppa-size=640&wppa-occur=1&wppa-fromp=9311&lang=en&wppa-album=5&wppa-slide=1&wppa-occur=1&wppa-photo=1241', 'https:\/\/www.andersen-slekt.info\/en\/anna-og-eilif\/ingjerd\/ingjerds-album\/wppaspec\/oc1\/lnen\/sd1\/ab5\/pt1241' );return false;\"><img decoding=\"async\" id=\"i-1241-1\" src=\"https:\/\/www.andersen-slekt.info\/wp-content\/uploads\/wppa\/thumbs\/1241.jpg?ver=96\" alt=\"b\u00e6rplukking.jpg\" title=\"b\u00e6rplukking.jpg\" style=\"border-width:0px;width:110px;height:61px;margin-top: 25px;margin-bottom:25px;opacity:0.95;cursor:pointer\" onmouseout=\"jQuery( this ).fadeTo( 400, 0.95 )\" onmouseover=\"jQuery( this ).fadeTo( 400, 1.0 );wppaPopUp( 1, this, '1241', '', '', '', '', '', '150', '83' );\" \/><\/a><\/div><div class=\"thumbnail-subtext-frame\" style=\"height:65px;width:110px;position:absolute;margin-top:-25px;overflow:hidden;\"><div class=\"wppa-thumb-text\"><\/div><div class=\"wppa-thumb-text\"><\/div><div class=\"wppa-thumb-text\"><\/div><\/div><\/div><div id=\"thumbnail_frame_1249_1\" class=\"thumbnail-frame thumbnail-frame-1 thumbnail-frame-photo-1249\" style=\"width: 110px; height: 150px; margin-left: 13px; margin-top: 2px; margin-bottom: 2px;\"><div class=\"wppa-tn-img-container\" style=\"height:110px;width:110px;overflow:visible;\"><a style=\"position:static;\" class=\"thumb-img\" id=\"x-1249-1\" href=\"https:\/\/www.andersen-slekt.info\/en\/anna-og-eilif\/ingjerd\/ingjerds-album\/wppaspec\/oc1\/lnen\/sd1\/ab5\/pt1249\" onclick=\"wppaDoAjaxRender( 1, 'https:\/\/www.andersen-slekt.info\/wppaajax?action=wppa&wppa-action=render&wppa-size=640&wppa-occur=1&wppa-fromp=9311&lang=en&wppa-album=5&wppa-slide=1&wppa-occur=1&wppa-photo=1249', 'https:\/\/www.andersen-slekt.info\/en\/anna-og-eilif\/ingjerd\/ingjerds-album\/wppaspec\/oc1\/lnen\/sd1\/ab5\/pt1249' );return false;\"><img decoding=\"async\" id=\"i-1249-1\" src=\"https:\/\/www.andersen-slekt.info\/wp-content\/uploads\/wppa\/thumbs\/1249.jpg?ver=96\" alt=\"ingj22.jpg\" title=\"ingj22.jpg\" style=\"border-width:0px;width:85px;height:110px;margin-left:12px;margin-right:12px;margin-top: 0px;margin-bottom:0px;opacity:0.95;cursor:pointer\" onmouseout=\"jQuery( this ).fadeTo( 400, 0.95 )\" onmouseover=\"jQuery( this ).fadeTo( 400, 1.0 );wppaPopUp( 1, this, '1249', '', '', '', '', '', '116', '150' );\" \/><\/a><\/div><div class=\"thumbnail-subtext-frame\" style=\"height:40px;width:110px;position:absolute;margin-top:0px;overflow:hidden;\"><div class=\"wppa-thumb-text\"><\/div><div class=\"wppa-thumb-text\"><\/div><div class=\"wppa-thumb-text\"><\/div><\/div><\/div><div id=\"thumbnail_frame_1250_1\" class=\"thumbnail-frame thumbnail-frame-1 thumbnail-frame-photo-1250\" style=\"width: 110px; height: 150px; margin-left: 13px; margin-top: 2px; margin-bottom: 2px;\"><div class=\"wppa-tn-img-container\" style=\"height:110px;width:110px;overflow:visible;\"><a style=\"position:static;\" class=\"thumb-img\" id=\"x-1250-1\" href=\"https:\/\/www.andersen-slekt.info\/en\/anna-og-eilif\/ingjerd\/ingjerds-album\/wppaspec\/oc1\/lnen\/sd1\/ab5\/pt1250\" onclick=\"wppaDoAjaxRender( 1, 'https:\/\/www.andersen-slekt.info\/wppaajax?action=wppa&wppa-action=render&wppa-size=640&wppa-occur=1&wppa-fromp=9311&lang=en&wppa-album=5&wppa-slide=1&wppa-occur=1&wppa-photo=1250', 'https:\/\/www.andersen-slekt.info\/en\/anna-og-eilif\/ingjerd\/ingjerds-album\/wppaspec\/oc1\/lnen\/sd1\/ab5\/pt1250' );return false;\"><img decoding=\"async\" id=\"i-1250-1\" src=\"https:\/\/www.andersen-slekt.info\/wp-content\/uploads\/wppa\/thumbs\/1250.jpg?ver=96\" alt=\"ingj23.jpg\" title=\"ingj23.jpg\" style=\"border-width:0px;width:110px;height:107px;margin-top: 2px;margin-bottom:2px;opacity:0.95;cursor:pointer\" onmouseout=\"jQuery( this ).fadeTo( 400, 0.95 )\" onmouseover=\"jQuery( this ).fadeTo( 400, 1.0 );wppaPopUp( 1, this, '1250', '', '', '', '', '', '150', '146' );\" \/><\/a><\/div><div class=\"thumbnail-subtext-frame\" style=\"height:42px;width:110px;position:absolute;margin-top:-2px;overflow:hidden;\"><div class=\"wppa-thumb-text\"><\/div><div class=\"wppa-thumb-text\"><\/div><div class=\"wppa-thumb-text\"><\/div><\/div><\/div><div id=\"thumbnail_frame_1251_1\" class=\"thumbnail-frame thumbnail-frame-1 thumbnail-frame-photo-1251\" style=\"width: 110px; height: 150px; margin-left: 13px; margin-top: 2px; margin-bottom: 2px;\"><div class=\"wppa-tn-img-container\" style=\"height:110px;width:110px;overflow:visible;\"><a style=\"position:static;\" class=\"thumb-img\" id=\"x-1251-1\" href=\"https:\/\/www.andersen-slekt.info\/en\/anna-og-eilif\/ingjerd\/ingjerds-album\/wppaspec\/oc1\/lnen\/sd1\/ab5\/pt1251\" onclick=\"wppaDoAjaxRender( 1, 'https:\/\/www.andersen-slekt.info\/wppaajax?action=wppa&wppa-action=render&wppa-size=640&wppa-occur=1&wppa-fromp=9311&lang=en&wppa-album=5&wppa-slide=1&wppa-occur=1&wppa-photo=1251', 'https:\/\/www.andersen-slekt.info\/en\/anna-og-eilif\/ingjerd\/ingjerds-album\/wppaspec\/oc1\/lnen\/sd1\/ab5\/pt1251' );return false;\"><img decoding=\"async\" id=\"i-1251-1\" src=\"https:\/\/www.andersen-slekt.info\/wp-content\/uploads\/wppa\/thumbs\/1251.jpg?ver=96\" alt=\"ingj30.jpg\" title=\"ingj30.jpg\" style=\"border-width:0px;width:110px;height:95px;margin-top: 8px;margin-bottom:8px;opacity:0.95;cursor:pointer\" onmouseout=\"jQuery( this ).fadeTo( 400, 0.95 )\" onmouseover=\"jQuery( this ).fadeTo( 400, 1.0 );wppaPopUp( 1, this, '1251', '', '', '', '', '', '150', '129' );\" \/><\/a><\/div><div class=\"thumbnail-subtext-frame\" style=\"height:48px;width:110px;position:absolute;margin-top:-8px;overflow:hidden;\"><div class=\"wppa-thumb-text\"><\/div><div class=\"wppa-thumb-text\"><\/div><div class=\"wppa-thumb-text\"><\/div><\/div><\/div><div id=\"thumbnail_frame_1252_1\" class=\"thumbnail-frame thumbnail-frame-1 thumbnail-frame-photo-1252\" style=\"width: 110px; height: 150px; margin-left: 13px; margin-top: 2px; margin-bottom: 2px;\"><div class=\"wppa-tn-img-container\" style=\"height:110px;width:110px;overflow:visible;\"><a style=\"position:static;\" class=\"thumb-img\" id=\"x-1252-1\" href=\"https:\/\/www.andersen-slekt.info\/en\/anna-og-eilif\/ingjerd\/ingjerds-album\/wppaspec\/oc1\/lnen\/sd1\/ab5\/pt1252\" onclick=\"wppaDoAjaxRender( 1, 'https:\/\/www.andersen-slekt.info\/wppaajax?action=wppa&wppa-action=render&wppa-size=640&wppa-occur=1&wppa-fromp=9311&lang=en&wppa-album=5&wppa-slide=1&wppa-occur=1&wppa-photo=1252', 'https:\/\/www.andersen-slekt.info\/en\/anna-og-eilif\/ingjerd\/ingjerds-album\/wppaspec\/oc1\/lnen\/sd1\/ab5\/pt1252' );return false;\"><img decoding=\"async\" id=\"i-1252-1\" src=\"https:\/\/www.andersen-slekt.info\/wp-content\/uploads\/wppa\/thumbs\/1252.jpg?ver=96\" alt=\"ingj31.jpg\" title=\"ingj31.jpg\" style=\"border-width:0px;width:110px;height:81px;margin-top: 15px;margin-bottom:15px;opacity:0.95;cursor:pointer\" onmouseout=\"jQuery( this ).fadeTo( 400, 0.95 )\" onmouseover=\"jQuery( this ).fadeTo( 400, 1.0 );wppaPopUp( 1, this, '1252', '', '', '', '', '', '150', '110' );\" \/><\/a><\/div><div class=\"thumbnail-subtext-frame\" style=\"height:55px;width:110px;position:absolute;margin-top:-15px;overflow:hidden;\"><div class=\"wppa-thumb-text\"><\/div><div class=\"wppa-thumb-text\"><\/div><div class=\"wppa-thumb-text\"><\/div><\/div><\/div><div id=\"thumbnail_frame_1269_1\" class=\"thumbnail-frame thumbnail-frame-1 thumbnail-frame-photo-1269\" style=\"width: 110px; height: 150px; margin-left: 13px; margin-top: 2px; margin-bottom: 2px;\"><div class=\"wppa-tn-img-container\" style=\"height:110px;width:110px;overflow:visible;\"><a style=\"position:static;\" class=\"thumb-img\" id=\"x-1269-1\" href=\"https:\/\/www.andersen-slekt.info\/en\/anna-og-eilif\/ingjerd\/ingjerds-album\/wppaspec\/oc1\/lnen\/sd1\/ab5\/pt1269\" onclick=\"wppaDoAjaxRender( 1, 'https:\/\/www.andersen-slekt.info\/wppaajax?action=wppa&wppa-action=render&wppa-size=640&wppa-occur=1&wppa-fromp=9311&lang=en&wppa-album=5&wppa-slide=1&wppa-occur=1&wppa-photo=1269', 'https:\/\/www.andersen-slekt.info\/en\/anna-og-eilif\/ingjerd\/ingjerds-album\/wppaspec\/oc1\/lnen\/sd1\/ab5\/pt1269' );return false;\"><img decoding=\"async\" id=\"i-1269-1\" src=\"https:\/\/www.andersen-slekt.info\/wp-content\/uploads\/wppa\/thumbs\/1269.jpg?ver=96\" alt=\"ingj27.jpg\" title=\"ingj27.jpg\" style=\"border-width:0px;width:110px;height:89px;margin-top: 11px;margin-bottom:11px;opacity:0.95;cursor:pointer\" onmouseout=\"jQuery( this ).fadeTo( 400, 0.95 )\" onmouseover=\"jQuery( this ).fadeTo( 400, 1.0 );wppaPopUp( 1, this, '1269', '', '', '', '', '', '150', '122' );\" \/><\/a><\/div><div class=\"thumbnail-subtext-frame\" style=\"height:51px;width:110px;position:absolute;margin-top:-11px;overflow:hidden;\"><div class=\"wppa-thumb-text\"><\/div><div class=\"wppa-thumb-text\"><\/div><div class=\"wppa-thumb-text\"><\/div><\/div><\/div><div id=\"thumbnail_frame_1292_1\" class=\"thumbnail-frame thumbnail-frame-1 thumbnail-frame-photo-1292\" style=\"width: 110px; height: 150px; margin-left: 13px; margin-top: 2px; margin-bottom: 2px;\"><div class=\"wppa-tn-img-container\" style=\"height:110px;width:110px;overflow:visible;\"><a style=\"position:static;\" class=\"thumb-img\" id=\"x-1292-1\" href=\"https:\/\/www.andersen-slekt.info\/en\/anna-og-eilif\/ingjerd\/ingjerds-album\/wppaspec\/oc1\/lnen\/sd1\/ab5\/pt1292\" onclick=\"wppaDoAjaxRender( 1, 'https:\/\/www.andersen-slekt.info\/wppaajax?action=wppa&wppa-action=render&wppa-size=640&wppa-occur=1&wppa-fromp=9311&lang=en&wppa-album=5&wppa-slide=1&wppa-occur=1&wppa-photo=1292', 'https:\/\/www.andersen-slekt.info\/en\/anna-og-eilif\/ingjerd\/ingjerds-album\/wppaspec\/oc1\/lnen\/sd1\/ab5\/pt1292' );return false;\"><img decoding=\"async\" id=\"i-1292-1\" src=\"https:\/\/www.andersen-slekt.info\/wp-content\/uploads\/wppa\/thumbs\/1292.jpg?ver=96\" alt=\"2021-06-06-0134.jpg\" title=\"2021-06-06-0134.jpg\" style=\"border-width:0px;width:110px;height:84px;margin-top: 13px;margin-bottom:13px;opacity:0.95;cursor:pointer\" onmouseout=\"jQuery( this ).fadeTo( 400, 0.95 )\" onmouseover=\"jQuery( this ).fadeTo( 400, 1.0 );wppaPopUp( 1, this, '1292', '', '', '', '', '', '150', '115' );\" \/><\/a><\/div><div class=\"thumbnail-subtext-frame\" style=\"height:53px;width:110px;position:absolute;margin-top:-13px;overflow:hidden;\"><div class=\"wppa-thumb-text\"><\/div><div class=\"wppa-thumb-text\"><\/div><div class=\"wppa-thumb-text\"><\/div><\/div><\/div><div id=\"thumbnail_frame_1293_1\" class=\"thumbnail-frame thumbnail-frame-1 thumbnail-frame-photo-1293\" style=\"width: 110px; height: 150px; margin-left: 13px; margin-top: 2px; margin-bottom: 2px;\"><div class=\"wppa-tn-img-container\" style=\"height:110px;width:110px;overflow:visible;\"><a style=\"position:static;\" class=\"thumb-img\" id=\"x-1293-1\" href=\"https:\/\/www.andersen-slekt.info\/en\/anna-og-eilif\/ingjerd\/ingjerds-album\/wppaspec\/oc1\/lnen\/sd1\/ab5\/pt1293\" onclick=\"wppaDoAjaxRender( 1, 'https:\/\/www.andersen-slekt.info\/wppaajax?action=wppa&wppa-action=render&wppa-size=640&wppa-occur=1&wppa-fromp=9311&lang=en&wppa-album=5&wppa-slide=1&wppa-occur=1&wppa-photo=1293', 'https:\/\/www.andersen-slekt.info\/en\/anna-og-eilif\/ingjerd\/ingjerds-album\/wppaspec\/oc1\/lnen\/sd1\/ab5\/pt1293' );return false;\"><img decoding=\"async\" id=\"i-1293-1\" src=\"https:\/\/www.andersen-slekt.info\/wp-content\/uploads\/wppa\/thumbs\/1293.jpg?ver=96\" alt=\"nanset.jpg\" title=\"nanset.jpg\" style=\"border-width:0px;width:90px;height:110px;margin-left:10px;margin-right:10px;margin-top: 0px;margin-bottom:0px;opacity:0.95;cursor:pointer\" onmouseout=\"jQuery( this ).fadeTo( 400, 0.95 )\" onmouseover=\"jQuery( this ).fadeTo( 400, 1.0 );wppaPopUp( 1, this, '1293', '', '', '', '', '', '123', '150' );\" \/><\/a><\/div><div class=\"thumbnail-subtext-frame\" style=\"height:40px;width:110px;position:absolute;margin-top:0px;overflow:hidden;\"><div class=\"wppa-thumb-text\"><\/div><div class=\"wppa-thumb-text\"><\/div><div class=\"wppa-thumb-text\"><\/div><\/div><\/div><div id=\"thumbnail_frame_1300_1\" class=\"thumbnail-frame thumbnail-frame-1 thumbnail-frame-photo-1300\" style=\"width: 110px; height: 150px; margin-left: 13px; margin-top: 2px; margin-bottom: 2px;\"><div class=\"wppa-tn-img-container\" style=\"height:110px;width:110px;overflow:visible;\"><a style=\"position:static;\" class=\"thumb-img\" id=\"x-1300-1\" href=\"https:\/\/www.andersen-slekt.info\/en\/anna-og-eilif\/ingjerd\/ingjerds-album\/wppaspec\/oc1\/lnen\/sd1\/ab5\/pt1300\" onclick=\"wppaDoAjaxRender( 1, 'https:\/\/www.andersen-slekt.info\/wppaajax?action=wppa&wppa-action=render&wppa-size=640&wppa-occur=1&wppa-fromp=9311&lang=en&wppa-album=5&wppa-slide=1&wppa-occur=1&wppa-photo=1300', 'https:\/\/www.andersen-slekt.info\/en\/anna-og-eilif\/ingjerd\/ingjerds-album\/wppaspec\/oc1\/lnen\/sd1\/ab5\/pt1300' );return false;\"><img decoding=\"async\" id=\"i-1300-1\" src=\"https:\/\/www.andersen-slekt.info\/wp-content\/uploads\/wppa\/thumbs\/1300.jpg?ver=96\" alt=\"20x20-4.jpg\" title=\"20x20-4.jpg\" style=\"border-width:0px;width:110px;height:110px;margin-top: 0px;margin-bottom:0px;opacity:0.95;cursor:pointer\" onmouseout=\"jQuery( this ).fadeTo( 400, 0.95 )\" onmouseover=\"jQuery( this ).fadeTo( 400, 1.0 );wppaPopUp( 1, this, '1300', '', '', '', '', '', '150', '150' );\" \/><\/a><\/div><div class=\"thumbnail-subtext-frame\" style=\"height:40px;width:110px;position:absolute;margin-top:0px;overflow:hidden;\"><div class=\"wppa-thumb-text\"><\/div><div class=\"wppa-thumb-text\"><\/div><div class=\"wppa-thumb-text\"><\/div><\/div><\/div><div id=\"thumbnail_frame_1385_1\" class=\"thumbnail-frame thumbnail-frame-1 thumbnail-frame-photo-1385\" style=\"width: 110px; height: 150px; margin-left: 13px; margin-top: 2px; margin-bottom: 2px;\"><div class=\"wppa-tn-img-container\" style=\"height:110px;width:110px;overflow:visible;\"><a style=\"position:static;\" class=\"thumb-img\" id=\"x-1385-1\" href=\"https:\/\/www.andersen-slekt.info\/en\/anna-og-eilif\/ingjerd\/ingjerds-album\/wppaspec\/oc1\/lnen\/sd1\/ab5\/pt1385\" onclick=\"wppaDoAjaxRender( 1, 'https:\/\/www.andersen-slekt.info\/wppaajax?action=wppa&wppa-action=render&wppa-size=640&wppa-occur=1&wppa-fromp=9311&lang=en&wppa-album=5&wppa-slide=1&wppa-occur=1&wppa-photo=1385', 'https:\/\/www.andersen-slekt.info\/en\/anna-og-eilif\/ingjerd\/ingjerds-album\/wppaspec\/oc1\/lnen\/sd1\/ab5\/pt1385' );return false;\"><img decoding=\"async\" id=\"i-1385-1\" src=\"https:\/\/www.andersen-slekt.info\/wp-content\/uploads\/wppa\/thumbs\/1385.jpg?ver=96\" alt=\"2021-07-09-0007.jpg\" title=\"2021-07-09-0007.jpg\" style=\"border-width:0px;width:110px;height:76px;margin-top: 17px;margin-bottom:17px;opacity:0.95;cursor:pointer\" onmouseout=\"jQuery( this ).fadeTo( 400, 0.95 )\" onmouseover=\"jQuery( this ).fadeTo( 400, 1.0 );wppaPopUp( 1, this, '1385', '', '', '', '', '', '150', '103' );\" \/><\/a><\/div><div class=\"thumbnail-subtext-frame\" style=\"height:57px;width:110px;position:absolute;margin-top:-17px;overflow:hidden;\"><div class=\"wppa-thumb-text\"><\/div><div class=\"wppa-thumb-text\"><\/div><div class=\"wppa-thumb-text\"><\/div><\/div><\/div><div id=\"thumbnail_frame_1386_1\" class=\"thumbnail-frame thumbnail-frame-1 thumbnail-frame-photo-1386\" style=\"width: 110px; height: 150px; margin-left: 13px; margin-top: 2px; margin-bottom: 2px;\"><div class=\"wppa-tn-img-container\" style=\"height:110px;width:110px;overflow:visible;\"><a style=\"position:static;\" class=\"thumb-img\" id=\"x-1386-1\" href=\"https:\/\/www.andersen-slekt.info\/en\/anna-og-eilif\/ingjerd\/ingjerds-album\/wppaspec\/oc1\/lnen\/sd1\/ab5\/pt1386\" onclick=\"wppaDoAjaxRender( 1, 'https:\/\/www.andersen-slekt.info\/wppaajax?action=wppa&wppa-action=render&wppa-size=640&wppa-occur=1&wppa-fromp=9311&lang=en&wppa-album=5&wppa-slide=1&wppa-occur=1&wppa-photo=1386', 'https:\/\/www.andersen-slekt.info\/en\/anna-og-eilif\/ingjerd\/ingjerds-album\/wppaspec\/oc1\/lnen\/sd1\/ab5\/pt1386' );return false;\"><img decoding=\"async\" id=\"i-1386-1\" src=\"https:\/\/www.andersen-slekt.info\/wp-content\/uploads\/wppa\/thumbs\/1386.jpg?ver=96\" alt=\"2021-07-09-0012.jpg\" title=\"2021-07-09-0012.jpg\" style=\"border-width:0px;width:110px;height:93px;margin-top: 9px;margin-bottom:9px;opacity:0.95;cursor:pointer\" onmouseout=\"jQuery( this ).fadeTo( 400, 0.95 )\" onmouseover=\"jQuery( this ).fadeTo( 400, 1.0 );wppaPopUp( 1, this, '1386', '', '', '', '', '', '150', '127' );\" \/><\/a><\/div><div class=\"thumbnail-subtext-frame\" style=\"height:49px;width:110px;position:absolute;margin-top:-9px;overflow:hidden;\"><div class=\"wppa-thumb-text\"><\/div><div class=\"wppa-thumb-text\"><\/div><div class=\"wppa-thumb-text\"><\/div><\/div><\/div><div id=\"thumbnail_frame_1387_1\" class=\"thumbnail-frame thumbnail-frame-1 thumbnail-frame-photo-1387\" style=\"width: 110px; height: 150px; margin-left: 13px; margin-top: 2px; margin-bottom: 2px;\"><div class=\"wppa-tn-img-container\" style=\"height:110px;width:110px;overflow:visible;\"><a style=\"position:static;\" class=\"thumb-img\" id=\"x-1387-1\" href=\"https:\/\/www.andersen-slekt.info\/en\/anna-og-eilif\/ingjerd\/ingjerds-album\/wppaspec\/oc1\/lnen\/sd1\/ab5\/pt1387\" onclick=\"wppaDoAjaxRender( 1, 'https:\/\/www.andersen-slekt.info\/wppaajax?action=wppa&wppa-action=render&wppa-size=640&wppa-occur=1&wppa-fromp=9311&lang=en&wppa-album=5&wppa-slide=1&wppa-occur=1&wppa-photo=1387', 'https:\/\/www.andersen-slekt.info\/en\/anna-og-eilif\/ingjerd\/ingjerds-album\/wppaspec\/oc1\/lnen\/sd1\/ab5\/pt1387' );return false;\"><img decoding=\"async\" id=\"i-1387-1\" src=\"https:\/\/www.andersen-slekt.info\/wp-content\/uploads\/wppa\/thumbs\/1387.jpg?ver=96\" alt=\"2021-07-09-0016.jpg\" title=\"2021-07-09-0016.jpg\" style=\"border-width:0px;width:104px;height:110px;margin-left:3px;margin-right:3px;margin-top: 0px;margin-bottom:0px;opacity:0.95;cursor:pointer\" onmouseout=\"jQuery( this ).fadeTo( 400, 0.95 )\" onmouseover=\"jQuery( this ).fadeTo( 400, 1.0 );wppaPopUp( 1, this, '1387', '', '', '', '', '', '142', '150' );\" \/><\/a><\/div><div class=\"thumbnail-subtext-frame\" style=\"height:40px;width:110px;position:absolute;margin-top:0px;overflow:hidden;\"><div class=\"wppa-thumb-text\"><\/div><div class=\"wppa-thumb-text\"><\/div><div class=\"wppa-thumb-text\"><\/div><\/div><\/div><div id=\"thumbnail_frame_1388_1\" class=\"thumbnail-frame thumbnail-frame-1 thumbnail-frame-photo-1388\" style=\"width: 110px; height: 150px; margin-left: 13px; margin-top: 2px; margin-bottom: 2px;\"><div class=\"wppa-tn-img-container\" style=\"height:110px;width:110px;overflow:visible;\"><a style=\"position:static;\" class=\"thumb-img\" id=\"x-1388-1\" href=\"https:\/\/www.andersen-slekt.info\/en\/anna-og-eilif\/ingjerd\/ingjerds-album\/wppaspec\/oc1\/lnen\/sd1\/ab5\/pt1388\" onclick=\"wppaDoAjaxRender( 1, 'https:\/\/www.andersen-slekt.info\/wppaajax?action=wppa&wppa-action=render&wppa-size=640&wppa-occur=1&wppa-fromp=9311&lang=en&wppa-album=5&wppa-slide=1&wppa-occur=1&wppa-photo=1388', 'https:\/\/www.andersen-slekt.info\/en\/anna-og-eilif\/ingjerd\/ingjerds-album\/wppaspec\/oc1\/lnen\/sd1\/ab5\/pt1388' );return false;\"><img decoding=\"async\" id=\"i-1388-1\" src=\"https:\/\/www.andersen-slekt.info\/wp-content\/uploads\/wppa\/thumbs\/1388.jpg?ver=96\" alt=\"2021-07-15-0034.jpg\" title=\"2021-07-15-0034.jpg\" style=\"border-width:0px;width:109px;height:110px;margin-top: 0px;margin-bottom:0px;opacity:0.95;cursor:pointer\" onmouseout=\"jQuery( this ).fadeTo( 400, 0.95 )\" onmouseover=\"jQuery( this ).fadeTo( 400, 1.0 );wppaPopUp( 1, this, '1388', '', '', '', '', '', '149', '150' );\" \/><\/a><\/div><div class=\"thumbnail-subtext-frame\" style=\"height:40px;width:110px;position:absolute;margin-top:0px;overflow:hidden;\"><div class=\"wppa-thumb-text\"><\/div><div class=\"wppa-thumb-text\"><\/div><div class=\"wppa-thumb-text\"><\/div><\/div><\/div><div id=\"thumbnail_frame_1389_1\" class=\"thumbnail-frame thumbnail-frame-1 thumbnail-frame-photo-1389\" style=\"width: 110px; height: 150px; margin-left: 13px; margin-top: 2px; margin-bottom: 2px;\"><div class=\"wppa-tn-img-container\" style=\"height:110px;width:110px;overflow:visible;\"><a style=\"position:static;\" class=\"thumb-img\" id=\"x-1389-1\" href=\"https:\/\/www.andersen-slekt.info\/en\/anna-og-eilif\/ingjerd\/ingjerds-album\/wppaspec\/oc1\/lnen\/sd1\/ab5\/pt1389\" onclick=\"wppaDoAjaxRender( 1, 'https:\/\/www.andersen-slekt.info\/wppaajax?action=wppa&wppa-action=render&wppa-size=640&wppa-occur=1&wppa-fromp=9311&lang=en&wppa-album=5&wppa-slide=1&wppa-occur=1&wppa-photo=1389', 'https:\/\/www.andersen-slekt.info\/en\/anna-og-eilif\/ingjerd\/ingjerds-album\/wppaspec\/oc1\/lnen\/sd1\/ab5\/pt1389' );return false;\"><img decoding=\"async\" id=\"i-1389-1\" src=\"https:\/\/www.andersen-slekt.info\/wp-content\/uploads\/wppa\/thumbs\/1389.jpg?ver=96\" alt=\"2021-07-15-0042.jpg\" title=\"2021-07-15-0042.jpg\" style=\"border-width:0px;width:109px;height:110px;margin-top: 0px;margin-bottom:0px;opacity:0.95;cursor:pointer\" onmouseout=\"jQuery( this ).fadeTo( 400, 0.95 )\" onmouseover=\"jQuery( this ).fadeTo( 400, 1.0 );wppaPopUp( 1, this, '1389', '', '', '', '', '', '149', '150' );\" \/><\/a><\/div><div class=\"thumbnail-subtext-frame\" style=\"height:40px;width:110px;position:absolute;margin-top:0px;overflow:hidden;\"><div class=\"wppa-thumb-text\"><\/div><div class=\"wppa-thumb-text\"><\/div><div class=\"wppa-thumb-text\"><\/div><\/div><\/div><div id=\"thumbnail_frame_1390_1\" class=\"thumbnail-frame thumbnail-frame-1 thumbnail-frame-photo-1390\" style=\"width: 110px; height: 150px; margin-left: 13px; margin-top: 2px; margin-bottom: 2px;\"><div class=\"wppa-tn-img-container\" style=\"height:110px;width:110px;overflow:visible;\"><a style=\"position:static;\" class=\"thumb-img\" id=\"x-1390-1\" href=\"https:\/\/www.andersen-slekt.info\/en\/anna-og-eilif\/ingjerd\/ingjerds-album\/wppaspec\/oc1\/lnen\/sd1\/ab5\/pt1390\" onclick=\"wppaDoAjaxRender( 1, 'https:\/\/www.andersen-slekt.info\/wppaajax?action=wppa&wppa-action=render&wppa-size=640&wppa-occur=1&wppa-fromp=9311&lang=en&wppa-album=5&wppa-slide=1&wppa-occur=1&wppa-photo=1390', 'https:\/\/www.andersen-slekt.info\/en\/anna-og-eilif\/ingjerd\/ingjerds-album\/wppaspec\/oc1\/lnen\/sd1\/ab5\/pt1390' );return false;\"><img decoding=\"async\" id=\"i-1390-1\" src=\"https:\/\/www.andersen-slekt.info\/wp-content\/uploads\/wppa\/thumbs\/1390.jpg?ver=96\" alt=\"2021-07-15-0043.jpg\" title=\"2021-07-15-0043.jpg\" style=\"border-width:0px;width:110px;height:100px;margin-top: 5px;margin-bottom:5px;opacity:0.95;cursor:pointer\" onmouseout=\"jQuery( this ).fadeTo( 400, 0.95 )\" onmouseover=\"jQuery( this ).fadeTo( 400, 1.0 );wppaPopUp( 1, this, '1390', '', '', '', '', '', '150', '136' );\" \/><\/a><\/div><div class=\"thumbnail-subtext-frame\" style=\"height:45px;width:110px;position:absolute;margin-top:-5px;overflow:hidden;\"><div class=\"wppa-thumb-text\"><\/div><div class=\"wppa-thumb-text\"><\/div><div class=\"wppa-thumb-text\"><\/div><\/div><\/div><div id=\"thumbnail_frame_1391_1\" class=\"thumbnail-frame thumbnail-frame-1 thumbnail-frame-photo-1391\" style=\"width: 110px; height: 150px; margin-left: 13px; margin-top: 2px; margin-bottom: 2px;\"><div class=\"wppa-tn-img-container\" style=\"height:110px;width:110px;overflow:visible;\"><a style=\"position:static;\" class=\"thumb-img\" id=\"x-1391-1\" href=\"https:\/\/www.andersen-slekt.info\/en\/anna-og-eilif\/ingjerd\/ingjerds-album\/wppaspec\/oc1\/lnen\/sd1\/ab5\/pt1391\" onclick=\"wppaDoAjaxRender( 1, 'https:\/\/www.andersen-slekt.info\/wppaajax?action=wppa&wppa-action=render&wppa-size=640&wppa-occur=1&wppa-fromp=9311&lang=en&wppa-album=5&wppa-slide=1&wppa-occur=1&wppa-photo=1391', 'https:\/\/www.andersen-slekt.info\/en\/anna-og-eilif\/ingjerd\/ingjerds-album\/wppaspec\/oc1\/lnen\/sd1\/ab5\/pt1391' );return false;\"><img decoding=\"async\" id=\"i-1391-1\" src=\"https:\/\/www.andersen-slekt.info\/wp-content\/uploads\/wppa\/thumbs\/1391.jpg?ver=96\" alt=\"2021-07-15-0044.jpg\" title=\"2021-07-15-0044.jpg\" style=\"border-width:0px;width:110px;height:81px;margin-top: 15px;margin-bottom:15px;opacity:0.95;cursor:pointer\" onmouseout=\"jQuery( this ).fadeTo( 400, 0.95 )\" onmouseover=\"jQuery( this ).fadeTo( 400, 1.0 );wppaPopUp( 1, this, '1391', '', '', '', '', '', '150', '110' );\" \/><\/a><\/div><div class=\"thumbnail-subtext-frame\" style=\"height:55px;width:110px;position:absolute;margin-top:-15px;overflow:hidden;\"><div class=\"wppa-thumb-text\"><\/div><div class=\"wppa-thumb-text\"><\/div><div class=\"wppa-thumb-text\"><\/div><\/div><\/div><div id=\"thumbnail_frame_1392_1\" class=\"thumbnail-frame thumbnail-frame-1 thumbnail-frame-photo-1392\" style=\"width: 110px; height: 150px; margin-left: 13px; margin-top: 2px; margin-bottom: 2px;\"><div class=\"wppa-tn-img-container\" style=\"height:110px;width:110px;overflow:visible;\"><a style=\"position:static;\" class=\"thumb-img\" id=\"x-1392-1\" href=\"https:\/\/www.andersen-slekt.info\/en\/anna-og-eilif\/ingjerd\/ingjerds-album\/wppaspec\/oc1\/lnen\/sd1\/ab5\/pt1392\" onclick=\"wppaDoAjaxRender( 1, 'https:\/\/www.andersen-slekt.info\/wppaajax?action=wppa&wppa-action=render&wppa-size=640&wppa-occur=1&wppa-fromp=9311&lang=en&wppa-album=5&wppa-slide=1&wppa-occur=1&wppa-photo=1392', 'https:\/\/www.andersen-slekt.info\/en\/anna-og-eilif\/ingjerd\/ingjerds-album\/wppaspec\/oc1\/lnen\/sd1\/ab5\/pt1392' );return false;\"><img decoding=\"async\" id=\"i-1392-1\" src=\"https:\/\/www.andersen-slekt.info\/wp-content\/uploads\/wppa\/thumbs\/1392.jpg?ver=96\" alt=\"2021-07-17-0049.jpg\" title=\"2021-07-17-0049.jpg\" style=\"border-width:0px;width:110px;height:76px;margin-top: 17px;margin-bottom:17px;opacity:0.95;cursor:pointer\" onmouseout=\"jQuery( this ).fadeTo( 400, 0.95 )\" onmouseover=\"jQuery( this ).fadeTo( 400, 1.0 );wppaPopUp( 1, this, '1392', '', '', '', '', '', '150', '103' );\" \/><\/a><\/div><div class=\"thumbnail-subtext-frame\" style=\"height:57px;width:110px;position:absolute;margin-top:-17px;overflow:hidden;\"><div class=\"wppa-thumb-text\"><\/div><div class=\"wppa-thumb-text\"><\/div><div class=\"wppa-thumb-text\"><\/div><\/div><\/div><div id=\"thumbnail_frame_1393_1\" class=\"thumbnail-frame thumbnail-frame-1 thumbnail-frame-photo-1393\" style=\"width: 110px; height: 150px; margin-left: 13px; margin-top: 2px; margin-bottom: 2px;\"><div class=\"wppa-tn-img-container\" style=\"height:110px;width:110px;overflow:visible;\"><a style=\"position:static;\" class=\"thumb-img\" id=\"x-1393-1\" href=\"https:\/\/www.andersen-slekt.info\/en\/anna-og-eilif\/ingjerd\/ingjerds-album\/wppaspec\/oc1\/lnen\/sd1\/ab5\/pt1393\" onclick=\"wppaDoAjaxRender( 1, 'https:\/\/www.andersen-slekt.info\/wppaajax?action=wppa&wppa-action=render&wppa-size=640&wppa-occur=1&wppa-fromp=9311&lang=en&wppa-album=5&wppa-slide=1&wppa-occur=1&wppa-photo=1393', 'https:\/\/www.andersen-slekt.info\/en\/anna-og-eilif\/ingjerd\/ingjerds-album\/wppaspec\/oc1\/lnen\/sd1\/ab5\/pt1393' );return false;\"><img decoding=\"async\" id=\"i-1393-1\" src=\"https:\/\/www.andersen-slekt.info\/wp-content\/uploads\/wppa\/thumbs\/1393.jpg?ver=96\" alt=\"2021-07-17-0052.jpg\" title=\"2021-07-17-0052.jpg\" style=\"border-width:0px;width:110px;height:92px;margin-top: 9px;margin-bottom:9px;opacity:0.95;cursor:pointer\" onmouseout=\"jQuery( this ).fadeTo( 400, 0.95 )\" onmouseover=\"jQuery( this ).fadeTo( 400, 1.0 );wppaPopUp( 1, this, '1393', '', '', '', '', '', '150', '126' );\" \/><\/a><\/div><div class=\"thumbnail-subtext-frame\" style=\"height:49px;width:110px;position:absolute;margin-top:-9px;overflow:hidden;\"><div class=\"wppa-thumb-text\"><\/div><div class=\"wppa-thumb-text\"><\/div><div class=\"wppa-thumb-text\"><\/div><\/div><\/div><div id=\"thumbnail_frame_1394_1\" class=\"thumbnail-frame thumbnail-frame-1 thumbnail-frame-photo-1394\" style=\"width: 110px; height: 150px; margin-left: 13px; margin-top: 2px; margin-bottom: 2px;\"><div class=\"wppa-tn-img-container\" style=\"height:110px;width:110px;overflow:visible;\"><a style=\"position:static;\" class=\"thumb-img\" id=\"x-1394-1\" href=\"https:\/\/www.andersen-slekt.info\/en\/anna-og-eilif\/ingjerd\/ingjerds-album\/wppaspec\/oc1\/lnen\/sd1\/ab5\/pt1394\" onclick=\"wppaDoAjaxRender( 1, 'https:\/\/www.andersen-slekt.info\/wppaajax?action=wppa&wppa-action=render&wppa-size=640&wppa-occur=1&wppa-fromp=9311&lang=en&wppa-album=5&wppa-slide=1&wppa-occur=1&wppa-photo=1394', 'https:\/\/www.andersen-slekt.info\/en\/anna-og-eilif\/ingjerd\/ingjerds-album\/wppaspec\/oc1\/lnen\/sd1\/ab5\/pt1394' );return false;\"><img decoding=\"async\" id=\"i-1394-1\" src=\"https:\/\/www.andersen-slekt.info\/wp-content\/uploads\/wppa\/thumbs\/1394.jpg?ver=96\" alt=\"2021-07-17-0095.jpg\" title=\"2021-07-17-0095.jpg\" style=\"border-width:0px;width:110px;height:96px;margin-top: 7px;margin-bottom:7px;opacity:0.95;cursor:pointer\" onmouseout=\"jQuery( this ).fadeTo( 400, 0.95 )\" onmouseover=\"jQuery( this ).fadeTo( 400, 1.0 );wppaPopUp( 1, this, '1394', '', '', '', '', '', '150', '131' );\" \/><\/a><\/div><div class=\"thumbnail-subtext-frame\" style=\"height:47px;width:110px;position:absolute;margin-top:-7px;overflow:hidden;\"><div class=\"wppa-thumb-text\"><\/div><div class=\"wppa-thumb-text\"><\/div><div class=\"wppa-thumb-text\"><\/div><\/div><\/div><div id=\"thumbnail_frame_1395_1\" class=\"thumbnail-frame thumbnail-frame-1 thumbnail-frame-photo-1395\" style=\"width: 110px; height: 150px; margin-left: 13px; margin-top: 2px; margin-bottom: 2px;\"><div class=\"wppa-tn-img-container\" style=\"height:110px;width:110px;overflow:visible;\"><a style=\"position:static;\" class=\"thumb-img\" id=\"x-1395-1\" href=\"https:\/\/www.andersen-slekt.info\/en\/anna-og-eilif\/ingjerd\/ingjerds-album\/wppaspec\/oc1\/lnen\/sd1\/ab5\/pt1395\" onclick=\"wppaDoAjaxRender( 1, 'https:\/\/www.andersen-slekt.info\/wppaajax?action=wppa&wppa-action=render&wppa-size=640&wppa-occur=1&wppa-fromp=9311&lang=en&wppa-album=5&wppa-slide=1&wppa-occur=1&wppa-photo=1395', 'https:\/\/www.andersen-slekt.info\/en\/anna-og-eilif\/ingjerd\/ingjerds-album\/wppaspec\/oc1\/lnen\/sd1\/ab5\/pt1395' );return false;\"><img decoding=\"async\" id=\"i-1395-1\" src=\"https:\/\/www.andersen-slekt.info\/wp-content\/uploads\/wppa\/thumbs\/1395.jpg?ver=96\" alt=\"2021-07-18-0044.jpg\" title=\"2021-07-18-0044.jpg\" style=\"border-width:0px;width:110px;height:86px;margin-top: 12px;margin-bottom:12px;opacity:0.95;cursor:pointer\" onmouseout=\"jQuery( this ).fadeTo( 400, 0.95 )\" onmouseover=\"jQuery( this ).fadeTo( 400, 1.0 );wppaPopUp( 1, this, '1395', '', '', '', '', '', '150', '117' );\" \/><\/a><\/div><div class=\"thumbnail-subtext-frame\" style=\"height:52px;width:110px;position:absolute;margin-top:-12px;overflow:hidden;\"><div class=\"wppa-thumb-text\"><\/div><div class=\"wppa-thumb-text\"><\/div><div class=\"wppa-thumb-text\"><\/div><\/div><\/div><div id=\"thumbnail_frame_1396_1\" class=\"thumbnail-frame thumbnail-frame-1 thumbnail-frame-photo-1396\" style=\"width: 110px; height: 150px; margin-left: 13px; margin-top: 2px; margin-bottom: 2px;\"><div class=\"wppa-tn-img-container\" style=\"height:110px;width:110px;overflow:visible;\"><a style=\"position:static;\" class=\"thumb-img\" id=\"x-1396-1\" href=\"https:\/\/www.andersen-slekt.info\/en\/anna-og-eilif\/ingjerd\/ingjerds-album\/wppaspec\/oc1\/lnen\/sd1\/ab5\/pt1396\" onclick=\"wppaDoAjaxRender( 1, 'https:\/\/www.andersen-slekt.info\/wppaajax?action=wppa&wppa-action=render&wppa-size=640&wppa-occur=1&wppa-fromp=9311&lang=en&wppa-album=5&wppa-slide=1&wppa-occur=1&wppa-photo=1396', 'https:\/\/www.andersen-slekt.info\/en\/anna-og-eilif\/ingjerd\/ingjerds-album\/wppaspec\/oc1\/lnen\/sd1\/ab5\/pt1396' );return false;\"><img decoding=\"async\" id=\"i-1396-1\" src=\"https:\/\/www.andersen-slekt.info\/wp-content\/uploads\/wppa\/thumbs\/1396.jpg?ver=96\" alt=\"2021-07-19-0028.jpg\" title=\"2021-07-19-0028.jpg\" style=\"border-width:0px;width:110px;height:107px;margin-top: 2px;margin-bottom:2px;opacity:0.95;cursor:pointer\" onmouseout=\"jQuery( this ).fadeTo( 400, 0.95 )\" onmouseover=\"jQuery( this ).fadeTo( 400, 1.0 );wppaPopUp( 1, this, '1396', '', '', '', '', '', '150', '146' );\" \/><\/a><\/div><div class=\"thumbnail-subtext-frame\" style=\"height:42px;width:110px;position:absolute;margin-top:-2px;overflow:hidden;\"><div class=\"wppa-thumb-text\"><\/div><div class=\"wppa-thumb-text\"><\/div><div class=\"wppa-thumb-text\"><\/div><\/div><\/div><div id=\"thumbnail_frame_1397_1\" class=\"thumbnail-frame thumbnail-frame-1 thumbnail-frame-photo-1397\" style=\"width: 110px; height: 150px; margin-left: 13px; margin-top: 2px; margin-bottom: 2px;\"><div class=\"wppa-tn-img-container\" style=\"height:110px;width:110px;overflow:visible;\"><a style=\"position:static;\" class=\"thumb-img\" id=\"x-1397-1\" href=\"https:\/\/www.andersen-slekt.info\/en\/anna-og-eilif\/ingjerd\/ingjerds-album\/wppaspec\/oc1\/lnen\/sd1\/ab5\/pt1397\" onclick=\"wppaDoAjaxRender( 1, 'https:\/\/www.andersen-slekt.info\/wppaajax?action=wppa&wppa-action=render&wppa-size=640&wppa-occur=1&wppa-fromp=9311&lang=en&wppa-album=5&wppa-slide=1&wppa-occur=1&wppa-photo=1397', 'https:\/\/www.andersen-slekt.info\/en\/anna-og-eilif\/ingjerd\/ingjerds-album\/wppaspec\/oc1\/lnen\/sd1\/ab5\/pt1397' );return false;\"><img decoding=\"async\" id=\"i-1397-1\" src=\"https:\/\/www.andersen-slekt.info\/wp-content\/uploads\/wppa\/thumbs\/1397.jpg?ver=96\" alt=\"2021-07-20-0001.jpg\" title=\"2021-07-20-0001.jpg\" style=\"border-width:0px;width:110px;height:96px;margin-top: 7px;margin-bottom:7px;opacity:0.95;cursor:pointer\" onmouseout=\"jQuery( this ).fadeTo( 400, 0.95 )\" onmouseover=\"jQuery( this ).fadeTo( 400, 1.0 );wppaPopUp( 1, this, '1397', '', '', '', '', '', '150', '131' );\" \/><\/a><\/div><div class=\"thumbnail-subtext-frame\" style=\"height:47px;width:110px;position:absolute;margin-top:-7px;overflow:hidden;\"><div class=\"wppa-thumb-text\"><\/div><div class=\"wppa-thumb-text\"><\/div><div class=\"wppa-thumb-text\"><\/div><\/div><\/div><div id=\"thumbnail_frame_1398_1\" class=\"thumbnail-frame thumbnail-frame-1 thumbnail-frame-photo-1398\" style=\"width: 110px; height: 150px; margin-left: 13px; margin-top: 2px; margin-bottom: 2px;\"><div class=\"wppa-tn-img-container\" style=\"height:110px;width:110px;overflow:visible;\"><a style=\"position:static;\" class=\"thumb-img\" id=\"x-1398-1\" href=\"https:\/\/www.andersen-slekt.info\/en\/anna-og-eilif\/ingjerd\/ingjerds-album\/wppaspec\/oc1\/lnen\/sd1\/ab5\/pt1398\" onclick=\"wppaDoAjaxRender( 1, 'https:\/\/www.andersen-slekt.info\/wppaajax?action=wppa&wppa-action=render&wppa-size=640&wppa-occur=1&wppa-fromp=9311&lang=en&wppa-album=5&wppa-slide=1&wppa-occur=1&wppa-photo=1398', 'https:\/\/www.andersen-slekt.info\/en\/anna-og-eilif\/ingjerd\/ingjerds-album\/wppaspec\/oc1\/lnen\/sd1\/ab5\/pt1398' );return false;\"><img decoding=\"async\" id=\"i-1398-1\" src=\"https:\/\/www.andersen-slekt.info\/wp-content\/uploads\/wppa\/thumbs\/1398.jpg?ver=96\" alt=\"2021-07-05-0013.jpg\" title=\"2021-07-05-0013.jpg\" style=\"border-width:0px;width:95px;height:110px;margin-left:7px;margin-right:7px;margin-top: 0px;margin-bottom:0px;opacity:0.95;cursor:pointer\" onmouseout=\"jQuery( this ).fadeTo( 400, 0.95 )\" onmouseover=\"jQuery( this ).fadeTo( 400, 1.0 );wppaPopUp( 1, this, '1398', '', '', '', '', '', '130', '150' );\" \/><\/a><\/div><div class=\"thumbnail-subtext-frame\" style=\"height:40px;width:110px;position:absolute;margin-top:0px;overflow:hidden;\"><div class=\"wppa-thumb-text\"><\/div><div class=\"wppa-thumb-text\"><\/div><div class=\"wppa-thumb-text\"><\/div><\/div><\/div><div id=\"thumbnail_frame_1399_1\" class=\"thumbnail-frame thumbnail-frame-1 thumbnail-frame-photo-1399\" style=\"width: 110px; height: 150px; margin-left: 13px; margin-top: 2px; margin-bottom: 2px;\"><div class=\"wppa-tn-img-container\" style=\"height:110px;width:110px;overflow:visible;\"><a style=\"position:static;\" class=\"thumb-img\" id=\"x-1399-1\" href=\"https:\/\/www.andersen-slekt.info\/en\/anna-og-eilif\/ingjerd\/ingjerds-album\/wppaspec\/oc1\/lnen\/sd1\/ab5\/pt1399\" onclick=\"wppaDoAjaxRender( 1, 'https:\/\/www.andersen-slekt.info\/wppaajax?action=wppa&wppa-action=render&wppa-size=640&wppa-occur=1&wppa-fromp=9311&lang=en&wppa-album=5&wppa-slide=1&wppa-occur=1&wppa-photo=1399', 'https:\/\/www.andersen-slekt.info\/en\/anna-og-eilif\/ingjerd\/ingjerds-album\/wppaspec\/oc1\/lnen\/sd1\/ab5\/pt1399' );return false;\"><img decoding=\"async\" id=\"i-1399-1\" src=\"https:\/\/www.andersen-slekt.info\/wp-content\/uploads\/wppa\/thumbs\/1399.jpg?ver=96\" alt=\"2021-07-08-0001.jpg\" title=\"2021-07-08-0001.jpg\" style=\"border-width:0px;width:110px;height:83px;margin-top: 14px;margin-bottom:14px;opacity:0.95;cursor:pointer\" onmouseout=\"jQuery( this ).fadeTo( 400, 0.95 )\" onmouseover=\"jQuery( this ).fadeTo( 400, 1.0 );wppaPopUp( 1, this, '1399', '', '', '', '', '', '150', '113' );\" \/><\/a><\/div><div class=\"thumbnail-subtext-frame\" style=\"height:54px;width:110px;position:absolute;margin-top:-14px;overflow:hidden;\"><div class=\"wppa-thumb-text\"><\/div><div class=\"wppa-thumb-text\"><\/div><div class=\"wppa-thumb-text\"><\/div><\/div><\/div><div id=\"thumbnail_frame_1400_1\" class=\"thumbnail-frame thumbnail-frame-1 thumbnail-frame-photo-1400\" style=\"width: 110px; height: 150px; margin-left: 13px; margin-top: 2px; margin-bottom: 2px;\"><div class=\"wppa-tn-img-container\" style=\"height:110px;width:110px;overflow:visible;\"><a style=\"position:static;\" class=\"thumb-img\" id=\"x-1400-1\" href=\"https:\/\/www.andersen-slekt.info\/en\/anna-og-eilif\/ingjerd\/ingjerds-album\/wppaspec\/oc1\/lnen\/sd1\/ab5\/pt1400\" onclick=\"wppaDoAjaxRender( 1, 'https:\/\/www.andersen-slekt.info\/wppaajax?action=wppa&wppa-action=render&wppa-size=640&wppa-occur=1&wppa-fromp=9311&lang=en&wppa-album=5&wppa-slide=1&wppa-occur=1&wppa-photo=1400', 'https:\/\/www.andersen-slekt.info\/en\/anna-og-eilif\/ingjerd\/ingjerds-album\/wppaspec\/oc1\/lnen\/sd1\/ab5\/pt1400' );return false;\"><img decoding=\"async\" id=\"i-1400-1\" src=\"https:\/\/www.andersen-slekt.info\/wp-content\/uploads\/wppa\/thumbs\/1400.jpg?ver=96\" alt=\"2021-07-08-0060.jpg\" title=\"2021-07-08-0060.jpg\" style=\"border-width:0px;width:110px;height:73px;margin-top: 19px;margin-bottom:19px;opacity:0.95;cursor:pointer\" onmouseout=\"jQuery( this ).fadeTo( 400, 0.95 )\" onmouseover=\"jQuery( this ).fadeTo( 400, 1.0 );wppaPopUp( 1, this, '1400', '', '', '', '', '', '150', '99' );\" \/><\/a><\/div><div class=\"thumbnail-subtext-frame\" style=\"height:59px;width:110px;position:absolute;margin-top:-19px;overflow:hidden;\"><div class=\"wppa-thumb-text\"><\/div><div class=\"wppa-thumb-text\"><\/div><div class=\"wppa-thumb-text\"><\/div><\/div><\/div><div id=\"thumbnail_frame_1401_1\" class=\"thumbnail-frame thumbnail-frame-1 thumbnail-frame-photo-1401\" style=\"width: 110px; height: 150px; margin-left: 13px; margin-top: 2px; margin-bottom: 2px;\"><div class=\"wppa-tn-img-container\" style=\"height:110px;width:110px;overflow:visible;\"><a style=\"position:static;\" class=\"thumb-img\" id=\"x-1401-1\" href=\"https:\/\/www.andersen-slekt.info\/en\/anna-og-eilif\/ingjerd\/ingjerds-album\/wppaspec\/oc1\/lnen\/sd1\/ab5\/pt1401\" onclick=\"wppaDoAjaxRender( 1, 'https:\/\/www.andersen-slekt.info\/wppaajax?action=wppa&wppa-action=render&wppa-size=640&wppa-occur=1&wppa-fromp=9311&lang=en&wppa-album=5&wppa-slide=1&wppa-occur=1&wppa-photo=1401', 'https:\/\/www.andersen-slekt.info\/en\/anna-og-eilif\/ingjerd\/ingjerds-album\/wppaspec\/oc1\/lnen\/sd1\/ab5\/pt1401' );return false;\"><img decoding=\"async\" id=\"i-1401-1\" src=\"https:\/\/www.andersen-slekt.info\/wp-content\/uploads\/wppa\/thumbs\/1401.jpg?ver=96\" alt=\"2021-07-09-0026.jpg\" title=\"2021-07-09-0026.jpg\" style=\"border-width:0px;width:110px;height:99px;margin-top: 6px;margin-bottom:6px;opacity:0.95;cursor:pointer\" onmouseout=\"jQuery( this ).fadeTo( 400, 0.95 )\" onmouseover=\"jQuery( this ).fadeTo( 400, 1.0 );wppaPopUp( 1, this, '1401', '', '', '', '', '', '150', '135' );\" \/><\/a><\/div><div class=\"thumbnail-subtext-frame\" style=\"height:46px;width:110px;position:absolute;margin-top:-6px;overflow:hidden;\"><div class=\"wppa-thumb-text\"><\/div><div class=\"wppa-thumb-text\"><\/div><div class=\"wppa-thumb-text\"><\/div><\/div><\/div><div id=\"thumbnail_frame_1402_1\" class=\"thumbnail-frame thumbnail-frame-1 thumbnail-frame-photo-1402\" style=\"width: 110px; height: 150px; margin-left: 13px; margin-top: 2px; margin-bottom: 2px;\"><div class=\"wppa-tn-img-container\" style=\"height:110px;width:110px;overflow:visible;\"><a style=\"position:static;\" class=\"thumb-img\" id=\"x-1402-1\" href=\"https:\/\/www.andersen-slekt.info\/en\/anna-og-eilif\/ingjerd\/ingjerds-album\/wppaspec\/oc1\/lnen\/sd1\/ab5\/pt1402\" onclick=\"wppaDoAjaxRender( 1, 'https:\/\/www.andersen-slekt.info\/wppaajax?action=wppa&wppa-action=render&wppa-size=640&wppa-occur=1&wppa-fromp=9311&lang=en&wppa-album=5&wppa-slide=1&wppa-occur=1&wppa-photo=1402', 'https:\/\/www.andersen-slekt.info\/en\/anna-og-eilif\/ingjerd\/ingjerds-album\/wppaspec\/oc1\/lnen\/sd1\/ab5\/pt1402' );return false;\"><img decoding=\"async\" id=\"i-1402-1\" src=\"https:\/\/www.andersen-slekt.info\/wp-content\/uploads\/wppa\/thumbs\/1402.jpg?ver=96\" alt=\"2021-07-15-0011.jpg\" title=\"2021-07-15-0011.jpg\" style=\"border-width:0px;width:110px;height:69px;margin-top: 21px;margin-bottom:21px;opacity:0.95;cursor:pointer\" onmouseout=\"jQuery( this ).fadeTo( 400, 0.95 )\" onmouseover=\"jQuery( this ).fadeTo( 400, 1.0 );wppaPopUp( 1, this, '1402', '', '', '', '', '', '150', '94' );\" \/><\/a><\/div><div class=\"thumbnail-subtext-frame\" style=\"height:61px;width:110px;position:absolute;margin-top:-21px;overflow:hidden;\"><div class=\"wppa-thumb-text\"><\/div><div class=\"wppa-thumb-text\"><\/div><div class=\"wppa-thumb-text\"><\/div><\/div><\/div><div class=\"wppa-clear\"><\/div><\/div><\/div><div style=\"clear:both;\"><\/div><div id=\"wppa-container-1-end\"><\/div><\/div><\/div>\n<!-- End [wppa type=\"content\" album=\"5\"] \/en\/wp-json\/wp\/v2\/pages\/9311 oc 1 254 queries in 210.3 ms. at 12:00. Max mem: 73.00 Mb. -->\n<div class=\"pdfprnt-buttons pdfprnt-buttons-page pdfprnt-bottom-right\"><a href=\"https:\/\/www.andersen-slekt.info\/en\/wp-json\/wp\/v2\/pages\/9311?print=print\" class=\"pdfprnt-button pdfprnt-button-print\" target=\"_blank\"><img decoding=\"async\" src=\"https:\/\/www.andersen-slekt.info\/wp-content\/plugins\/pdf-print\/images\/print.png\" alt=\"image_print\" title=\"Print Content\" \/><span class=\"pdfprnt-button-title pdfprnt-button-print-title\">print<\/span><\/a><\/div>","protected":false},"excerpt":{"rendered":"<p>Ingjerds album . Trykk p\u00e5 bildene for \u00e5 se de i stor st\u00f8rrelse og i slideshow . print<\/p>","protected":false},"author":1,"featured_media":0,"parent":507,"menu_order":40,"comment_status":"closed","ping_status":"closed","template":"no_sidebar.php","meta":{"footnotes":""},"class_list":["post-9311","page","type-page","status-publish","hentry"],"_links":{"self":[{"href":"https:\/\/www.andersen-slekt.info\/en\/wp-json\/wp\/v2\/pages\/9311","targetHints":{"allow":["GET"]}}],"collection":[{"href":"https:\/\/www.andersen-slekt.info\/en\/wp-json\/wp\/v2\/pages"}],"about":[{"href":"https:\/\/www.andersen-slekt.info\/en\/wp-json\/wp\/v2\/types\/page"}],"author":[{"embeddable":true,"href":"https:\/\/www.andersen-slekt.info\/en\/wp-json\/wp\/v2\/users\/1"}],"replies":[{"embeddable":true,"href":"https:\/\/www.andersen-slekt.info\/en\/wp-json\/wp\/v2\/comments?post=9311"}],"version-history":[{"count":6,"href":"https:\/\/www.andersen-slekt.info\/en\/wp-json\/wp\/v2\/pages\/9311\/revisions"}],"predecessor-version":[{"id":9370,"href":"https:\/\/www.andersen-slekt.info\/en\/wp-json\/wp\/v2\/pages\/9311\/revisions\/9370"}],"up":[{"embeddable":true,"href":"https:\/\/www.andersen-slekt.info\/en\/wp-json\/wp\/v2\/pages\/507"}],"wp:attachment":[{"href":"https:\/\/www.andersen-slekt.info\/en\/wp-json\/wp\/v2\/media?parent=9311"}],"curies":[{"name":"wp","href":"https:\/\/api.w.org\/{rel}","templated":true}]}}