{"id":8082,"date":"2021-01-02T09:03:12","date_gmt":"2021-01-02T08:03:12","guid":{"rendered":"http:\/\/www.andersen-slekt.info\/?page_id=8082"},"modified":"2022-11-28T09:40:06","modified_gmt":"2022-11-28T08:40:06","slug":"helene-og-erik-pettersen","status":"publish","type":"page","link":"http:\/\/www.andersen-slekt.info\/nb_no\/thorsen\/helene-og-erik-pettersen\/","title":{"rendered":"Helene og Erik Pettersen"},"content":{"rendered":"<p style=\"text-align: right;\"><a href=\"http:\/\/www.andersen-slekt.info\/andersen\/matthias\/gusta-marie\/\"><span style=\"color: #f7efd0;\"><span style=\"font-size: 10pt; color: #ccaa7a;\">&gt; g\u00e5 til Gusta og Hans J\u00f8rgen<\/span><\/span><\/a><\/p>\n<p><span style=\"color: #f7efd0;\">.<\/span><\/p>\n<p style=\"text-align: center;\"><span style=\"color: #806239; font-size: 30pt; font-family: 'Great Vibes';\"><strong>Helene og Erik Pettersen<\/strong><\/span><\/p>\n<p><span style=\"color: #f7efd0;\">.<\/span><\/p>\n<p><span style=\"font-size: 13pt; font-family: 'book antiqua', palatino;\">Foreldrene til Gusta Marie var Helene Olsdtr og Erik Pettersen. Erik var f\u00f8dt 16. juni 1828 og d\u00f8de 12. april 1915. Han var s\u00f8nn av Petter Ingebretsen og Zerina (S\u00f8rine) Olsdtr. Zerina hadde foreldrene Erica S\u00f8rensdtr og Ole Olsen. Zerina vokste opp p\u00e5\u00a0<em>Hafslund Adelige S\u00e6de Gaard<\/em> (like utenfor Sarpsborg) som hadde mange arbeidsfolk fra ulike deler av landet.<\/span><\/p>\n<p style=\"text-align: center;\"><a href=\"https:\/\/www.andersen-slekt.info\/wp-content\/uploads\/2021\/05\/helene2.png\"><img loading=\"lazy\" decoding=\"async\" class=\"alignnone wp-image-9446\" src=\"https:\/\/www.andersen-slekt.info\/wp-content\/uploads\/2021\/05\/helene2-212x300.png\" alt=\"\" width=\"311\" height=\"440\" srcset=\"https:\/\/www.andersen-slekt.info\/wp-content\/uploads\/2021\/05\/helene2-212x300.png 212w, https:\/\/www.andersen-slekt.info\/wp-content\/uploads\/2021\/05\/helene2.png 327w\" sizes=\"auto, (max-width: 311px) 100vw, 311px\" \/><\/a><a href=\"https:\/\/www.andersen-slekt.info\/wp-content\/uploads\/2021\/05\/erik.png\"><img loading=\"lazy\" decoding=\"async\" class=\"alignnone wp-image-9445\" src=\"https:\/\/www.andersen-slekt.info\/wp-content\/uploads\/2021\/05\/erik-248x300.png\" alt=\"\" width=\"372\" height=\"450\" srcset=\"https:\/\/www.andersen-slekt.info\/wp-content\/uploads\/2021\/05\/erik-248x300.png 248w, https:\/\/www.andersen-slekt.info\/wp-content\/uploads\/2021\/05\/erik-847x1024.png 847w, https:\/\/www.andersen-slekt.info\/wp-content\/uploads\/2021\/05\/erik-768x928.png 768w, https:\/\/www.andersen-slekt.info\/wp-content\/uploads\/2021\/05\/erik.png 1126w\" sizes=\"auto, (max-width: 372px) 100vw, 372px\" \/><\/a><\/p>\n<p style=\"text-align: center;\"><span style=\"font-size: 13pt; font-family: 'book antiqua', palatino;\">Erik Pettersen og Helene Olsdtr (bilder fra Per \u00d8ystein Andersen)<\/span><\/p>\n<p><img loading=\"lazy\" decoding=\"async\" class=\"aligncenter wp-image-8980\" src=\"http:\/\/www.andersen-slekt.info\/wp-content\/uploads\/2021\/01\/output-onlinepngtools-37.png\" alt=\"\" width=\"237\" height=\"35\" \/><\/p>\n<p><img loading=\"lazy\" decoding=\"async\" class=\"aligncenter wp-image-9392\" src=\"https:\/\/www.andersen-slekt.info\/wp-content\/uploads\/2021\/03\/output-onlinepngtools-2021-03-29T122950.661-300x82.png\" alt=\"\" width=\"650\" height=\"177\" srcset=\"https:\/\/www.andersen-slekt.info\/wp-content\/uploads\/2021\/03\/output-onlinepngtools-2021-03-29T122950.661-300x82.png 300w, https:\/\/www.andersen-slekt.info\/wp-content\/uploads\/2021\/03\/output-onlinepngtools-2021-03-29T122950.661-768x210.png 768w, https:\/\/www.andersen-slekt.info\/wp-content\/uploads\/2021\/03\/output-onlinepngtools-2021-03-29T122950.661.png 912w\" sizes=\"auto, (max-width: 650px) 100vw, 650px\" \/><\/p>\n<p><span style=\"color: #f7efd0;\">.<\/span><\/p>\n<p style=\"text-align: center;\">.<\/p>\n<p><a href=\"http:\/\/www.andersen-slekt.info\/wp-content\/uploads\/2021\/01\/annaChart_ny-1.png\"><img loading=\"lazy\" decoding=\"async\" class=\"aligncenter wp-image-8758\" src=\"http:\/\/www.andersen-slekt.info\/wp-content\/uploads\/2021\/01\/annaChart_ny-1-300x171.png\" alt=\"\" width=\"650\" height=\"370\" srcset=\"https:\/\/www.andersen-slekt.info\/wp-content\/uploads\/2021\/01\/annaChart_ny-1-300x171.png 300w, https:\/\/www.andersen-slekt.info\/wp-content\/uploads\/2021\/01\/annaChart_ny-1-1024x582.png 1024w, https:\/\/www.andersen-slekt.info\/wp-content\/uploads\/2021\/01\/annaChart_ny-1-768x437.png 768w, https:\/\/www.andersen-slekt.info\/wp-content\/uploads\/2021\/01\/annaChart_ny-1-1536x873.png 1536w, https:\/\/www.andersen-slekt.info\/wp-content\/uploads\/2021\/01\/annaChart_ny-1-2048x1164.png 2048w\" sizes=\"auto, (max-width: 650px) 100vw, 650px\" \/><br \/>\n.<\/a><\/p>\n<p><img loading=\"lazy\" decoding=\"async\" class=\"wp-image-8799 aligncenter\" src=\"http:\/\/www.andersen-slekt.info\/wp-content\/uploads\/2021\/01\/output-onlinepngtools-43-1-1.png\" alt=\"\" width=\"517\" height=\"568\" srcset=\"https:\/\/www.andersen-slekt.info\/wp-content\/uploads\/2021\/01\/output-onlinepngtools-43-1-1.png 500w, https:\/\/www.andersen-slekt.info\/wp-content\/uploads\/2021\/01\/output-onlinepngtools-43-1-1-273x300.png 273w\" sizes=\"auto, (max-width: 517px) 100vw, 517px\" \/><\/p>\n<p style=\"text-align: center;\"><span style=\"font-size: 14pt; font-family: 'book antiqua', palatino;\">Erik Pettersens barn<\/span><\/p>\n<p><img loading=\"lazy\" decoding=\"async\" class=\"aligncenter wp-image-9822\" src=\"https:\/\/www.andersen-slekt.info\/wp-content\/uploads\/2022\/11\/helene_erik3-300x136.jpg\" alt=\"\" width=\"450\" height=\"204\" srcset=\"https:\/\/www.andersen-slekt.info\/wp-content\/uploads\/2022\/11\/helene_erik3-300x136.jpg 300w, https:\/\/www.andersen-slekt.info\/wp-content\/uploads\/2022\/11\/helene_erik3-18x8.jpg 18w, https:\/\/www.andersen-slekt.info\/wp-content\/uploads\/2022\/11\/helene_erik3.jpg 702w\" sizes=\"auto, (max-width: 450px) 100vw, 450px\" \/><\/p>\n<p><span style=\"color: #f7efd0;\">.<\/span><\/p>\n<p><span style=\"font-size: 13pt; font-family: 'book antiqua', palatino;\">Familien Erik Pettersen og kone Helene og barn meldte utflytting fra Gurihullet i Skjeberg til Trosvikstranden i Glemmen 7. oktober 1862. Den 12. mai 1865 meldte de innflytting til Larvik fra Fredrikstad (Glemmen). Oppgitt bosted i Larvik: Thorstrand, &laquo;det lille Skalberg-huset&raquo;. Den 7. mai 1871 meldte de utflytting fra Larvik til Sand\u00f8kedal (=Sannikedal =Krager\u00f8). Senere flyttet familien tilbake til Larvik (f\u00f8r 1880). Alle barna nevnt ovenfor, og som fikk leve, vokste opp sammen og Helene var mor for alle (brev som er bevart viser dette). Erik bodde ikke sammen med Helene p\u00e5 slutten. Hun bodde hos datteren Gusta og d\u00f8de der i 1899, mens Erik bodde p\u00e5 Kongsberg og d\u00f8de der i 1915 uten s\u00e6rlig kontakt med familien.\u00a0 Erik var sagmester, men i seinere \u00e5r t\u00f8mmeroppkj\u00f8per (Hans Andersen).<\/span><\/p>\n<p><span style=\"font-size: 13pt;\"><img loading=\"lazy\" decoding=\"async\" class=\" wp-image-8837 alignleft\" src=\"http:\/\/www.andersen-slekt.info\/wp-content\/uploads\/2021\/01\/LarvikDampsag-300x176.png\" alt=\"\" width=\"315\" height=\"185\" srcset=\"https:\/\/www.andersen-slekt.info\/wp-content\/uploads\/2021\/01\/LarvikDampsag-300x176.png 300w, https:\/\/www.andersen-slekt.info\/wp-content\/uploads\/2021\/01\/LarvikDampsag.png 540w\" sizes=\"auto, (max-width: 315px) 100vw, 315px\" \/><span style=\"font-family: 'book antiqua', palatino;\">If\u00f8lge Folketellingen 1885 var Erik Pettersen &laquo;Forman hos Bugge Co &raquo; (se nedenfor). Trelast-firmaet Bugge &amp; Co ble stiftet av Johan Fredrik og Niels Magnus Bugge, men det var egentlig faren, Alexander Bugge (1790-1824), som startet trelasthandelen. De drev s\u00e6rlig &laquo;Skibning af Bj\u00e6lker og J\u00fcffers paa Holland og Hannover&raquo;, og ble til gjengjeld forsynt med fetevarer og pottevarer for salg i byen. Da Niels Magnus Bugge d\u00f8de i 1869, ble firmaet overtatt av Peter Bredsdorff og Theodor Singdahlsen. De samlet hele virksomheten om den dampsaga som kom i drift p\u00e5 den gamle reipbanetomta p\u00e5 Torstrand 1864 (\u00abBuggesaga\u00bb). I 1878 gikk firmaet over til Jon Abrahamsen. Buggesagaen var utstyrt med to oppgangssager, \u00e9n enkelt og to dobbelte sirkelsager samt en kappsag til ved. Det var nok her Erik Pettersen jobbet, som sagmester og formann. Les mer om <span style=\"color: #806239;\"><strong><a style=\"color: #806239;\" href=\"http:\/\/www.andersen-slekt.info\/wp-content\/uploads\/2021\/01\/LarvikDampsag2.png\">Buggesagen her<\/a><\/strong><\/span>\u00a0[2]<\/span><\/span><\/p>\n<p><span style=\"color: #f7efd0;\">.<\/span><\/p>\n<p style=\"text-align: center;\"><a href=\"http:\/\/www.andersen-slekt.info\/wp-content\/uploads\/2021\/01\/Petter_1793.png\"><img loading=\"lazy\" decoding=\"async\" class=\"alignnone wp-image-8836\" src=\"http:\/\/www.andersen-slekt.info\/wp-content\/uploads\/2021\/01\/Petter_1793-300x33.png\" alt=\"\" width=\"700\" height=\"77\" srcset=\"https:\/\/www.andersen-slekt.info\/wp-content\/uploads\/2021\/01\/Petter_1793-300x33.png 300w, https:\/\/www.andersen-slekt.info\/wp-content\/uploads\/2021\/01\/Petter_1793.png 759w\" sizes=\"auto, (max-width: 700px) 100vw, 700px\" \/><\/a><br \/>\n<em>Petter Ingebretsen ble f\u00f8dt 1793<\/em><\/p>\n<p style=\"text-align: center;\"><a href=\"http:\/\/www.andersen-slekt.info\/wp-content\/uploads\/2021\/01\/ErikPettersen_1828.png\"><img loading=\"lazy\" decoding=\"async\" class=\"alignnone wp-image-8835\" src=\"http:\/\/www.andersen-slekt.info\/wp-content\/uploads\/2021\/01\/ErikPettersen_1828-300x126.png\" alt=\"\" width=\"700\" height=\"293\" srcset=\"https:\/\/www.andersen-slekt.info\/wp-content\/uploads\/2021\/01\/ErikPettersen_1828-300x126.png 300w, https:\/\/www.andersen-slekt.info\/wp-content\/uploads\/2021\/01\/ErikPettersen_1828-768x322.png 768w, https:\/\/www.andersen-slekt.info\/wp-content\/uploads\/2021\/01\/ErikPettersen_1828.png 830w\" sizes=\"auto, (max-width: 700px) 100vw, 700px\" \/><\/a><br \/>\n<em>Erik Pettersen blir f\u00f8dt 16. juni og d\u00f8pt 10. august 1828 i Tangen under Hafslund, Skjeberg.<\/em><\/p>\n<p style=\"text-align: center;\">.<\/p>\n<p><img loading=\"lazy\" decoding=\"async\" class=\"aligncenter wp-image-8834 size-full\" src=\"http:\/\/www.andersen-slekt.info\/wp-content\/uploads\/2021\/01\/output-onlinepngtools-39-1.png\" alt=\"\" width=\"737\" height=\"223\" srcset=\"https:\/\/www.andersen-slekt.info\/wp-content\/uploads\/2021\/01\/output-onlinepngtools-39-1.png 737w, https:\/\/www.andersen-slekt.info\/wp-content\/uploads\/2021\/01\/output-onlinepngtools-39-1-300x91.png 300w\" sizes=\"auto, (max-width: 737px) 100vw, 737px\" \/><\/p>\n<p style=\"text-align: center;\"><em>Fra folketellingen p\u00e5 Hafslund Adelige S\u00e6de Gaard, 1801<\/em><\/p>\n<p>.<\/p>\n<p><span style=\"font-size: 13pt; font-family: 'book antiqua', palatino;\">Fra Wikipedia:<\/span><br \/>\n<span style=\"font-size: 13pt; font-family: 'book antiqua', palatino;\">Hafslund har v\u00e6rt utgangspunktet for industriell virksomhet \u2013 f\u00f8rst knyttet til landbruk og skogbruk med vannsagene i Sarpsfossen og trelasthandel. Deretter med utgangspunkt i elektrisiteten. Et nettverk av g\u00e5rder, bruk og husmannsplasser med b\u00f8nder og arbeidsfolk har gjennom tidene forsynt sin hovedg\u00e5rd med varer og tjenester. Hafslund var fra siste halvdel av 1600-tallet en selvforsynt enhet. T\u00f8mmer fra egen skog ble sk\u00e5ret p\u00e5 egne sager av egne folk og utskipet p\u00e5 egen kj\u00f8l.\u00a0Fra midten av 1700-tallet var Hafslund et h\u00f8yt utviklet samfunn med egen skole og fattigvesen. Den teknologiske utviklingen som f\u00f8rte til at vannkraften kunne utnyttes til produksjon av elektrisitet, ble grunnlaget for industriselskapet Hafslund, etablert i 1898.<\/span><\/p>\n<p style=\"text-align: justify;\"><span style=\"color: #f7efd0; font-size: 14pt; font-family: 'book antiqua', palatino;\">.<\/span><\/p>\n<p><span style=\"font-size: 14pt; font-family: 'book antiqua', palatino;\">Brev fra Erik Pettersen<\/span><\/p>\n<p style=\"text-align: center;\"><span style=\"font-size: 13pt;\"><em>\u00a0<img loading=\"lazy\" decoding=\"async\" class=\"alignnone wp-image-8740 size-full\" src=\"http:\/\/www.andersen-slekt.info\/wp-content\/uploads\/2021\/01\/output-onlinepngtools-8.png\" alt=\"\" width=\"350\" height=\"587\" srcset=\"https:\/\/www.andersen-slekt.info\/wp-content\/uploads\/2021\/01\/output-onlinepngtools-8.png 350w, https:\/\/www.andersen-slekt.info\/wp-content\/uploads\/2021\/01\/output-onlinepngtools-8-179x300.png 179w\" sizes=\"auto, (max-width: 350px) 100vw, 350px\" \/><\/em><\/span><\/p>\n<p><span style=\"font-size: 13pt; font-family: 'book antiqua', palatino;\"><em>Vi g\u00e5r ut fra at brevet er skrevet av Erik Pettersen f. 16\/6-1828 i Skjeberg. Han hadde da nettopp fylt 50 \u00e5r. Han skriver brevet i Larvik til &laquo;kjere Baren&raquo;, og de barna m\u00e5 da bo et annet sted enn i Larvik. Erik bor sannsynligvis i Larvik, siden han skriver at han &laquo;kom hjem til kl 6 i Dag&raquo;.<\/em><\/span><\/p>\n<p><span style=\"font-size: 13pt; font-family: 'book antiqua', palatino;\"><em>Kanskje er adressatene (&laquo;Baren&raquo;) Anne Sophie og Ole Petter f. 1854 og 1856 fra Eriks f\u00f8rste ekteskap, og de bor da muligens i Krager\u00f8.<\/em><\/span><\/p>\n<p><span style=\"font-size: 13pt; font-family: 'book antiqua', palatino;\"><em>Erik takker for &laquo;Ny kjole&raquo;, som vel m\u00e5 bety ny dress som &laquo;barna&raquo; har spandert p\u00e5 han (til 50 \u00e5rs-dagen?). Blant &laquo;barna&raquo; er muligens da ogs\u00e5 Ole Kristian Hansen som Eriks kone Helene var tante til og som Ole Kristian kalte &laquo;mor&raquo; (og Erik &laquo;far&raquo;). De var hans pleieforeldre?<\/em><\/span><\/p>\n<p><span style=\"font-size: 13pt; font-family: 'book antiqua', palatino;\"><em>&laquo;Bernhard&raquo; som Erik har &laquo;ki\u00f8bt kl\u00e6der til&raquo; var yngste bror til Gusta Marie; Eriks og Helenes yngste barn f ca. 1865. &laquo;Anders og Abel&raquo; vet jeg ingenting om.<\/em><\/span><\/p>\n<p style=\"text-align: right;\"><span style=\"font-size: 14pt; font-family: 'book antiqua', palatino;\">(kommentar Hans Andersen)<\/span><\/p>\n<p><em style=\"font-size: 17.3333px;\"><img loading=\"lazy\" decoding=\"async\" class=\"aligncenter wp-image-8741 size-full\" src=\"http:\/\/www.andersen-slekt.info\/wp-content\/uploads\/2021\/01\/output-onlinepngtools-9.png\" alt=\"\" width=\"355\" height=\"490\" srcset=\"https:\/\/www.andersen-slekt.info\/wp-content\/uploads\/2021\/01\/output-onlinepngtools-9.png 355w, https:\/\/www.andersen-slekt.info\/wp-content\/uploads\/2021\/01\/output-onlinepngtools-9-217x300.png 217w\" sizes=\"auto, (max-width: 355px) 100vw, 355px\" \/><\/em>.<\/p>\n<p><span style=\"font-size: 13pt; font-family: 'book antiqua', palatino;\">Dette brevet er datert 26. oktober, muligens ogs\u00e5 1878. Sp\u00f8rsm\u00e5let er hvem det er til: Anne Sophie, Gusta eller kanskje en s\u00f8ster av Ole Kristian Hansen (&laquo;Ole Chr&raquo;). Kathrine er ukjent.<\/span><\/p>\n<p><span style=\"font-size: 13pt; font-family: 'book antiqua', palatino;\">Det g\u00e5r tydelig fram at Erik Pettersen stadig var p\u00e5 farten. &laquo;Din moder tager paa og bliver kranglete nu det bliver kolt&#8230;&raquo; M\u00e5 vel bety at hun &laquo;skranter&raquo;. Moren er Helene?<\/span><\/p>\n<p><span style=\"font-size: 13pt; font-family: 'book antiqua', palatino;\">Hvis &laquo;kjere datter&raquo; er i Horten i arbeid, kan hun neppe v\u00e6re Gusta, for hun var f\u00f8dt i 1862, men&#8230;.<\/span><\/p>\n<p><span style=\"font-size: 13pt; font-family: 'book antiqua', palatino;\">Erik var iallfall lite meddelsom.<\/span><\/p>\n<p style=\"text-align: right;\"><span style=\"font-size: 13pt;\">(kommentar Hans Andersen)<\/span><\/p>\n<p><span style=\"color: #f7efd0; font-size: 14pt;\">.<\/span><\/p>\n<p style=\"text-align: center;\"><span style=\"color: #f7efd0; font-size: 14pt;\">.<\/span><\/p>\n<p style=\"text-align: left;\"><span style=\"color: #806239; font-size: 14pt; font-family: 'book antiqua', palatino;\"><strong>Gusta Maries forfedre p\u00e5 morssiden<\/strong><\/span><\/p>\n<p><span style=\"font-size: 13pt; font-family: 'book antiqua', palatino;\">Gusta Maries mor var Helene Olsdtr f\u00f8dt 1828 i Varteig ved Sarpsborg, \u00d8stfold. Hun var datter av Ole Helgesen Varteig og Marthe Olsdtr.<\/span><\/p>\n<p><a href=\"http:\/\/www.andersen-slekt.info\/wp-content\/uploads\/2021\/01\/output-onlinepngtools-2020-11-15T153553.768.png\"><img loading=\"lazy\" decoding=\"async\" class=\"aligncenter wp-image-8756\" src=\"http:\/\/www.andersen-slekt.info\/wp-content\/uploads\/2021\/01\/output-onlinepngtools-2020-11-15T153553.768-300x284.png\" alt=\"\" width=\"650\" height=\"615\" srcset=\"https:\/\/www.andersen-slekt.info\/wp-content\/uploads\/2021\/01\/output-onlinepngtools-2020-11-15T153553.768-300x284.png 300w, https:\/\/www.andersen-slekt.info\/wp-content\/uploads\/2021\/01\/output-onlinepngtools-2020-11-15T153553.768-1024x968.png 1024w, https:\/\/www.andersen-slekt.info\/wp-content\/uploads\/2021\/01\/output-onlinepngtools-2020-11-15T153553.768-768x726.png 768w, https:\/\/www.andersen-slekt.info\/wp-content\/uploads\/2021\/01\/output-onlinepngtools-2020-11-15T153553.768-1536x1453.png 1536w, https:\/\/www.andersen-slekt.info\/wp-content\/uploads\/2021\/01\/output-onlinepngtools-2020-11-15T153553.768-2048x1937.png 2048w\" sizes=\"auto, (max-width: 650px) 100vw, 650px\" \/><\/a><\/p>\n<p>&nbsp;<\/p>\n<p style=\"text-align: center;\"><a href=\"http:\/\/www.andersen-slekt.info\/wp-content\/uploads\/2021\/01\/Helene_1828.png\"><img loading=\"lazy\" decoding=\"async\" class=\"alignnone wp-image-8833\" src=\"http:\/\/www.andersen-slekt.info\/wp-content\/uploads\/2021\/01\/Helene_1828-300x30.png\" alt=\"\" width=\"700\" height=\"71\" srcset=\"https:\/\/www.andersen-slekt.info\/wp-content\/uploads\/2021\/01\/Helene_1828-300x30.png 300w, https:\/\/www.andersen-slekt.info\/wp-content\/uploads\/2021\/01\/Helene_1828-1024x104.png 1024w, https:\/\/www.andersen-slekt.info\/wp-content\/uploads\/2021\/01\/Helene_1828-768x78.png 768w, https:\/\/www.andersen-slekt.info\/wp-content\/uploads\/2021\/01\/Helene_1828.png 1271w\" sizes=\"auto, (max-width: 700px) 100vw, 700px\" \/><\/a><br \/>\n<span style=\"font-size: 13pt; font-family: 'book antiqua', palatino;\"><em>Helene blir f\u00f8dt 17. januar 1828<\/em><\/span><\/p>\n<p style=\"text-align: center;\"><em><img loading=\"lazy\" decoding=\"async\" class=\"alignnone wp-image-8832 size-full\" src=\"http:\/\/www.andersen-slekt.info\/wp-content\/uploads\/2021\/01\/Helene_viet1859.png\" alt=\"\" width=\"717\" height=\"115\" srcset=\"https:\/\/www.andersen-slekt.info\/wp-content\/uploads\/2021\/01\/Helene_viet1859.png 717w, https:\/\/www.andersen-slekt.info\/wp-content\/uploads\/2021\/01\/Helene_viet1859-300x48.png 300w\" sizes=\"auto, (max-width: 717px) 100vw, 717px\" \/><\/em><\/p>\n<p style=\"text-align: center;\"><span style=\"font-family: 'book antiqua', palatino; font-size: 13pt;\"><em>&#8230; og viet med Enkemand Sagmester Erik Petersen 24\/11-1859, Tangen (Guriholtet) i Vartheig.<\/em><\/span><\/p>\n<p style=\"text-align: center;\">.<\/p>\n<p style=\"text-align: center;\"><span style=\"font-size: 13pt;\"><em><a href=\"http:\/\/www.andersen-slekt.info\/wp-content\/uploads\/2021\/01\/ErikPettersen_1885b.png\"><img loading=\"lazy\" decoding=\"async\" class=\"alignnone wp-image-8831\" src=\"http:\/\/www.andersen-slekt.info\/wp-content\/uploads\/2021\/01\/ErikPettersen_1885b-300x79.png\" alt=\"\" width=\"700\" height=\"183\" srcset=\"https:\/\/www.andersen-slekt.info\/wp-content\/uploads\/2021\/01\/ErikPettersen_1885b-300x79.png 300w, https:\/\/www.andersen-slekt.info\/wp-content\/uploads\/2021\/01\/ErikPettersen_1885b-1024x268.png 1024w, https:\/\/www.andersen-slekt.info\/wp-content\/uploads\/2021\/01\/ErikPettersen_1885b-768x201.png 768w, https:\/\/www.andersen-slekt.info\/wp-content\/uploads\/2021\/01\/ErikPettersen_1885b.png 1118w\" sizes=\"auto, (max-width: 700px) 100vw, 700px\" \/><\/a><\/em><\/span><\/p>\n<p style=\"text-align: center;\"><span style=\"font-size: 13pt; font-family: 'book antiqua', palatino;\"><em>Fra Folketellingen 1885, Larvik. Erik var Forman hos Bugge Co. Gusta Marie og Hans J\u00f8rgen var nygifte og bor i 2. etasje hos Helene og Erik. Dette var sannsynligvis Helgesens gate 7.\u00a0<\/em><\/span><\/p>\n<p style=\"text-align: center;\"><a href=\"http:\/\/www.andersen-slekt.info\/wp-content\/uploads\/2021\/01\/OleHelgesen.png\"><img loading=\"lazy\" decoding=\"async\" class=\"alignnone wp-image-8830\" src=\"http:\/\/www.andersen-slekt.info\/wp-content\/uploads\/2021\/01\/OleHelgesen-300x39.png\" alt=\"\" width=\"700\" height=\"92\" srcset=\"https:\/\/www.andersen-slekt.info\/wp-content\/uploads\/2021\/01\/OleHelgesen-300x39.png 300w, https:\/\/www.andersen-slekt.info\/wp-content\/uploads\/2021\/01\/OleHelgesen-768x101.png 768w, https:\/\/www.andersen-slekt.info\/wp-content\/uploads\/2021\/01\/OleHelgesen.png 838w\" sizes=\"auto, (max-width: 700px) 100vw, 700px\" \/><\/a><\/p>\n<p>&nbsp;<\/p>\n<p><strong><span style=\"font-size: 13pt; font-family: 'book antiqua', palatino;\">Haugianismens rot<\/span><\/strong><\/p>\n<p><span style=\"font-size: 13pt; font-family: 'book antiqua', palatino;\">Helene Olsdtr var alts\u00e5 datter av Ole Helgesen Varteig og Marthe Olsdtr fra Varteig ved Sarpsborg. Begge var f\u00f8dt p\u00e5 slutten av 1700-tallet. Noen f\u00e5 km fra Varteig ble den kjente gr\u00fcnderen, predikanten og forfatter Hans Nielsen Hauge f\u00f8dt; nemlig p\u00e5 Rolvs\u00f8y ved Sarpsborg. Hans Nielsen Hauge fikk sitt \u00e5ndelige gjennombrudd og startet sin virksomhet i 1796, \u00e5ret f\u00f8r Ole Helgesen ble f\u00f8dt. Det er vanskelig \u00e5 tenke seg at Helenes familie (hennes foreldre\/besteforeldre) ikke, p\u00e5 et eller annet vis, ble p\u00e5virket av Hauges forkynnelse. Hauge virksomhet startet nemlig med \u00e5 holde samlinger i hjemmene i sin egen bygd og i nabosognene. og &laquo;han merket hvordan samtalene og forkynnelsen p\u00e5virket folk og skapte en \u00e5ndelig lengsel hos mange&raquo;. Men om Helenes familie var blant dem, blir bare en ikke usannsynlig spekulasjon.<\/span><\/p>\n<p style=\"text-align: center;\"><a href=\"https:\/\/www.andersen-slekt.info\/wp-content\/uploads\/2022\/11\/hansNH.jpg\"><img loading=\"lazy\" decoding=\"async\" class=\"alignnone wp-image-9864\" src=\"https:\/\/www.andersen-slekt.info\/wp-content\/uploads\/2022\/11\/hansNH-300x196.jpg\" alt=\"\" width=\"400\" height=\"261\" srcset=\"https:\/\/www.andersen-slekt.info\/wp-content\/uploads\/2022\/11\/hansNH-300x196.jpg 300w, https:\/\/www.andersen-slekt.info\/wp-content\/uploads\/2022\/11\/hansNH-768x501.jpg 768w, https:\/\/www.andersen-slekt.info\/wp-content\/uploads\/2022\/11\/hansNH-18x12.jpg 18w, https:\/\/www.andersen-slekt.info\/wp-content\/uploads\/2022\/11\/hansNH.jpg 903w\" sizes=\"auto, (max-width: 400px) 100vw, 400px\" \/>\u00a0 <\/a><img loading=\"lazy\" decoding=\"async\" class=\"alignnone wp-image-9888\" src=\"https:\/\/www.andersen-slekt.info\/wp-content\/uploads\/2022\/11\/frimerk-300x195.png\" alt=\"\" width=\"170\" height=\"110\" srcset=\"https:\/\/www.andersen-slekt.info\/wp-content\/uploads\/2022\/11\/frimerk-300x195.png 300w, https:\/\/www.andersen-slekt.info\/wp-content\/uploads\/2022\/11\/frimerk-18x12.png 18w, https:\/\/www.andersen-slekt.info\/wp-content\/uploads\/2022\/11\/frimerk.png 492w\" sizes=\"auto, (max-width: 170px) 100vw, 170px\" \/><\/p>\n<p style=\"text-align: center;\">&laquo;<em>Haugianerne&raquo; &#8211; maleri av Adolph Tidemand 1848. Frimerke fra 1971<\/em><\/p>\n<p>&nbsp;<\/p>\n<p><em><strong>Hvem var egentlig Hans Nielsen Hauge?<\/strong><\/em><\/p>\n<p><em><span style=\"font-size: 13pt; font-family: 'book antiqua', palatino;\">Historikeren Karsten Aln\u00e6s har sagt at det er to personer som i stor grad har forandret Norge &#8211; Olav den Hellige og Hans Nielsen Hauge. Mange er sikkert uenig i det, men det viser at Hans Nielsen Hauge var en betydelig person for utviklingen til dagens Norge. De fleste forbinder Hans Nielsen Hauge med \u00e5ndelig vekkelse. Og det er ikke feil; han ble opphavsmann til den mest omfattende religi\u00f8se fornyelse noensinne.\u00a0<\/span><\/em><\/p>\n<p>Men Hans Nielsen Hauge var ikke bare lekpredikant, han bygde et gr\u00fcndernettverk som sto for etableringen av en lang rekke virksomheter. Totalt var Hauge involvert i n\u00e6rmere 150 nyetableringer tidlig p\u00e5 1800-tallet. I tillegg kommer alle de nye bedriftene han inspirerte andre til \u00e5 starte.<\/p>\n<p>Analyser gjort av historikerne Fritz Hodne og Ola Grytten ved Norges Handelsh\u00f8yskole indikerer at Hauge og haugianerne skapte et sted mellom 7000 og 8000 arbeidsplasser i Norge i perioden fra 1801 til 1828. Totalbefolkningen var da p\u00e5 bare ca. 900.000 mennesker. Disse virksomhetene var over gjennomsnittet l\u00f8nnsomme sammenlignet med datidens konkurrenter.<\/p>\n<p>Hva var hemmeligheten bak en slik suksess? Det grunnleggende prinsippet bak haugianernes kall var husholdertanken: Alle finansielle og menneskelige ressurser er gitt av Gud og skal forvaltes til det beste for medmennesker og samfunn, og til Guds \u00e6re.<\/p>\n<p>&nbsp;<\/p>\n<p><strong>Referanse<br \/>\n<\/strong><em><span class=\"hyperion-css-qzh87k\" data-test-tag=\"byline:author-name\" data-testid=\"byline:author-name\">Magne Supphellen &amp; <\/span><span class=\"hyperion-css-qzh87k\" data-test-tag=\"byline:author-name\" data-testid=\"byline:author-name\">Truls Liland, <\/span>Aftenposten 14.papril 2021<\/em><\/p>\n<p>&nbsp;<\/p>\n<p>&nbsp;<\/p>\n<p>&nbsp;<\/p>\n<div class=\"pdfprnt-buttons pdfprnt-buttons-page pdfprnt-bottom-right\"><a href=\"http:\/\/www.andersen-slekt.info\/nb_no\/wp-json\/wp\/v2\/pages\/8082?print=print\" class=\"pdfprnt-button pdfprnt-button-print\" target=\"_blank\"><img decoding=\"async\" src=\"https:\/\/www.andersen-slekt.info\/wp-content\/plugins\/pdf-print\/images\/print.png\" alt=\"image_print\" title=\"Print Content\" \/><span class=\"pdfprnt-button-title pdfprnt-button-print-title\">print<\/span><\/a><\/div>","protected":false},"excerpt":{"rendered":"<p>&gt; g\u00e5 til Gusta og Hans J\u00f8rgen . Helene og Erik Pettersen . Foreldrene til Gusta Marie var Helene Olsdtr og Erik Pettersen. Erik var f\u00f8dt 16. juni 1828 og d\u00f8de 12. april 1915. Han var s\u00f8nn av Petter Ingebretsen og Zerina (S\u00f8rine) Olsdtr. Zerina hadde foreldrene Erica S\u00f8rensdtr og Ole Olsen. Zerina vokste opp [&hellip;]<\/p>\n","protected":false},"author":1,"featured_media":0,"parent":3279,"menu_order":0,"comment_status":"closed","ping_status":"closed","template":"no_sidebar.php","meta":{"footnotes":""},"class_list":["post-8082","page","type-page","status-publish","hentry"],"_links":{"self":[{"href":"http:\/\/www.andersen-slekt.info\/nb_no\/wp-json\/wp\/v2\/pages\/8082","targetHints":{"allow":["GET"]}}],"collection":[{"href":"http:\/\/www.andersen-slekt.info\/nb_no\/wp-json\/wp\/v2\/pages"}],"about":[{"href":"http:\/\/www.andersen-slekt.info\/nb_no\/wp-json\/wp\/v2\/types\/page"}],"author":[{"embeddable":true,"href":"http:\/\/www.andersen-slekt.info\/nb_no\/wp-json\/wp\/v2\/users\/1"}],"replies":[{"embeddable":true,"href":"http:\/\/www.andersen-slekt.info\/nb_no\/wp-json\/wp\/v2\/comments?post=8082"}],"version-history":[{"count":59,"href":"http:\/\/www.andersen-slekt.info\/nb_no\/wp-json\/wp\/v2\/pages\/8082\/revisions"}],"predecessor-version":[{"id":9898,"href":"http:\/\/www.andersen-slekt.info\/nb_no\/wp-json\/wp\/v2\/pages\/8082\/revisions\/9898"}],"up":[{"embeddable":true,"href":"http:\/\/www.andersen-slekt.info\/nb_no\/wp-json\/wp\/v2\/pages\/3279"}],"wp:attachment":[{"href":"http:\/\/www.andersen-slekt.info\/nb_no\/wp-json\/wp\/v2\/media?parent=8082"}],"curies":[{"name":"wp","href":"https:\/\/api.w.org\/{rel}","templated":true}]}}