{"id":475,"date":"2015-05-12T14:25:14","date_gmt":"2015-05-12T14:25:14","guid":{"rendered":"https:\/\/ww2.fjeldskaar.com\/?page_id=475"},"modified":"2021-07-16T08:21:02","modified_gmt":"2021-07-16T06:21:02","slug":"andersen","status":"publish","type":"page","link":"http:\/\/www.andersen-slekt.info\/nb_no\/andersen\/","title":{"rendered":"Andersen"},"content":{"rendered":"<p style=\"text-align: right;\"><span style=\"font-size: 10pt; color: #ccaa7a;\"><a style=\"color: #ccaa7a;\" href=\"http:\/\/www.andersen-slekt.info\/andersen\/matthias\/\">&gt; g\u00e5 til Pernille og Matthias<\/a><\/span><\/p>\n<h1 style=\"text-align: center;\"><span style=\"font-size: 30pt; color: #806239; font-family: 'Great Vibes';\">Andersen<\/span><\/h1>\n<p style=\"text-align: center;\"><img loading=\"lazy\" decoding=\"async\" class=\"alignnone size-full wp-image-8590\" src=\"http:\/\/www.andersen-slekt.info\/wp-content\/uploads\/2021\/01\/File0001b_16.jpg\" alt=\"\" width=\"50\" height=\"89\" \/>\u00a0\u00a0<span style=\"font-size: 13pt;\">Monogram for Andersen-slekten Larvik (av Hans Andersen)<\/span><\/p>\n<p style=\"text-align: center;\"><span style=\"color: #806239;\">.<\/span><\/p>\n<p style=\"text-align: center;\"><span style=\"font-size: 14pt;\"><strong>Slekt skal f\u00f8lge slekters gang<\/strong><\/span><br \/>\n<span style=\"font-size: 14pt;\"><strong> som b\u00f8lger velter inn mot strand.<\/strong><\/span><\/p>\n<p><span style=\"color: #f7efd0;\">.<img loading=\"lazy\" decoding=\"async\" class=\"aligncenter wp-image-8502 size-full\" src=\"http:\/\/www.andersen-slekt.info\/wp-content\/uploads\/2021\/01\/barbro_1727-1.png\" alt=\"\" width=\"688\" height=\"550\" srcset=\"https:\/\/www.andersen-slekt.info\/wp-content\/uploads\/2021\/01\/barbro_1727-1.png 688w, https:\/\/www.andersen-slekt.info\/wp-content\/uploads\/2021\/01\/barbro_1727-1-300x240.png 300w\" sizes=\"auto, (max-width: 688px) 100vw, 688px\" \/><\/span><\/p>\n<p><span style=\"font-family: 'book antiqua', palatino; font-size: 13pt; color: #333333;\">Ovenfor er en kopi av en side i kirkeboka i Skee F\u00f6rsamling ved Str\u00f6mstad. Siden har tre kolonner: 1. Copulati er for viede; 2. Baptisate er for d\u00f8pte; 3. Mortii gjelder d\u00f8de eller begravelser. Siden viser begynnelsen av \u00e5ret 1727.<\/span><\/p>\n<p><span style=\"font-family: 'book antiqua', palatino; font-size: 13pt; color: #333333;\">Den 3. januar 1727 st\u00e5r det: &laquo;Kl\u00e5ckan 8 om Morgon f\u00f6ddas Lars Olssons Barn i Klarpp. Moderen Barbro Bi\u00f6rnsdot: Barnet: BARBRO. Bap. d.: 8. (d\u00f8pt den 8.). fadd.: Peer Knud och Oluf i \u00c5ls\u00e4ngen, Anna i Toft\u00e4ngen, Barbro i Klarpp. B\u00f6rte \/bm (samme sted).<\/span><\/p>\n<p><span style=\"font-family: 'book antiqua', palatino; font-size: 13pt; color: #333333;\">Barnet Barbro Larsdotter er en av mine aner. Hun er v\u00e5r fire ganger tippoldemor.<\/span><\/p>\n<p><span style=\"font-family: 'book antiqua', palatino; font-size: 13pt; color: #333333;\">I venstre kolonne st\u00e5r det &laquo;Enkian (enkemann) John p\u00e5 Nordsidan av Str\u00f6mstad (resten er vanskelig \u00e5 tyde)<\/span><\/p>\n<p style=\"text-align: right;\">(transkript og kommentar Hans Andersen)<\/p>\n<p><img loading=\"lazy\" decoding=\"async\" class=\"aligncenter wp-image-8592\" src=\"http:\/\/www.andersen-slekt.info\/wp-content\/uploads\/2021\/01\/flytning4-1-300x180.png\" alt=\"\" width=\"550\" height=\"331\" srcset=\"https:\/\/www.andersen-slekt.info\/wp-content\/uploads\/2021\/01\/flytning4-1-300x180.png 300w, https:\/\/www.andersen-slekt.info\/wp-content\/uploads\/2021\/01\/flytning4-1-1024x615.png 1024w, https:\/\/www.andersen-slekt.info\/wp-content\/uploads\/2021\/01\/flytning4-1-768x462.png 768w, https:\/\/www.andersen-slekt.info\/wp-content\/uploads\/2021\/01\/flytning4-1-1536x923.png 1536w, https:\/\/www.andersen-slekt.info\/wp-content\/uploads\/2021\/01\/flytning4-1-2048x1231.png 2048w\" sizes=\"auto, (max-width: 550px) 100vw, 550px\" \/><span style=\"font-family: 'book antiqua', palatino; font-size: 13pt; color: #333333;\">N\u00e5r en person skulle flytte fra et sogn til et annet, m\u00e5tte han g\u00e5 til presten p\u00e5 hjemstedet og be om utflytningsattest. Ovenfor ser du en utflytningsattest for Engelbret H\u00e5kanson, som lyder:<\/span><\/p>\n<p><span style=\"font-family: 'book antiqua', palatino; font-size: 13pt; color: #333333;\">&laquo;Aerlige Drengen Engelbret H\u00e5kanson, f\u00f6d i Skee Sockn, tjent i Lomeland Sockn i 1 \u00e5r, begifuer sig nu til sin f\u00f6delsesb\u00ffgd, sedan han haer vael f\u00f6rh\u00e5llit, n\u00ffttjat Salighets Medlen, ock aer i sin Christendoms Kundskap n\u00e5gorlunda f\u00f6suarlig, befines och fr\u00e5n aegtenskapsl\u00f6fte ledig. Recomenderas nu hos Herr Doctorn i Skee til thet baesta.<\/span><br \/>\n<span style=\"font-family: 'book antiqua', palatino; font-size: 13pt; color: #333333;\">Naesinge den 18 octobris 1779.<\/span><br \/>\n<span style=\"font-family: 'book antiqua', palatino; font-size: 13pt; color: #333333;\">Fried: Wing\u00e5rd&raquo;<\/span><\/p>\n<p><img loading=\"lazy\" decoding=\"async\" class=\"aligncenter wp-image-8503 size-full\" src=\"http:\/\/www.andersen-slekt.info\/wp-content\/uploads\/2021\/01\/CarlArneson_1721-1.png\" alt=\"\" width=\"626\" height=\"479\" srcset=\"https:\/\/www.andersen-slekt.info\/wp-content\/uploads\/2021\/01\/CarlArneson_1721-1.png 626w, https:\/\/www.andersen-slekt.info\/wp-content\/uploads\/2021\/01\/CarlArneson_1721-1-300x230.png 300w\" sizes=\"auto, (max-width: 626px) 100vw, 626px\" \/><\/p>\n<p style=\"text-align: center;\"><span style=\"font-size: 13pt; font-family: 'book antiqua', palatino;\">Carl Arneson blir f\u00f8dt i kl 5 om afton 9. juni 1721<\/span><\/p>\n<p><span style=\"color: #f7efd0;\">.<\/span><\/p>\n<p><a href=\"http:\/\/www.andersen-slekt.info\/wp-content\/uploads\/2021\/01\/Sigrid_1724.png\"><img loading=\"lazy\" decoding=\"async\" class=\"aligncenter wp-image-8505\" src=\"http:\/\/www.andersen-slekt.info\/wp-content\/uploads\/2021\/01\/Sigrid_1724-300x152.png\" alt=\"\" width=\"750\" height=\"380\" srcset=\"https:\/\/www.andersen-slekt.info\/wp-content\/uploads\/2021\/01\/Sigrid_1724-300x152.png 300w, https:\/\/www.andersen-slekt.info\/wp-content\/uploads\/2021\/01\/Sigrid_1724-768x390.png 768w, https:\/\/www.andersen-slekt.info\/wp-content\/uploads\/2021\/01\/Sigrid_1724.png 972w\" sizes=\"auto, (max-width: 750px) 100vw, 750px\" \/><\/a><\/p>\n<p style=\"text-align: center;\"><span style=\"font-size: 13pt; font-family: 'book antiqua', palatino;\">Sigrid Hansdotter blir f\u00f8dt kl 2 om morgonen 3. april 1724<\/span><\/p>\n<p><img loading=\"lazy\" decoding=\"async\" class=\"wp-image-8594 aligncenter\" src=\"http:\/\/www.andersen-slekt.info\/wp-content\/uploads\/2021\/01\/flytning2-300x229.png\" alt=\"\" width=\"550\" height=\"420\" srcset=\"https:\/\/www.andersen-slekt.info\/wp-content\/uploads\/2021\/01\/flytning2-300x229.png 300w, https:\/\/www.andersen-slekt.info\/wp-content\/uploads\/2021\/01\/flytning2-1024x783.png 1024w, https:\/\/www.andersen-slekt.info\/wp-content\/uploads\/2021\/01\/flytning2-768x587.png 768w, https:\/\/www.andersen-slekt.info\/wp-content\/uploads\/2021\/01\/flytning2-1536x1174.png 1536w, https:\/\/www.andersen-slekt.info\/wp-content\/uploads\/2021\/01\/flytning2-2048x1565.png 2048w\" sizes=\"auto, (max-width: 550px) 100vw, 550px\" \/><\/p>\n<p><span style=\"font-family: 'book antiqua', palatino; font-size: 13pt; color: #333333;\">Flytningeattest for Carl Arneson (som vi finner \u00f8verst p\u00e5 slektstavlen til venstre).<\/span><\/p>\n<p><span style=\"font-family: 'book antiqua', palatino; font-size: 13pt; color: #333333;\">&laquo;\u00c4nk-mannen Carl Arneson f\u00f6dd i Ske f\u00f6ramling \u00e5r 1721, flyttar dit tilbaka til sin Son Pehr i Erlandsr\u00f6d. Han f\u00f6rst\u00e5r sine Christendoms stycken, har med v\u00f6rnad nyttjat den h. Nattw\u00e4rden och \u00e4r k\u00e4nd f\u00f6r et ganska beskedligt upf\u00f6rande. Hans Hustru dog wid midsommar detta \u00e5r.<\/span><\/p>\n<p><span style=\"font-family: 'book antiqua', palatino; font-size: 13pt; color: #333333;\">Med honom \u00e4r flyttat Pigan Gertrud Olsdotter som i \u00e5r g\u00e5tt f\u00f6rste g\u00e5ngen til h. Nattw\u00e4rd. Hon f\u00f6rst\u00e5r enfaldigt sin Christendom, ock \u00e4r til \u00e4ktenskap ledig.<\/span><br \/>\n<span style=\"font-family: 'book antiqua', palatino; font-size: 13pt; color: #333333;\">Tan. d. 15. Aug. 1781<\/span><br \/>\n<span style=\"font-family: 'book antiqua', palatino; font-size: 13pt; color: #333333;\">G. Brunius Kyrkoheda &laquo;<\/span><\/p>\n<p><span style=\"font-family: 'book antiqua', palatino; font-size: 13pt; color: #333333;\">Vi ser alts\u00e5 at flytningeattesten samtidig var en vandelsattest, som i det minste fortalte om hvordan vedkommende forholdt seg til de ti bud og nattverden. N\u00e5r det gjelder Carl Arnesons flytningsattest, er det n\u00e6rliggende \u00e5 tro at Carl var en litt skr\u00f8pelig 60-\u00e5ring, s\u00e6rlig etter konens d\u00f8d, og at Gjertrud skulle holde \u00f8ye med han underveis fra Tanum til Skee. Attesten var antakelig et papir som 4 x tippoldefar hadde hatt i lommen da han flyttet.<\/span><\/p>\n<p style=\"text-align: right;\"><span style=\"font-size: 13pt;\">(transkript og kommentar Hans Andersen)<\/span><\/p>\n<p>&nbsp;<\/p>\n<p style=\"text-align: center;\"><span style=\"color: #f7efd0;\"><img loading=\"lazy\" decoding=\"async\" class=\"alignnone wp-image-8506 size-full\" src=\"http:\/\/www.andersen-slekt.info\/wp-content\/uploads\/2021\/01\/PehrCarlsson_1753-1.png\" alt=\"\" width=\"686\" height=\"493\" srcset=\"https:\/\/www.andersen-slekt.info\/wp-content\/uploads\/2021\/01\/PehrCarlsson_1753-1.png 686w, https:\/\/www.andersen-slekt.info\/wp-content\/uploads\/2021\/01\/PehrCarlsson_1753-1-300x216.png 300w\" sizes=\"auto, (max-width: 686px) 100vw, 686px\" \/>.<\/span><\/p>\n<p style=\"text-align: center;\"><span style=\"font-size: 13pt; font-family: 'book antiqua', palatino;\">Pehr Carlsson blir f\u00f8dt 19. august 1753 og d\u00f8pt 26. august.<\/span><\/p>\n<p><span style=\"color: #f7efd0;\">.<\/span><\/p>\n<p><span style=\"color: #f7efd0;\">.<\/span><\/p>\n<p style=\"text-align: center;\"><span style=\"font-size: 14pt;\"><strong>&laquo;Eplet faller ikke langt fra stammen&raquo;<\/strong><\/span><\/p>\n<p style=\"text-align: center;\"><span style=\"font-size: 13pt; font-family: 'book antiqua', palatino;\">Her f\u00f8lger en oversikt over anene til familien Andersen i Larvik. Vi finner igjen Barbro Larsdatter i \u00f8verste rekke.<\/span><\/p>\n<p><img loading=\"lazy\" decoding=\"async\" class=\"wp-image-8588 size-full aligncenter\" src=\"http:\/\/www.andersen-slekt.info\/wp-content\/uploads\/2021\/01\/aner11.png\" alt=\"\" width=\"580\" height=\"611\" srcset=\"https:\/\/www.andersen-slekt.info\/wp-content\/uploads\/2021\/01\/aner11.png 580w, https:\/\/www.andersen-slekt.info\/wp-content\/uploads\/2021\/01\/aner11-285x300.png 285w\" sizes=\"auto, (max-width: 580px) 100vw, 580px\" \/><\/p>\n<p>&nbsp;<\/p>\n<p style=\"text-align: center;\"><span style=\"font-size: 13pt; font-family: 'book antiqua', palatino;\">Aner og etterkommere av <span style=\"color: #806239;\"><a style=\"color: #806239;\" href=\"http:\/\/www.andersen-slekt.info\/andersen\/matthias\/\"><strong>Mathias Andersen<\/strong><\/a><\/span> (Mathis Andersson) og <span style=\"color: #806239;\"><strong>Pernille Thorsdatter<\/strong><\/span> i Larvik (fra Hans Andersen).<\/span><\/p>\n<p><span style=\"color: #f7efd0; font-family: 'book antiqua', palatino;\">.<\/span><\/p>\n<p style=\"text-align: center;\"><span style=\"color: #f7efd0;\">.<a href=\"http:\/\/www.andersen-slekt.info\/wp-content\/uploads\/2021\/01\/slekt-1.jpg\"><img loading=\"lazy\" decoding=\"async\" class=\"alignnone wp-image-8508\" src=\"http:\/\/www.andersen-slekt.info\/wp-content\/uploads\/2021\/01\/slekt-1-300x183.jpg\" alt=\"\" width=\"750\" height=\"458\" srcset=\"https:\/\/www.andersen-slekt.info\/wp-content\/uploads\/2021\/01\/slekt-1-300x183.jpg 300w, https:\/\/www.andersen-slekt.info\/wp-content\/uploads\/2021\/01\/slekt-1-1024x626.jpg 1024w, https:\/\/www.andersen-slekt.info\/wp-content\/uploads\/2021\/01\/slekt-1-768x469.jpg 768w, https:\/\/www.andersen-slekt.info\/wp-content\/uploads\/2021\/01\/slekt-1.jpg 1276w\" sizes=\"auto, (max-width: 750px) 100vw, 750px\" \/><\/a><\/span><\/p>\n<p style=\"text-align: center;\"><span style=\"font-size: 13pt;\">Slektsstevne i Larvik 1986. Bildet er tatt p\u00e5 Tollerodden. (Trykk p\u00e5 bildet for \u00e5 se stor st\u00f8rrelse)<\/span><\/p>\n<p><span style=\"color: #f7efd0;\">.<\/span><\/p>\n<p><span style=\"color: #f7efd0;\">.<\/span><\/p>\n<p style=\"text-align: right;\"><span style=\"font-size: 14pt; color: #ccaa7a;\"><a style=\"color: #ccaa7a;\" href=\"http:\/\/www.andersen-slekt.info\/andersen\/matthias\/\"><strong>&gt; g\u00e5 til Pernille og Matthias<\/strong><\/a><\/span><\/p>\n<p>&nbsp;<\/p>\n<p style=\"text-align: left;\"><span style=\"color: #f7efd0;\"><i>.<\/i><\/span><\/p>\n<p>&nbsp;<\/p>\n<p><span style=\"font-size: 13pt; font-family: 'book antiqua', palatino;\"><strong><span style=\"color: #808080;\"><em>Referanse<\/em><\/span><\/strong><\/span><br \/>\n<strong><span style=\"color: #806239; font-size: 12pt; font-family: 'book antiqua', palatino;\"><a style=\"color: #806239;\" href=\"https:\/\/www.nb.no\/items\/URN:NBN:no-nb_digibok_2011062805029\">Slekten: Andersen Larvik (Hans Andersen, 1986)<\/a><\/span><\/strong><\/p>\n<div class=\"pdfprnt-buttons pdfprnt-buttons-page pdfprnt-bottom-right\"><a href=\"http:\/\/www.andersen-slekt.info\/nb_no\/wp-json\/wp\/v2\/pages\/475?print=print\" class=\"pdfprnt-button pdfprnt-button-print\" target=\"_blank\"><img decoding=\"async\" src=\"https:\/\/www.andersen-slekt.info\/wp-content\/plugins\/pdf-print\/images\/print.png\" alt=\"image_print\" title=\"Print Content\" \/><span class=\"pdfprnt-button-title pdfprnt-button-print-title\">print<\/span><\/a><\/div>","protected":false},"excerpt":{"rendered":"<p>&gt; g\u00e5 til Pernille og Matthias Andersen \u00a0\u00a0Monogram for Andersen-slekten Larvik (av Hans Andersen) . Slekt skal f\u00f8lge slekters gang som b\u00f8lger velter inn mot strand. . Ovenfor er en kopi av en side i kirkeboka i Skee F\u00f6rsamling ved Str\u00f6mstad. Siden har tre kolonner: 1. Copulati er for viede; 2. Baptisate er for d\u00f8pte; [&hellip;]<\/p>\n","protected":false},"author":1,"featured_media":0,"parent":0,"menu_order":2,"comment_status":"closed","ping_status":"closed","template":"no_sidebar.php","meta":{"footnotes":""},"class_list":["post-475","page","type-page","status-publish","hentry"],"_links":{"self":[{"href":"http:\/\/www.andersen-slekt.info\/nb_no\/wp-json\/wp\/v2\/pages\/475","targetHints":{"allow":["GET"]}}],"collection":[{"href":"http:\/\/www.andersen-slekt.info\/nb_no\/wp-json\/wp\/v2\/pages"}],"about":[{"href":"http:\/\/www.andersen-slekt.info\/nb_no\/wp-json\/wp\/v2\/types\/page"}],"author":[{"embeddable":true,"href":"http:\/\/www.andersen-slekt.info\/nb_no\/wp-json\/wp\/v2\/users\/1"}],"replies":[{"embeddable":true,"href":"http:\/\/www.andersen-slekt.info\/nb_no\/wp-json\/wp\/v2\/comments?post=475"}],"version-history":[{"count":40,"href":"http:\/\/www.andersen-slekt.info\/nb_no\/wp-json\/wp\/v2\/pages\/475\/revisions"}],"predecessor-version":[{"id":9547,"href":"http:\/\/www.andersen-slekt.info\/nb_no\/wp-json\/wp\/v2\/pages\/475\/revisions\/9547"}],"wp:attachment":[{"href":"http:\/\/www.andersen-slekt.info\/nb_no\/wp-json\/wp\/v2\/media?parent=475"}],"curies":[{"name":"wp","href":"https:\/\/api.w.org\/{rel}","templated":true}]}}