{"id":1273,"date":"2015-05-24T12:54:09","date_gmt":"2015-05-24T12:54:09","guid":{"rendered":"https:\/\/ww2.fjeldskaar.com\/?page_id=1273"},"modified":"2021-01-20T10:01:19","modified_gmt":"2021-01-20T09:01:19","slug":"carl-4","status":"publish","type":"page","link":"http:\/\/www.andersen-slekt.info\/nb_no\/andersen\/matthias\/gusta-marie\/borghild\/carl-4\/","title":{"rendered":"Carl"},"content":{"rendered":"<h2 style=\"text-align: center;\"><span style=\"color: #806239; font-size: 30pt; font-family: 'Great Vibes';\">Carl Nesjar<\/span><\/h2>\n<p style=\"text-align: center;\"><span style=\"font-size: 14pt; color: #806239;\"><strong>6. juli 1920 &#8211; 23. mai 2015)<\/strong><\/span><\/p>\n<p style=\"text-align: center;\"><a href=\"http:\/\/www.andersen-slekt.info\/wp-content\/uploads\/2015\/05\/Carl1.jpg\"><img loading=\"lazy\" decoding=\"async\" class=\"alignnone wp-image-1282\" src=\"http:\/\/www.andersen-slekt.info\/wp-content\/uploads\/2015\/05\/Carl1.jpg\" alt=\"\" width=\"450\" height=\"499\" srcset=\"https:\/\/www.andersen-slekt.info\/wp-content\/uploads\/2015\/05\/Carl1.jpg 509w, https:\/\/www.andersen-slekt.info\/wp-content\/uploads\/2015\/05\/Carl1-271x300.jpg 271w\" sizes=\"auto, (max-width: 450px) 100vw, 450px\" \/><\/a><\/p>\n<p style=\"text-align: center;\"><img loading=\"lazy\" decoding=\"async\" class=\"alignnone size-medium wp-image-8805\" src=\"http:\/\/www.andersen-slekt.info\/wp-content\/uploads\/2021\/01\/output-onlinepngtools-2020-08-22T222510.397-300x148.png\" alt=\"\" width=\"300\" height=\"148\" srcset=\"https:\/\/www.andersen-slekt.info\/wp-content\/uploads\/2021\/01\/output-onlinepngtools-2020-08-22T222510.397-300x148.png 300w, https:\/\/www.andersen-slekt.info\/wp-content\/uploads\/2021\/01\/output-onlinepngtools-2020-08-22T222510.397-1024x505.png 1024w, https:\/\/www.andersen-slekt.info\/wp-content\/uploads\/2021\/01\/output-onlinepngtools-2020-08-22T222510.397-768x378.png 768w, https:\/\/www.andersen-slekt.info\/wp-content\/uploads\/2021\/01\/output-onlinepngtools-2020-08-22T222510.397-1536x757.png 1536w, https:\/\/www.andersen-slekt.info\/wp-content\/uploads\/2021\/01\/output-onlinepngtools-2020-08-22T222510.397.png 1591w\" sizes=\"auto, (max-width: 300px) 100vw, 300px\" \/><\/p>\n<p style=\"text-align: center;\"><span style=\"font-size: 13pt;\">Billedkunstner. Foreldre: Ingeni\u00f8r Olaf Carlsen (1892\u20131973) og Borghild Thorsen (1891\u20131978).<\/span><\/p>\n<p style=\"text-align: center;\"><img loading=\"lazy\" decoding=\"async\" class=\"alignnone wp-image-1753 size-full\" src=\"http:\/\/www.andersen-slekt.info\/wp-content\/uploads\/2015\/05\/helgesen7.png\" alt=\"\" width=\"654\" height=\"502\" srcset=\"https:\/\/www.andersen-slekt.info\/wp-content\/uploads\/2015\/05\/helgesen7.png 654w, https:\/\/www.andersen-slekt.info\/wp-content\/uploads\/2015\/05\/helgesen7-300x230.png 300w\" sizes=\"auto, (max-width: 654px) 100vw, 654px\" \/><\/p>\n<p style=\"text-align: center;\"><span style=\"font-size: 13pt;\">Carl 2 \u00e5r utenfor Helgesensgate 7; fetteren Thomas Ekeland til h\u00f8yre.<\/span><\/p>\n<p style=\"text-align: center;\"><a href=\"http:\/\/www.andersen-slekt.info\/wp-content\/uploads\/2015\/05\/carl5.jpg\"><img loading=\"lazy\" decoding=\"async\" class=\"alignnone wp-image-1279\" src=\"http:\/\/www.andersen-slekt.info\/wp-content\/uploads\/2015\/05\/carl5-300x178.jpg\" alt=\"\" width=\"500\" height=\"296\" srcset=\"https:\/\/www.andersen-slekt.info\/wp-content\/uploads\/2015\/05\/carl5-300x178.jpg 300w, https:\/\/www.andersen-slekt.info\/wp-content\/uploads\/2015\/05\/carl5-1024x607.jpg 1024w, https:\/\/www.andersen-slekt.info\/wp-content\/uploads\/2015\/05\/carl5-768x455.jpg 768w, https:\/\/www.andersen-slekt.info\/wp-content\/uploads\/2015\/05\/carl5.jpg 1420w\" sizes=\"auto, (max-width: 500px) 100vw, 500px\" \/><\/a><\/p>\n<p style=\"text-align: center;\"><span style=\"font-size: 13pt;\">Nesjar vokste opp i Larvik og i Brooklyn i New York og fikk sin f\u00f8rste utdanning p\u00e5 det kjente Pratt Institute i New York 1935\u201338, senere ved Statens H\u00e5ndverks- og Kunstindustriskole og ved Kunstakademiet.<\/span><\/p>\n<p style=\"text-align: center;\"><img loading=\"lazy\" decoding=\"async\" class=\"alignnone wp-image-1276\" src=\"http:\/\/www.andersen-slekt.info\/wp-content\/uploads\/2015\/05\/carl2-219x300.jpg\" alt=\"\" width=\"400\" height=\"547\" srcset=\"https:\/\/www.andersen-slekt.info\/wp-content\/uploads\/2015\/05\/carl2-219x300.jpg 219w, https:\/\/www.andersen-slekt.info\/wp-content\/uploads\/2015\/05\/carl2-749x1024.jpg 749w, https:\/\/www.andersen-slekt.info\/wp-content\/uploads\/2015\/05\/carl2-768x1050.jpg 768w, https:\/\/www.andersen-slekt.info\/wp-content\/uploads\/2015\/05\/carl2.jpg 1010w\" sizes=\"auto, (max-width: 400px) 100vw, 400px\" \/><\/p>\n<p><a href=\"http:\/\/www.andersen-slekt.info\/wp-content\/uploads\/2021\/01\/carl3.jpg\"><img loading=\"lazy\" decoding=\"async\" class=\"aligncenter wp-image-8804\" src=\"http:\/\/www.andersen-slekt.info\/wp-content\/uploads\/2021\/01\/carl3-300x213.jpg\" alt=\"\" width=\"600\" height=\"426\" srcset=\"https:\/\/www.andersen-slekt.info\/wp-content\/uploads\/2021\/01\/carl3-300x213.jpg 300w, https:\/\/www.andersen-slekt.info\/wp-content\/uploads\/2021\/01\/carl3-768x545.jpg 768w, https:\/\/www.andersen-slekt.info\/wp-content\/uploads\/2021\/01\/carl3.jpg 994w\" sizes=\"auto, (max-width: 600px) 100vw, 600px\" \/><\/a><\/p>\n<p style=\"text-align: center;\"><span style=\"font-size: 13pt;\">Carl med sine foreldre Borghild og Olav i USA.<\/span><\/p>\n<p><span style=\"color: #f7efd0;\">.<\/span><\/p>\n<p><img loading=\"lazy\" decoding=\"async\" class=\"aligncenter wp-image-8806\" src=\"http:\/\/www.andersen-slekt.info\/wp-content\/uploads\/2021\/01\/scan0013-300x177.jpg\" alt=\"\" width=\"600\" height=\"353\" srcset=\"https:\/\/www.andersen-slekt.info\/wp-content\/uploads\/2021\/01\/scan0013-300x177.jpg 300w, https:\/\/www.andersen-slekt.info\/wp-content\/uploads\/2021\/01\/scan0013-1024x602.jpg 1024w, https:\/\/www.andersen-slekt.info\/wp-content\/uploads\/2021\/01\/scan0013-768x452.jpg 768w, https:\/\/www.andersen-slekt.info\/wp-content\/uploads\/2021\/01\/scan0013-1536x904.jpg 1536w, https:\/\/www.andersen-slekt.info\/wp-content\/uploads\/2021\/01\/scan0013.jpg 1754w\" sizes=\"auto, (max-width: 600px) 100vw, 600px\" \/><\/p>\n<p style=\"text-align: center;\"><span style=\"font-size: 13pt;\">Carl p\u00e5 Staten Island (1932) og kunstner (1935)<\/span><\/p>\n<p style=\"text-align: center;\"><span style=\"font-size: 13pt;\">Mest kjent er Nesjar for veggdekorasjonene i regjeringskvartalet (1956-71). Han ble kontaktet av arkitekt Erling Viksj\u00f8 som foreslo at Nesjar skulle dra til Picasso i Frankrike. Den verdensber\u00f8mte spanjolen ble begeistret for den unge nordmannens forslag, og de inngikk et samarbeid som skulle vare i 17 \u00e5r: Picasso tegnet skisser og laget modeller, Nesjar forst\u00f8rret, sandbl\u00e5ste og monterte.<\/span><\/p>\n<p style=\"text-align: center;\"><a href=\"http:\/\/www.andersen-slekt.info\/wp-content\/uploads\/2021\/01\/picasso.jpg\"><img loading=\"lazy\" decoding=\"async\" class=\"alignnone wp-image-8807\" src=\"http:\/\/www.andersen-slekt.info\/wp-content\/uploads\/2021\/01\/picasso-300x246.jpg\" alt=\"\" width=\"600\" height=\"493\" srcset=\"https:\/\/www.andersen-slekt.info\/wp-content\/uploads\/2021\/01\/picasso-300x246.jpg 300w, https:\/\/www.andersen-slekt.info\/wp-content\/uploads\/2021\/01\/picasso-1024x841.jpg 1024w, https:\/\/www.andersen-slekt.info\/wp-content\/uploads\/2021\/01\/picasso-768x631.jpg 768w, https:\/\/www.andersen-slekt.info\/wp-content\/uploads\/2021\/01\/picasso-1536x1261.jpg 1536w, https:\/\/www.andersen-slekt.info\/wp-content\/uploads\/2021\/01\/picasso.jpg 1782w\" sizes=\"auto, (max-width: 600px) 100vw, 600px\" \/><\/a><\/p>\n<p style=\"text-align: center;\"><span style=\"font-size: 13pt;\">Carl sammen med Picasso tidlig p\u00e5 60-tallet.<\/span><\/p>\n<p style=\"text-align: center;\"><a href=\"http:\/\/www.andersen-slekt.info\/wp-content\/uploads\/2015\/05\/carl-1.jpg\"><img loading=\"lazy\" decoding=\"async\" class=\"alignnone wp-image-1289\" src=\"http:\/\/www.andersen-slekt.info\/wp-content\/uploads\/2015\/05\/carl-1-300x166.jpg\" alt=\"\" width=\"600\" height=\"332\" srcset=\"https:\/\/www.andersen-slekt.info\/wp-content\/uploads\/2015\/05\/carl-1-300x166.jpg 300w, https:\/\/www.andersen-slekt.info\/wp-content\/uploads\/2015\/05\/carl-1.jpg 734w\" sizes=\"auto, (max-width: 600px) 100vw, 600px\" \/><\/a><\/p>\n<p style=\"text-align: center;\"><span style=\"font-size: 13pt;\">Ingjerd i passiar med sin fetter, Carl Nesjar, i B\u00f8keskogen. Til venstre sitter Erling; til h\u00f8yre Per \u00d8ystein.<\/span><\/p>\n<p><a href=\"http:\/\/www.andersen-slekt.info\/wp-content\/uploads\/2021\/01\/carl4.png\"><img loading=\"lazy\" decoding=\"async\" class=\"aligncenter wp-image-8585\" src=\"http:\/\/www.andersen-slekt.info\/wp-content\/uploads\/2021\/01\/carl4.png\" alt=\"\" width=\"283\" height=\"396\" srcset=\"https:\/\/www.andersen-slekt.info\/wp-content\/uploads\/2021\/01\/carl4.png 383w, https:\/\/www.andersen-slekt.info\/wp-content\/uploads\/2021\/01\/carl4-214x300.png 214w\" sizes=\"auto, (max-width: 283px) 100vw, 283px\" \/><\/a><\/p>\n<p style=\"text-align: center;\"><span style=\"font-size: 13pt;\">Postkort fra Carl til tante og onkel (Anna og Eilif)<\/span><\/p>\n<p><a href=\"http:\/\/www.andersen-slekt.info\/wp-content\/uploads\/2021\/01\/11-1-1.jpg\"><img loading=\"lazy\" decoding=\"async\" class=\"aligncenter wp-image-8584\" src=\"http:\/\/www.andersen-slekt.info\/wp-content\/uploads\/2021\/01\/11-1-1-300x168.jpg\" alt=\"\" width=\"600\" height=\"335\" srcset=\"https:\/\/www.andersen-slekt.info\/wp-content\/uploads\/2021\/01\/11-1-1-300x168.jpg 300w, https:\/\/www.andersen-slekt.info\/wp-content\/uploads\/2021\/01\/11-1-1-1024x572.jpg 1024w, https:\/\/www.andersen-slekt.info\/wp-content\/uploads\/2021\/01\/11-1-1-768x429.jpg 768w, https:\/\/www.andersen-slekt.info\/wp-content\/uploads\/2021\/01\/11-1-1-1536x859.jpg 1536w, https:\/\/www.andersen-slekt.info\/wp-content\/uploads\/2021\/01\/11-1-1-2048x1145.jpg 2048w\" sizes=\"auto, (max-width: 600px) 100vw, 600px\" \/><\/a><\/p>\n<p style=\"text-align: center;\"><em><span style=\"font-size: 13pt;\">Bursdagshilsen til tante Ingjerd fra Carl<\/span><\/em><\/p>\n<p><span style=\"color: #f7efd0;\">.<\/span><\/p>\n<p><span style=\"font-size: 13pt;\">Gift 1) med billedkunstner Inger Sitter\u00a0(1929\u2013), ekteskapet oppl\u00f8st; 2) med Gertruide Ruelle (1926\u20132009), ekteskapet oppl\u00f8st; 3) 1995 med Sylvia A. Antoniou Nesjar\u00a0(1941\u2013). Navneendring til Nesjar (etter det gamle navnet p\u00e5 Brunlanes) 1942\/43.<\/span><\/p>\n<p><span style=\"color: #f7efd0;\">.<\/span><\/p>\n<p style=\"text-align: center;\"><a href=\"http:\/\/www.andersen-slekt.info\/wp-content\/uploads\/2015\/05\/carl3CC.jpg\"><img loading=\"lazy\" decoding=\"async\" class=\"alignnone wp-image-1505\" src=\"http:\/\/www.andersen-slekt.info\/wp-content\/uploads\/2015\/05\/carl3CC-300x183.jpg\" alt=\"\" width=\"450\" height=\"275\" srcset=\"https:\/\/www.andersen-slekt.info\/wp-content\/uploads\/2015\/05\/carl3CC-300x183.jpg 300w, https:\/\/www.andersen-slekt.info\/wp-content\/uploads\/2015\/05\/carl3CC.jpg 757w\" sizes=\"auto, (max-width: 450px) 100vw, 450px\" \/><\/a><\/p>\n<p style=\"text-align: center;\"><span style=\"font-size: 13pt;\">En beh\u00f8ver ikke v\u00e6re geolog for \u00e5\u00a0se\u00a0det vakre i larvikittens former og tegninger, sier Carl Nesjar til \u00d8P.<\/span><\/p>\n<p style=\"text-align: center;\"><img loading=\"lazy\" decoding=\"async\" class=\"alignnone wp-image-1537\" src=\"http:\/\/www.andersen-slekt.info\/wp-content\/uploads\/2015\/05\/SoniaHenie_iceFountain-212x300.jpg\" alt=\"\" width=\"300\" height=\"424\" srcset=\"https:\/\/www.andersen-slekt.info\/wp-content\/uploads\/2015\/05\/SoniaHenie_iceFountain-212x300.jpg 212w, https:\/\/www.andersen-slekt.info\/wp-content\/uploads\/2015\/05\/SoniaHenie_iceFountain.jpg 390w\" sizes=\"auto, (max-width: 300px) 100vw, 300px\" \/><\/p>\n<p style=\"text-align: center;\"><span style=\"font-size: 13pt;\">Carl Nesjar fikk i oppdrag \u00e5 lage en hel\u00e5rsfontene til minne om Sonja Henie til vinter-OL i Lake Placid i 1980. Om vinteren er den en is-fontene.<\/span><\/p>\n<p style=\"text-align: center;\"><a href=\"http:\/\/www.andersen-slekt.info\/wp-content\/uploads\/2021\/01\/carl-nesjar-6.jpg\"><img loading=\"lazy\" decoding=\"async\" class=\"alignnone wp-image-8970\" src=\"http:\/\/www.andersen-slekt.info\/wp-content\/uploads\/2021\/01\/carl-nesjar-6-300x198.jpg\" alt=\"\" width=\"600\" height=\"397\" srcset=\"https:\/\/www.andersen-slekt.info\/wp-content\/uploads\/2021\/01\/carl-nesjar-6-300x198.jpg 300w, https:\/\/www.andersen-slekt.info\/wp-content\/uploads\/2021\/01\/carl-nesjar-6.jpg 685w\" sizes=\"auto, (max-width: 600px) 100vw, 600px\" \/><\/a><\/p>\n<p>&nbsp;<\/p>\n<p style=\"text-align: center;\"><a href=\"http:\/\/www.andersen-slekt.info\/wp-content\/uploads\/2021\/01\/carl7.jpg\"><img loading=\"lazy\" decoding=\"async\" class=\"alignnone wp-image-8972\" src=\"http:\/\/www.andersen-slekt.info\/wp-content\/uploads\/2021\/01\/carl7-300x225.jpg\" alt=\"\" width=\"500\" height=\"375\" srcset=\"https:\/\/www.andersen-slekt.info\/wp-content\/uploads\/2021\/01\/carl7-300x225.jpg 300w, https:\/\/www.andersen-slekt.info\/wp-content\/uploads\/2021\/01\/carl7.jpg 640w\" sizes=\"auto, (max-width: 500px) 100vw, 500px\" \/><\/a><\/p>\n<p>&nbsp;<\/p>\n<p style=\"text-align: center;\"><img loading=\"lazy\" decoding=\"async\" class=\"alignnone wp-image-8971 size-full\" src=\"http:\/\/www.andersen-slekt.info\/wp-content\/uploads\/2021\/01\/carl9.jpg\" alt=\"\" width=\"480\" height=\"640\" srcset=\"https:\/\/www.andersen-slekt.info\/wp-content\/uploads\/2021\/01\/carl9.jpg 480w, https:\/\/www.andersen-slekt.info\/wp-content\/uploads\/2021\/01\/carl9-225x300.jpg 225w\" sizes=\"auto, (max-width: 480px) 100vw, 480px\" \/><\/p>\n<p>&nbsp;<\/p>\n<div class=\"pdfprnt-buttons pdfprnt-buttons-page pdfprnt-bottom-right\"><a href=\"http:\/\/www.andersen-slekt.info\/nb_no\/wp-json\/wp\/v2\/pages\/1273?print=print\" class=\"pdfprnt-button pdfprnt-button-print\" target=\"_blank\"><img decoding=\"async\" src=\"https:\/\/www.andersen-slekt.info\/wp-content\/plugins\/pdf-print\/images\/print.png\" alt=\"image_print\" title=\"Print Content\" \/><span class=\"pdfprnt-button-title pdfprnt-button-print-title\">print<\/span><\/a><\/div>","protected":false},"excerpt":{"rendered":"<p>Carl Nesjar 6. juli 1920 &#8211; 23. mai 2015) Billedkunstner. Foreldre: Ingeni\u00f8r Olaf Carlsen (1892\u20131973) og Borghild Thorsen (1891\u20131978). Carl 2 \u00e5r utenfor Helgesensgate 7; fetteren Thomas Ekeland til h\u00f8yre. Nesjar vokste opp i Larvik og i Brooklyn i New York og fikk sin f\u00f8rste utdanning p\u00e5 det kjente Pratt Institute i New York 1935\u201338, [&hellip;]<\/p>\n","protected":false},"author":1,"featured_media":0,"parent":1266,"menu_order":81,"comment_status":"closed","ping_status":"closed","template":"no_sidebar.php","meta":{"footnotes":""},"class_list":["post-1273","page","type-page","status-publish","hentry"],"_links":{"self":[{"href":"http:\/\/www.andersen-slekt.info\/nb_no\/wp-json\/wp\/v2\/pages\/1273","targetHints":{"allow":["GET"]}}],"collection":[{"href":"http:\/\/www.andersen-slekt.info\/nb_no\/wp-json\/wp\/v2\/pages"}],"about":[{"href":"http:\/\/www.andersen-slekt.info\/nb_no\/wp-json\/wp\/v2\/types\/page"}],"author":[{"embeddable":true,"href":"http:\/\/www.andersen-slekt.info\/nb_no\/wp-json\/wp\/v2\/users\/1"}],"replies":[{"embeddable":true,"href":"http:\/\/www.andersen-slekt.info\/nb_no\/wp-json\/wp\/v2\/comments?post=1273"}],"version-history":[{"count":16,"href":"http:\/\/www.andersen-slekt.info\/nb_no\/wp-json\/wp\/v2\/pages\/1273\/revisions"}],"predecessor-version":[{"id":8973,"href":"http:\/\/www.andersen-slekt.info\/nb_no\/wp-json\/wp\/v2\/pages\/1273\/revisions\/8973"}],"up":[{"embeddable":true,"href":"http:\/\/www.andersen-slekt.info\/nb_no\/wp-json\/wp\/v2\/pages\/1266"}],"wp:attachment":[{"href":"http:\/\/www.andersen-slekt.info\/nb_no\/wp-json\/wp\/v2\/media?parent=1273"}],"curies":[{"name":"wp","href":"https:\/\/api.w.org\/{rel}","templated":true}]}}