{"id":9925,"date":"2022-12-02T16:40:25","date_gmt":"2022-12-02T15:40:25","guid":{"rendered":"https:\/\/www.andersen-slekt.info\/?page_id=9925"},"modified":"2023-01-17T18:43:41","modified_gmt":"2023-01-17T17:43:41","slug":"salmene","status":"publish","type":"page","link":"http:\/\/www.andersen-slekt.info\/en\/thorsen\/salmene\/","title":{"rendered":"Salmene"},"content":{"rendered":"<p><span style=\"font-size: 24pt;\"><strong><span style=\"font-family: 'Great Vibes';\">&laquo;Christianes&raquo; salmer<\/span><\/strong><\/span><\/p>\n<p>&nbsp;<\/p>\n<p><img loading=\"lazy\" decoding=\"async\" class=\"size-medium wp-image-9944 aligncenter\" src=\"https:\/\/www.andersen-slekt.info\/wp-content\/uploads\/2022\/12\/landstade-300x68.png\" alt=\"\" width=\"300\" height=\"68\" srcset=\"https:\/\/www.andersen-slekt.info\/wp-content\/uploads\/2022\/12\/landstade-300x68.png 300w, https:\/\/www.andersen-slekt.info\/wp-content\/uploads\/2022\/12\/landstade-1024x232.png 1024w, https:\/\/www.andersen-slekt.info\/wp-content\/uploads\/2022\/12\/landstade-768x174.png 768w, https:\/\/www.andersen-slekt.info\/wp-content\/uploads\/2022\/12\/landstade-18x4.png 18w, https:\/\/www.andersen-slekt.info\/wp-content\/uploads\/2022\/12\/landstade.png 1325w\" sizes=\"auto, (max-width: 300px) 100vw, 300px\" \/><\/p>\n<p>Christiane hilser til sin s\u00f8nn Hans J\u00f8rgen med tre salmer (som sannsynligvis er fra Landstads kirkesalmebog); 59, 169 og 170.<\/p>\n<p>&nbsp;<\/p>\n<p><span style=\"font-family: 'Great Vibes'; font-size: 18pt;\"><strong>Salme 59<\/strong><\/span><\/p>\n<p><a href=\"https:\/\/www.andersen-slekt.info\/wp-content\/uploads\/2022\/12\/59.png\"><img loading=\"lazy\" decoding=\"async\" class=\"aligncenter wp-image-9939\" src=\"https:\/\/www.andersen-slekt.info\/wp-content\/uploads\/2022\/12\/59-284x300.png\" alt=\"\" width=\"379\" height=\"400\" srcset=\"https:\/\/www.andersen-slekt.info\/wp-content\/uploads\/2022\/12\/59-284x300.png 284w, https:\/\/www.andersen-slekt.info\/wp-content\/uploads\/2022\/12\/59-11x12.png 11w, https:\/\/www.andersen-slekt.info\/wp-content\/uploads\/2022\/12\/59.png 444w\" sizes=\"auto, (max-width: 379px) 100vw, 379px\" \/><\/a><\/p>\n<p>&nbsp;<\/p>\n<p><span style=\"font-family: 'Great Vibes'; font-size: 18pt;\"><strong>Salme 169<\/strong><\/span><\/p>\n<p>Den f\u00f8rste strofen g\u00e5r slik:<\/p>\n<p><strong><em>Igjennem Tidens Plager<\/em><\/strong><br \/>\n<strong><em>Og Verdens sure N\u00f8d,<\/em><\/strong><br \/>\n<strong><em>Igjennem Kamp og Klager<\/em><\/strong><br \/>\n<strong><em>Og manger tunge St\u00f8d<\/em><\/strong><br \/>\n<strong><em>Jeg har med Gud mig vovet,<\/em><\/strong><br \/>\n<strong><em>Det Pr\u00f8ve-Aar er endt,<\/em><\/strong><br \/>\n<strong><em>Gud v\u00e6re evig lovet<\/em><\/strong><br \/>\n<strong><em>For Hj\u00e6lpen, han har sendt!<\/em><\/strong><\/p>\n<p>Med denne salmen er det naturlig \u00e5 tenke seg at hun \u00f8nsker \u00e5 gi uttrykk for at hun har hatt det vanskelig, men er takknemlig for &laquo;hj\u00e6lpen&raquo; Gud har sendt.<\/p>\n<p>&nbsp;<\/p>\n<p><span style=\"font-family: 'Great Vibes'; font-size: 18pt;\"><strong>Salme 170<\/strong><\/span><\/p>\n<p><a href=\"https:\/\/www.andersen-slekt.info\/wp-content\/uploads\/2022\/12\/170-1.png\"><img loading=\"lazy\" decoding=\"async\" class=\"aligncenter wp-image-9941\" src=\"https:\/\/www.andersen-slekt.info\/wp-content\/uploads\/2022\/12\/170-1-300x122.png\" alt=\"\" width=\"400\" height=\"163\" srcset=\"https:\/\/www.andersen-slekt.info\/wp-content\/uploads\/2022\/12\/170-1-300x122.png 300w, https:\/\/www.andersen-slekt.info\/wp-content\/uploads\/2022\/12\/170-1-18x7.png 18w, https:\/\/www.andersen-slekt.info\/wp-content\/uploads\/2022\/12\/170-1.png 468w\" sizes=\"auto, (max-width: 400px) 100vw, 400px\" \/><\/a><\/p>\n<p>Den f\u00f8rste strofen g\u00e5r slik:<\/p>\n<p><em><strong>Tiden svinder,<\/strong><\/em><br \/>\n<em><strong>Tiden rinder,<\/strong><\/em><br \/>\n<em><strong>Tiden flyver hastig bort,<\/strong><\/em><br \/>\n<em><strong>Tag dig vare<\/strong><\/em><br \/>\n<em><strong>I din Fare,<\/strong><\/em><br \/>\n<em><strong>Da din Time er saa kort!<\/strong><\/em><br \/>\n<em><strong>O du faar jo ei at vide,<\/strong><\/em><br \/>\n<em><strong>Hvor din D\u00f8d kan staa vaa Lur,<\/strong><\/em><br \/>\n<em><strong>T\u00e6nk paa Evighed i Tide,<\/strong><\/em><br \/>\n<em><strong>Om den ei skal vorde sur!<\/strong><\/em><\/p>\n<p>&nbsp;<\/p>\n<div class=\"pdfprnt-buttons pdfprnt-buttons-page pdfprnt-bottom-right\"><a href=\"http:\/\/www.andersen-slekt.info\/en\/wp-json\/wp\/v2\/pages\/9925?print=print\" class=\"pdfprnt-button pdfprnt-button-print\" target=\"_blank\"><img decoding=\"async\" src=\"https:\/\/www.andersen-slekt.info\/wp-content\/plugins\/pdf-print\/images\/print.png\" alt=\"image_print\" title=\"Print Content\" \/><span class=\"pdfprnt-button-title pdfprnt-button-print-title\">print<\/span><\/a><\/div>","protected":false},"excerpt":{"rendered":"<p>&laquo;Christianes&raquo; salmer &nbsp; Christiane hilser til sin s\u00f8nn Hans J\u00f8rgen med tre salmer (som sannsynligvis er fra Landstads kirkesalmebog); 59, 169 og 170. &nbsp; Salme 59 &nbsp; Salme 169 Den f\u00f8rste strofen g\u00e5r slik: Igjennem Tidens Plager Og Verdens sure N\u00f8d, Igjennem Kamp og Klager Og manger tunge St\u00f8d Jeg har med Gud mig vovet, [&hellip;]<\/p>","protected":false},"author":1,"featured_media":0,"parent":3279,"menu_order":560,"comment_status":"closed","ping_status":"closed","template":"","meta":{"footnotes":""},"class_list":["post-9925","page","type-page","status-publish","hentry"],"_links":{"self":[{"href":"http:\/\/www.andersen-slekt.info\/en\/wp-json\/wp\/v2\/pages\/9925","targetHints":{"allow":["GET"]}}],"collection":[{"href":"http:\/\/www.andersen-slekt.info\/en\/wp-json\/wp\/v2\/pages"}],"about":[{"href":"http:\/\/www.andersen-slekt.info\/en\/wp-json\/wp\/v2\/types\/page"}],"author":[{"embeddable":true,"href":"http:\/\/www.andersen-slekt.info\/en\/wp-json\/wp\/v2\/users\/1"}],"replies":[{"embeddable":true,"href":"http:\/\/www.andersen-slekt.info\/en\/wp-json\/wp\/v2\/comments?post=9925"}],"version-history":[{"count":20,"href":"http:\/\/www.andersen-slekt.info\/en\/wp-json\/wp\/v2\/pages\/9925\/revisions"}],"predecessor-version":[{"id":10172,"href":"http:\/\/www.andersen-slekt.info\/en\/wp-json\/wp\/v2\/pages\/9925\/revisions\/10172"}],"up":[{"embeddable":true,"href":"http:\/\/www.andersen-slekt.info\/en\/wp-json\/wp\/v2\/pages\/3279"}],"wp:attachment":[{"href":"http:\/\/www.andersen-slekt.info\/en\/wp-json\/wp\/v2\/media?parent=9925"}],"curies":[{"name":"wp","href":"https:\/\/api.w.org\/{rel}","templated":true}]}}