{"id":499,"date":"2015-05-12T16:35:36","date_gmt":"2015-05-12T16:35:36","guid":{"rendered":"https:\/\/ww2.fjeldskaar.com\/?page_id=499"},"modified":"2023-02-16T14:36:23","modified_gmt":"2023-02-16T13:36:23","slug":"anna-og-eilif","status":"publish","type":"page","link":"http:\/\/www.andersen-slekt.info\/en\/anna-og-eilif\/","title":{"rendered":"Anna and Eilif"},"content":{"rendered":"<p style=\"text-align: left;\"><a href=\"http:\/\/www.andersen-slekt.info\/en\/andersen\/matthias\/rudolph\/\"><span style=\"color: #f7efd0;\"><span style=\"font-size: 10pt; color: #ccaa7a;\">\u00a0 &lt; g\u00e5 til Jenny og Rudolf<\/span><\/span><\/a><\/p>\n<p><span style=\"color: #f7efd0;\">.<\/span><\/p>\n<h1 style=\"text-align: center;\"><strong><span style=\"color: #806239; font-size: 30pt; font-family: 'Great Vibes';\">Anna Marie and Eilif Andersen<\/span><\/strong><\/h1>\n<p><!--more--><\/p>\n<p style=\"text-align: center;\">\u00a0 \u00a0 \u00a0 <a href=\"https:\/\/www.andersen-slekt.info\/wp-content\/uploads\/2021\/05\/anna_ny.png\">\u00a0 \u00a0<\/a><a href=\"https:\/\/www.andersen-slekt.info\/wp-content\/uploads\/2021\/05\/anna_ny.png\"><img loading=\"lazy\" decoding=\"async\" class=\"alignnone wp-image-9467\" src=\"https:\/\/www.andersen-slekt.info\/wp-content\/uploads\/2021\/05\/anna_ny-210x300.png\" alt=\"\" width=\"371\" height=\"530\" srcset=\"https:\/\/www.andersen-slekt.info\/wp-content\/uploads\/2021\/05\/anna_ny-210x300.png 210w, https:\/\/www.andersen-slekt.info\/wp-content\/uploads\/2021\/05\/anna_ny-716x1024.png 716w, https:\/\/www.andersen-slekt.info\/wp-content\/uploads\/2021\/05\/anna_ny-768x1098.png 768w, https:\/\/www.andersen-slekt.info\/wp-content\/uploads\/2021\/05\/anna_ny-1075x1536.png 1075w, https:\/\/www.andersen-slekt.info\/wp-content\/uploads\/2021\/05\/anna_ny-1433x2048.png 1433w, https:\/\/www.andersen-slekt.info\/wp-content\/uploads\/2021\/05\/anna_ny.png 1619w\" sizes=\"auto, (max-width: 371px) 100vw, 371px\" \/><\/a><a href=\"https:\/\/www.andersen-slekt.info\/wp-content\/uploads\/2021\/05\/eilif_ny.png\"><img loading=\"lazy\" decoding=\"async\" class=\"alignnone wp-image-9468\" src=\"https:\/\/www.andersen-slekt.info\/wp-content\/uploads\/2021\/05\/eilif_ny-217x300.png\" alt=\"\" width=\"383\" height=\"530\" srcset=\"https:\/\/www.andersen-slekt.info\/wp-content\/uploads\/2021\/05\/eilif_ny-217x300.png 217w, https:\/\/www.andersen-slekt.info\/wp-content\/uploads\/2021\/05\/eilif_ny-739x1024.png 739w, https:\/\/www.andersen-slekt.info\/wp-content\/uploads\/2021\/05\/eilif_ny-768x1064.png 768w, https:\/\/www.andersen-slekt.info\/wp-content\/uploads\/2021\/05\/eilif_ny-1109x1536.png 1109w, https:\/\/www.andersen-slekt.info\/wp-content\/uploads\/2021\/05\/eilif_ny-1478x2048.png 1478w, https:\/\/www.andersen-slekt.info\/wp-content\/uploads\/2021\/05\/eilif_ny.png 1637w\" sizes=\"auto, (max-width: 383px) 100vw, 383px\" \/><\/a><\/p>\n<p style=\"text-align: center;\"><span style=\"font-size: 14pt;\"><em>Eilif was the son of <span style=\"color: #806239;\"><a style=\"color: #806239;\" href=\"http:\/\/www.andersen-slekt.info\/en\/andersen\/matthias\/rudolph\/\"><strong>Jenny Aagot and Otto Rudolf Andersen<\/strong><\/a><\/span>.<\/em><\/span><\/p>\n<p><span style=\"color: #f7efd0;\">.<\/span><\/p>\n<p style=\"text-align: center;\"><img loading=\"lazy\" decoding=\"async\" class=\"alignnone wp-image-8687 size-full\" src=\"http:\/\/www.andersen-slekt.info\/wp-content\/uploads\/2021\/01\/File0035b-1.jpg\" alt=\"\" width=\"400\" height=\"321\" srcset=\"https:\/\/www.andersen-slekt.info\/wp-content\/uploads\/2021\/01\/File0035b-1.jpg 400w, https:\/\/www.andersen-slekt.info\/wp-content\/uploads\/2021\/01\/File0035b-1-300x241.jpg 300w\" sizes=\"auto, (max-width: 400px) 100vw, 400px\" \/><\/p>\n<p><span style=\"font-size: 13pt;\">Eilif was born in \"Christiania F\u00f8dselsstiftelse\" in Oslo 17. February 1886. F\u00f8dselsstiftelsen was founded by the following reasons:<\/span><\/p>\n<p><a href=\"http:\/\/www.andersen-slekt.info\/wp-content\/uploads\/2021\/01\/fodselsstiftelsen.png\"><img loading=\"lazy\" decoding=\"async\" class=\"aligncenter wp-image-8368\" src=\"http:\/\/www.andersen-slekt.info\/wp-content\/uploads\/2021\/01\/fodselsstiftelsen-300x135.png\" alt=\"\" width=\"450\" height=\"202\" srcset=\"https:\/\/www.andersen-slekt.info\/wp-content\/uploads\/2021\/01\/fodselsstiftelsen-300x135.png 300w, https:\/\/www.andersen-slekt.info\/wp-content\/uploads\/2021\/01\/fodselsstiftelsen.png 708w\" sizes=\"auto, (max-width: 450px) 100vw, 450px\" \/><\/a><\/p>\n<p><span style=\"font-size: 13pt; font-family: 'book antiqua', palatino;\">The purpose of \"F\u00f8dselsstiftelsen\" was a.o. to obtain the unmarried and poor pregnant women, midwifery, nursing and supervision. It was there that Jenny Aagot gave birth to Eilif when she was 20 years old. She traveled to Oslo to give birth because she was unmarried; it was unmarried and poor women from all over the Eastern part of Norway who came to F\u00f8dselsstiftelsen to give birth. Jenny Aagot lost her mother (Elsebeth) when she was 2 months pregnant with Eilif, and the house was sold at a forced auction. Jenny Aagot was thus on bare ground when her mother died, and had no home and close relatives that could assist her in the birth. She subsisted herself perhaps as \"tjenestepige\" (servant), like many of the women who gave birth at Christiania F\u00f8dselsstiftelse. Why she and Rudolf didn't marry before April 1886, we don't know.<\/span><\/p>\n<p style=\"text-align: center;\"><a href=\"http:\/\/www.andersen-slekt.info\/wp-content\/uploads\/2021\/01\/Eilif_1886.jpg\"><img loading=\"lazy\" decoding=\"async\" class=\"alignnone wp-image-8995\" src=\"http:\/\/www.andersen-slekt.info\/wp-content\/uploads\/2021\/01\/Eilif_1886-300x98.jpg\" alt=\"\" width=\"450\" height=\"147\" srcset=\"https:\/\/www.andersen-slekt.info\/wp-content\/uploads\/2021\/01\/Eilif_1886-300x98.jpg 300w, https:\/\/www.andersen-slekt.info\/wp-content\/uploads\/2021\/01\/Eilif_1886-1024x336.jpg 1024w, https:\/\/www.andersen-slekt.info\/wp-content\/uploads\/2021\/01\/Eilif_1886-768x252.jpg 768w, https:\/\/www.andersen-slekt.info\/wp-content\/uploads\/2021\/01\/Eilif_1886.jpg 1315w\" sizes=\"auto, (max-width: 450px) 100vw, 450px\" \/><\/a><\/p>\n<div><span style=\"font-size: 13pt; font-family: 'book antiqua', palatino;\">From church records. Father was \"unmarried blacksmith Rudolf Andersen\"; the mother was \"Pige Jenny Jacobsen\". Godparents were Pige Margit Jacobsen and Rachel Aniksdal (?). The latter is unknown.<\/span><\/div>\n<div><span style=\"font-size: 13pt; font-family: 'book antiqua', palatino;\"><span style=\"color: #f7efd0;\">&#8230;..<\/span>Margit Ovidia Jacobsen was Jenny's cousin; daughter of Jenny's uncle, 'skibsf\u00f8rer' Anders Jacobsen. Jenny and Margaret grew both up on the \u00d8stre Halsen, was at the same age, and were confirmed at the same time (5\/10-1879). They were close friends \u2013 considering that Margaret went along with Jenny Aagot to Oslo for the birth. Margit married in 1899 and moved to Drammen.\u00a0<\/span><\/div>\n<p><span style=\"color: #f7efd0;\">.<\/span><\/p>\n<p style=\"text-align: center;\"><a href=\"http:\/\/www.andersen-slekt.info\/wp-content\/uploads\/2021\/01\/Eilif_konf22apr1900.png\"><img loading=\"lazy\" decoding=\"async\" class=\"alignnone wp-image-8688\" src=\"http:\/\/www.andersen-slekt.info\/wp-content\/uploads\/2021\/01\/Eilif_konf22apr1900-300x12.png\" alt=\"\" width=\"700\" height=\"28\" srcset=\"https:\/\/www.andersen-slekt.info\/wp-content\/uploads\/2021\/01\/Eilif_konf22apr1900-300x12.png 300w, https:\/\/www.andersen-slekt.info\/wp-content\/uploads\/2021\/01\/Eilif_konf22apr1900-1024x41.png 1024w, https:\/\/www.andersen-slekt.info\/wp-content\/uploads\/2021\/01\/Eilif_konf22apr1900-768x31.png 768w, https:\/\/www.andersen-slekt.info\/wp-content\/uploads\/2021\/01\/Eilif_konf22apr1900.png 1375w\" sizes=\"auto, (max-width: 700px) 100vw, 700px\" \/><\/a><br \/>\n<span style=\"font-size: 13pt;\">Eilif's confirmation 22. april 1900<\/span><\/p>\n<p style=\"text-align: center;\"><span style=\"font-size: 13pt;\">Eilif fortalte til \u00d8stlands-Posten 24. mars 1965 litt om oppveksten sin <a href=\"https:\/\/www.andersen-slekt.info\/en\/minner-fra-gamle-dagers-larvik\/\"><strong>&laquo;Minner fra gamle dagers Larvik&raquo;<\/strong><\/a>.<\/span><\/p>\n<p><span style=\"color: #f7efd0;\">.<\/span><\/p>\n<p><a href=\"http:\/\/www.andersen-slekt.info\/wp-content\/uploads\/2021\/01\/fagskole-scaled-1.jpg\"><img loading=\"lazy\" decoding=\"async\" class=\"aligncenter wp-image-8535\" src=\"http:\/\/www.andersen-slekt.info\/wp-content\/uploads\/2021\/01\/fagskole-scaled-1-300x133.jpg\" alt=\"\" width=\"600\" height=\"266\" srcset=\"https:\/\/www.andersen-slekt.info\/wp-content\/uploads\/2021\/01\/fagskole-scaled-1-300x133.jpg 300w, https:\/\/www.andersen-slekt.info\/wp-content\/uploads\/2021\/01\/fagskole-scaled-1-1024x455.jpg 1024w, https:\/\/www.andersen-slekt.info\/wp-content\/uploads\/2021\/01\/fagskole-scaled-1-768x341.jpg 768w, https:\/\/www.andersen-slekt.info\/wp-content\/uploads\/2021\/01\/fagskole-scaled-1-1536x682.jpg 1536w, https:\/\/www.andersen-slekt.info\/wp-content\/uploads\/2021\/01\/fagskole-scaled-1-2048x910.jpg 2048w\" sizes=\"auto, (max-width: 600px) 100vw, 600px\" \/><\/a><\/p>\n<p style=\"text-align: center;\"><span style=\"font-size: 14pt;\"><em>Skiensfjordens Mechanical technical school, where Eilif was a student. Eilif is in the middle row, no. 6 from the left (click to see larger image).<\/em><\/span><\/p>\n<p><span style=\"color: #f7efd0;\">.<\/span><\/p>\n<p style=\"text-align: center;\"><em><a href=\"https:\/\/www.andersen-slekt.info\/wp-content\/uploads\/2021\/05\/eilifen-scaled.jpg\"><img loading=\"lazy\" decoding=\"async\" class=\"alignnone wp-image-9465\" src=\"https:\/\/www.andersen-slekt.info\/wp-content\/uploads\/2021\/05\/eilifen-206x300.jpg\" alt=\"\" width=\"456\" height=\"666\" srcset=\"https:\/\/www.andersen-slekt.info\/wp-content\/uploads\/2021\/05\/eilifen-206x300.jpg 206w, https:\/\/www.andersen-slekt.info\/wp-content\/uploads\/2021\/05\/eilifen-702x1024.jpg 702w, https:\/\/www.andersen-slekt.info\/wp-content\/uploads\/2021\/05\/eilifen-768x1121.jpg 768w, https:\/\/www.andersen-slekt.info\/wp-content\/uploads\/2021\/05\/eilifen-1053x1536.jpg 1053w, https:\/\/www.andersen-slekt.info\/wp-content\/uploads\/2021\/05\/eilifen-1404x2048.jpg 1404w, https:\/\/www.andersen-slekt.info\/wp-content\/uploads\/2021\/05\/eilifen-scaled.jpg 1754w\" sizes=\"auto, (max-width: 456px) 100vw, 456px\" \/><\/a>\u00a0 \u00a0<\/em><img loading=\"lazy\" decoding=\"async\" class=\"alignnone wp-image-8683\" src=\"http:\/\/www.andersen-slekt.info\/wp-content\/uploads\/2021\/01\/output-onlinepngtools-33-300x214.png\" alt=\"\" width=\"250\" height=\"178\" srcset=\"https:\/\/www.andersen-slekt.info\/wp-content\/uploads\/2021\/01\/output-onlinepngtools-33-300x214.png 300w, https:\/\/www.andersen-slekt.info\/wp-content\/uploads\/2021\/01\/output-onlinepngtools-33.png 732w\" sizes=\"auto, (max-width: 250px) 100vw, 250px\" \/><\/p>\n<p><span style=\"font-family: 'book antiqua', palatino; font-size: 13pt; line-space: 20;\">After completing Technical School, Eilif traveled to South Africa (5. July 1905) to work at the diamond mines in Kimberley.<\/span><br \/>\n<span style=\"font-family: 'book antiqua', palatino; font-size: 13pt;\"><em>\"It was a journey with many inconvenience, can you believe. It was in 1905 shortly after the union with Sweden was broken. Boer war had finished for a couple of years ago. My uncle Johan Detre Jacobsen and Magnus Martinsen traveled to Africa in 1903.<\/em><\/span><\/p>\n<p style=\"text-align: center;\"><a href=\"http:\/\/www.andersen-slekt.info\/wp-content\/uploads\/2021\/01\/Eilif_1905-1.jpg\"><img loading=\"lazy\" decoding=\"async\" class=\"alignnone wp-image-8682\" src=\"http:\/\/www.andersen-slekt.info\/wp-content\/uploads\/2021\/01\/Eilif_1905-1-300x16.jpg\" alt=\"\" width=\"750\" height=\"39\" srcset=\"https:\/\/www.andersen-slekt.info\/wp-content\/uploads\/2021\/01\/Eilif_1905-1-300x16.jpg 300w, https:\/\/www.andersen-slekt.info\/wp-content\/uploads\/2021\/01\/Eilif_1905-1-1024x54.jpg 1024w, https:\/\/www.andersen-slekt.info\/wp-content\/uploads\/2021\/01\/Eilif_1905-1-768x40.jpg 768w, https:\/\/www.andersen-slekt.info\/wp-content\/uploads\/2021\/01\/Eilif_1905-1.jpg 1335w\" sizes=\"auto, (max-width: 750px) 100vw, 750px\" \/><\/a><\/p>\n<p><span style=\"font-size: 13pt; font-family: 'book antiqua', palatino;\"><em>I was 18-19 years old at the time pesting on my aunt who was Irish by birth that she could be writing to uncle to get me a job down there, he was in Kimberley the diamond city. Finally it was settled that I could make the trip. The trip cost a lot of money according to the time, I borrowed 450 kr in Larvik savings Bank, the journey cost 350 kr from Larvik to Captovn, very cheap present day. There was a scheduled boat from Larvik to Nevcastel Vilson Linien on Thursday evening.\"<\/em><\/span><\/p>\n<p><span style=\"font-size: 13pt; font-family: 'book antiqua', palatino;\">Read more of his own travel description <span style=\"color: #806239;\"><a style=\"color: #806239;\" href=\"http:\/\/www.andersen-slekt.info\/en\/andersen\/matthias\/rudolph\/eilif-i-afrika\/\"><strong>here<\/strong><\/a><\/span>.<\/span><\/p>\n<p>Postkort fra Eilif til Anna da Eilif var i S\u00f8r-Afrika:<\/p>\n<p><a href=\"https:\/\/www.andersen-slekt.info\/wp-content\/uploads\/2022\/11\/brev.png\"><img loading=\"lazy\" decoding=\"async\" class=\"alignleft wp-image-9905\" src=\"https:\/\/www.andersen-slekt.info\/wp-content\/uploads\/2022\/11\/brev-300x192.png\" alt=\"\" width=\"405\" height=\"259\" srcset=\"https:\/\/www.andersen-slekt.info\/wp-content\/uploads\/2022\/11\/brev-300x192.png 300w, https:\/\/www.andersen-slekt.info\/wp-content\/uploads\/2022\/11\/brev-768x491.png 768w, https:\/\/www.andersen-slekt.info\/wp-content\/uploads\/2022\/11\/brev-18x12.png 18w, https:\/\/www.andersen-slekt.info\/wp-content\/uploads\/2022\/11\/brev.png 986w\" sizes=\"auto, (max-width: 405px) 100vw, 405px\" \/><\/a><\/p>\n<p><a href=\"https:\/\/www.andersen-slekt.info\/wp-content\/uploads\/2022\/11\/brev2.png\">\u00a0<img loading=\"lazy\" decoding=\"async\" class=\"alignnone wp-image-9908\" src=\"https:\/\/www.andersen-slekt.info\/wp-content\/uploads\/2022\/11\/brev2-300x194.png\" alt=\"\" width=\"400\" height=\"259\" srcset=\"https:\/\/www.andersen-slekt.info\/wp-content\/uploads\/2022\/11\/brev2-300x194.png 300w, https:\/\/www.andersen-slekt.info\/wp-content\/uploads\/2022\/11\/brev2-1024x663.png 1024w, https:\/\/www.andersen-slekt.info\/wp-content\/uploads\/2022\/11\/brev2-768x497.png 768w, https:\/\/www.andersen-slekt.info\/wp-content\/uploads\/2022\/11\/brev2-1536x995.png 1536w, https:\/\/www.andersen-slekt.info\/wp-content\/uploads\/2022\/11\/brev2-2048x1327.png 2048w, https:\/\/www.andersen-slekt.info\/wp-content\/uploads\/2022\/11\/brev2-18x12.png 18w\" sizes=\"auto, (max-width: 400px) 100vw, 400px\" \/><\/a><\/p>\n<p>&nbsp;<\/p>\n<p><span style=\"font-size: 13pt; font-family: 'book antiqua', palatino;\">Det er blitt fortalt at Eilif var S\u00f8r-Afrika i 4 \u00e5r. Da fikk han brev fra forloveden Anna som anmodet han sterkt om \u00e5 komme hjem. Han reiste da hjem til Norge, og de giftet seg 23.10.1909. De nygifte flyttet inn i Helgesens gate 7, der Anna hadde vokst opp. I 1918 kj\u00f8pte Eilif hus i Griffenfeldtsgate 18 p\u00e5 Torstrand. Omr\u00e5det ble ogs\u00e5 kalt L\u00f8kka (Reipbanel\u00f8kka), oppkalt etter den gamle Reipbanen, som l\u00e5 rett overfor Griffenfeldtsgate, og mellom Mesterfjellet og Dronningens gate.\u00a0<\/span><\/p>\n<p style=\"text-align: center;\"><img loading=\"lazy\" decoding=\"async\" class=\"alignnone wp-image-8681\" src=\"http:\/\/www.andersen-slekt.info\/wp-content\/uploads\/2021\/01\/fram2.jpg\" alt=\"\" width=\"375\" height=\"426\" srcset=\"https:\/\/www.andersen-slekt.info\/wp-content\/uploads\/2021\/01\/fram2.jpg 350w, https:\/\/www.andersen-slekt.info\/wp-content\/uploads\/2021\/01\/fram2-264x300.jpg 264w\" sizes=\"auto, (max-width: 375px) 100vw, 375px\" \/> <a href=\"https:\/\/www.andersen-slekt.info\/wp-content\/uploads\/2022\/12\/baatbyggeri.png\"><img loading=\"lazy\" decoding=\"async\" class=\"alignnone wp-image-9982\" src=\"https:\/\/www.andersen-slekt.info\/wp-content\/uploads\/2022\/12\/baatbyggeri-300x192.png\" alt=\"\" width=\"348\" height=\"223\" srcset=\"https:\/\/www.andersen-slekt.info\/wp-content\/uploads\/2022\/12\/baatbyggeri-300x192.png 300w, https:\/\/www.andersen-slekt.info\/wp-content\/uploads\/2022\/12\/baatbyggeri-768x492.png 768w, https:\/\/www.andersen-slekt.info\/wp-content\/uploads\/2022\/12\/baatbyggeri-18x12.png 18w, https:\/\/www.andersen-slekt.info\/wp-content\/uploads\/2022\/12\/baatbyggeri.png 842w\" sizes=\"auto, (max-width: 348px) 100vw, 348px\" \/><\/a><\/p>\n<p style=\"text-align: center;\"><em>Bilder av A\/S Frams Skibsbyggeri (trykk p\u00e5 det h\u00f8yre bildet for st\u00f8rre bilde)<\/em><\/p>\n<p style=\"text-align: justify;\"><span style=\"font-size: 13pt; font-family: 'book antiqua', palatino;\">After his stay in South Africa, Eilif changed to shipbuilding. He borrowed money and founded <strong><span style=\"color: #800000;\"><span style=\"color: #806239;\">A\/S Fram&#039;s<\/span> <span style=\"color: #806239;\">Skibsbyggeri<\/span><\/span><\/strong> in 1917. He was the manager. 'Fram' built two composite ships, \"<span style=\"color: #806239;\"><strong><a style=\"color: #806239;\" href=\"https:\/\/skipshistorie.net\/Skien\/SKN303BorreRGjertsen\/SKN30319190100000%20OSTFJELD.htm\">MS \u00d8stfjell<\/a><\/strong><\/span>&#034;(620 tonnes, 145,6 foot, 320 hp) and &#034;<span style=\"color: #806239;\"><strong>MS Bj\u00f8rn\u00f8<\/strong><\/span>\"(500 tons, 26,6 foot width), both were completed in 1919. \u00d8stfjell was sold to T\u00f8nsberg, and converted to a barge in 1926. The construction of the Bj\u00f8rn\u00f8 was done at the mission of Bugge Olsen AS, and later sold to Germany. It went down under World War II. Read more <span style=\"color: #806239;\"><a style=\"color: #806239;\" href=\"https:\/\/skipshistorie.net\/Larvik\/LVK203BuggeOlsen\/Tekster\/LVK20319190200000%20BJORNO.htm\"><strong>here<\/strong><\/a><\/span>.<\/span><\/p>\n<p>&nbsp;<\/p>\n<p style=\"text-align: center;\"><a href=\"http:\/\/www.andersen-slekt.info\/wp-content\/uploads\/2021\/02\/torstrand2_tekst.png\"><img loading=\"lazy\" decoding=\"async\" class=\"alignnone wp-image-9242\" src=\"http:\/\/www.andersen-slekt.info\/wp-content\/uploads\/2021\/02\/torstrand2_tekst-300x218.png\" alt=\"\" width=\"650\" height=\"472\" srcset=\"https:\/\/www.andersen-slekt.info\/wp-content\/uploads\/2021\/02\/torstrand2_tekst-300x218.png 300w, https:\/\/www.andersen-slekt.info\/wp-content\/uploads\/2021\/02\/torstrand2_tekst-1024x743.png 1024w, https:\/\/www.andersen-slekt.info\/wp-content\/uploads\/2021\/02\/torstrand2_tekst-768x558.png 768w, https:\/\/www.andersen-slekt.info\/wp-content\/uploads\/2021\/02\/torstrand2_tekst.png 1230w\" sizes=\"auto, (max-width: 650px) 100vw, 650px\" \/><\/a><\/p>\n<p style=\"text-align: center;\">Locations of Fram and the smie of Eilif and Rudolf. Original photo from 1917 (from Per Nyhus, \"<a href=\"https:\/\/www.flickr.com\/photos\/linklarvik\/sets\/72157632035778675\/\">Larvik f\u00f8r og n\u00e5<\/a>\u00ab).<\/p>\n<p style=\"text-align: center;\"><a href=\"http:\/\/www.andersen-slekt.info\/wp-content\/uploads\/2021\/01\/mormor54.jpg\"><img loading=\"lazy\" decoding=\"async\" class=\"alignnone wp-image-8680 size-medium\" src=\"http:\/\/www.andersen-slekt.info\/wp-content\/uploads\/2021\/01\/mormor54-217x300.jpg\" alt=\"\" width=\"217\" height=\"300\" srcset=\"https:\/\/www.andersen-slekt.info\/wp-content\/uploads\/2021\/01\/mormor54-217x300.jpg 217w, https:\/\/www.andersen-slekt.info\/wp-content\/uploads\/2021\/01\/mormor54-741x1024.jpg 741w, https:\/\/www.andersen-slekt.info\/wp-content\/uploads\/2021\/01\/mormor54-768x1061.jpg 768w, https:\/\/www.andersen-slekt.info\/wp-content\/uploads\/2021\/01\/mormor54-1112x1536.jpg 1112w, https:\/\/www.andersen-slekt.info\/wp-content\/uploads\/2021\/01\/mormor54.jpg 1132w\" sizes=\"auto, (max-width: 217px) 100vw, 217px\" \/><\/a> <a href=\"http:\/\/www.andersen-slekt.info\/wp-content\/uploads\/2021\/01\/eilif.jpg\"><img loading=\"lazy\" decoding=\"async\" class=\"alignnone wp-image-8679 size-medium\" src=\"http:\/\/www.andersen-slekt.info\/wp-content\/uploads\/2021\/01\/eilif-260x300.jpg\" alt=\"\" width=\"260\" height=\"300\" srcset=\"https:\/\/www.andersen-slekt.info\/wp-content\/uploads\/2021\/01\/eilif-260x300.jpg 260w, https:\/\/www.andersen-slekt.info\/wp-content\/uploads\/2021\/01\/eilif-768x885.jpg 768w, https:\/\/www.andersen-slekt.info\/wp-content\/uploads\/2021\/01\/eilif.jpg 849w\" sizes=\"auto, (max-width: 260px) 100vw, 260px\" \/><\/a><\/p>\n<p style=\"text-align: center;\"><a href=\"http:\/\/www.andersen-slekt.info\/wp-content\/uploads\/2021\/01\/kortCC.jpg\"><img loading=\"lazy\" decoding=\"async\" class=\"alignnone wp-image-8690\" src=\"http:\/\/www.andersen-slekt.info\/wp-content\/uploads\/2021\/01\/kortCC-195x300.jpg\" alt=\"\" width=\"247\" height=\"380\" srcset=\"https:\/\/www.andersen-slekt.info\/wp-content\/uploads\/2021\/01\/kortCC-195x300.jpg 195w, https:\/\/www.andersen-slekt.info\/wp-content\/uploads\/2021\/01\/kortCC.jpg 430w\" sizes=\"auto, (max-width: 247px) 100vw, 247px\" \/><\/a> <a href=\"https:\/\/www.andersen-slekt.info\/wp-content\/uploads\/2022\/12\/3.jpg\"><img loading=\"lazy\" decoding=\"async\" class=\"alignnone wp-image-9912\" src=\"https:\/\/www.andersen-slekt.info\/wp-content\/uploads\/2022\/12\/3-191x300.jpg\" alt=\"\" width=\"242\" height=\"380\" srcset=\"https:\/\/www.andersen-slekt.info\/wp-content\/uploads\/2022\/12\/3-191x300.jpg 191w, https:\/\/www.andersen-slekt.info\/wp-content\/uploads\/2022\/12\/3-8x12.jpg 8w, https:\/\/www.andersen-slekt.info\/wp-content\/uploads\/2022\/12\/3.jpg 513w\" sizes=\"auto, (max-width: 242px) 100vw, 242px\" \/><\/a><\/p>\n<p style=\"text-align: center;\"><span style=\"font-size: 13pt;\"><em>Postcard message from Eilif to Anna<\/em><\/span><\/p>\n<p style=\"text-align: center;\"><a href=\"https:\/\/www.andersen-slekt.info\/wp-content\/uploads\/2021\/05\/AnnaEilif_09b-scaled.jpg\"><img loading=\"lazy\" decoding=\"async\" class=\"alignnone wp-image-9454\" src=\"https:\/\/www.andersen-slekt.info\/wp-content\/uploads\/2021\/05\/AnnaEilif_09b-187x300.jpg\" alt=\"\" width=\"450\" height=\"722\" srcset=\"https:\/\/www.andersen-slekt.info\/wp-content\/uploads\/2021\/05\/AnnaEilif_09b-187x300.jpg 187w, https:\/\/www.andersen-slekt.info\/wp-content\/uploads\/2021\/05\/AnnaEilif_09b-638x1024.jpg 638w, https:\/\/www.andersen-slekt.info\/wp-content\/uploads\/2021\/05\/AnnaEilif_09b-768x1233.jpg 768w, https:\/\/www.andersen-slekt.info\/wp-content\/uploads\/2021\/05\/AnnaEilif_09b-957x1536.jpg 957w, https:\/\/www.andersen-slekt.info\/wp-content\/uploads\/2021\/05\/AnnaEilif_09b-1276x2048.jpg 1276w, https:\/\/www.andersen-slekt.info\/wp-content\/uploads\/2021\/05\/AnnaEilif_09b-scaled.jpg 1595w\" sizes=\"auto, (max-width: 450px) 100vw, 450px\" \/><\/a>.<\/p>\n<p style=\"text-align: center;\"><span style=\"font-size: 13pt;\"><em>Bridal photo of Eilif and Anna. Click to see the larger size.\u00a0<\/em><\/span><\/p>\n<p style=\"text-align: center;\"><a href=\"https:\/\/www.andersen-slekt.info\/wp-content\/uploads\/2023\/02\/1859c.png\"><img loading=\"lazy\" decoding=\"async\" class=\"alignnone wp-image-10230\" src=\"https:\/\/www.andersen-slekt.info\/wp-content\/uploads\/2023\/02\/1859c-300x125.png\" alt=\"\" width=\"550\" height=\"230\" srcset=\"https:\/\/www.andersen-slekt.info\/wp-content\/uploads\/2023\/02\/1859c-300x125.png 300w, https:\/\/www.andersen-slekt.info\/wp-content\/uploads\/2023\/02\/1859c-18x8.png 18w, https:\/\/www.andersen-slekt.info\/wp-content\/uploads\/2023\/02\/1859c.png 701w\" sizes=\"auto, (max-width: 550px) 100vw, 550px\" \/><\/a><\/p>\n<p><span style=\"font-size: 13pt; font-family: 'book antiqua', palatino;\">However, the shipp building went bankrupt after a few years, and Eilif lost everything he had invested, and the house which he had recently purchased, Griffenfeldtsgate 18 (see map <span style=\"color: #806239;\"><a style=\"color: #806239;\" href=\"http:\/\/www.andersen-slekt.info\/en\/kart-3\/\"><strong>here<\/strong><\/a><\/span>), was pledged. See excerpts from the pledge documents of Larvik <span style=\"color: #800000;\"><a style=\"color: #800000;\" href=\"http:\/\/www.andersen-slekt.info\/en\/andersen\/matthias\/rudolph\/anna-og-eilif\/konkurs\/\"><strong>here<\/strong><\/a><\/span>. Eilif then had 6 minor children to provide for. They had been through a difficult time, and even worse after the bankruptcy, with debt and without income. <em>\"Had it not been for their Christian faith, they had not come so well through this difficult times.\"<\/em> (Egil Rudsta Andersen).<\/span><\/p>\n<p style=\"text-align: center;\">\u00a0 \u00a0 <a href=\"http:\/\/www.andersen-slekt.info\/wp-content\/uploads\/2021\/01\/Eilif_patent.pdf\"><img loading=\"lazy\" decoding=\"async\" class=\"alignnone wp-image-8675 size-medium\" src=\"http:\/\/www.andersen-slekt.info\/wp-content\/uploads\/2021\/01\/output-onlinepngtools-21-1-300x141.png\" alt=\"\" width=\"300\" height=\"141\" srcset=\"https:\/\/www.andersen-slekt.info\/wp-content\/uploads\/2021\/01\/output-onlinepngtools-21-1-300x141.png 300w, https:\/\/www.andersen-slekt.info\/wp-content\/uploads\/2021\/01\/output-onlinepngtools-21-1.png 332w\" sizes=\"auto, (max-width: 300px) 100vw, 300px\" \/><\/a> <a href=\"http:\/\/www.andersen-slekt.info\/wp-content\/uploads\/2021\/01\/Eilif_patent.pdf\"><img loading=\"lazy\" decoding=\"async\" class=\"alignnone wp-image-8674 size-full\" src=\"http:\/\/www.andersen-slekt.info\/wp-content\/uploads\/2021\/01\/output-onlinepngtools-22-1.png\" alt=\"\" width=\"119\" height=\"286\" \/><\/a><br \/>\n<span style=\"font-size: 13pt;\"><em>Eilif owned a patent (no 39674) together with his father Rudolf. It was probably Eilif's idea, but he lost the ownership when he went bankrupt. The patent was about the exploitation of combustion gas, which could reduce the consumption of coal and wood. Click on the chart to see the patent.<\/em><\/span><\/p>\n<p><span style=\"color: #f7efd0;\">.<\/span><\/p>\n<p><span style=\"font-size: 13pt;\">Eilif fikk forholdsvis snart tilbud om \u00e5 reise til sj\u00f8s. Men han kunne ikke tenke seg det, og takket nei. Etter en innsats fra Anna, endte det med at en annen reiste til sj\u00f8s, mens Eilif overtok vedkommendes jobb hos Alfr. Andersen. Etter en tid, fikk Eilif jobben med \u00e5 avvikle en r\u00f8rleggerbedrift som Alfr. Andersen hadde overtatt som konkursbo. Det viste seg, under denne jobben, at det var behov for \u00e5 fortsette driften av r\u00f8rleggerforretningen, og Larvik R\u00f8rhandel ble dermed stiftet. Eilif ble leder av bedriften. Det var ikke lite arbeid med \u00e5 legge inn vannklosetter i hjemmene. Men dette arbeidet hadde ogs\u00e5 sine motstandere. Se mer om pudrett <strong><a href=\"http:\/\/www.andersen-slekt.info\/en\/anna-og-eilif\/tomming-av-utedoer\/\">here<\/a><\/strong>.\u00a0<\/span><br \/>\n<span style=\"font-size: 13pt;\">\u00a0 \u00a0 \u00a0 \u00a0 <\/span>\u00a0 \u00a0 \u00a0<img loading=\"lazy\" decoding=\"async\" class=\"wp-image-8673 aligncenter\" src=\"http:\/\/www.andersen-slekt.info\/wp-content\/uploads\/2021\/01\/Eilifr_r.jpg\" alt=\"\" width=\"234\" height=\"110\" \/><\/p>\n<p><span style=\"font-size: 13pt;\">He continued in Larvik R\u00f8rhandel until 1946\/47, when his sons Egil and Erling established their own company \u2013 Larvik Varme &amp; Sanit\u00e6r. Eilif didn't want to be a competitor with his sons, and began, therefore, as employee in Larvik Varme &amp; Sanitat\u00e6r. His eldest daughter, Jenny, also began in the the company, and worked in the office.<\/span><\/p>\n<p><span style=\"color: #f7efd0;\">.<a href=\"http:\/\/www.andersen-slekt.info\/wp-content\/uploads\/2021\/01\/ea-248x300-1.jpg\"><img loading=\"lazy\" decoding=\"async\" class=\"aligncenter wp-image-8672 size-full\" src=\"http:\/\/www.andersen-slekt.info\/wp-content\/uploads\/2021\/01\/ea-248x300-1.jpg\" alt=\"\" width=\"248\" height=\"300\" \/><\/a><\/span><\/p>\n<p style=\"text-align: center;\"><img loading=\"lazy\" decoding=\"async\" class=\"alignnone wp-image-8671\" src=\"http:\/\/www.andersen-slekt.info\/wp-content\/uploads\/2021\/01\/griffenfeldtsgt2-300x184-1.jpg\" alt=\"\" width=\"367\" height=\"225\" \/>\u00a0 \u00a0 \u00a0 \u00a0<img loading=\"lazy\" decoding=\"async\" class=\"alignnone size-full wp-image-8670\" src=\"http:\/\/www.andersen-slekt.info\/wp-content\/uploads\/2021\/01\/loekka-300x222-1.jpg\" alt=\"\" width=\"300\" height=\"222\" \/><br \/>\n<span style=\"font-size: 13pt;\"><em>The house in Griffenfeldtsgt. 18, Larvik (see map <span style=\"color: #806239;\"><strong><a style=\"color: #806239;\" href=\"http:\/\/www.andersen-slekt.info\/en\/kart-3\/\">here<\/a><\/strong><\/span>) (bildet til venstre er fra Roy Olsen)<\/em><\/span><\/p>\n<p><span style=\"color: #f7efd0;\">.<\/span><\/p>\n<p style=\"text-align: center;\"><a href=\"http:\/\/www.andersen-slekt.info\/wp-content\/uploads\/2021\/01\/griffenfeldtsgate18.png\"><img loading=\"lazy\" decoding=\"async\" class=\"alignnone wp-image-8669\" src=\"http:\/\/www.andersen-slekt.info\/wp-content\/uploads\/2021\/01\/griffenfeldtsgate18-300x211.png\" alt=\"\" width=\"700\" height=\"492\" srcset=\"https:\/\/www.andersen-slekt.info\/wp-content\/uploads\/2021\/01\/griffenfeldtsgate18-300x211.png 300w, https:\/\/www.andersen-slekt.info\/wp-content\/uploads\/2021\/01\/griffenfeldtsgate18-768x539.png 768w, https:\/\/www.andersen-slekt.info\/wp-content\/uploads\/2021\/01\/griffenfeldtsgate18.png 773w\" sizes=\"auto, (max-width: 700px) 100vw, 700px\" \/><\/a><br \/>\n<span style=\"font-size: 13pt;\"><em>Eilif bought Griffenfeldtsgate 18 in June 1918. It was pledged in 1925 when he went bankrupt.\u00a0<\/em><\/span><\/p>\n<p><span style=\"font-size: 13pt;\">For \u00e5 spe p\u00e5 \u00f8konomien, leide Eilif ut lokale til matvarebutikk (Kooperativen) i huset. Inngangen var p\u00e5 veggen uten vinduer (se bildet til h\u00f8yre ovenfor). Senere startet de sin egen matvarebutikk her. B\u00e5de Anna, Jenny og Ingjerd var fast inventar i butikken i mange \u00e5r.<\/span><\/p>\n<p><strong>Torstrand<\/strong><\/p>\n<p>Torstrand er den \u00f8stre delen av de gamle bydelene i Larvik. Den ligger p\u00e5 ei stor elveslette, og er atypisk for Larvik som ellers er kjent for sine mange bakker. I d\u00e5rlige tider var det som regel litt verre p\u00e5 Torstrand enn ellers i byen. Her rammet arbeidsl\u00f8sheten aller verst, ettersom de fleste arbeidere i byen bodde her. Og med arbeidsledigheten fulgte all annen mulig elendighet, som matmangel, sykdom og bolign\u00f8d. Det er en hjerteskj\u00e6rende skildring av forholdene i \u00d8stlands-Posten 1917:<\/p>\n<p><img loading=\"lazy\" decoding=\"async\" class=\"size-medium wp-image-10151 aligncenter\" src=\"https:\/\/www.andersen-slekt.info\/wp-content\/uploads\/2022\/12\/smakar-300x209.png\" alt=\"\" width=\"300\" height=\"209\" srcset=\"https:\/\/www.andersen-slekt.info\/wp-content\/uploads\/2022\/12\/smakar-300x209.png 300w, https:\/\/www.andersen-slekt.info\/wp-content\/uploads\/2022\/12\/smakar-18x12.png 18w, https:\/\/www.andersen-slekt.info\/wp-content\/uploads\/2022\/12\/smakar.png 722w\" sizes=\"auto, (max-width: 300px) 100vw, 300px\" \/><\/p>\n<p style=\"text-align: center;\"><em>I sm\u00e5k\u00e5rshjemmets stue fantes bare det aller n\u00f8dvendigste. Og i hver seng kunne det ligge 2-3 barn.<\/em><\/p>\n<p><em>&laquo;Aldrig har vi trodd det at her var slik bolign\u00f8d. Det er en masse gamle r\u00f8nner. De fleste av disse er s\u00e5 usle og overbefolket, at det minder meget om forholdene i fattigkvarterene i storbyene. F.eks. bor der opptil 12 mennesker i to smaa rum &#8211; barn og voksne av begge kj\u00f8n. I et annet hus bor der i enden av et av et elendig gammelt uthus 2 familier. Paa det ene sted var kj\u00f8kkenet ikke fullt 1,5 m bredt. Vinduer og gulv var meget aapne. Lite lys, m\u00f8rkt og utrivelig.\u00a0<\/em><br \/>\n<em>\u00a0 \u00a0 \u00a0Mest trist var det at se alle de nygifte som maa begynne livet under slike fortvilede husforhold. De unge m\u00f8dre stod med sine barn paa armen og vidste ikke sin arme raad. Vi undres ikke paa at modet minker og sygdommen efter hvert holder sit intog.&raquo; (Fra Larvik A-\u00c5 av Per Nyhus).\u00a0<\/em><\/p>\n<p><a href=\"https:\/\/www.andersen-slekt.info\/wp-content\/uploads\/2022\/12\/torstrande.png\"><img loading=\"lazy\" decoding=\"async\" class=\"aligncenter wp-image-10138\" src=\"https:\/\/www.andersen-slekt.info\/wp-content\/uploads\/2022\/12\/torstrande-300x115.png\" alt=\"\" width=\"500\" height=\"191\" srcset=\"https:\/\/www.andersen-slekt.info\/wp-content\/uploads\/2022\/12\/torstrande-300x115.png 300w, https:\/\/www.andersen-slekt.info\/wp-content\/uploads\/2022\/12\/torstrande-768x294.png 768w, https:\/\/www.andersen-slekt.info\/wp-content\/uploads\/2022\/12\/torstrande-18x7.png 18w, https:\/\/www.andersen-slekt.info\/wp-content\/uploads\/2022\/12\/torstrande.png 826w\" sizes=\"auto, (max-width: 500px) 100vw, 500px\" \/><\/a><\/p>\n<p style=\"text-align: center;\"><em>Torstrand sett fra Mesterfjellet i 1880-\u00e5ra <\/em><em>(Fra Larvik A-\u00c5 av Per Nyhus).\u00a0<\/em><\/p>\n<p>&nbsp;<\/p>\n<p style=\"text-align: center;\"><em>.<\/em><\/p>\n<p>&nbsp;<\/p>\n<p><strong><span style=\"font-size: 13pt;\">Larvik Bedehus<\/span><\/strong><\/p>\n<p><span style=\"font-size: 13pt;\">Jeg mener \u00e5 huske at bestefar Eilif fortalte meg at han ble kristen ved forkynnelsen til den kjente lekpredikanten Albert Lunde p\u00e5 Larvik Bedehus. I Store norske Leksikon st\u00e5r dette om Albert Lunde: <em>Albert Lunde var en av Nordens fremste predikanter. Han reiste til USA i 1895, ble grepet av en vekkelse representert ved blant andre Dwight Lyman Moody. Fra 1901 virket han som fri reisepredikant i Norge, og ble landskjent gjennom den vekkelsen som ble fremkalt av hans m\u00f8ter i Kristiania i 1905\u20131906.<\/em><\/span><\/p>\n<p><span style=\"font-size: 13pt;\">Eilif var sv\u00e6rt aktiv p\u00e5 Larvik Bedehus. <b><a class=\"mw-selflink selflink\">Larvik Bedehus<\/a><\/b> er en trebygning som\u00a0ble oppf\u00f8rt i\u00a0<a title=\"1875\" href=\"https:\/\/lokalhistoriewiki.no\/wiki\/1875\">1875<\/a>. Bedehuset har en prekestol i\u00a0<a title=\"Barokk\" href=\"https:\/\/lokalhistoriewiki.no\/wiki\/Barokk\">barokk<\/a>\u00a0fra begynnelsen av\u00a01700-tallet. <sup id=\"cite_ref-1\" class=\"reference\"><small><\/small><\/sup>I en historikk st\u00e5r det f\u00f8lgende \u00e5 lese:<\/span><\/p>\n<p><span style=\"color: #f7efd0;\">.<\/span><br \/>\n<img loading=\"lazy\" decoding=\"async\" class=\"wp-image-8668 size-full aligncenter\" src=\"http:\/\/www.andersen-slekt.info\/wp-content\/uploads\/2021\/01\/eilif_byggCC.jpg\" alt=\"\" width=\"533\" height=\"122\" srcset=\"https:\/\/www.andersen-slekt.info\/wp-content\/uploads\/2021\/01\/eilif_byggCC.jpg 533w, https:\/\/www.andersen-slekt.info\/wp-content\/uploads\/2021\/01\/eilif_byggCC-300x69.jpg 300w\" sizes=\"auto, (max-width: 533px) 100vw, 533px\" \/><\/p>\n<p><span style=\"color: #f7efd0;\">.<\/span><\/p>\n<p><img loading=\"lazy\" decoding=\"async\" class=\"wp-image-8667 alignnone\" src=\"http:\/\/www.andersen-slekt.info\/wp-content\/uploads\/2021\/01\/IMG_0021-300x176.jpg\" alt=\"\" width=\"357\" height=\"209\" srcset=\"https:\/\/www.andersen-slekt.info\/wp-content\/uploads\/2021\/01\/IMG_0021-300x176.jpg 300w, https:\/\/www.andersen-slekt.info\/wp-content\/uploads\/2021\/01\/IMG_0021-1024x599.jpg 1024w, https:\/\/www.andersen-slekt.info\/wp-content\/uploads\/2021\/01\/IMG_0021-768x449.jpg 768w, https:\/\/www.andersen-slekt.info\/wp-content\/uploads\/2021\/01\/IMG_0021.jpg 1437w\" sizes=\"auto, (max-width: 357px) 100vw, 357px\" \/>\u00a0 \u00a0 \u00a0 \u00a0<span style=\"font-size: 13pt;\"><em>Sunday school in Larvik bedehus in 1932.<\/em><\/span><\/p>\n<p>&nbsp;<\/p>\n<p><img loading=\"lazy\" decoding=\"async\" class=\"alignnone wp-image-8666 size-full aligncenter\" src=\"http:\/\/www.andersen-slekt.info\/wp-content\/uploads\/2021\/01\/eilif_sondCC.jpg\" alt=\"\" width=\"546\" height=\"212\" srcset=\"https:\/\/www.andersen-slekt.info\/wp-content\/uploads\/2021\/01\/eilif_sondCC.jpg 546w, https:\/\/www.andersen-slekt.info\/wp-content\/uploads\/2021\/01\/eilif_sondCC-300x116.jpg 300w\" sizes=\"auto, (max-width: 546px) 100vw, 546px\" \/><\/p>\n<p>&nbsp;<\/p>\n<p style=\"text-align: center;\"><img loading=\"lazy\" decoding=\"async\" class=\"alignnone size-full wp-image-8685\" src=\"http:\/\/www.andersen-slekt.info\/wp-content\/uploads\/2021\/01\/NTb_2-226x300-1.jpg\" alt=\"\" width=\"226\" height=\"300\" \/> <img loading=\"lazy\" decoding=\"async\" class=\"alignnone size-full wp-image-8684\" src=\"http:\/\/www.andersen-slekt.info\/wp-content\/uploads\/2021\/01\/File0001b_19-300x117-1.jpg\" alt=\"\" width=\"300\" height=\"117\" \/><br \/>\n<span style=\"font-size: 13pt;\"><em>Eilif's New Testament w\/notes<\/em><\/span><\/p>\n<p><span style=\"color: #f7efd0;\">.<\/span><\/p>\n<p style=\"text-align: center;\"><img loading=\"lazy\" decoding=\"async\" class=\"alignnone size-full wp-image-884\" src=\"http:\/\/www.andersen-slekt.info\/wp-content\/uploads\/2015\/05\/File00052.jpg\" alt=\"\" width=\"300\" height=\"128\" \/>\u00a0 \u00a0 \u00a0 \u00a0 <img loading=\"lazy\" decoding=\"async\" class=\"alignnone wp-image-8722\" src=\"http:\/\/www.andersen-slekt.info\/wp-content\/uploads\/2021\/01\/bestefar_1.jpg\" alt=\"\" width=\"179\" height=\"221\" \/><\/p>\n<p style=\"text-align: center;\">\u00a0<span style=\"font-size: 13pt;\">Letter from grandfather Eilif \u2013 dictated to Ingjerd (drawing by Helge Fevang)<\/span><\/p>\n<p><span style=\"color: #f7efd0;\">.<\/span><\/p>\n<p style=\"text-align: center;\"><a href=\"https:\/\/www.andersen-slekt.info\/wp-content\/uploads\/2022\/12\/Eilif903-1.jpg\"><img loading=\"lazy\" decoding=\"async\" class=\"alignnone wp-image-10003\" src=\"https:\/\/www.andersen-slekt.info\/wp-content\/uploads\/2022\/12\/Eilif903-1-208x300.jpg\" alt=\"\" width=\"250\" height=\"360\" srcset=\"https:\/\/www.andersen-slekt.info\/wp-content\/uploads\/2022\/12\/Eilif903-1-208x300.jpg 208w, https:\/\/www.andersen-slekt.info\/wp-content\/uploads\/2022\/12\/Eilif903-1-710x1024.jpg 710w, https:\/\/www.andersen-slekt.info\/wp-content\/uploads\/2022\/12\/Eilif903-1-768x1107.jpg 768w, https:\/\/www.andersen-slekt.info\/wp-content\/uploads\/2022\/12\/Eilif903-1-1065x1536.jpg 1065w, https:\/\/www.andersen-slekt.info\/wp-content\/uploads\/2022\/12\/Eilif903-1-8x12.jpg 8w, https:\/\/www.andersen-slekt.info\/wp-content\/uploads\/2022\/12\/Eilif903-1.jpg 1252w\" sizes=\"auto, (max-width: 250px) 100vw, 250px\" \/><\/a> <a href=\"https:\/\/www.andersen-slekt.info\/wp-content\/uploads\/2022\/12\/Eilif904-scaled.jpg\"><img loading=\"lazy\" decoding=\"async\" class=\"alignnone wp-image-10004\" src=\"https:\/\/www.andersen-slekt.info\/wp-content\/uploads\/2022\/12\/Eilif904-200x300.jpg\" alt=\"\" width=\"400\" height=\"598\" srcset=\"https:\/\/www.andersen-slekt.info\/wp-content\/uploads\/2022\/12\/Eilif904-200x300.jpg 200w, https:\/\/www.andersen-slekt.info\/wp-content\/uploads\/2022\/12\/Eilif904-684x1024.jpg 684w, https:\/\/www.andersen-slekt.info\/wp-content\/uploads\/2022\/12\/Eilif904-768x1149.jpg 768w, https:\/\/www.andersen-slekt.info\/wp-content\/uploads\/2022\/12\/Eilif904-1026x1536.jpg 1026w, https:\/\/www.andersen-slekt.info\/wp-content\/uploads\/2022\/12\/Eilif904-1369x2048.jpg 1369w, https:\/\/www.andersen-slekt.info\/wp-content\/uploads\/2022\/12\/Eilif904-8x12.jpg 8w, https:\/\/www.andersen-slekt.info\/wp-content\/uploads\/2022\/12\/Eilif904-scaled.jpg 1711w\" sizes=\"auto, (max-width: 400px) 100vw, 400px\" \/><\/a><\/p>\n<p style=\"text-align: center;\"><a href=\"https:\/\/www.andersen-slekt.info\/wp-content\/uploads\/2022\/11\/eiliflife.png\"><img loading=\"lazy\" decoding=\"async\" class=\"alignnone wp-image-9849 size-medium\" src=\"https:\/\/www.andersen-slekt.info\/wp-content\/uploads\/2022\/11\/eiliflife-300x226.png\" alt=\"\" width=\"300\" height=\"226\" srcset=\"https:\/\/www.andersen-slekt.info\/wp-content\/uploads\/2022\/11\/eiliflife-300x226.png 300w, https:\/\/www.andersen-slekt.info\/wp-content\/uploads\/2022\/11\/eiliflife-16x12.png 16w, https:\/\/www.andersen-slekt.info\/wp-content\/uploads\/2022\/11\/eiliflife.png 552w\" sizes=\"auto, (max-width: 300px) 100vw, 300px\" \/><\/a><\/p>\n<p>Eilifs liv ble selvsagt\u00a0 &#8211; i st\u00f8rre eller mindre grad &#8211; p\u00e5virket av\u00a0 de ytre omstendigheter, b\u00e5de lokale og globale. Han opplevde flere verdensomspennende kriser, bl. a. to verdenskriger, en influensapandemi og en \u00f8konomisk depresjon.<\/p>\n<p style=\"text-align: center;\"><span style=\"color: #f7efd0;\">.<\/span><br \/>\n<span style=\"color: #f7efd0;\">.<\/span><\/p>\n<p><span style=\"font-size: 13pt;\"><em>Eilif had humor, and enjoyed a good story. A story I heard he told multiple times: There was two police constables who found a binge drunk man lying in Schleppegrells street. But none of them knew how to write the street name; it ended, therefore, that they dragged him over to Bugges street before they wrote the report.<\/em><\/span><\/p>\n<p style=\"text-align: left;\"><span style=\"font-size: 13pt;\"><em>Another favorite story was about the guy who had been told by her mother to go to the bakery and buy wort bread. But he stumbled at the doorstep, and forgot about it. He bought wheat bread instead.<\/em><\/span><\/p>\n<p style=\"text-align: left;\"><span style=\"color: #f7efd0;\">.<\/span><\/p>\n<p><span style=\"color: #f7efd0;\">..<\/span><\/p>\n<p><span style=\"color: #f7efd0;\">.<\/span><\/p>\n<p style=\"text-align: left;\"><a href=\"http:\/\/www.andersen-slekt.info\/en\/andersen\/matthias\/gusta-marie\/\"><span style=\"color: #f7efd0;\"><span style=\"font-size: 10pt; color: #ccaa7a;\">&lt; go to Gusta and Hans J\u00f8rgen<\/span><\/span><\/a><\/p>\n<h2><span style=\"font-size: 12pt; color: #f7efd0;\">.<\/span><\/h2>\n<h2 style=\"text-align: center;\"><span style=\"color: #806239; font-size: 30pt; font-family: 'Great Vibes';\">Anna Marie b. Thorsen<\/span><\/h2>\n<p><span style=\"color: #f7efd0;\">.<\/span><\/p>\n<p><a href=\"http:\/\/www.andersen-slekt.info\/wp-content\/uploads\/2021\/01\/anna3cc.jpg\"><img loading=\"lazy\" decoding=\"async\" class=\"aligncenter wp-image-8708\" src=\"http:\/\/www.andersen-slekt.info\/wp-content\/uploads\/2021\/01\/anna3cc-215x300.jpg\" alt=\"\" width=\"500\" height=\"698\" srcset=\"https:\/\/www.andersen-slekt.info\/wp-content\/uploads\/2021\/01\/anna3cc-215x300.jpg 215w, https:\/\/www.andersen-slekt.info\/wp-content\/uploads\/2021\/01\/anna3cc-733x1024.jpg 733w, https:\/\/www.andersen-slekt.info\/wp-content\/uploads\/2021\/01\/anna3cc-768x1073.jpg 768w, https:\/\/www.andersen-slekt.info\/wp-content\/uploads\/2021\/01\/anna3cc.jpg 824w\" sizes=\"auto, (max-width: 500px) 100vw, 500px\" \/><\/a><\/p>\n<p><img loading=\"lazy\" decoding=\"async\" class=\"alignnone size-full wp-image-8707 aligncenter\" src=\"http:\/\/www.andersen-slekt.info\/wp-content\/uploads\/2021\/01\/output-onlinepngtools-34.png\" alt=\"\" width=\"300\" height=\"71\" \/><\/p>\n<p style=\"text-align: center;\"><img loading=\"lazy\" decoding=\"async\" class=\"alignnone wp-image-9384\" src=\"https:\/\/www.andersen-slekt.info\/wp-content\/uploads\/2021\/03\/output-onlinepngtools-2021-03-29T122025.384-300x80.png\" alt=\"\" width=\"650\" height=\"174\" srcset=\"https:\/\/www.andersen-slekt.info\/wp-content\/uploads\/2021\/03\/output-onlinepngtools-2021-03-29T122025.384-300x80.png 300w, https:\/\/www.andersen-slekt.info\/wp-content\/uploads\/2021\/03\/output-onlinepngtools-2021-03-29T122025.384-768x205.png 768w, https:\/\/www.andersen-slekt.info\/wp-content\/uploads\/2021\/03\/output-onlinepngtools-2021-03-29T122025.384.png 931w\" sizes=\"auto, (max-width: 650px) 100vw, 650px\" \/><\/p>\n<p style=\"text-align: justify;\"><span style=\"font-size: 13pt; font-family: 'book antiqua', palatino;\">Anna Thorsen was born 25\/3-1887 on Thorstrand, Larvik. She grew up in straitened circumstances, when her mother became a widow with 3 young children. See more about her <span style=\"color: #806239;\"><a style=\"color: #806239;\" href=\"http:\/\/www.andersen-slekt.info\/en\/andersen\/matthias\/gusta-marie\/\"><strong>here<\/strong><\/a><\/span>. But by the joint efforts they managed to get through the difficult time. She married Eilif Andersen 23\/10-1909.<\/span><\/p>\n<p><!--more--><\/p>\n<p style=\"text-align: center;\"><a href=\"https:\/\/www.andersen-slekt.info\/wp-content\/uploads\/2021\/05\/Anna_ung.jpg\"><img loading=\"lazy\" decoding=\"async\" class=\"alignnone wp-image-9449\" src=\"https:\/\/www.andersen-slekt.info\/wp-content\/uploads\/2021\/05\/Anna_ung-269x300.jpg\" alt=\"\" width=\"350\" height=\"390\" srcset=\"https:\/\/www.andersen-slekt.info\/wp-content\/uploads\/2021\/05\/Anna_ung-269x300.jpg 269w, https:\/\/www.andersen-slekt.info\/wp-content\/uploads\/2021\/05\/Anna_ung-919x1024.jpg 919w, https:\/\/www.andersen-slekt.info\/wp-content\/uploads\/2021\/05\/Anna_ung-768x856.jpg 768w, https:\/\/www.andersen-slekt.info\/wp-content\/uploads\/2021\/05\/Anna_ung.jpg 1021w\" sizes=\"auto, (max-width: 350px) 100vw, 350px\" \/><\/a><\/p>\n<p style=\"text-align: center;\"><span style=\"color: #f7efd0;\"><a href=\"http:\/\/www.andersen-slekt.info\/wp-content\/uploads\/2021\/01\/Anna_konf6okt1901.png\"><img loading=\"lazy\" decoding=\"async\" class=\"alignnone wp-image-8706\" src=\"http:\/\/www.andersen-slekt.info\/wp-content\/uploads\/2021\/01\/Anna_konf6okt1901-300x14.png\" alt=\"\" width=\"750\" height=\"34\" srcset=\"https:\/\/www.andersen-slekt.info\/wp-content\/uploads\/2021\/01\/Anna_konf6okt1901-300x14.png 300w, https:\/\/www.andersen-slekt.info\/wp-content\/uploads\/2021\/01\/Anna_konf6okt1901-1024x46.png 1024w, https:\/\/www.andersen-slekt.info\/wp-content\/uploads\/2021\/01\/Anna_konf6okt1901-768x35.png 768w, https:\/\/www.andersen-slekt.info\/wp-content\/uploads\/2021\/01\/Anna_konf6okt1901.png 1488w\" sizes=\"auto, (max-width: 750px) 100vw, 750px\" \/><\/a>.<\/span><\/p>\n<p style=\"text-align: center;\">Anna was confirmed 6. October 1901<\/p>\n<p style=\"text-align: center;\"><img loading=\"lazy\" decoding=\"async\" class=\"alignnone wp-image-8705 size-full\" src=\"http:\/\/www.andersen-slekt.info\/wp-content\/uploads\/2021\/01\/postkort2.jpg\" alt=\"\" width=\"640\" height=\"389\" srcset=\"https:\/\/www.andersen-slekt.info\/wp-content\/uploads\/2021\/01\/postkort2.jpg 640w, https:\/\/www.andersen-slekt.info\/wp-content\/uploads\/2021\/01\/postkort2-300x182.jpg 300w\" sizes=\"auto, (max-width: 640px) 100vw, 640px\" \/><\/p>\n<p style=\"text-align: justify;\"><span style=\"font-size: 13pt; font-family: 'book antiqua', palatino;\">Anna was involved both of avholdssak and Christian activity and work among alcoholics. Only 20 years old she was in Hvite B\u00e5nd 17 days after the local association was founded 23. march 1906. She was the leader of Larvik Hvite B\u00e5nd in more than 20 years. Hvite b\u00e5nd is part of The Woman's Christian Temperance Union (WCTU) that was among the first organizations of women devoted to social reform with a program that \"linked the religious and the secular through concerted and far-reaching reform strategies based on applied Christianity.\" It plays an influential role in the temperance movement. Anna had her reasons for joining Hvite B\u00e5nd in the experiences in the family. It is said that the maternal grandfather Erik struggled with alcohol problems. She was also involved in founding the Finnmarksmisjonens work in Larvik in 1909; this was dedicated to activity in the county of Finnmark (far north).<\/span><\/p>\n<p style=\"text-align: center;\"><a href=\"http:\/\/www.andersen-slekt.info\/wp-content\/uploads\/2021\/01\/output-onlinepngtools-2020-11-09T221715.448.png\"><img loading=\"lazy\" decoding=\"async\" class=\"alignnone wp-image-8704\" src=\"http:\/\/www.andersen-slekt.info\/wp-content\/uploads\/2021\/01\/output-onlinepngtools-2020-11-09T221715.448-300x206.png\" alt=\"\" width=\"550\" height=\"378\" srcset=\"https:\/\/www.andersen-slekt.info\/wp-content\/uploads\/2021\/01\/output-onlinepngtools-2020-11-09T221715.448-300x206.png 300w, https:\/\/www.andersen-slekt.info\/wp-content\/uploads\/2021\/01\/output-onlinepngtools-2020-11-09T221715.448-768x527.png 768w, https:\/\/www.andersen-slekt.info\/wp-content\/uploads\/2021\/01\/output-onlinepngtools-2020-11-09T221715.448.png 861w\" sizes=\"auto, (max-width: 550px) 100vw, 550px\" \/><\/a> <img loading=\"lazy\" decoding=\"async\" class=\"alignnone wp-image-8703 size-full\" src=\"http:\/\/www.andersen-slekt.info\/wp-content\/uploads\/2021\/01\/HviteBaand2.jpg\" alt=\"\" width=\"181\" height=\"323\" srcset=\"https:\/\/www.andersen-slekt.info\/wp-content\/uploads\/2021\/01\/HviteBaand2.jpg 181w, https:\/\/www.andersen-slekt.info\/wp-content\/uploads\/2021\/01\/HviteBaand2-168x300.jpg 168w\" sizes=\"auto, (max-width: 181px) 100vw, 181px\" \/><\/p>\n<p>&nbsp;<\/p>\n<p style=\"text-align: center;\"><img loading=\"lazy\" decoding=\"async\" class=\"alignnone wp-image-8702\" src=\"http:\/\/www.andersen-slekt.info\/wp-content\/uploads\/2021\/01\/landsmCC-300x172-1.jpg\" alt=\"\" width=\"345\" height=\"198\" \/> <img loading=\"lazy\" decoding=\"async\" class=\"alignnone wp-image-8701 size-full\" src=\"http:\/\/www.andersen-slekt.info\/wp-content\/uploads\/2021\/01\/output-onlinepngtools-2020-11-09T222109.479.png\" alt=\"\" width=\"326\" height=\"465\" srcset=\"https:\/\/www.andersen-slekt.info\/wp-content\/uploads\/2021\/01\/output-onlinepngtools-2020-11-09T222109.479.png 326w, https:\/\/www.andersen-slekt.info\/wp-content\/uploads\/2021\/01\/output-onlinepngtools-2020-11-09T222109.479-210x300.png 210w\" sizes=\"auto, (max-width: 326px) 100vw, 326px\" \/><\/p>\n<p style=\"text-align: center;\"><span style=\"font-size: 13pt;\">Here, she explains from the trip to the 29. landsstevne in the Hvite b\u00e5nd.<\/span><\/p>\n<p style=\"text-align: center;\"><img loading=\"lazy\" decoding=\"async\" class=\"alignnone size-full wp-image-8700\" src=\"http:\/\/www.andersen-slekt.info\/wp-content\/uploads\/2021\/01\/kolonialCC-300x237-1.jpg\" alt=\"\" width=\"300\" height=\"237\" \/>\u00a0 Anna<em>\u00a0also had responsibility for the grocery shop.<\/em><\/p>\n<p><span style=\"font-size: 13pt; font-family: 'book antiqua', palatino;\">Anna and Eilif enjoyed to traveling around in Norway by car. <span style=\"color: #806239;\"><a style=\"color: #806239;\" href=\"http:\/\/www.andersen-slekt.info\/en\/andersen\/matthias\/rudolph\/anna-og-eilif\/reise\/\"><strong>Here<\/strong><\/a><\/span> she tells about a trip to Stavanger. She had the care of the sailors and sent them gifts; <span style=\"color: #806239;\"><a style=\"color: #806239;\" href=\"http:\/\/www.andersen-slekt.info\/en\/andersen\/matthias\/rudolph\/anna-og-eilif\/julegaver\/\"><strong>here<\/strong><\/a><\/span> you can read the letters of gratitude.<\/span><\/p>\n<p style=\"text-align: center;\"><img loading=\"lazy\" decoding=\"async\" class=\"alignnone wp-image-8699 size-full\" src=\"http:\/\/www.andersen-slekt.info\/wp-content\/uploads\/2021\/01\/anna2.jpg\" alt=\"\" width=\"300\" height=\"444\" srcset=\"https:\/\/www.andersen-slekt.info\/wp-content\/uploads\/2021\/01\/anna2.jpg 300w, https:\/\/www.andersen-slekt.info\/wp-content\/uploads\/2021\/01\/anna2-203x300.jpg 203w\" sizes=\"auto, (max-width: 300px) 100vw, 300px\" \/>\u00a0 \u00a0<img loading=\"lazy\" decoding=\"async\" class=\"alignnone wp-image-8698 size-full\" src=\"http:\/\/www.andersen-slekt.info\/wp-content\/uploads\/2021\/01\/anna1.jpg\" alt=\"\" width=\"300\" height=\"419\" srcset=\"https:\/\/www.andersen-slekt.info\/wp-content\/uploads\/2021\/01\/anna1.jpg 300w, https:\/\/www.andersen-slekt.info\/wp-content\/uploads\/2021\/01\/anna1-215x300.jpg 215w\" sizes=\"auto, (max-width: 300px) 100vw, 300px\" \/><\/p>\n<p style=\"text-align: center;\"><span style=\"font-size: 13pt; font-family: 'book antiqua', palatino;\">Anna and Eilif had 6 children; <span style=\"color: #806239;\"><a style=\"color: #806239;\" href=\"http:\/\/www.andersen-slekt.info\/en\/andersen\/matthias\/rudolph\/anna-og-eilif\/jenny-2\/\"><strong>Jenny<\/strong><\/a>, <a style=\"color: #806239;\" href=\"http:\/\/www.andersen-slekt.info\/en\/andersen\/matthias\/rudolph\/anna-og-eilif\/hans\/\"><strong>Hans<\/strong><\/a>, <a style=\"color: #806239;\" href=\"http:\/\/www.andersen-slekt.info\/en\/andersen\/matthias\/rudolph\/anna-og-eilif\/egil\/\"><strong>Egil<\/strong><\/a>, <a style=\"color: #806239;\" href=\"http:\/\/www.andersen-slekt.info\/en\/andersen\/matthias\/rudolph\/anna-og-eilif\/ingjerd\/\"><strong>Ingjerd<\/strong><\/a>, <a style=\"color: #806239;\" href=\"http:\/\/www.andersen-slekt.info\/en\/andersen\/matthias\/rudolph\/anna-og-eilif\/erling\/\"><strong>Erling<\/strong><\/a><\/span> and <span style=\"color: #806239;\"><a style=\"color: #806239;\" href=\"http:\/\/www.andersen-slekt.info\/en\/andersen\/matthias\/rudolph\/anna-og-eilif\/liv\/\"><strong>Liv<\/strong><\/a>.<\/span><\/span><\/p>\n<p>&nbsp;<\/p>\n<p style=\"text-align: center;\"><span style=\"font-size: 13pt;\"><em><a href=\"http:\/\/www.andersen-slekt.info\/wp-content\/uploads\/2021\/01\/IMG_0024-scaled.jpg\"><img loading=\"lazy\" decoding=\"async\" class=\"wp-image-8564 aligncenter\" src=\"http:\/\/www.andersen-slekt.info\/wp-content\/uploads\/2021\/01\/IMG_0024-300x221.jpg\" alt=\"\" width=\"700\" height=\"516\" srcset=\"https:\/\/www.andersen-slekt.info\/wp-content\/uploads\/2021\/01\/IMG_0024-300x221.jpg 300w, https:\/\/www.andersen-slekt.info\/wp-content\/uploads\/2021\/01\/IMG_0024-1024x755.jpg 1024w, https:\/\/www.andersen-slekt.info\/wp-content\/uploads\/2021\/01\/IMG_0024-768x566.jpg 768w, https:\/\/www.andersen-slekt.info\/wp-content\/uploads\/2021\/01\/IMG_0024-1536x1132.jpg 1536w, https:\/\/www.andersen-slekt.info\/wp-content\/uploads\/2021\/01\/IMG_0024-2048x1509.jpg 2048w\" sizes=\"auto, (max-width: 700px) 100vw, 700px\" \/><\/a>The family Andersen; Eilif, Liv, Anna, Erling and Ingjerd in the fronte; Egil, Hans and Jenny in the back row. Click on the picture to see larger size.<\/em><\/span><\/p>\n<p><span style=\"color: #f7efd0;\">.<\/span><\/p>\n<p style=\"text-align: center;\"><a href=\"https:\/\/www.andersen-slekt.info\/wp-content\/uploads\/2022\/12\/22aa.jpg\"><img loading=\"lazy\" decoding=\"async\" class=\"alignnone wp-image-9976\" src=\"https:\/\/www.andersen-slekt.info\/wp-content\/uploads\/2022\/12\/22aa-193x300.jpg\" alt=\"\" width=\"380\" height=\"591\" srcset=\"https:\/\/www.andersen-slekt.info\/wp-content\/uploads\/2022\/12\/22aa-193x300.jpg 193w, https:\/\/www.andersen-slekt.info\/wp-content\/uploads\/2022\/12\/22aa-658x1024.jpg 658w, https:\/\/www.andersen-slekt.info\/wp-content\/uploads\/2022\/12\/22aa-768x1195.jpg 768w, https:\/\/www.andersen-slekt.info\/wp-content\/uploads\/2022\/12\/22aa-987x1536.jpg 987w, https:\/\/www.andersen-slekt.info\/wp-content\/uploads\/2022\/12\/22aa-1316x2048.jpg 1316w, https:\/\/www.andersen-slekt.info\/wp-content\/uploads\/2022\/12\/22aa-8x12.jpg 8w, https:\/\/www.andersen-slekt.info\/wp-content\/uploads\/2022\/12\/22aa.jpg 1550w\" sizes=\"auto, (max-width: 380px) 100vw, 380px\" \/><\/a>\u00a0 \u00a0 <a href=\"https:\/\/www.andersen-slekt.info\/wp-content\/uploads\/2022\/12\/22bb.jpg\"><img loading=\"lazy\" decoding=\"async\" class=\"alignnone wp-image-9977\" src=\"https:\/\/www.andersen-slekt.info\/wp-content\/uploads\/2022\/12\/22bb-186x300.jpg\" alt=\"\" width=\"367\" height=\"591\" srcset=\"https:\/\/www.andersen-slekt.info\/wp-content\/uploads\/2022\/12\/22bb-186x300.jpg 186w, https:\/\/www.andersen-slekt.info\/wp-content\/uploads\/2022\/12\/22bb-636x1024.jpg 636w, https:\/\/www.andersen-slekt.info\/wp-content\/uploads\/2022\/12\/22bb-768x1237.jpg 768w, https:\/\/www.andersen-slekt.info\/wp-content\/uploads\/2022\/12\/22bb-953x1536.jpg 953w, https:\/\/www.andersen-slekt.info\/wp-content\/uploads\/2022\/12\/22bb-1271x2048.jpg 1271w, https:\/\/www.andersen-slekt.info\/wp-content\/uploads\/2022\/12\/22bb-7x12.jpg 7w, https:\/\/www.andersen-slekt.info\/wp-content\/uploads\/2022\/12\/22bb.jpg 1497w\" sizes=\"auto, (max-width: 367px) 100vw, 367px\" \/><\/a><\/p>\n<p style=\"text-align: center;\"><img loading=\"lazy\" decoding=\"async\" class=\"alignnone wp-image-876\" src=\"http:\/\/www.andersen-slekt.info\/wp-content\/uploads\/2015\/05\/File0043b_2.jpg\" alt=\"\" width=\"260\" height=\"300\" \/>\u00a0 \u00a0 \u00a0<img loading=\"lazy\" decoding=\"async\" class=\"alignnone wp-image-877\" src=\"http:\/\/www.andersen-slekt.info\/wp-content\/uploads\/2015\/05\/File0044b.jpg\" alt=\"\" width=\"260\" height=\"296\" \/><\/p>\n<p style=\"text-align: center;\"><img loading=\"lazy\" decoding=\"async\" class=\"alignnone wp-image-8731\" src=\"http:\/\/www.andersen-slekt.info\/wp-content\/uploads\/2021\/01\/File0046b.jpg\" alt=\"\" width=\"273\" height=\"310\" \/>\u00a0 \u00a0 \u00a0 <img loading=\"lazy\" decoding=\"async\" class=\"alignnone wp-image-8732\" src=\"http:\/\/www.andersen-slekt.info\/wp-content\/uploads\/2021\/01\/File0045b.jpg\" alt=\"\" width=\"262\" height=\"300\" \/><\/p>\n<p style=\"text-align: center;\"><span style=\"font-size: 13pt;\"><em>Letter to Anna from her father Hans J\u00f8rgen<\/em><\/span><\/p>\n<p style=\"text-align: center;\"><span style=\"font-size: 13pt;\">\u00a0 \u00a0<img loading=\"lazy\" decoding=\"async\" class=\"alignnone wp-image-8728\" src=\"http:\/\/www.andersen-slekt.info\/wp-content\/uploads\/2021\/01\/File0001b_8-1.jpg\" alt=\"\" width=\"277\" height=\"247\" \/> <a href=\"http:\/\/www.andersen-slekt.info\/wp-content\/uploads\/2021\/01\/IMG_76001.jpg\"><img loading=\"lazy\" decoding=\"async\" class=\"alignnone wp-image-8729\" src=\"http:\/\/www.andersen-slekt.info\/wp-content\/uploads\/2021\/01\/IMG_76001-219x300.jpg\" alt=\"\" width=\"320\" height=\"439\" srcset=\"https:\/\/www.andersen-slekt.info\/wp-content\/uploads\/2021\/01\/IMG_76001-219x300.jpg 219w, https:\/\/www.andersen-slekt.info\/wp-content\/uploads\/2021\/01\/IMG_76001.jpg 724w\" sizes=\"auto, (max-width: 320px) 100vw, 320px\" \/><\/a><\/span><\/p>\n<p style=\"text-align: center;\"><span style=\"font-size: 13pt;\">Postcards from the maternal grandmother Anna<\/span><\/p>\n<p style=\"text-align: center;\"><img loading=\"lazy\" decoding=\"async\" class=\"alignnone wp-image-8725\" src=\"http:\/\/www.andersen-slekt.info\/wp-content\/uploads\/2021\/01\/IMG_0052.jpg\" alt=\"\" width=\"284\" height=\"415\" srcset=\"https:\/\/www.andersen-slekt.info\/wp-content\/uploads\/2021\/01\/IMG_0052.jpg 239w, https:\/\/www.andersen-slekt.info\/wp-content\/uploads\/2021\/01\/IMG_0052-205x300.jpg 205w\" sizes=\"auto, (max-width: 284px) 100vw, 284px\" \/>\u00a0 \u00a0\u00a0 \u00a0 <a href=\"http:\/\/www.andersen-slekt.info\/wp-content\/uploads\/2021\/01\/annas_fotoapparat-rotated-e1609712738833.jpg\"><img loading=\"lazy\" decoding=\"async\" class=\"alignnone wp-image-8291\" src=\"http:\/\/www.andersen-slekt.info\/wp-content\/uploads\/2021\/01\/annas_fotoapparat-rotated-e1609712738833-263x300.jpg\" alt=\"\" width=\"173\" height=\"197\" srcset=\"https:\/\/www.andersen-slekt.info\/wp-content\/uploads\/2021\/01\/annas_fotoapparat-rotated-e1609712738833-263x300.jpg 263w, https:\/\/www.andersen-slekt.info\/wp-content\/uploads\/2021\/01\/annas_fotoapparat-rotated-e1609712738833.jpg 372w\" sizes=\"auto, (max-width: 173px) 100vw, 173px\" \/><\/a><\/p>\n<p style=\"text-align: center;\"><span style=\"font-size: 13pt; font-family: 'book antiqua', palatino;\">Anna, Eilif and Hans (?) in the living room in Griffenfeldtsgate; to the right is a camera that belonged to Anna.<\/span><\/p>\n<p><a href=\"https:\/\/www.andersen-slekt.info\/wp-content\/uploads\/2021\/05\/Remini20210507104436116-scaled.jpg\"><img loading=\"lazy\" decoding=\"async\" class=\"aligncenter wp-image-9474\" src=\"https:\/\/www.andersen-slekt.info\/wp-content\/uploads\/2021\/05\/Remini20210507104436116-300x268.jpg\" alt=\"\" width=\"650\" height=\"581\" srcset=\"https:\/\/www.andersen-slekt.info\/wp-content\/uploads\/2021\/05\/Remini20210507104436116-300x268.jpg 300w, https:\/\/www.andersen-slekt.info\/wp-content\/uploads\/2021\/05\/Remini20210507104436116-1024x915.jpg 1024w, https:\/\/www.andersen-slekt.info\/wp-content\/uploads\/2021\/05\/Remini20210507104436116-768x687.jpg 768w, https:\/\/www.andersen-slekt.info\/wp-content\/uploads\/2021\/05\/Remini20210507104436116-1536x1373.jpg 1536w, https:\/\/www.andersen-slekt.info\/wp-content\/uploads\/2021\/05\/Remini20210507104436116-2048x1831.jpg 2048w\" sizes=\"auto, (max-width: 650px) 100vw, 650px\" \/><\/a><\/p>\n<p style=\"text-align: center;\"><span style=\"font-size: 13pt; font-family: 'book antiqua', palatino;\">Anna and Eilif with the kids Ingjerd, Liv, Jenny, Egil, Erling and Hans.<\/span><\/p>\n<p>&nbsp;<\/p>\n<p style=\"text-align: center;\"><img loading=\"lazy\" decoding=\"async\" class=\"alignnone wp-image-8386 size-full\" src=\"http:\/\/www.andersen-slekt.info\/wp-content\/uploads\/2021\/01\/File0001b.jpg\" alt=\"\" width=\"500\" height=\"344\" srcset=\"https:\/\/www.andersen-slekt.info\/wp-content\/uploads\/2021\/01\/File0001b.jpg 500w, https:\/\/www.andersen-slekt.info\/wp-content\/uploads\/2021\/01\/File0001b-300x206.jpg 300w\" sizes=\"auto, (max-width: 500px) 100vw, 500px\" \/><\/p>\n<p style=\"text-align: center;\"><a href=\"http:\/\/www.andersen-slekt.info\/wp-content\/uploads\/2021\/01\/diamant.png\"><img loading=\"lazy\" decoding=\"async\" class=\"alignnone wp-image-8448\" src=\"http:\/\/www.andersen-slekt.info\/wp-content\/uploads\/2021\/01\/diamant-300x219.png\" alt=\"\" width=\"700\" height=\"512\" srcset=\"https:\/\/www.andersen-slekt.info\/wp-content\/uploads\/2021\/01\/diamant-300x219.png 300w, https:\/\/www.andersen-slekt.info\/wp-content\/uploads\/2021\/01\/diamant-1024x749.png 1024w, https:\/\/www.andersen-slekt.info\/wp-content\/uploads\/2021\/01\/diamant-768x562.png 768w, https:\/\/www.andersen-slekt.info\/wp-content\/uploads\/2021\/01\/diamant-1536x1123.png 1536w, https:\/\/www.andersen-slekt.info\/wp-content\/uploads\/2021\/01\/diamant-2048x1498.png 2048w\" sizes=\"auto, (max-width: 700px) 100vw, 700px\" \/><\/a><\/p>\n<p style=\"text-align: center;\"><span style=\"font-size: 13pt;\">Diamond-bride and groom (60 years marriage) Andersen in 1969<\/span><\/p>\n<p>&nbsp;<\/p>\n<p><a href=\"https:\/\/www.andersen-slekt.info\/wp-content\/uploads\/2022\/11\/annalife.png\"><img loading=\"lazy\" decoding=\"async\" class=\"aligncenter wp-image-9852 size-medium\" src=\"https:\/\/www.andersen-slekt.info\/wp-content\/uploads\/2022\/11\/annalife-300x219.png\" alt=\"\" width=\"300\" height=\"219\" srcset=\"https:\/\/www.andersen-slekt.info\/wp-content\/uploads\/2022\/11\/annalife-300x219.png 300w, https:\/\/www.andersen-slekt.info\/wp-content\/uploads\/2022\/11\/annalife-16x12.png 16w, https:\/\/www.andersen-slekt.info\/wp-content\/uploads\/2022\/11\/annalife.png 576w\" sizes=\"auto, (max-width: 300px) 100vw, 300px\" \/><\/a><\/p>\n<p>Anna Maries liv ble selvsagt p\u00e5virket av de ytre omstendighetene, b\u00e5de lokale og globale. Hun opplevde flere verdensomspennende kriser, bl. a. to verdenskriger, en influensapandemi og en \u00f8konomisk depresjon. Influensapandemien, ogs\u00e5 kalt spanskesyken, hadde sv\u00e6rt h\u00f8y d\u00f8delighet og smittet anslagsvis 500 millioner mennesker \u2013 rundt en fjerdedel av verdens befolkning.<sup id=\"cite_ref-Taubenberger_og_Morens_1-0\" class=\"reference\"><\/sup> Antallet d\u00f8de er ansl\u00e5tt til mellom 17 og 50 millioner, og kanskje s\u00e5 h\u00f8yt som 100 millioner, noe som gj\u00f8r den til en av de verste pandemier i historien.\u00a0<sup id=\"cite_ref-2\" class=\"reference\"><\/sup><sup id=\"cite_ref-3\" class=\"reference\"><\/sup><sup id=\"cite_ref-4\" class=\"reference\"><\/sup>Det antas at det i Norge omkom 13 000\u201315 000 mennesker av spanskesyken. Pandemien Covid-19 (2019-2022) tok 4300 liv, noe som betyr at det prosentvis omkom seks ganger s\u00e5 mange under spanskesyken som under Covid-19, n\u00e5r en tar hensyn til veksten i folketallet.<\/p>\n<p>&nbsp;<\/p>\n<p style=\"text-align: center;\"><img loading=\"lazy\" decoding=\"async\" class=\"alignnone wp-image-3664\" src=\"http:\/\/www.andersen-slekt.info\/wp-content\/uploads\/2015\/05\/IMG_0066-275x300.jpg\" alt=\"\" width=\"450\" height=\"491\" srcset=\"https:\/\/www.andersen-slekt.info\/wp-content\/uploads\/2015\/05\/IMG_0066-275x300.jpg 275w, https:\/\/www.andersen-slekt.info\/wp-content\/uploads\/2015\/05\/IMG_0066-939x1024.jpg 939w, https:\/\/www.andersen-slekt.info\/wp-content\/uploads\/2015\/05\/IMG_0066-768x837.jpg 768w, https:\/\/www.andersen-slekt.info\/wp-content\/uploads\/2015\/05\/IMG_0066.jpg 1063w\" sizes=\"auto, (max-width: 450px) 100vw, 450px\" \/><\/p>\n<div class=\"pdfprnt-buttons pdfprnt-buttons-page pdfprnt-bottom-right\"><a href=\"http:\/\/www.andersen-slekt.info\/en\/wp-json\/wp\/v2\/pages\/499?print=print\" class=\"pdfprnt-button pdfprnt-button-print\" target=\"_blank\"><img decoding=\"async\" src=\"https:\/\/www.andersen-slekt.info\/wp-content\/plugins\/pdf-print\/images\/print.png\" alt=\"image_print\" title=\"Print Content\" \/><span class=\"pdfprnt-button-title pdfprnt-button-print-title\">print<\/span><\/a><\/div>","protected":false},"excerpt":{"rendered":"<p>\u00a0 &lt; g\u00e5 til Jenny og Rudolf . Anna Marie og Eilif Andersen print<\/p>","protected":false},"author":1,"featured_media":0,"parent":0,"menu_order":20,"comment_status":"closed","ping_status":"closed","template":"no_sidebar.php","meta":{"footnotes":""},"class_list":["post-499","page","type-page","status-publish","hentry"],"_links":{"self":[{"href":"http:\/\/www.andersen-slekt.info\/en\/wp-json\/wp\/v2\/pages\/499","targetHints":{"allow":["GET"]}}],"collection":[{"href":"http:\/\/www.andersen-slekt.info\/en\/wp-json\/wp\/v2\/pages"}],"about":[{"href":"http:\/\/www.andersen-slekt.info\/en\/wp-json\/wp\/v2\/types\/page"}],"author":[{"embeddable":true,"href":"http:\/\/www.andersen-slekt.info\/en\/wp-json\/wp\/v2\/users\/1"}],"replies":[{"embeddable":true,"href":"http:\/\/www.andersen-slekt.info\/en\/wp-json\/wp\/v2\/comments?post=499"}],"version-history":[{"count":190,"href":"http:\/\/www.andersen-slekt.info\/en\/wp-json\/wp\/v2\/pages\/499\/revisions"}],"predecessor-version":[{"id":10233,"href":"http:\/\/www.andersen-slekt.info\/en\/wp-json\/wp\/v2\/pages\/499\/revisions\/10233"}],"wp:attachment":[{"href":"http:\/\/www.andersen-slekt.info\/en\/wp-json\/wp\/v2\/media?parent=499"}],"curies":[{"name":"wp","href":"https:\/\/api.w.org\/{rel}","templated":true}]}}