{"id":475,"date":"2015-05-12T14:25:14","date_gmt":"2015-05-12T14:25:14","guid":{"rendered":"https:\/\/ww2.fjeldskaar.com\/?page_id=475"},"modified":"2021-07-16T08:21:02","modified_gmt":"2021-07-16T06:21:02","slug":"andersen","status":"publish","type":"page","link":"http:\/\/www.andersen-slekt.info\/en\/andersen\/","title":{"rendered":"Andersen"},"content":{"rendered":"<p style=\"text-align: right;\"><span style=\"font-size: 10pt; color: #ccaa7a;\"><a style=\"color: #ccaa7a;\" href=\"http:\/\/www.andersen-slekt.info\/en\/andersen\/matthias\/\">&gt; go to Pernille and Matthias<\/a><\/span><\/p>\n<h1 style=\"text-align: center;\"><span style=\"font-size: 30pt; color: #806239; font-family: 'Great Vibes';\">Andersen<\/span><\/h1>\n<p style=\"text-align: center;\"><img loading=\"lazy\" decoding=\"async\" class=\"alignnone size-full wp-image-8590\" src=\"http:\/\/www.andersen-slekt.info\/wp-content\/uploads\/2021\/01\/File0001b_16.jpg\" alt=\"\" width=\"50\" height=\"89\" \/>\u00a0\u00a0<span style=\"font-size: 13pt;\">Monogram for Andersen-family, Larvik (Hans Andersen)<\/span><\/p>\n<p style=\"text-align: center;\"><span style=\"color: #806239;\">.<\/span><\/p>\n<p style=\"text-align: center;\"><span style=\"font-size: 14pt;\"><strong>Family follow the family's path<\/strong><\/span><br \/>\n<span style=\"font-size: 14pt;\"><strong> as waves roll towards the beach<\/strong><\/span><\/p>\n<p><span style=\"color: #f7efd0;\">.<img loading=\"lazy\" decoding=\"async\" class=\"aligncenter wp-image-8502 size-full\" src=\"http:\/\/www.andersen-slekt.info\/wp-content\/uploads\/2021\/01\/barbro_1727-1.png\" alt=\"\" width=\"688\" height=\"550\" srcset=\"https:\/\/www.andersen-slekt.info\/wp-content\/uploads\/2021\/01\/barbro_1727-1.png 688w, https:\/\/www.andersen-slekt.info\/wp-content\/uploads\/2021\/01\/barbro_1727-1-300x240.png 300w\" sizes=\"auto, (max-width: 688px) 100vw, 688px\" \/><\/span><\/p>\n<p><span style=\"font-family: 'book antiqua', palatino; font-size: 13pt; color: #333333;\">In Norway and Sweden, the community pastor was responsible to keep all census records and these have been maintained and are now digitalized, an invaluable tool for those doing searches.  The records were not yet digitized when Hans Andersen did his work so he had to travel to or write to churches for copies of what he needed. The records include dates and names for those who were born, baptized, married, died or moved from one parish to another. Examples of these types of records for the Andersen family follow:\n.\nAbove is an extract from the church records in Skee F\u00f6rsamling by Str\u00f6mstad, Sweden. It is the record of the baptism of our ancestor Barbro Larsdotter, who was born at 8 AM, Jan 3 1727 and baptized Jan 8 1727. The page has three columns: 1. Copulati is for marriage; 2. Baptisate is for baptism; 3. Mortii applies to death or funerals. The page starts with the year of 1727.<\/span><\/p>\n<p><span style=\"font-family: 'book antiqua', palatino; font-size: 13pt; color: #333333;\">The January 3rd 1727 record shows that: \"At 8 o'clock in the Morning Lars Olsson\u2019s Child was born in Klarpp. Mother: Barbro Bi\u00f6rnsdotter: Child: BARBRO. Baptized on the 8th. Godparents: Peer Knud and Oluf in \u00c5ls\u00e4ngen, Anna in Toft\u00e4ngen, Barbro in Klarpp. B\u00f6rte (?) \/bm (same place).<\/span><\/p>\n<p><span style=\"font-family: 'book antiqua', palatino; font-size: 13pt; color: #333333;\">The child Barbro Larsdotter is one of our ancestors. She is our four-times great great grandmother. Please note, the child\u2019s name is not Olsson, but Larsdotter, which means she is the daughter of Lars. This convention was used in Sweden until the early 1900\u2019s.<\/span><\/p>\n<p><span style=\"font-family: 'book antiqua', palatino; font-size: 13pt; color: #333333;\">The left column shows \"Enkian\" (widower) John from the northern Str\u00f6mstad (the rest is difficult to decipher)<\/span><\/p>\n<p style=\"text-align: right;\">(transcript and commentary Hans Andersen)<\/p>\n<p><img loading=\"lazy\" decoding=\"async\" class=\"aligncenter wp-image-8592\" src=\"http:\/\/www.andersen-slekt.info\/wp-content\/uploads\/2021\/01\/flytning4-1-300x180.png\" alt=\"\" width=\"550\" height=\"331\" srcset=\"https:\/\/www.andersen-slekt.info\/wp-content\/uploads\/2021\/01\/flytning4-1-300x180.png 300w, https:\/\/www.andersen-slekt.info\/wp-content\/uploads\/2021\/01\/flytning4-1-1024x615.png 1024w, https:\/\/www.andersen-slekt.info\/wp-content\/uploads\/2021\/01\/flytning4-1-768x462.png 768w, https:\/\/www.andersen-slekt.info\/wp-content\/uploads\/2021\/01\/flytning4-1-1536x923.png 1536w, https:\/\/www.andersen-slekt.info\/wp-content\/uploads\/2021\/01\/flytning4-1-2048x1231.png 2048w\" sizes=\"auto, (max-width: 550px) 100vw, 550px\" \/><span style=\"font-family: 'book antiqua', palatino; font-size: 13pt; color: #333333;\">Above you see a migration certificate for Engelbret H\u00e5kanson, who seems to have served in a local army and is returning home. His migration record shows not only the date but also information about his character, religious knowledge, matrimonial state and station in life, or type of work he did.  It reads as follows:<\/span><\/p>\n<p><span style=\"font-family: 'book antiqua', palatino; font-size: 13pt; color: #333333;\">\"The honest worker Engelbret H\u00e5kanson, (probably at that time farm worker), born in Skee Community, served in the Lomeland Community Defense  for 1 year, and is now moving back to the community of his birth. He has behaved honorably, taken communion and is somewhat versed in the Christian teachings. He is unmarried and, according to the doctor, is healthy.\u201d<\/span><br \/>\n<span style=\"font-family: 'book antiqua', palatino; font-size: 13pt; color: #333333;\">Naesinge the 18 October 1779.<\/span><br \/>\n<span style=\"font-family: 'book antiqua', palatino; font-size: 13pt; color: #333333;\">Fried: Wing\u00e5rd&#034;<\/span><\/p>\n<p><img loading=\"lazy\" decoding=\"async\" class=\"aligncenter wp-image-8503 size-full\" src=\"http:\/\/www.andersen-slekt.info\/wp-content\/uploads\/2021\/01\/CarlArneson_1721-1.png\" alt=\"\" width=\"626\" height=\"479\" srcset=\"https:\/\/www.andersen-slekt.info\/wp-content\/uploads\/2021\/01\/CarlArneson_1721-1.png 626w, https:\/\/www.andersen-slekt.info\/wp-content\/uploads\/2021\/01\/CarlArneson_1721-1-300x230.png 300w\" sizes=\"auto, (max-width: 626px) 100vw, 626px\" \/><\/p>\n<p style=\"text-align: center;\"><span style=\"font-size: 13pt; font-family: 'book antiqua', palatino;\">Carl Arneson was born at kl 5, afternoon 9. June 1721<\/span><\/p>\n<p><span style=\"color: #f7efd0;\">.<\/span><\/p>\n<p><a href=\"http:\/\/www.andersen-slekt.info\/wp-content\/uploads\/2021\/01\/Sigrid_1724.png\"><img loading=\"lazy\" decoding=\"async\" class=\"aligncenter wp-image-8505\" src=\"http:\/\/www.andersen-slekt.info\/wp-content\/uploads\/2021\/01\/Sigrid_1724-300x152.png\" alt=\"\" width=\"750\" height=\"380\" srcset=\"https:\/\/www.andersen-slekt.info\/wp-content\/uploads\/2021\/01\/Sigrid_1724-300x152.png 300w, https:\/\/www.andersen-slekt.info\/wp-content\/uploads\/2021\/01\/Sigrid_1724-768x390.png 768w, https:\/\/www.andersen-slekt.info\/wp-content\/uploads\/2021\/01\/Sigrid_1724.png 972w\" sizes=\"auto, (max-width: 750px) 100vw, 750px\" \/><\/a><\/p>\n<p style=\"text-align: center;\"><span style=\"font-size: 13pt; font-family: 'book antiqua', palatino;\">Sigrid Hansdotter was born at 2 in the morning 3. april 1724<\/span><\/p>\n<p><img loading=\"lazy\" decoding=\"async\" class=\"wp-image-8594 aligncenter\" src=\"http:\/\/www.andersen-slekt.info\/wp-content\/uploads\/2021\/01\/flytning2-300x229.png\" alt=\"\" width=\"550\" height=\"420\" srcset=\"https:\/\/www.andersen-slekt.info\/wp-content\/uploads\/2021\/01\/flytning2-300x229.png 300w, https:\/\/www.andersen-slekt.info\/wp-content\/uploads\/2021\/01\/flytning2-1024x783.png 1024w, https:\/\/www.andersen-slekt.info\/wp-content\/uploads\/2021\/01\/flytning2-768x587.png 768w, https:\/\/www.andersen-slekt.info\/wp-content\/uploads\/2021\/01\/flytning2-1536x1174.png 1536w, https:\/\/www.andersen-slekt.info\/wp-content\/uploads\/2021\/01\/flytning2-2048x1565.png 2048w\" sizes=\"auto, (max-width: 550px) 100vw, 550px\" \/><\/p>\n<p><span style=\"font-family: 'book antiqua', palatino; font-size: 13pt; color: #333333;\">Above is a certificate of removal (flytningeattest) for our ancestor Carl Arneson, who appears on the left upper corner in the ancestor table below. He was born on the farm Erlandsr\u00f6d (where later also Matthias Andersen was born) in 1721. He was married to Sigrid Hansdotter and they settled in a neighbor district called Tanum. Carl's wife died in 1781 and he wished as a widower to return to the family farm at Erlandsr\u00f6d.\nThe certificate states:<\/span><\/p>\n<p><span style=\"font-family: 'book antiqua', palatino; font-size: 13pt; color: #333333;\">\"The widower Carl Arneson born in Skee district in the year 1721 is now returning to his son Pehr in Erlandsr\u00f6d. He understands the Holy Bible, takes Holy Communion and he is a man of quite modest behavior. His wife died on midsummer this year.<\/span><\/p>\n<p><span style=\"font-family: 'book antiqua', palatino; font-size: 13pt; color: #333333;\">The girl, Gertrud Olsdotter, is accompanying him. She received Holy Communion for the first time this year. She understands the Holy Bible and is disengaged, ready to marry.\u201d<\/span><br \/>\n<span style=\"font-family: 'book antiqua', palatino; font-size: 13pt; color: #333333;\">Tan. d. 15. Aug. 1781<\/span><br \/>\n<span style=\"font-family: 'book antiqua', palatino; font-size: 13pt; color: #333333;\">G. Brunius Kyrkoheda &#034;<\/span><\/p>\n<p><span style=\"font-family: 'book antiqua', palatino; font-size: 13pt; color: #333333;\">In his book, Hans Andersen writes:\n\"We see, therefore, that flytningeattesten at the same time was a certificate, which, not only, told me about a person\u2019s familiarity with the ten commandments and communion but more. When it comes to Carl Arneson\u2019s flytningsattest, it is tempting to believe that Carl was a bit frail 60-year-old, especially after his wife\u2019s death, and that Gertrude was sent along to keep an eye on him along the trip, from Tanum to Skee. Our 4 x great-great-grandfather probably had this type of paper in his pocket when he moved.\u201d ( from Sweden to Norway)<\/span><\/p>\n<p style=\"text-align: right;\"><span style=\"font-size: 13pt;\">(transcript and commentary Hans Andersen)<\/span><\/p>\n<p>&nbsp;<\/p>\n<p style=\"text-align: center;\"><span style=\"color: #f7efd0;\"><img loading=\"lazy\" decoding=\"async\" class=\"alignnone wp-image-8506 size-full\" src=\"http:\/\/www.andersen-slekt.info\/wp-content\/uploads\/2021\/01\/PehrCarlsson_1753-1.png\" alt=\"\" width=\"686\" height=\"493\" srcset=\"https:\/\/www.andersen-slekt.info\/wp-content\/uploads\/2021\/01\/PehrCarlsson_1753-1.png 686w, https:\/\/www.andersen-slekt.info\/wp-content\/uploads\/2021\/01\/PehrCarlsson_1753-1-300x216.png 300w\" sizes=\"auto, (max-width: 686px) 100vw, 686px\" \/>.<\/span><\/p>\n<p style=\"text-align: center;\"><span style=\"font-size: 13pt; font-family: 'book antiqua', palatino;\">Pehr Carlsson was born 19. august 1753 and baptized 26. august.<\/span><\/p>\n<p><span style=\"color: #f7efd0;\">.<\/span><\/p>\n<p><span style=\"color: #f7efd0;\">.<\/span><\/p>\n<p style=\"text-align: center;\"><span style=\"font-size: 14pt;\"><strong>&#034;The apple does not fall far from the tree&#034;<\/strong><\/span><\/p>\n<p style=\"text-align: center;\"><span style=\"font-size: 13pt; font-family: 'book antiqua', palatino;\">Here is an overview of the ancestors of the Andersen family in Larvik. We find Barbro Larsdatter in the top row.<\/span><\/p>\n<p><img loading=\"lazy\" decoding=\"async\" class=\"wp-image-8588 size-full aligncenter\" src=\"http:\/\/www.andersen-slekt.info\/wp-content\/uploads\/2021\/01\/aner11.png\" alt=\"\" width=\"580\" height=\"611\" srcset=\"https:\/\/www.andersen-slekt.info\/wp-content\/uploads\/2021\/01\/aner11.png 580w, https:\/\/www.andersen-slekt.info\/wp-content\/uploads\/2021\/01\/aner11-285x300.png 285w\" sizes=\"auto, (max-width: 580px) 100vw, 580px\" \/><\/p>\n<p>&nbsp;<\/p>\n<p style=\"text-align: center;\"><span style=\"font-size: 13pt; font-family: 'book antiqua', palatino;\">Ancestors and descendants of <span style=\"color: #806239;\"><a style=\"color: #806239;\" href=\"http:\/\/www.andersen-slekt.info\/en\/andersen\/matthias\/\"><strong>Mathias Andersen<\/strong><\/a><\/span> (Mathis Andersson) and <span style=\"color: #806239;\"><strong>Pernille Thorsdatter<\/strong><\/span> in Larvik (by Hans Andersen).<\/span><\/p>\n<p><span style=\"color: #f7efd0; font-family: 'book antiqua', palatino;\">.<\/span><\/p>\n<p style=\"text-align: center;\"><span style=\"color: #f7efd0;\">.<a href=\"http:\/\/www.andersen-slekt.info\/wp-content\/uploads\/2021\/01\/slekt-1.jpg\"><img loading=\"lazy\" decoding=\"async\" class=\"alignnone wp-image-8508\" src=\"http:\/\/www.andersen-slekt.info\/wp-content\/uploads\/2021\/01\/slekt-1-300x183.jpg\" alt=\"\" width=\"750\" height=\"458\" srcset=\"https:\/\/www.andersen-slekt.info\/wp-content\/uploads\/2021\/01\/slekt-1-300x183.jpg 300w, https:\/\/www.andersen-slekt.info\/wp-content\/uploads\/2021\/01\/slekt-1-1024x626.jpg 1024w, https:\/\/www.andersen-slekt.info\/wp-content\/uploads\/2021\/01\/slekt-1-768x469.jpg 768w, https:\/\/www.andersen-slekt.info\/wp-content\/uploads\/2021\/01\/slekt-1.jpg 1276w\" sizes=\"auto, (max-width: 750px) 100vw, 750px\" \/><\/a><\/span><\/p>\n<p style=\"text-align: center;\"><span style=\"font-size: 13pt;\">Family reunion in Larvik 1986, arranged by Hans Andersen. The picture is taken on the Tollerodden. (Click on the picture to see the large size)<\/span><\/p>\n<p><span style=\"color: #f7efd0;\">.<\/span><\/p>\n<p><span style=\"color: #f7efd0;\">.<\/span><\/p>\n<p style=\"text-align: right;\"><span style=\"font-size: 14pt; color: #ccaa7a;\"><a style=\"color: #ccaa7a;\" href=\"http:\/\/www.andersen-slekt.info\/en\/andersen\/matthias\/\"><strong>&gt; go to Pernille and Matthias<\/strong><\/a><\/span><\/p>\n<p>&nbsp;<\/p>\n<p style=\"text-align: left;\"><span style=\"color: #f7efd0;\"><i>.<\/i><\/span><\/p>\n<p>&nbsp;<\/p>\n<p><span style=\"font-size: 13pt; font-family: 'book antiqua', palatino;\"><strong><span style=\"color: #808080;\"><em>Reference<\/em><\/span><\/strong><\/span><br \/>\n<strong><span style=\"color: #806239; font-size: 12pt; font-family: 'book antiqua', palatino;\"><a style=\"color: #806239;\" href=\"https:\/\/www.nb.no\/items\/URN:NBN:no-nb_digibok_2011062805029\">Slekten: Andersen Larvik (Hans Andersen, 1986)<\/a><\/span><\/strong><\/p>\n<div class=\"pdfprnt-buttons pdfprnt-buttons-page pdfprnt-bottom-right\"><a href=\"http:\/\/www.andersen-slekt.info\/en\/wp-json\/wp\/v2\/pages\/475?print=print\" class=\"pdfprnt-button pdfprnt-button-print\" target=\"_blank\"><img decoding=\"async\" src=\"https:\/\/www.andersen-slekt.info\/wp-content\/plugins\/pdf-print\/images\/print.png\" alt=\"image_print\" title=\"Print Content\" \/><span class=\"pdfprnt-button-title pdfprnt-button-print-title\">print<\/span><\/a><\/div>","protected":false},"excerpt":{"rendered":"<p>&gt; g\u00e5 til Pernille og Matthias Andersen \u00a0\u00a0Monogram for Andersen-slekten Larvik (av Hans Andersen) . Slekt skal f\u00f8lge slekters gang som b\u00f8lger velter inn mot strand. . Ovenfor er en kopi av en side i kirkeboka i Skee F\u00f6rsamling ved Str\u00f6mstad. Siden har tre kolonner: 1. Copulati er for viede; 2. Baptisate er for d\u00f8pte; [&hellip;]<\/p>","protected":false},"author":1,"featured_media":0,"parent":0,"menu_order":2,"comment_status":"closed","ping_status":"closed","template":"no_sidebar.php","meta":{"footnotes":""},"class_list":["post-475","page","type-page","status-publish","hentry"],"_links":{"self":[{"href":"http:\/\/www.andersen-slekt.info\/en\/wp-json\/wp\/v2\/pages\/475","targetHints":{"allow":["GET"]}}],"collection":[{"href":"http:\/\/www.andersen-slekt.info\/en\/wp-json\/wp\/v2\/pages"}],"about":[{"href":"http:\/\/www.andersen-slekt.info\/en\/wp-json\/wp\/v2\/types\/page"}],"author":[{"embeddable":true,"href":"http:\/\/www.andersen-slekt.info\/en\/wp-json\/wp\/v2\/users\/1"}],"replies":[{"embeddable":true,"href":"http:\/\/www.andersen-slekt.info\/en\/wp-json\/wp\/v2\/comments?post=475"}],"version-history":[{"count":40,"href":"http:\/\/www.andersen-slekt.info\/en\/wp-json\/wp\/v2\/pages\/475\/revisions"}],"predecessor-version":[{"id":9547,"href":"http:\/\/www.andersen-slekt.info\/en\/wp-json\/wp\/v2\/pages\/475\/revisions\/9547"}],"wp:attachment":[{"href":"http:\/\/www.andersen-slekt.info\/en\/wp-json\/wp\/v2\/media?parent=475"}],"curies":[{"name":"wp","href":"https:\/\/api.w.org\/{rel}","templated":true}]}}